{"id":16692,"date":"2024-04-10T00:00:00","date_gmt":"2024-04-10T03:00:00","guid":{"rendered":"https:\/\/centrosabia.org.br\/audio\/e-caro-comer-bem-no-recife-comida-de-verdade\/"},"modified":"2024-08-01T14:28:28","modified_gmt":"2024-08-01T17:28:28","slug":"e-caro-comer-bem-no-recife-comida-de-verdade","status":"publish","type":"audio","link":"https:\/\/centrosabia.org.br\/en\/audio\/e-caro-comer-bem-no-recife-comida-de-verdade\/","title":{"rendered":"\u00c9 caro comer bem no Recife? | Comida de Verdade"},"content":{"rendered":"<p>&#x1f4e3; O Comida de Verdade est\u00e1 de volta, e repaginado! &#x1f4fb; Vem com a gente, porque vamos falar sobre alimenta\u00e7\u00e3o, acesso, e tamb\u00e9m sobre fazer a feira. &#x1f6d2;<\/p>\n<p><\/p>\n<p><\/p>\n<p><\/p>\n<p>Para voc\u00ea, \u00e9 caro comer bem no Recife? &#x1f3d9;&#x1f37d; E n\u00e3o, n\u00e3o estou falando de restaurantes, points, um barzinho bom&#8230; Estou falando da comida de verdade! Ser\u00e1 que d\u00e1 para comer bem? &#x1f914;\u00a0<\/p>\n<p><\/p>\n<p><\/p>\n<p><\/p>\n<p>&#x1f399; Quem conversa com a gente sobre esse assunto \u00e9 o nutricionista Adriano Ponte, p\u00f3s-graduado em Nutri\u00e7\u00e3o Ayurv\u00e9dica. &#x1f468;\u200d\u2695\ufe0f Trabalha com a nutri\u00e7\u00e3o moderna, medicina Ayurv\u00e9dica, alimenta\u00e7\u00e3o e gastronomia vegetariana. &#x1f957;<\/p>\n<p><\/p>\n<p><\/p>\n<p><\/p>\n<p>&#x1f4fb;Comida de Verdade \u00e9 o seu programa de todos os s\u00e1bados, para falar de alimenta\u00e7\u00e3o e agroecologia, valorizando nossas feiras e a cultura local. &#x1f331; Todos s\u00e1bados, \u00e0s 10h30, na R\u00e1dio Universit\u00e1ria 99.9 FM e retransmiss\u00e3o na R\u00e1dio Universit\u00e1ria Paulo Freire 820 AM.<\/p>\n<p><\/p>\n<p><\/p>\n<p><\/p>\n<p>&#x1f3a7; Podcast toda quarta-feira, de manh\u00e3!<\/p>\n<p><\/p>\n<p><\/p>\n<p><\/p>\n<p>&#x1f54a; Vem com a gente?\u00a0<br \/>\u2060\u2060\u2060\u2060\u2060<a href=\"https:\/\/www.youtube.com\/redirect?event&#61;video_description&amp;redir_token&#61;QUFFLUhqa3FqRDgyWnZXYXZ5NzVCenJXdWU1WGxiYVZ2Z3xBQ3Jtc0tuSVVXTkdhcDZTQU5SdDc3LUR0M2pzM0szWnhnWkpCTF83VUw5cXlDWElKcko4YTVsMjJia18tcTNLUW5XOWtKWWhCNUZ6N3FWTjFDVGhBNGpGYnZDXzBFUHZyUm40OE5NOWkxVmw3Zlg5TVJwemQyYw&amp;q&#61;https%3A%2F%2Fbit.ly%2Fvoe-sabia%E2%81%A0%E2%81%A0%E2%81%A0%E2%81%A0%E2%81%A0%C2%A0%C2%A0%C2%A0&amp;v&#61;ddDE6MSxRkc\" rel=\"nofollow\">\u2060\u2060https:\/\/bit.ly\/voe-sabia\u2060\u2060\u2060\u2060\u2060\u00a0\u00a0\u00a0\u2060\u2060<\/a><br \/>&#x1f4cc;Acompanhe o Centro Sabi\u00e1!<br \/>\u2060\u2060\u2060\u2060\u2060\u2060\u2060<a href=\"https:\/\/www.youtube.com\/redirect?event&#61;video_description&amp;redir_token&#61;QUFFLUhqbWF3a2hUTlBEblFidVk1eGJ6dDZYSVlsZHdDd3xBQ3Jtc0ttN3NTN0RBUTZQcWlkMVZLWEtRVmZBNV9tVm00UFBLb1RrYlotYjFXdWc1SzNJZG41dGNPMjZEUEJmemZZVmZlZkNIcFpGOFV0dXU2NzdtcVE2VlpnYU5MUzh1VkhzMVhpZUZwb0x6ZmhSbks3TXFwNA&amp;q&#61;https%3A%2F%2Fbiolinky.co%2Fcentrosabia%E2%81%A0%E2%81%A0%E2%81%A0%E2%81%A0%E2%81%A0&amp;v&#61;ddDE6MSxRkc\" rel=\"nofollow\">\u2060\u2060https:\/\/biolinky.co\/centrosabia\u2060\u2060\u2060\u2060\u2060<\/a><\/p>\n","protected":false},"featured_media":22959,"template":"","meta":{"_acf_changed":false,"ano":2024},"tema":[2523,2526,2555],"decada":[2502],"curadoria":[],"class_list":["post-16692","audio","type-audio","status-publish","has-post-thumbnail","hentry","tema-agricultura-familiar","tema-comercializacao","tema-feiras-agroecologicas","decada-2502"],"blocksy_meta":[],"acf":{"imagem_de_cobertura":""},"yoast_head":"<!-- This site is optimized with the Yoast SEO plugin v27.4 - https:\/\/yoast.com\/product\/yoast-seo-wordpress\/ -->\n<title>\u00c9 caro comer bem no Recife? | Comida de Verdade - Centro de Desenvolvimento Agroecol\u00f3gico Sabi\u00e1<\/title>\n<meta name=\"robots\" content=\"index, follow, max-snippet:-1, max-image-preview:large, max-video-preview:-1\" \/>\n<link rel=\"canonical\" href=\"https:\/\/centrosabia.org.br\/en\/audio\/e-caro-comer-bem-no-recife-comida-de-verdade\/\" \/>\n<meta property=\"og:locale\" content=\"en_US\" \/>\n<meta property=\"og:type\" content=\"article\" \/>\n<meta property=\"og:title\" content=\"\u00c9 caro comer bem no Recife? | Comida de Verdade - Centro de Desenvolvimento Agroecol\u00f3gico Sabi\u00e1\" \/>\n<meta property=\"og:url\" content=\"https:\/\/centrosabia.org.br\/en\/audio\/e-caro-comer-bem-no-recife-comida-de-verdade\/\" \/>\n<meta property=\"og:site_name\" content=\"Centro de Desenvolvimento Agroecol\u00f3gico Sabi\u00e1\" \/>\n<meta property=\"article:modified_time\" content=\"2024-08-01T17:28:28+00:00\" \/>\n<meta property=\"og:image\" content=\"https:\/\/centrosabia.org.br\/wp-content\/uploads\/2024\/04\/CDV_ECAROCOMERBEM_WIDE-300x169.png\" \/>\n\t<meta property=\"og:image:width\" content=\"300\" \/>\n\t<meta property=\"og:image:height\" content=\"169\" \/>\n\t<meta property=\"og:image:type\" content=\"image\/png\" \/>\n<meta name=\"twitter:card\" content=\"summary_large_image\" \/>\n<meta name=\"twitter:label1\" content=\"Est. reading time\" \/>\n\t<meta name=\"twitter:data1\" content=\"2 minutes\" \/>\n<script type=\"application\/ld+json\" class=\"yoast-schema-graph\">{\"@context\":\"https:\\\/\\\/schema.org\",\"@graph\":[{\"@type\":\"WebPage\",\"@id\":\"https:\\\/\\\/centrosabia.org.br\\\/en\\\/audio\\\/e-caro-comer-bem-no-recife-comida-de-verdade\\\/\",\"url\":\"https:\\\/\\\/centrosabia.org.br\\\/en\\\/audio\\\/e-caro-comer-bem-no-recife-comida-de-verdade\\\/\",\"name\":\"\u00c9 caro comer bem no Recife? | Comida de Verdade - Centro de Desenvolvimento Agroecol\u00f3gico Sabi\u00e1\",\"isPartOf\":{\"@id\":\"https:\\\/\\\/centrosabia.org.br\\\/en\\\/#website\"},\"primaryImageOfPage\":{\"@id\":\"https:\\\/\\\/centrosabia.org.br\\\/en\\\/audio\\\/e-caro-comer-bem-no-recife-comida-de-verdade\\\/#primaryimage\"},\"image\":{\"@id\":\"https:\\\/\\\/centrosabia.org.br\\\/en\\\/audio\\\/e-caro-comer-bem-no-recife-comida-de-verdade\\\/#primaryimage\"},\"thumbnailUrl\":\"https:\\\/\\\/centrosabia.org.br\\\/wp-content\\\/uploads\\\/2024\\\/04\\\/CDV_ECAROCOMERBEM_WIDE.png\",\"datePublished\":\"2024-04-10T03:00:00+00:00\",\"dateModified\":\"2024-08-01T17:28:28+00:00\",\"breadcrumb\":{\"@id\":\"https:\\\/\\\/centrosabia.org.br\\\/en\\\/audio\\\/e-caro-comer-bem-no-recife-comida-de-verdade\\\/#breadcrumb\"},\"inLanguage\":\"en-US\",\"potentialAction\":[{\"@type\":\"ReadAction\",\"target\":[\"https:\\\/\\\/centrosabia.org.br\\\/en\\\/audio\\\/e-caro-comer-bem-no-recife-comida-de-verdade\\\/\"]}]},{\"@type\":\"ImageObject\",\"inLanguage\":\"en-US\",\"@id\":\"https:\\\/\\\/centrosabia.org.br\\\/en\\\/audio\\\/e-caro-comer-bem-no-recife-comida-de-verdade\\\/#primaryimage\",\"url\":\"https:\\\/\\\/centrosabia.org.br\\\/wp-content\\\/uploads\\\/2024\\\/04\\\/CDV_ECAROCOMERBEM_WIDE.png\",\"contentUrl\":\"https:\\\/\\\/centrosabia.org.br\\\/wp-content\\\/uploads\\\/2024\\\/04\\\/CDV_ECAROCOMERBEM_WIDE.png\",\"width\":512,\"height\":288},{\"@type\":\"BreadcrumbList\",\"@id\":\"https:\\\/\\\/centrosabia.org.br\\\/en\\\/audio\\\/e-caro-comer-bem-no-recife-comida-de-verdade\\\/#breadcrumb\",\"itemListElement\":[{\"@type\":\"ListItem\",\"position\":1,\"name\":\"In\u00edcio\",\"item\":\"https:\\\/\\\/centrosabia.org.br\\\/en\\\/\"},{\"@type\":\"ListItem\",\"position\":2,\"name\":\"\u00c1udios\",\"item\":\"https:\\\/\\\/centrosabia.org.br\\\/en\\\/audio\\\/\"},{\"@type\":\"ListItem\",\"position\":3,\"name\":\"\u00c9 caro comer bem no Recife? | Comida de Verdade\"}]},{\"@type\":\"WebSite\",\"@id\":\"https:\\\/\\\/centrosabia.org.br\\\/en\\\/#website\",\"url\":\"https:\\\/\\\/centrosabia.org.br\\\/en\\\/\",\"name\":\"Centro de Desenvolvimento Agroecol\u00f3gico Sabi\u00e1\",\"description\":\"\",\"publisher\":{\"@id\":\"https:\\\/\\\/centrosabia.org.br\\\/en\\\/#organization\"},\"potentialAction\":[{\"@type\":\"SearchAction\",\"target\":{\"@type\":\"EntryPoint\",\"urlTemplate\":\"https:\\\/\\\/centrosabia.org.br\\\/en\\\/?s={search_term_string}\"},\"query-input\":{\"@type\":\"PropertyValueSpecification\",\"valueRequired\":true,\"valueName\":\"search_term_string\"}}],\"inLanguage\":\"en-US\"},{\"@type\":\"Organization\",\"@id\":\"https:\\\/\\\/centrosabia.org.br\\\/en\\\/#organization\",\"name\":\"Centro de Desenvolvimento Agroecol\u00f3gico Sabi\u00e1\",\"url\":\"https:\\\/\\\/centrosabia.org.br\\\/en\\\/\",\"logo\":{\"@type\":\"ImageObject\",\"inLanguage\":\"en-US\",\"@id\":\"https:\\\/\\\/centrosabia.org.br\\\/en\\\/#\\\/schema\\\/logo\\\/image\\\/\",\"url\":\"https:\\\/\\\/centrosabia.org.br\\\/wp-content\\\/uploads\\\/2021\\\/10\\\/logo.png\",\"contentUrl\":\"https:\\\/\\\/centrosabia.org.br\\\/wp-content\\\/uploads\\\/2021\\\/10\\\/logo.png\",\"width\":174,\"height\":84,\"caption\":\"Centro de Desenvolvimento Agroecol\u00f3gico Sabi\u00e1\"},\"image\":{\"@id\":\"https:\\\/\\\/centrosabia.org.br\\\/en\\\/#\\\/schema\\\/logo\\\/image\\\/\"}}]}<\/script>\n<!-- \/ Yoast SEO plugin. -->","yoast_head_json":{"title":"\u00c9 caro comer bem no Recife? | Comida de Verdade - Centro de Desenvolvimento Agroecol\u00f3gico Sabi\u00e1","robots":{"index":"index","follow":"follow","max-snippet":"max-snippet:-1","max-image-preview":"max-image-preview:large","max-video-preview":"max-video-preview:-1"},"canonical":"https:\/\/centrosabia.org.br\/en\/audio\/e-caro-comer-bem-no-recife-comida-de-verdade\/","og_locale":"en_US","og_type":"article","og_title":"\u00c9 caro comer bem no Recife? | Comida de Verdade - Centro de Desenvolvimento Agroecol\u00f3gico Sabi\u00e1","og_url":"https:\/\/centrosabia.org.br\/en\/audio\/e-caro-comer-bem-no-recife-comida-de-verdade\/","og_site_name":"Centro de Desenvolvimento Agroecol\u00f3gico Sabi\u00e1","article_modified_time":"2024-08-01T17:28:28+00:00","og_image":[{"width":300,"height":169,"url":"https:\/\/centrosabia.org.br\/wp-content\/uploads\/2024\/04\/CDV_ECAROCOMERBEM_WIDE-300x169.png","type":"image\/png"}],"twitter_card":"summary_large_image","twitter_misc":{"Est. reading time":"2 minutes"},"schema":{"@context":"https:\/\/schema.org","@graph":[{"@type":"WebPage","@id":"https:\/\/centrosabia.org.br\/en\/audio\/e-caro-comer-bem-no-recife-comida-de-verdade\/","url":"https:\/\/centrosabia.org.br\/en\/audio\/e-caro-comer-bem-no-recife-comida-de-verdade\/","name":"\u00c9 caro comer bem no Recife? | Comida de Verdade - Centro de Desenvolvimento Agroecol\u00f3gico Sabi\u00e1","isPartOf":{"@id":"https:\/\/centrosabia.org.br\/en\/#website"},"primaryImageOfPage":{"@id":"https:\/\/centrosabia.org.br\/en\/audio\/e-caro-comer-bem-no-recife-comida-de-verdade\/#primaryimage"},"image":{"@id":"https:\/\/centrosabia.org.br\/en\/audio\/e-caro-comer-bem-no-recife-comida-de-verdade\/#primaryimage"},"thumbnailUrl":"https:\/\/centrosabia.org.br\/wp-content\/uploads\/2024\/04\/CDV_ECAROCOMERBEM_WIDE.png","datePublished":"2024-04-10T03:00:00+00:00","dateModified":"2024-08-01T17:28:28+00:00","breadcrumb":{"@id":"https:\/\/centrosabia.org.br\/en\/audio\/e-caro-comer-bem-no-recife-comida-de-verdade\/#breadcrumb"},"inLanguage":"en-US","potentialAction":[{"@type":"ReadAction","target":["https:\/\/centrosabia.org.br\/en\/audio\/e-caro-comer-bem-no-recife-comida-de-verdade\/"]}]},{"@type":"ImageObject","inLanguage":"en-US","@id":"https:\/\/centrosabia.org.br\/en\/audio\/e-caro-comer-bem-no-recife-comida-de-verdade\/#primaryimage","url":"https:\/\/centrosabia.org.br\/wp-content\/uploads\/2024\/04\/CDV_ECAROCOMERBEM_WIDE.png","contentUrl":"https:\/\/centrosabia.org.br\/wp-content\/uploads\/2024\/04\/CDV_ECAROCOMERBEM_WIDE.png","width":512,"height":288},{"@type":"BreadcrumbList","@id":"https:\/\/centrosabia.org.br\/en\/audio\/e-caro-comer-bem-no-recife-comida-de-verdade\/#breadcrumb","itemListElement":[{"@type":"ListItem","position":1,"name":"In\u00edcio","item":"https:\/\/centrosabia.org.br\/en\/"},{"@type":"ListItem","position":2,"name":"\u00c1udios","item":"https:\/\/centrosabia.org.br\/en\/audio\/"},{"@type":"ListItem","position":3,"name":"\u00c9 caro comer bem no Recife? | Comida de Verdade"}]},{"@type":"WebSite","@id":"https:\/\/centrosabia.org.br\/en\/#website","url":"https:\/\/centrosabia.org.br\/en\/","name":"Centro de Desenvolvimento Agroecol\u00f3gico Sabi\u00e1","description":"","publisher":{"@id":"https:\/\/centrosabia.org.br\/en\/#organization"},"potentialAction":[{"@type":"SearchAction","target":{"@type":"EntryPoint","urlTemplate":"https:\/\/centrosabia.org.br\/en\/?s={search_term_string}"},"query-input":{"@type":"PropertyValueSpecification","valueRequired":true,"valueName":"search_term_string"}}],"inLanguage":"en-US"},{"@type":"Organization","@id":"https:\/\/centrosabia.org.br\/en\/#organization","name":"Centro de Desenvolvimento Agroecol\u00f3gico Sabi\u00e1","url":"https:\/\/centrosabia.org.br\/en\/","logo":{"@type":"ImageObject","inLanguage":"en-US","@id":"https:\/\/centrosabia.org.br\/en\/#\/schema\/logo\/image\/","url":"https:\/\/centrosabia.org.br\/wp-content\/uploads\/2021\/10\/logo.png","contentUrl":"https:\/\/centrosabia.org.br\/wp-content\/uploads\/2021\/10\/logo.png","width":174,"height":84,"caption":"Centro de Desenvolvimento Agroecol\u00f3gico Sabi\u00e1"},"image":{"@id":"https:\/\/centrosabia.org.br\/en\/#\/schema\/logo\/image\/"}}]}},"_links":{"self":[{"href":"https:\/\/centrosabia.org.br\/en\/wp-json\/wp\/v2\/audio\/16692","targetHints":{"allow":["GET"]}}],"collection":[{"href":"https:\/\/centrosabia.org.br\/en\/wp-json\/wp\/v2\/audio"}],"about":[{"href":"https:\/\/centrosabia.org.br\/en\/wp-json\/wp\/v2\/types\/audio"}],"wp:featuredmedia":[{"embeddable":true,"href":"https:\/\/centrosabia.org.br\/en\/wp-json\/wp\/v2\/media\/22959"}],"wp:attachment":[{"href":"https:\/\/centrosabia.org.br\/en\/wp-json\/wp\/v2\/media?parent=16692"}],"wp:term":[{"taxonomy":"tema","embeddable":true,"href":"https:\/\/centrosabia.org.br\/en\/wp-json\/wp\/v2\/tema?post=16692"},{"taxonomy":"decada","embeddable":true,"href":"https:\/\/centrosabia.org.br\/en\/wp-json\/wp\/v2\/decada?post=16692"},{"taxonomy":"curadoria","embeddable":true,"href":"https:\/\/centrosabia.org.br\/en\/wp-json\/wp\/v2\/curadoria?post=16692"}],"curies":[{"name":"wp","href":"https:\/\/api.w.org\/{rel}","templated":true}]}}