{"id":16696,"date":"2024-04-08T00:00:00","date_gmt":"2024-04-08T03:00:00","guid":{"rendered":"https:\/\/centrosabia.org.br\/audio\/protagonistas-do-futuro-juventudes-agroecologicas-cantos-do-sabia\/"},"modified":"2024-06-04T15:40:25","modified_gmt":"2024-06-04T18:40:25","slug":"protagonistas-do-futuro-juventudes-agroecologicas-cantos-do-sabia","status":"publish","type":"audio","link":"https:\/\/centrosabia.org.br\/en\/audio\/protagonistas-do-futuro-juventudes-agroecologicas-cantos-do-sabia\/","title":{"rendered":"Protagonistas do Futuro: Juventudes Agroecol\u00f3gicas | Cantos do Sabi\u00e1"},"content":{"rendered":"<p>&#x1f3a7; O nosso Cantos est\u00e1 no ar! Hoje vamos falar sobre juventudes e agroecologia, os protagonistas do futuro. A organiza\u00e7\u00e3o da juventude no campo \u00e9 essencial para construir um futuro sustent\u00e1vel, poss\u00edvel para as tantas juventudes camponesas. &#x1f4aa;&#x1f331;<\/p>\n<p><\/p>\n<p>Quando as juventudes se organizam, surgem oportunidades de desenvolver pol\u00edtica, opini\u00e3o e promover mudan\u00e7as. O Centro Sabi\u00e1 contribui com orgulho para essa transforma\u00e7\u00e3o. Bora falar desse futuro das juventudes? &#x1f30d;&#x1f331;<\/p>\n<p><\/p>\n<p>No epis\u00f3dio de hoje do Cantos do Sabi\u00e1, participam com a gente as jovens multiplicadoras pela agroecologia Fel\u00edcia Panta e Z\u00edpora Lima (CJMA) e a assessora do Centro Sabi\u00e1 para as juventudes &#8211; Jana\u00edna Ferraz! &#x1f399;\ufe0f\u2728\u00a0<\/p>\n<p><\/p>\n<p>&#x1f4f2; Ou\u00e7a tamb\u00e9m no Youtube!<br \/>\u2060\u2060\u2060\u2060\u2060<a href=\"https:\/\/www.youtube.com\/redirect?event&#61;video_description&amp;redir_token&#61;QUFFLUhqbnR0a0NxNDZaVDlpZ3A5dWZDWGRBTXRLVzdiQXxBQ3Jtc0tsdTFIRjZyWks5c1B6cWF5d3lSX0Zjc1gwLUozT1BwejRuOUhWY1JoYVJjZTVxN0s1LVJCckREdldCNXJCSXZrMzZBUkc2bDBLczFndmRXNTFwV2p5cEpmMUJ4U2RJb1FaR1FTQl9ZVXhrQlE4dU0yTQ&amp;q&#61;https%3A%2F%2Fbit.ly%2FCantosNoYoutube%E2%81%A0%E2%81%A0%E2%81%A0%E2%81%A0%E2%81%A0%C2%A0%C2%A0&amp;v&#61;ddDE6MSxRkc\" rel=\"nofollow\">\u2060https:\/\/bit.ly\/CantosNoYoutube\u2060\u2060\u2060\u2060\u2060\u00a0\u00a0\u2060<\/a><br \/>&#x1f54a; Vem com a gente?\u00a0<br \/>\u2060\u2060\u2060\u2060\u2060<a href=\"https:\/\/www.youtube.com\/redirect?event&#61;video_description&amp;redir_token&#61;QUFFLUhqa3FqRDgyWnZXYXZ5NzVCenJXdWU1WGxiYVZ2Z3xBQ3Jtc0tuSVVXTkdhcDZTQU5SdDc3LUR0M2pzM0szWnhnWkpCTF83VUw5cXlDWElKcko4YTVsMjJia18tcTNLUW5XOWtKWWhCNUZ6N3FWTjFDVGhBNGpGYnZDXzBFUHZyUm40OE5NOWkxVmw3Zlg5TVJwemQyYw&amp;q&#61;https%3A%2F%2Fbit.ly%2Fvoe-sabia%E2%81%A0%E2%81%A0%E2%81%A0%E2%81%A0%E2%81%A0%C2%A0%C2%A0%C2%A0&amp;v&#61;ddDE6MSxRkc\" rel=\"nofollow\">\u2060https:\/\/bit.ly\/voe-sabia\u2060\u2060\u2060\u2060\u2060\u00a0\u00a0\u00a0\u2060<\/a><br \/>&#x1f4cc;Acompanhe o Centro Sabi\u00e1!<br \/>\u2060\u2060\u2060\u2060\u2060\u2060\u2060<a href=\"https:\/\/www.youtube.com\/redirect?event&#61;video_description&amp;redir_token&#61;QUFFLUhqbWF3a2hUTlBEblFidVk1eGJ6dDZYSVlsZHdDd3xBQ3Jtc0ttN3NTN0RBUTZQcWlkMVZLWEtRVmZBNV9tVm00UFBLb1RrYlotYjFXdWc1SzNJZG41dGNPMjZEUEJmemZZVmZlZkNIcFpGOFV0dXU2NzdtcVE2VlpnYU5MUzh1VkhzMVhpZUZwb0x6ZmhSbks3TXFwNA&amp;q&#61;https%3A%2F%2Fbiolinky.co%2Fcentrosabia%E2%81%A0%E2%81%A0%E2%81%A0%E2%81%A0%E2%81%A0&amp;v&#61;ddDE6MSxRkc\" rel=\"nofollow\">\u2060https:\/\/biolinky.co\/centrosabia\u2060\u2060\u2060\u2060\u2060<\/a><\/p>\n","protected":false},"featured_media":16697,"template":"","meta":{"_acf_changed":false,"ano":2024},"tema":[2519,2520,2509],"decada":[2502],"curadoria":[],"class_list":["post-16696","audio","type-audio","status-publish","has-post-thumbnail","hentry","tema-agroecologia","tema-juventude","tema-politica","decada-2502"],"blocksy_meta":[],"acf":{"imagem_de_cobertura":null},"yoast_head":"<!-- This site is optimized with the Yoast SEO plugin v27.4 - https:\/\/yoast.com\/product\/yoast-seo-wordpress\/ -->\n<title>Protagonistas do Futuro: Juventudes Agroecol\u00f3gicas | Cantos do Sabi\u00e1 - Centro de Desenvolvimento Agroecol\u00f3gico Sabi\u00e1<\/title>\n<meta name=\"robots\" content=\"index, follow, max-snippet:-1, max-image-preview:large, max-video-preview:-1\" \/>\n<link rel=\"canonical\" href=\"https:\/\/centrosabia.org.br\/en\/audio\/protagonistas-do-futuro-juventudes-agroecologicas-cantos-do-sabia\/\" \/>\n<meta property=\"og:locale\" content=\"en_US\" \/>\n<meta property=\"og:type\" content=\"article\" \/>\n<meta property=\"og:title\" content=\"Protagonistas do Futuro: Juventudes Agroecol\u00f3gicas | Cantos do Sabi\u00e1 - Centro de Desenvolvimento Agroecol\u00f3gico Sabi\u00e1\" \/>\n<meta property=\"og:url\" content=\"https:\/\/centrosabia.org.br\/en\/audio\/protagonistas-do-futuro-juventudes-agroecologicas-cantos-do-sabia\/\" \/>\n<meta property=\"og:site_name\" content=\"Centro de Desenvolvimento Agroecol\u00f3gico Sabi\u00e1\" \/>\n<meta property=\"article:modified_time\" content=\"2024-06-04T18:40:25+00:00\" \/>\n<meta property=\"og:image\" content=\"https:\/\/centrosabia.org.br\/wp-content\/uploads\/2024\/04\/protagonistas-do-futuro-juventudes-agroecologicas-cantos-do-sabia-300x300.jpg\" \/>\n\t<meta property=\"og:image:width\" content=\"300\" \/>\n\t<meta property=\"og:image:height\" content=\"300\" \/>\n\t<meta property=\"og:image:type\" content=\"image\/jpeg\" \/>\n<meta name=\"twitter:card\" content=\"summary_large_image\" \/>\n<meta name=\"twitter:label1\" content=\"Est. reading time\" \/>\n\t<meta name=\"twitter:data1\" content=\"1 minute\" \/>\n<script type=\"application\/ld+json\" class=\"yoast-schema-graph\">{\"@context\":\"https:\\\/\\\/schema.org\",\"@graph\":[{\"@type\":\"WebPage\",\"@id\":\"https:\\\/\\\/centrosabia.org.br\\\/en\\\/audio\\\/protagonistas-do-futuro-juventudes-agroecologicas-cantos-do-sabia\\\/\",\"url\":\"https:\\\/\\\/centrosabia.org.br\\\/en\\\/audio\\\/protagonistas-do-futuro-juventudes-agroecologicas-cantos-do-sabia\\\/\",\"name\":\"Protagonistas do Futuro: Juventudes Agroecol\u00f3gicas | Cantos do Sabi\u00e1 - Centro de Desenvolvimento Agroecol\u00f3gico Sabi\u00e1\",\"isPartOf\":{\"@id\":\"https:\\\/\\\/centrosabia.org.br\\\/en\\\/#website\"},\"primaryImageOfPage\":{\"@id\":\"https:\\\/\\\/centrosabia.org.br\\\/en\\\/audio\\\/protagonistas-do-futuro-juventudes-agroecologicas-cantos-do-sabia\\\/#primaryimage\"},\"image\":{\"@id\":\"https:\\\/\\\/centrosabia.org.br\\\/en\\\/audio\\\/protagonistas-do-futuro-juventudes-agroecologicas-cantos-do-sabia\\\/#primaryimage\"},\"thumbnailUrl\":\"https:\\\/\\\/centrosabia.org.br\\\/wp-content\\\/uploads\\\/2024\\\/04\\\/protagonistas-do-futuro-juventudes-agroecologicas-cantos-do-sabia.jpg\",\"datePublished\":\"2024-04-08T03:00:00+00:00\",\"dateModified\":\"2024-06-04T18:40:25+00:00\",\"breadcrumb\":{\"@id\":\"https:\\\/\\\/centrosabia.org.br\\\/en\\\/audio\\\/protagonistas-do-futuro-juventudes-agroecologicas-cantos-do-sabia\\\/#breadcrumb\"},\"inLanguage\":\"en-US\",\"potentialAction\":[{\"@type\":\"ReadAction\",\"target\":[\"https:\\\/\\\/centrosabia.org.br\\\/en\\\/audio\\\/protagonistas-do-futuro-juventudes-agroecologicas-cantos-do-sabia\\\/\"]}]},{\"@type\":\"ImageObject\",\"inLanguage\":\"en-US\",\"@id\":\"https:\\\/\\\/centrosabia.org.br\\\/en\\\/audio\\\/protagonistas-do-futuro-juventudes-agroecologicas-cantos-do-sabia\\\/#primaryimage\",\"url\":\"https:\\\/\\\/centrosabia.org.br\\\/wp-content\\\/uploads\\\/2024\\\/04\\\/protagonistas-do-futuro-juventudes-agroecologicas-cantos-do-sabia.jpg\",\"contentUrl\":\"https:\\\/\\\/centrosabia.org.br\\\/wp-content\\\/uploads\\\/2024\\\/04\\\/protagonistas-do-futuro-juventudes-agroecologicas-cantos-do-sabia.jpg\",\"width\":640,\"height\":640},{\"@type\":\"BreadcrumbList\",\"@id\":\"https:\\\/\\\/centrosabia.org.br\\\/en\\\/audio\\\/protagonistas-do-futuro-juventudes-agroecologicas-cantos-do-sabia\\\/#breadcrumb\",\"itemListElement\":[{\"@type\":\"ListItem\",\"position\":1,\"name\":\"In\u00edcio\",\"item\":\"https:\\\/\\\/centrosabia.org.br\\\/en\\\/\"},{\"@type\":\"ListItem\",\"position\":2,\"name\":\"\u00c1udios\",\"item\":\"https:\\\/\\\/centrosabia.org.br\\\/en\\\/audio\\\/\"},{\"@type\":\"ListItem\",\"position\":3,\"name\":\"Protagonistas do Futuro: Juventudes Agroecol\u00f3gicas | Cantos do Sabi\u00e1\"}]},{\"@type\":\"WebSite\",\"@id\":\"https:\\\/\\\/centrosabia.org.br\\\/en\\\/#website\",\"url\":\"https:\\\/\\\/centrosabia.org.br\\\/en\\\/\",\"name\":\"Centro de Desenvolvimento Agroecol\u00f3gico Sabi\u00e1\",\"description\":\"\",\"publisher\":{\"@id\":\"https:\\\/\\\/centrosabia.org.br\\\/en\\\/#organization\"},\"potentialAction\":[{\"@type\":\"SearchAction\",\"target\":{\"@type\":\"EntryPoint\",\"urlTemplate\":\"https:\\\/\\\/centrosabia.org.br\\\/en\\\/?s={search_term_string}\"},\"query-input\":{\"@type\":\"PropertyValueSpecification\",\"valueRequired\":true,\"valueName\":\"search_term_string\"}}],\"inLanguage\":\"en-US\"},{\"@type\":\"Organization\",\"@id\":\"https:\\\/\\\/centrosabia.org.br\\\/en\\\/#organization\",\"name\":\"Centro de Desenvolvimento Agroecol\u00f3gico Sabi\u00e1\",\"url\":\"https:\\\/\\\/centrosabia.org.br\\\/en\\\/\",\"logo\":{\"@type\":\"ImageObject\",\"inLanguage\":\"en-US\",\"@id\":\"https:\\\/\\\/centrosabia.org.br\\\/en\\\/#\\\/schema\\\/logo\\\/image\\\/\",\"url\":\"https:\\\/\\\/centrosabia.org.br\\\/wp-content\\\/uploads\\\/2021\\\/10\\\/logo.png\",\"contentUrl\":\"https:\\\/\\\/centrosabia.org.br\\\/wp-content\\\/uploads\\\/2021\\\/10\\\/logo.png\",\"width\":174,\"height\":84,\"caption\":\"Centro de Desenvolvimento Agroecol\u00f3gico Sabi\u00e1\"},\"image\":{\"@id\":\"https:\\\/\\\/centrosabia.org.br\\\/en\\\/#\\\/schema\\\/logo\\\/image\\\/\"}}]}<\/script>\n<!-- \/ Yoast SEO plugin. -->","yoast_head_json":{"title":"Protagonistas do Futuro: Juventudes Agroecol\u00f3gicas | Cantos do Sabi\u00e1 - Centro de Desenvolvimento Agroecol\u00f3gico Sabi\u00e1","robots":{"index":"index","follow":"follow","max-snippet":"max-snippet:-1","max-image-preview":"max-image-preview:large","max-video-preview":"max-video-preview:-1"},"canonical":"https:\/\/centrosabia.org.br\/en\/audio\/protagonistas-do-futuro-juventudes-agroecologicas-cantos-do-sabia\/","og_locale":"en_US","og_type":"article","og_title":"Protagonistas do Futuro: Juventudes Agroecol\u00f3gicas | Cantos do Sabi\u00e1 - Centro de Desenvolvimento Agroecol\u00f3gico Sabi\u00e1","og_url":"https:\/\/centrosabia.org.br\/en\/audio\/protagonistas-do-futuro-juventudes-agroecologicas-cantos-do-sabia\/","og_site_name":"Centro de Desenvolvimento Agroecol\u00f3gico Sabi\u00e1","article_modified_time":"2024-06-04T18:40:25+00:00","og_image":[{"width":300,"height":300,"url":"https:\/\/centrosabia.org.br\/wp-content\/uploads\/2024\/04\/protagonistas-do-futuro-juventudes-agroecologicas-cantos-do-sabia-300x300.jpg","type":"image\/jpeg"}],"twitter_card":"summary_large_image","twitter_misc":{"Est. reading time":"1 minute"},"schema":{"@context":"https:\/\/schema.org","@graph":[{"@type":"WebPage","@id":"https:\/\/centrosabia.org.br\/en\/audio\/protagonistas-do-futuro-juventudes-agroecologicas-cantos-do-sabia\/","url":"https:\/\/centrosabia.org.br\/en\/audio\/protagonistas-do-futuro-juventudes-agroecologicas-cantos-do-sabia\/","name":"Protagonistas do Futuro: Juventudes Agroecol\u00f3gicas | Cantos do Sabi\u00e1 - Centro de Desenvolvimento Agroecol\u00f3gico Sabi\u00e1","isPartOf":{"@id":"https:\/\/centrosabia.org.br\/en\/#website"},"primaryImageOfPage":{"@id":"https:\/\/centrosabia.org.br\/en\/audio\/protagonistas-do-futuro-juventudes-agroecologicas-cantos-do-sabia\/#primaryimage"},"image":{"@id":"https:\/\/centrosabia.org.br\/en\/audio\/protagonistas-do-futuro-juventudes-agroecologicas-cantos-do-sabia\/#primaryimage"},"thumbnailUrl":"https:\/\/centrosabia.org.br\/wp-content\/uploads\/2024\/04\/protagonistas-do-futuro-juventudes-agroecologicas-cantos-do-sabia.jpg","datePublished":"2024-04-08T03:00:00+00:00","dateModified":"2024-06-04T18:40:25+00:00","breadcrumb":{"@id":"https:\/\/centrosabia.org.br\/en\/audio\/protagonistas-do-futuro-juventudes-agroecologicas-cantos-do-sabia\/#breadcrumb"},"inLanguage":"en-US","potentialAction":[{"@type":"ReadAction","target":["https:\/\/centrosabia.org.br\/en\/audio\/protagonistas-do-futuro-juventudes-agroecologicas-cantos-do-sabia\/"]}]},{"@type":"ImageObject","inLanguage":"en-US","@id":"https:\/\/centrosabia.org.br\/en\/audio\/protagonistas-do-futuro-juventudes-agroecologicas-cantos-do-sabia\/#primaryimage","url":"https:\/\/centrosabia.org.br\/wp-content\/uploads\/2024\/04\/protagonistas-do-futuro-juventudes-agroecologicas-cantos-do-sabia.jpg","contentUrl":"https:\/\/centrosabia.org.br\/wp-content\/uploads\/2024\/04\/protagonistas-do-futuro-juventudes-agroecologicas-cantos-do-sabia.jpg","width":640,"height":640},{"@type":"BreadcrumbList","@id":"https:\/\/centrosabia.org.br\/en\/audio\/protagonistas-do-futuro-juventudes-agroecologicas-cantos-do-sabia\/#breadcrumb","itemListElement":[{"@type":"ListItem","position":1,"name":"In\u00edcio","item":"https:\/\/centrosabia.org.br\/en\/"},{"@type":"ListItem","position":2,"name":"\u00c1udios","item":"https:\/\/centrosabia.org.br\/en\/audio\/"},{"@type":"ListItem","position":3,"name":"Protagonistas do Futuro: Juventudes Agroecol\u00f3gicas | Cantos do Sabi\u00e1"}]},{"@type":"WebSite","@id":"https:\/\/centrosabia.org.br\/en\/#website","url":"https:\/\/centrosabia.org.br\/en\/","name":"Centro de Desenvolvimento Agroecol\u00f3gico Sabi\u00e1","description":"","publisher":{"@id":"https:\/\/centrosabia.org.br\/en\/#organization"},"potentialAction":[{"@type":"SearchAction","target":{"@type":"EntryPoint","urlTemplate":"https:\/\/centrosabia.org.br\/en\/?s={search_term_string}"},"query-input":{"@type":"PropertyValueSpecification","valueRequired":true,"valueName":"search_term_string"}}],"inLanguage":"en-US"},{"@type":"Organization","@id":"https:\/\/centrosabia.org.br\/en\/#organization","name":"Centro de Desenvolvimento Agroecol\u00f3gico Sabi\u00e1","url":"https:\/\/centrosabia.org.br\/en\/","logo":{"@type":"ImageObject","inLanguage":"en-US","@id":"https:\/\/centrosabia.org.br\/en\/#\/schema\/logo\/image\/","url":"https:\/\/centrosabia.org.br\/wp-content\/uploads\/2021\/10\/logo.png","contentUrl":"https:\/\/centrosabia.org.br\/wp-content\/uploads\/2021\/10\/logo.png","width":174,"height":84,"caption":"Centro de Desenvolvimento Agroecol\u00f3gico Sabi\u00e1"},"image":{"@id":"https:\/\/centrosabia.org.br\/en\/#\/schema\/logo\/image\/"}}]}},"_links":{"self":[{"href":"https:\/\/centrosabia.org.br\/en\/wp-json\/wp\/v2\/audio\/16696","targetHints":{"allow":["GET"]}}],"collection":[{"href":"https:\/\/centrosabia.org.br\/en\/wp-json\/wp\/v2\/audio"}],"about":[{"href":"https:\/\/centrosabia.org.br\/en\/wp-json\/wp\/v2\/types\/audio"}],"wp:featuredmedia":[{"embeddable":true,"href":"https:\/\/centrosabia.org.br\/en\/wp-json\/wp\/v2\/media\/16697"}],"wp:attachment":[{"href":"https:\/\/centrosabia.org.br\/en\/wp-json\/wp\/v2\/media?parent=16696"}],"wp:term":[{"taxonomy":"tema","embeddable":true,"href":"https:\/\/centrosabia.org.br\/en\/wp-json\/wp\/v2\/tema?post=16696"},{"taxonomy":"decada","embeddable":true,"href":"https:\/\/centrosabia.org.br\/en\/wp-json\/wp\/v2\/decada?post=16696"},{"taxonomy":"curadoria","embeddable":true,"href":"https:\/\/centrosabia.org.br\/en\/wp-json\/wp\/v2\/curadoria?post=16696"}],"curies":[{"name":"wp","href":"https:\/\/api.w.org\/{rel}","templated":true}]}}