{"id":16700,"date":"2024-04-01T00:00:00","date_gmt":"2024-04-01T03:00:00","guid":{"rendered":"https:\/\/centrosabia.org.br\/audio\/menos-plasticos-mais-sustentabilidade-cantos-do-sabia\/"},"modified":"2024-08-05T10:28:33","modified_gmt":"2024-08-05T13:28:33","slug":"menos-plasticos-mais-sustentabilidade-cantos-do-sabia","status":"publish","type":"audio","link":"https:\/\/centrosabia.org.br\/en\/audio\/menos-plasticos-mais-sustentabilidade-cantos-do-sabia\/","title":{"rendered":"Menos pl\u00e1sticos, mais sustentabilidade | Cantos do Sabi\u00e1"},"content":{"rendered":"<p>#PODCAST | &#x1f3a7; Desde 2023, o Centro Sabi\u00e1 est\u00e1 em campanha pelas feiras agroecol\u00f3gicas e tamb\u00e9m pelo consumo consciente. Estamos falando da campanha &#34;Minha Feira, Minha Sacola, Nosso Planeta&#34;. &#x1f957;&#x1f6d2;<\/p>\n<p><\/p>\n<p><\/p>\n<p><\/p>\n<p>\u267b A iniciativa tem o objetivo de conscientizar as pessoas sobre a redu\u00e7\u00e3o do uso de sacolas pl\u00e1sticas nas feiras agroecol\u00f3gicas e contribuir para a diminui\u00e7\u00e3o do descarte de pl\u00e1stico no meio ambiente. <\/p>\n<p><\/p>\n<p><\/p>\n<p><\/p>\n<p>&#x1f6cd; Acabamos nos acostumando a receber sacolas pl\u00e1sticas para colocar nossas verduras, frutas e legumes, e \u00e9 muito raro que a gente se pergunte: onde v\u00e3o parar essas sacolas depois que usamos? &#x1f5d1;<\/p>\n<p><\/p>\n<p><\/p>\n<p><\/p>\n<p>&#x1f3d9; Esse mesmo lixo volta tamb\u00e9m para os nossos rios, mananciais e praias, trazendo ainda mais problemas para as cidades. &#x1f6af; \u00c9 preciso pensar num consumo consciente em cada etapa de nossa alimenta\u00e7\u00e3o. Como garantir escolhas mais conscientes, por um futuro &#8211; aqui e no mundo? &#x1f4ad;<\/p>\n<p><\/p>\n<p><\/p>\n<p><\/p>\n<p>&#x1f3a4; Para trazer essa discuss\u00e3o \u201c\u00e0s nossas mesas\u201d, conversamos com o t\u00e9cnico em Agroecologia Gabriel Hirata &#8211; gestor ambiental e equipe de assessoria t\u00e9cnica do Centro Sabi\u00e1 da RMR. &#x1f6d2;<\/p>\n<p><\/p>\n<p><\/p>\n<p><\/p>\n<p>&#x1f3a7; Ou\u00e7a este epis\u00f3dio no Youtube ou Spotify!<\/p>\n<p><\/p>\n<p>&#x1f4f2; Ou\u00e7a tamb\u00e9m no Youtube!<br \/>\u2060\u2060\u2060\u2060\u2060<a href=\"https:\/\/www.youtube.com\/redirect?event&#61;video_description&amp;redir_token&#61;QUFFLUhqbnR0a0NxNDZaVDlpZ3A5dWZDWGRBTXRLVzdiQXxBQ3Jtc0tsdTFIRjZyWks5c1B6cWF5d3lSX0Zjc1gwLUozT1BwejRuOUhWY1JoYVJjZTVxN0s1LVJCckREdldCNXJCSXZrMzZBUkc2bDBLczFndmRXNTFwV2p5cEpmMUJ4U2RJb1FaR1FTQl9ZVXhrQlE4dU0yTQ&amp;q&#61;https%3A%2F%2Fbit.ly%2FCantosNoYoutube%E2%81%A0%E2%81%A0%E2%81%A0%E2%81%A0%E2%81%A0%C2%A0%C2%A0&amp;v&#61;ddDE6MSxRkc\" rel=\"nofollow\">https:\/\/bit.ly\/CantosNoYoutube\u2060\u2060\u2060\u2060\u2060\u00a0\u00a0<\/a><br \/>&#x1f54a; Vem com a gente?\u00a0<br \/>\u2060\u2060\u2060\u2060\u2060<a href=\"https:\/\/www.youtube.com\/redirect?event&#61;video_description&amp;redir_token&#61;QUFFLUhqa3FqRDgyWnZXYXZ5NzVCenJXdWU1WGxiYVZ2Z3xBQ3Jtc0tuSVVXTkdhcDZTQU5SdDc3LUR0M2pzM0szWnhnWkpCTF83VUw5cXlDWElKcko4YTVsMjJia18tcTNLUW5XOWtKWWhCNUZ6N3FWTjFDVGhBNGpGYnZDXzBFUHZyUm40OE5NOWkxVmw3Zlg5TVJwemQyYw&amp;q&#61;https%3A%2F%2Fbit.ly%2Fvoe-sabia%E2%81%A0%E2%81%A0%E2%81%A0%E2%81%A0%E2%81%A0%C2%A0%C2%A0%C2%A0&amp;v&#61;ddDE6MSxRkc\" rel=\"nofollow\">https:\/\/bit.ly\/voe-sabia\u2060\u2060\u2060\u2060\u2060\u00a0\u00a0\u00a0<\/a><br \/>&#x1f4cc;Acompanhe o Centro Sabi\u00e1!<br \/>\u2060\u2060\u2060\u2060\u2060\u2060\u2060<a href=\"https:\/\/www.youtube.com\/redirect?event&#61;video_description&amp;redir_token&#61;QUFFLUhqbWF3a2hUTlBEblFidVk1eGJ6dDZYSVlsZHdDd3xBQ3Jtc0ttN3NTN0RBUTZQcWlkMVZLWEtRVmZBNV9tVm00UFBLb1RrYlotYjFXdWc1SzNJZG41dGNPMjZEUEJmemZZVmZlZkNIcFpGOFV0dXU2NzdtcVE2VlpnYU5MUzh1VkhzMVhpZUZwb0x6ZmhSbks3TXFwNA&amp;q&#61;https%3A%2F%2Fbiolinky.co%2Fcentrosabia%E2%81%A0%E2%81%A0%E2%81%A0%E2%81%A0%E2%81%A0&amp;v&#61;ddDE6MSxRkc\" rel=\"nofollow\">https:\/\/biolinky.co\/centrosabia\u2060\u2060\u2060\u2060\u2060<\/a><br \/>#CentroSabi\u00e1 #FeiraAgroecol\u00f3gica #MeioAmbiente #ConsumoConsciente<\/p>\n","protected":false},"featured_media":23327,"template":"","meta":{"_acf_changed":false,"ano":2024},"tema":[2544,2513,2539],"decada":[2502],"curadoria":[],"class_list":["post-16700","audio","type-audio","status-publish","has-post-thumbnail","hentry","tema-educacao-contextualizada","tema-meio-ambiente","tema-mudancas-climaticas","decada-2502"],"blocksy_meta":[],"acf":{"imagem_de_cobertura":""},"yoast_head":"<!-- This site is optimized with the Yoast SEO plugin v27.4 - https:\/\/yoast.com\/product\/yoast-seo-wordpress\/ -->\n<title>Menos pl\u00e1sticos, mais sustentabilidade | Cantos do Sabi\u00e1 - Centro de Desenvolvimento Agroecol\u00f3gico Sabi\u00e1<\/title>\n<meta name=\"robots\" content=\"index, follow, max-snippet:-1, max-image-preview:large, max-video-preview:-1\" \/>\n<link rel=\"canonical\" href=\"https:\/\/centrosabia.org.br\/en\/audio\/menos-plasticos-mais-sustentabilidade-cantos-do-sabia\/\" \/>\n<meta property=\"og:locale\" content=\"en_US\" \/>\n<meta property=\"og:type\" content=\"article\" \/>\n<meta property=\"og:title\" content=\"Menos pl\u00e1sticos, mais sustentabilidade | Cantos do Sabi\u00e1 - Centro de Desenvolvimento Agroecol\u00f3gico Sabi\u00e1\" \/>\n<meta property=\"og:url\" content=\"https:\/\/centrosabia.org.br\/en\/audio\/menos-plasticos-mais-sustentabilidade-cantos-do-sabia\/\" \/>\n<meta property=\"og:site_name\" content=\"Centro de Desenvolvimento Agroecol\u00f3gico Sabi\u00e1\" \/>\n<meta property=\"article:modified_time\" content=\"2024-08-05T13:28:33+00:00\" \/>\n<meta property=\"og:image\" content=\"https:\/\/centrosabia.org.br\/wp-content\/uploads\/2024\/04\/MENOSPLASTICO_wide-1-300x169.png\" \/>\n\t<meta property=\"og:image:width\" content=\"300\" \/>\n\t<meta property=\"og:image:height\" content=\"169\" \/>\n\t<meta property=\"og:image:type\" content=\"image\/png\" \/>\n<meta name=\"twitter:card\" content=\"summary_large_image\" \/>\n<meta name=\"twitter:label1\" content=\"Est. reading time\" \/>\n\t<meta name=\"twitter:data1\" content=\"2 minutes\" \/>\n<script type=\"application\/ld+json\" class=\"yoast-schema-graph\">{\"@context\":\"https:\\\/\\\/schema.org\",\"@graph\":[{\"@type\":\"WebPage\",\"@id\":\"https:\\\/\\\/centrosabia.org.br\\\/en\\\/audio\\\/menos-plasticos-mais-sustentabilidade-cantos-do-sabia\\\/\",\"url\":\"https:\\\/\\\/centrosabia.org.br\\\/en\\\/audio\\\/menos-plasticos-mais-sustentabilidade-cantos-do-sabia\\\/\",\"name\":\"Menos pl\u00e1sticos, mais sustentabilidade | Cantos do Sabi\u00e1 - Centro de Desenvolvimento Agroecol\u00f3gico Sabi\u00e1\",\"isPartOf\":{\"@id\":\"https:\\\/\\\/centrosabia.org.br\\\/en\\\/#website\"},\"primaryImageOfPage\":{\"@id\":\"https:\\\/\\\/centrosabia.org.br\\\/en\\\/audio\\\/menos-plasticos-mais-sustentabilidade-cantos-do-sabia\\\/#primaryimage\"},\"image\":{\"@id\":\"https:\\\/\\\/centrosabia.org.br\\\/en\\\/audio\\\/menos-plasticos-mais-sustentabilidade-cantos-do-sabia\\\/#primaryimage\"},\"thumbnailUrl\":\"https:\\\/\\\/centrosabia.org.br\\\/wp-content\\\/uploads\\\/2024\\\/04\\\/MENOSPLASTICO_wide-1.png\",\"datePublished\":\"2024-04-01T03:00:00+00:00\",\"dateModified\":\"2024-08-05T13:28:33+00:00\",\"breadcrumb\":{\"@id\":\"https:\\\/\\\/centrosabia.org.br\\\/en\\\/audio\\\/menos-plasticos-mais-sustentabilidade-cantos-do-sabia\\\/#breadcrumb\"},\"inLanguage\":\"en-US\",\"potentialAction\":[{\"@type\":\"ReadAction\",\"target\":[\"https:\\\/\\\/centrosabia.org.br\\\/en\\\/audio\\\/menos-plasticos-mais-sustentabilidade-cantos-do-sabia\\\/\"]}]},{\"@type\":\"ImageObject\",\"inLanguage\":\"en-US\",\"@id\":\"https:\\\/\\\/centrosabia.org.br\\\/en\\\/audio\\\/menos-plasticos-mais-sustentabilidade-cantos-do-sabia\\\/#primaryimage\",\"url\":\"https:\\\/\\\/centrosabia.org.br\\\/wp-content\\\/uploads\\\/2024\\\/04\\\/MENOSPLASTICO_wide-1.png\",\"contentUrl\":\"https:\\\/\\\/centrosabia.org.br\\\/wp-content\\\/uploads\\\/2024\\\/04\\\/MENOSPLASTICO_wide-1.png\",\"width\":512,\"height\":288},{\"@type\":\"BreadcrumbList\",\"@id\":\"https:\\\/\\\/centrosabia.org.br\\\/en\\\/audio\\\/menos-plasticos-mais-sustentabilidade-cantos-do-sabia\\\/#breadcrumb\",\"itemListElement\":[{\"@type\":\"ListItem\",\"position\":1,\"name\":\"In\u00edcio\",\"item\":\"https:\\\/\\\/centrosabia.org.br\\\/en\\\/\"},{\"@type\":\"ListItem\",\"position\":2,\"name\":\"\u00c1udios\",\"item\":\"https:\\\/\\\/centrosabia.org.br\\\/en\\\/audio\\\/\"},{\"@type\":\"ListItem\",\"position\":3,\"name\":\"Menos pl\u00e1sticos, mais sustentabilidade | Cantos do Sabi\u00e1\"}]},{\"@type\":\"WebSite\",\"@id\":\"https:\\\/\\\/centrosabia.org.br\\\/en\\\/#website\",\"url\":\"https:\\\/\\\/centrosabia.org.br\\\/en\\\/\",\"name\":\"Centro de Desenvolvimento Agroecol\u00f3gico Sabi\u00e1\",\"description\":\"\",\"publisher\":{\"@id\":\"https:\\\/\\\/centrosabia.org.br\\\/en\\\/#organization\"},\"potentialAction\":[{\"@type\":\"SearchAction\",\"target\":{\"@type\":\"EntryPoint\",\"urlTemplate\":\"https:\\\/\\\/centrosabia.org.br\\\/en\\\/?s={search_term_string}\"},\"query-input\":{\"@type\":\"PropertyValueSpecification\",\"valueRequired\":true,\"valueName\":\"search_term_string\"}}],\"inLanguage\":\"en-US\"},{\"@type\":\"Organization\",\"@id\":\"https:\\\/\\\/centrosabia.org.br\\\/en\\\/#organization\",\"name\":\"Centro de Desenvolvimento Agroecol\u00f3gico Sabi\u00e1\",\"url\":\"https:\\\/\\\/centrosabia.org.br\\\/en\\\/\",\"logo\":{\"@type\":\"ImageObject\",\"inLanguage\":\"en-US\",\"@id\":\"https:\\\/\\\/centrosabia.org.br\\\/en\\\/#\\\/schema\\\/logo\\\/image\\\/\",\"url\":\"https:\\\/\\\/centrosabia.org.br\\\/wp-content\\\/uploads\\\/2021\\\/10\\\/logo.png\",\"contentUrl\":\"https:\\\/\\\/centrosabia.org.br\\\/wp-content\\\/uploads\\\/2021\\\/10\\\/logo.png\",\"width\":174,\"height\":84,\"caption\":\"Centro de Desenvolvimento Agroecol\u00f3gico Sabi\u00e1\"},\"image\":{\"@id\":\"https:\\\/\\\/centrosabia.org.br\\\/en\\\/#\\\/schema\\\/logo\\\/image\\\/\"}}]}<\/script>\n<!-- \/ Yoast SEO plugin. -->","yoast_head_json":{"title":"Menos pl\u00e1sticos, mais sustentabilidade | Cantos do Sabi\u00e1 - Centro de Desenvolvimento Agroecol\u00f3gico Sabi\u00e1","robots":{"index":"index","follow":"follow","max-snippet":"max-snippet:-1","max-image-preview":"max-image-preview:large","max-video-preview":"max-video-preview:-1"},"canonical":"https:\/\/centrosabia.org.br\/en\/audio\/menos-plasticos-mais-sustentabilidade-cantos-do-sabia\/","og_locale":"en_US","og_type":"article","og_title":"Menos pl\u00e1sticos, mais sustentabilidade | Cantos do Sabi\u00e1 - Centro de Desenvolvimento Agroecol\u00f3gico Sabi\u00e1","og_url":"https:\/\/centrosabia.org.br\/en\/audio\/menos-plasticos-mais-sustentabilidade-cantos-do-sabia\/","og_site_name":"Centro de Desenvolvimento Agroecol\u00f3gico Sabi\u00e1","article_modified_time":"2024-08-05T13:28:33+00:00","og_image":[{"width":300,"height":169,"url":"https:\/\/centrosabia.org.br\/wp-content\/uploads\/2024\/04\/MENOSPLASTICO_wide-1-300x169.png","type":"image\/png"}],"twitter_card":"summary_large_image","twitter_misc":{"Est. reading time":"2 minutes"},"schema":{"@context":"https:\/\/schema.org","@graph":[{"@type":"WebPage","@id":"https:\/\/centrosabia.org.br\/en\/audio\/menos-plasticos-mais-sustentabilidade-cantos-do-sabia\/","url":"https:\/\/centrosabia.org.br\/en\/audio\/menos-plasticos-mais-sustentabilidade-cantos-do-sabia\/","name":"Menos pl\u00e1sticos, mais sustentabilidade | Cantos do Sabi\u00e1 - Centro de Desenvolvimento Agroecol\u00f3gico Sabi\u00e1","isPartOf":{"@id":"https:\/\/centrosabia.org.br\/en\/#website"},"primaryImageOfPage":{"@id":"https:\/\/centrosabia.org.br\/en\/audio\/menos-plasticos-mais-sustentabilidade-cantos-do-sabia\/#primaryimage"},"image":{"@id":"https:\/\/centrosabia.org.br\/en\/audio\/menos-plasticos-mais-sustentabilidade-cantos-do-sabia\/#primaryimage"},"thumbnailUrl":"https:\/\/centrosabia.org.br\/wp-content\/uploads\/2024\/04\/MENOSPLASTICO_wide-1.png","datePublished":"2024-04-01T03:00:00+00:00","dateModified":"2024-08-05T13:28:33+00:00","breadcrumb":{"@id":"https:\/\/centrosabia.org.br\/en\/audio\/menos-plasticos-mais-sustentabilidade-cantos-do-sabia\/#breadcrumb"},"inLanguage":"en-US","potentialAction":[{"@type":"ReadAction","target":["https:\/\/centrosabia.org.br\/en\/audio\/menos-plasticos-mais-sustentabilidade-cantos-do-sabia\/"]}]},{"@type":"ImageObject","inLanguage":"en-US","@id":"https:\/\/centrosabia.org.br\/en\/audio\/menos-plasticos-mais-sustentabilidade-cantos-do-sabia\/#primaryimage","url":"https:\/\/centrosabia.org.br\/wp-content\/uploads\/2024\/04\/MENOSPLASTICO_wide-1.png","contentUrl":"https:\/\/centrosabia.org.br\/wp-content\/uploads\/2024\/04\/MENOSPLASTICO_wide-1.png","width":512,"height":288},{"@type":"BreadcrumbList","@id":"https:\/\/centrosabia.org.br\/en\/audio\/menos-plasticos-mais-sustentabilidade-cantos-do-sabia\/#breadcrumb","itemListElement":[{"@type":"ListItem","position":1,"name":"In\u00edcio","item":"https:\/\/centrosabia.org.br\/en\/"},{"@type":"ListItem","position":2,"name":"\u00c1udios","item":"https:\/\/centrosabia.org.br\/en\/audio\/"},{"@type":"ListItem","position":3,"name":"Menos pl\u00e1sticos, mais sustentabilidade | Cantos do Sabi\u00e1"}]},{"@type":"WebSite","@id":"https:\/\/centrosabia.org.br\/en\/#website","url":"https:\/\/centrosabia.org.br\/en\/","name":"Centro de Desenvolvimento Agroecol\u00f3gico Sabi\u00e1","description":"","publisher":{"@id":"https:\/\/centrosabia.org.br\/en\/#organization"},"potentialAction":[{"@type":"SearchAction","target":{"@type":"EntryPoint","urlTemplate":"https:\/\/centrosabia.org.br\/en\/?s={search_term_string}"},"query-input":{"@type":"PropertyValueSpecification","valueRequired":true,"valueName":"search_term_string"}}],"inLanguage":"en-US"},{"@type":"Organization","@id":"https:\/\/centrosabia.org.br\/en\/#organization","name":"Centro de Desenvolvimento Agroecol\u00f3gico Sabi\u00e1","url":"https:\/\/centrosabia.org.br\/en\/","logo":{"@type":"ImageObject","inLanguage":"en-US","@id":"https:\/\/centrosabia.org.br\/en\/#\/schema\/logo\/image\/","url":"https:\/\/centrosabia.org.br\/wp-content\/uploads\/2021\/10\/logo.png","contentUrl":"https:\/\/centrosabia.org.br\/wp-content\/uploads\/2021\/10\/logo.png","width":174,"height":84,"caption":"Centro de Desenvolvimento Agroecol\u00f3gico Sabi\u00e1"},"image":{"@id":"https:\/\/centrosabia.org.br\/en\/#\/schema\/logo\/image\/"}}]}},"_links":{"self":[{"href":"https:\/\/centrosabia.org.br\/en\/wp-json\/wp\/v2\/audio\/16700","targetHints":{"allow":["GET"]}}],"collection":[{"href":"https:\/\/centrosabia.org.br\/en\/wp-json\/wp\/v2\/audio"}],"about":[{"href":"https:\/\/centrosabia.org.br\/en\/wp-json\/wp\/v2\/types\/audio"}],"wp:featuredmedia":[{"embeddable":true,"href":"https:\/\/centrosabia.org.br\/en\/wp-json\/wp\/v2\/media\/23327"}],"wp:attachment":[{"href":"https:\/\/centrosabia.org.br\/en\/wp-json\/wp\/v2\/media?parent=16700"}],"wp:term":[{"taxonomy":"tema","embeddable":true,"href":"https:\/\/centrosabia.org.br\/en\/wp-json\/wp\/v2\/tema?post=16700"},{"taxonomy":"decada","embeddable":true,"href":"https:\/\/centrosabia.org.br\/en\/wp-json\/wp\/v2\/decada?post=16700"},{"taxonomy":"curadoria","embeddable":true,"href":"https:\/\/centrosabia.org.br\/en\/wp-json\/wp\/v2\/curadoria?post=16700"}],"curies":[{"name":"wp","href":"https:\/\/api.w.org\/{rel}","templated":true}]}}