{"id":16708,"date":"2024-03-18T00:00:00","date_gmt":"2024-03-18T03:00:00","guid":{"rendered":"https:\/\/centrosabia.org.br\/audio\/florestas-de-pe-para-frear-o-desmatamento-cantos-do-sabia\/"},"modified":"2024-06-04T15:50:43","modified_gmt":"2024-06-04T18:50:43","slug":"florestas-de-pe-para-frear-o-desmatamento-cantos-do-sabia","status":"publish","type":"audio","link":"https:\/\/centrosabia.org.br\/en\/audio\/florestas-de-pe-para-frear-o-desmatamento-cantos-do-sabia\/","title":{"rendered":"Florestas de p\u00e9 para frear o desmatamento | Cantos do Sabi\u00e1"},"content":{"rendered":"<p>&#x1f3a7; Em 21 de mar\u00e7o, celebramos o Dia Internacional das Florestas, dia feito para conscientizar sobre a import\u00e2ncia da preserva\u00e7\u00e3o e restaura\u00e7\u00e3o das florestas. &#x1f333; Mas as florestas v\u00e3o bem al\u00e9m da Amaz\u00f4nia! A Caatinga, um bioma \u00fanico no mundo, demanda aten\u00e7\u00e3o especial devido \u00e0 degrada\u00e7\u00e3o causada tanto pelas condi\u00e7\u00f5es clim\u00e1ticas quanto pelas mudan\u00e7as do clima. &#x1f326;<\/p>\n<p><\/p>\n<p><\/p>\n<p><\/p>\n<p>\u267b Precisamos refletir sobre como frear o desmatamento, as queimadas e os climas extremos para evitar que nossa floresta da Caatinga se transforme em um deserto. &#x1f3dc; Defender as florestas \u00e9 proteger a humanidade! E esse \u00e9 o tema do nosso Cantos do Sabi\u00e1 desta semana! &#x1f3a7;<\/p>\n<p><\/p>\n<p><\/p>\n<p><\/p>\n<p>&#x1f3a4; Participa do papo o professor Aldo Sales, especialista em ecologia e gest\u00e3o ambiental, doutor em manejo de ecossistemas. Salve a Caatinga! \u270a&#x1f304;<\/p>\n<p><\/p>\n<p>&#x1f4f2; Ou\u00e7a tamb\u00e9m no Youtube!<br \/>\u2060\u2060\u2060\u2060\u2060<a href=\"https:\/\/www.youtube.com\/redirect?event&#61;video_description&amp;redir_token&#61;QUFFLUhqbEd1b0Jqb3dpMjB1Z0lUZFk2VWRUb0xsV2Jpd3xBQ3Jtc0trMjBTM2FpRDVhYXFKYTFac1VIX01HT2stWGItRjNTbEhNN1N4SHZwQ0FHdEFYWUpDbncwX3VGUVAtQU1odV9xc1NfTUltVnlINGF3YnhaWUFKZ1k3LVJOVWFDMTBaMHV1eW9rVDNOckUxLVVXaWtZaw&amp;q&#61;https%3A%2F%2Fbit.ly%2FCantosNoYoutube%E2%81%A0%E2%81%A0%E2%81%A0%E2%81%A0%E2%81%A0&amp;v&#61;hl79R4r5jNE\" rel=\"nofollow\">https:\/\/bit.ly\/CantosNoYoutube\u2060\u2060\u2060\u2060\u2060<\/a> <br \/>&#x1f54a; Vem com a gente? <br \/>\u2060\u2060\u2060\u2060\u2060<a href=\"https:\/\/www.youtube.com\/redirect?event&#61;video_description&amp;redir_token&#61;QUFFLUhqbUxyRTFCMUZCd2M3MmlDWHBuRlRtOEZxbXRrQXxBQ3Jtc0tsUGgzX3laeFVaaUZESktqb1NIS3Jhc3dZQVYyWnR1Q2t2WURQM0lDdjA1X0ZPejRteWdUaE1lZEJzbU9Tci1aM3dGTlNMSkpBam9hZU5xYnVvOVZxaU1sUTVHRjRaUWl1b1hzUjd1NmFTc1FxVm1tRQ&amp;q&#61;https%3A%2F%2Fbit.ly%2Fvoe-sabia%E2%81%A0%E2%81%A0%E2%81%A0%E2%81%A0%E2%81%A0&amp;v&#61;hl79R4r5jNE\" rel=\"nofollow\">https:\/\/bit.ly\/voe-sabia\u2060\u2060\u2060\u2060\u2060<\/a> <br \/>&#x1f4cc;Acompanhe o Centro Sabi\u00e1!<br \/>\u2060\u2060\u2060\u2060\u2060\u2060\u2060<a href=\"https:\/\/www.youtube.com\/redirect?event&#61;video_description&amp;redir_token&#61;QUFFLUhqbE4ycU1iaGlnTUl4bFROU1YySW1YY2hwT0UtZ3xBQ3Jtc0trcDlyeW9NQkI3dFVYVWttWUFiQmlTS0doNVQ5ZGVwLUNqZnVtX1ZwNm9aODRZRjBXam05YUYzV0pNbFdpYmliSE93WmNHTHpaVWptSWppcHIyZEN2OE5DQ3Y1QmR6c3JFSkd4LXhXbDNXT2RNeVdQaw&amp;q&#61;https%3A%2F%2Fbiolinky.co%2Fcentrosabia%E2%81%A0%E2%81%A0%E2%81%A0%E2%81%A0%E2%81%A0&amp;v&#61;hl79R4r5jNE\" rel=\"nofollow\">https:\/\/biolinky.co\/centrosabia\u2060\u2060\u2060\u2060\u2060<\/a><\/p>\n","protected":false},"featured_media":16709,"template":"","meta":{"_acf_changed":false,"ano":2024},"tema":[2521,2560,2513],"decada":[2502],"curadoria":[],"class_list":["post-16708","audio","type-audio","status-publish","has-post-thumbnail","hentry","tema-agrofloresta","tema-combate-a-desertificacao","tema-meio-ambiente","decada-2502"],"blocksy_meta":[],"acf":{"imagem_de_cobertura":null},"yoast_head":"<!-- This site is optimized with the Yoast SEO plugin v27.4 - https:\/\/yoast.com\/product\/yoast-seo-wordpress\/ -->\n<title>Florestas de p\u00e9 para frear o desmatamento | Cantos do Sabi\u00e1 - Centro de Desenvolvimento Agroecol\u00f3gico Sabi\u00e1<\/title>\n<meta name=\"robots\" content=\"index, follow, max-snippet:-1, max-image-preview:large, max-video-preview:-1\" \/>\n<link rel=\"canonical\" href=\"https:\/\/centrosabia.org.br\/en\/audio\/florestas-de-pe-para-frear-o-desmatamento-cantos-do-sabia\/\" \/>\n<meta property=\"og:locale\" content=\"en_US\" \/>\n<meta property=\"og:type\" content=\"article\" \/>\n<meta property=\"og:title\" content=\"Florestas de p\u00e9 para frear o desmatamento | Cantos do Sabi\u00e1 - Centro de Desenvolvimento Agroecol\u00f3gico Sabi\u00e1\" \/>\n<meta property=\"og:url\" content=\"https:\/\/centrosabia.org.br\/en\/audio\/florestas-de-pe-para-frear-o-desmatamento-cantos-do-sabia\/\" \/>\n<meta property=\"og:site_name\" content=\"Centro de Desenvolvimento Agroecol\u00f3gico Sabi\u00e1\" \/>\n<meta property=\"article:modified_time\" content=\"2024-06-04T18:50:43+00:00\" \/>\n<meta property=\"og:image\" content=\"https:\/\/centrosabia.org.br\/wp-content\/uploads\/2024\/04\/florestas-de-pe-para-frear-o-desmatamento-cantos-do-sabia-300x300.jpg\" \/>\n\t<meta property=\"og:image:width\" content=\"300\" \/>\n\t<meta property=\"og:image:height\" content=\"300\" \/>\n\t<meta property=\"og:image:type\" content=\"image\/jpeg\" \/>\n<meta name=\"twitter:card\" content=\"summary_large_image\" \/>\n<meta name=\"twitter:label1\" content=\"Est. reading time\" \/>\n\t<meta name=\"twitter:data1\" content=\"1 minute\" \/>\n<script type=\"application\/ld+json\" class=\"yoast-schema-graph\">{\"@context\":\"https:\\\/\\\/schema.org\",\"@graph\":[{\"@type\":\"WebPage\",\"@id\":\"https:\\\/\\\/centrosabia.org.br\\\/en\\\/audio\\\/florestas-de-pe-para-frear-o-desmatamento-cantos-do-sabia\\\/\",\"url\":\"https:\\\/\\\/centrosabia.org.br\\\/en\\\/audio\\\/florestas-de-pe-para-frear-o-desmatamento-cantos-do-sabia\\\/\",\"name\":\"Florestas de p\u00e9 para frear o desmatamento | Cantos do Sabi\u00e1 - Centro de Desenvolvimento Agroecol\u00f3gico Sabi\u00e1\",\"isPartOf\":{\"@id\":\"https:\\\/\\\/centrosabia.org.br\\\/en\\\/#website\"},\"primaryImageOfPage\":{\"@id\":\"https:\\\/\\\/centrosabia.org.br\\\/en\\\/audio\\\/florestas-de-pe-para-frear-o-desmatamento-cantos-do-sabia\\\/#primaryimage\"},\"image\":{\"@id\":\"https:\\\/\\\/centrosabia.org.br\\\/en\\\/audio\\\/florestas-de-pe-para-frear-o-desmatamento-cantos-do-sabia\\\/#primaryimage\"},\"thumbnailUrl\":\"https:\\\/\\\/centrosabia.org.br\\\/wp-content\\\/uploads\\\/2024\\\/04\\\/florestas-de-pe-para-frear-o-desmatamento-cantos-do-sabia.jpg\",\"datePublished\":\"2024-03-18T03:00:00+00:00\",\"dateModified\":\"2024-06-04T18:50:43+00:00\",\"breadcrumb\":{\"@id\":\"https:\\\/\\\/centrosabia.org.br\\\/en\\\/audio\\\/florestas-de-pe-para-frear-o-desmatamento-cantos-do-sabia\\\/#breadcrumb\"},\"inLanguage\":\"en-US\",\"potentialAction\":[{\"@type\":\"ReadAction\",\"target\":[\"https:\\\/\\\/centrosabia.org.br\\\/en\\\/audio\\\/florestas-de-pe-para-frear-o-desmatamento-cantos-do-sabia\\\/\"]}]},{\"@type\":\"ImageObject\",\"inLanguage\":\"en-US\",\"@id\":\"https:\\\/\\\/centrosabia.org.br\\\/en\\\/audio\\\/florestas-de-pe-para-frear-o-desmatamento-cantos-do-sabia\\\/#primaryimage\",\"url\":\"https:\\\/\\\/centrosabia.org.br\\\/wp-content\\\/uploads\\\/2024\\\/04\\\/florestas-de-pe-para-frear-o-desmatamento-cantos-do-sabia.jpg\",\"contentUrl\":\"https:\\\/\\\/centrosabia.org.br\\\/wp-content\\\/uploads\\\/2024\\\/04\\\/florestas-de-pe-para-frear-o-desmatamento-cantos-do-sabia.jpg\",\"width\":640,\"height\":640},{\"@type\":\"BreadcrumbList\",\"@id\":\"https:\\\/\\\/centrosabia.org.br\\\/en\\\/audio\\\/florestas-de-pe-para-frear-o-desmatamento-cantos-do-sabia\\\/#breadcrumb\",\"itemListElement\":[{\"@type\":\"ListItem\",\"position\":1,\"name\":\"In\u00edcio\",\"item\":\"https:\\\/\\\/centrosabia.org.br\\\/en\\\/\"},{\"@type\":\"ListItem\",\"position\":2,\"name\":\"\u00c1udios\",\"item\":\"https:\\\/\\\/centrosabia.org.br\\\/en\\\/audio\\\/\"},{\"@type\":\"ListItem\",\"position\":3,\"name\":\"Florestas de p\u00e9 para frear o desmatamento | Cantos do Sabi\u00e1\"}]},{\"@type\":\"WebSite\",\"@id\":\"https:\\\/\\\/centrosabia.org.br\\\/en\\\/#website\",\"url\":\"https:\\\/\\\/centrosabia.org.br\\\/en\\\/\",\"name\":\"Centro de Desenvolvimento Agroecol\u00f3gico Sabi\u00e1\",\"description\":\"\",\"publisher\":{\"@id\":\"https:\\\/\\\/centrosabia.org.br\\\/en\\\/#organization\"},\"potentialAction\":[{\"@type\":\"SearchAction\",\"target\":{\"@type\":\"EntryPoint\",\"urlTemplate\":\"https:\\\/\\\/centrosabia.org.br\\\/en\\\/?s={search_term_string}\"},\"query-input\":{\"@type\":\"PropertyValueSpecification\",\"valueRequired\":true,\"valueName\":\"search_term_string\"}}],\"inLanguage\":\"en-US\"},{\"@type\":\"Organization\",\"@id\":\"https:\\\/\\\/centrosabia.org.br\\\/en\\\/#organization\",\"name\":\"Centro de Desenvolvimento Agroecol\u00f3gico Sabi\u00e1\",\"url\":\"https:\\\/\\\/centrosabia.org.br\\\/en\\\/\",\"logo\":{\"@type\":\"ImageObject\",\"inLanguage\":\"en-US\",\"@id\":\"https:\\\/\\\/centrosabia.org.br\\\/en\\\/#\\\/schema\\\/logo\\\/image\\\/\",\"url\":\"https:\\\/\\\/centrosabia.org.br\\\/wp-content\\\/uploads\\\/2021\\\/10\\\/logo.png\",\"contentUrl\":\"https:\\\/\\\/centrosabia.org.br\\\/wp-content\\\/uploads\\\/2021\\\/10\\\/logo.png\",\"width\":174,\"height\":84,\"caption\":\"Centro de Desenvolvimento Agroecol\u00f3gico Sabi\u00e1\"},\"image\":{\"@id\":\"https:\\\/\\\/centrosabia.org.br\\\/en\\\/#\\\/schema\\\/logo\\\/image\\\/\"}}]}<\/script>\n<!-- \/ Yoast SEO plugin. -->","yoast_head_json":{"title":"Florestas de p\u00e9 para frear o desmatamento | Cantos do Sabi\u00e1 - Centro de Desenvolvimento Agroecol\u00f3gico Sabi\u00e1","robots":{"index":"index","follow":"follow","max-snippet":"max-snippet:-1","max-image-preview":"max-image-preview:large","max-video-preview":"max-video-preview:-1"},"canonical":"https:\/\/centrosabia.org.br\/en\/audio\/florestas-de-pe-para-frear-o-desmatamento-cantos-do-sabia\/","og_locale":"en_US","og_type":"article","og_title":"Florestas de p\u00e9 para frear o desmatamento | Cantos do Sabi\u00e1 - Centro de Desenvolvimento Agroecol\u00f3gico Sabi\u00e1","og_url":"https:\/\/centrosabia.org.br\/en\/audio\/florestas-de-pe-para-frear-o-desmatamento-cantos-do-sabia\/","og_site_name":"Centro de Desenvolvimento Agroecol\u00f3gico Sabi\u00e1","article_modified_time":"2024-06-04T18:50:43+00:00","og_image":[{"width":300,"height":300,"url":"https:\/\/centrosabia.org.br\/wp-content\/uploads\/2024\/04\/florestas-de-pe-para-frear-o-desmatamento-cantos-do-sabia-300x300.jpg","type":"image\/jpeg"}],"twitter_card":"summary_large_image","twitter_misc":{"Est. reading time":"1 minute"},"schema":{"@context":"https:\/\/schema.org","@graph":[{"@type":"WebPage","@id":"https:\/\/centrosabia.org.br\/en\/audio\/florestas-de-pe-para-frear-o-desmatamento-cantos-do-sabia\/","url":"https:\/\/centrosabia.org.br\/en\/audio\/florestas-de-pe-para-frear-o-desmatamento-cantos-do-sabia\/","name":"Florestas de p\u00e9 para frear o desmatamento | Cantos do Sabi\u00e1 - Centro de Desenvolvimento Agroecol\u00f3gico Sabi\u00e1","isPartOf":{"@id":"https:\/\/centrosabia.org.br\/en\/#website"},"primaryImageOfPage":{"@id":"https:\/\/centrosabia.org.br\/en\/audio\/florestas-de-pe-para-frear-o-desmatamento-cantos-do-sabia\/#primaryimage"},"image":{"@id":"https:\/\/centrosabia.org.br\/en\/audio\/florestas-de-pe-para-frear-o-desmatamento-cantos-do-sabia\/#primaryimage"},"thumbnailUrl":"https:\/\/centrosabia.org.br\/wp-content\/uploads\/2024\/04\/florestas-de-pe-para-frear-o-desmatamento-cantos-do-sabia.jpg","datePublished":"2024-03-18T03:00:00+00:00","dateModified":"2024-06-04T18:50:43+00:00","breadcrumb":{"@id":"https:\/\/centrosabia.org.br\/en\/audio\/florestas-de-pe-para-frear-o-desmatamento-cantos-do-sabia\/#breadcrumb"},"inLanguage":"en-US","potentialAction":[{"@type":"ReadAction","target":["https:\/\/centrosabia.org.br\/en\/audio\/florestas-de-pe-para-frear-o-desmatamento-cantos-do-sabia\/"]}]},{"@type":"ImageObject","inLanguage":"en-US","@id":"https:\/\/centrosabia.org.br\/en\/audio\/florestas-de-pe-para-frear-o-desmatamento-cantos-do-sabia\/#primaryimage","url":"https:\/\/centrosabia.org.br\/wp-content\/uploads\/2024\/04\/florestas-de-pe-para-frear-o-desmatamento-cantos-do-sabia.jpg","contentUrl":"https:\/\/centrosabia.org.br\/wp-content\/uploads\/2024\/04\/florestas-de-pe-para-frear-o-desmatamento-cantos-do-sabia.jpg","width":640,"height":640},{"@type":"BreadcrumbList","@id":"https:\/\/centrosabia.org.br\/en\/audio\/florestas-de-pe-para-frear-o-desmatamento-cantos-do-sabia\/#breadcrumb","itemListElement":[{"@type":"ListItem","position":1,"name":"In\u00edcio","item":"https:\/\/centrosabia.org.br\/en\/"},{"@type":"ListItem","position":2,"name":"\u00c1udios","item":"https:\/\/centrosabia.org.br\/en\/audio\/"},{"@type":"ListItem","position":3,"name":"Florestas de p\u00e9 para frear o desmatamento | Cantos do Sabi\u00e1"}]},{"@type":"WebSite","@id":"https:\/\/centrosabia.org.br\/en\/#website","url":"https:\/\/centrosabia.org.br\/en\/","name":"Centro de Desenvolvimento Agroecol\u00f3gico Sabi\u00e1","description":"","publisher":{"@id":"https:\/\/centrosabia.org.br\/en\/#organization"},"potentialAction":[{"@type":"SearchAction","target":{"@type":"EntryPoint","urlTemplate":"https:\/\/centrosabia.org.br\/en\/?s={search_term_string}"},"query-input":{"@type":"PropertyValueSpecification","valueRequired":true,"valueName":"search_term_string"}}],"inLanguage":"en-US"},{"@type":"Organization","@id":"https:\/\/centrosabia.org.br\/en\/#organization","name":"Centro de Desenvolvimento Agroecol\u00f3gico Sabi\u00e1","url":"https:\/\/centrosabia.org.br\/en\/","logo":{"@type":"ImageObject","inLanguage":"en-US","@id":"https:\/\/centrosabia.org.br\/en\/#\/schema\/logo\/image\/","url":"https:\/\/centrosabia.org.br\/wp-content\/uploads\/2021\/10\/logo.png","contentUrl":"https:\/\/centrosabia.org.br\/wp-content\/uploads\/2021\/10\/logo.png","width":174,"height":84,"caption":"Centro de Desenvolvimento Agroecol\u00f3gico Sabi\u00e1"},"image":{"@id":"https:\/\/centrosabia.org.br\/en\/#\/schema\/logo\/image\/"}}]}},"_links":{"self":[{"href":"https:\/\/centrosabia.org.br\/en\/wp-json\/wp\/v2\/audio\/16708","targetHints":{"allow":["GET"]}}],"collection":[{"href":"https:\/\/centrosabia.org.br\/en\/wp-json\/wp\/v2\/audio"}],"about":[{"href":"https:\/\/centrosabia.org.br\/en\/wp-json\/wp\/v2\/types\/audio"}],"wp:featuredmedia":[{"embeddable":true,"href":"https:\/\/centrosabia.org.br\/en\/wp-json\/wp\/v2\/media\/16709"}],"wp:attachment":[{"href":"https:\/\/centrosabia.org.br\/en\/wp-json\/wp\/v2\/media?parent=16708"}],"wp:term":[{"taxonomy":"tema","embeddable":true,"href":"https:\/\/centrosabia.org.br\/en\/wp-json\/wp\/v2\/tema?post=16708"},{"taxonomy":"decada","embeddable":true,"href":"https:\/\/centrosabia.org.br\/en\/wp-json\/wp\/v2\/decada?post=16708"},{"taxonomy":"curadoria","embeddable":true,"href":"https:\/\/centrosabia.org.br\/en\/wp-json\/wp\/v2\/curadoria?post=16708"}],"curies":[{"name":"wp","href":"https:\/\/api.w.org\/{rel}","templated":true}]}}