{"id":16716,"date":"2024-03-04T00:00:00","date_gmt":"2024-03-04T03:00:00","guid":{"rendered":"https:\/\/centrosabia.org.br\/audio\/aguas-na-serra-mudanca-de-vida-cantos-do-sabia\/"},"modified":"2024-06-04T15:50:21","modified_gmt":"2024-06-04T18:50:21","slug":"aguas-na-serra-mudanca-de-vida-cantos-do-sabia","status":"publish","type":"audio","link":"https:\/\/centrosabia.org.br\/en\/audio\/aguas-na-serra-mudanca-de-vida-cantos-do-sabia\/","title":{"rendered":"\u00c1guas na Serra, Mudan\u00e7a de vida | Cantos do Sabi\u00e1"},"content":{"rendered":"<p>&#x1f4e3; Essa semana, em Jata\u00faba, aconteceu o semin\u00e1rio de encerramento do Projeto \u00c1guas da Serra. &#x1f30a; Um projeto muito importante, de recupera\u00e7\u00e3o de nascentes atrav\u00e9s de agroflorestas, que teve um impacto muito bonito localmente, mas que tamb\u00e9m reverbera, atravessa o local, na recupera\u00e7\u00e3o de verdadeiros ecossistemas! Salvando as nascentes, e territ\u00f3rios. &#x1f469;\u200d&#x1f33e;&#x1f468;\u200d&#x1f33e;<\/p>\n<p><\/p>\n<p><\/p>\n<p><\/p>\n<p>\u267b O Centro Sabi\u00e1 esteve \u00e0 frente do Projeto \u00c1guas da Serra, Agroflorestas na recupera\u00e7\u00e3o de nascentes do Rio Capibaribe. Um projeto realizado com recurso do FEMA, que \u00e9 o Fundo Estadual do Meio Ambiente. \u201c\u00c1guas da Serra\u201d teve como objetivo a recupera\u00e7\u00e3o de nascentes, os nossos mananciais, l\u00e1 em Jata\u00faba, Agreste de Pernambuco. &#x1f4a6;&#x1f499;<\/p>\n<p><\/p>\n<p><\/p>\n<p><\/p>\n<p>&#x1f914; Mas quando cuidamos das nascentes, a gente restaura muito mais que um olho d\u2019\u00e1gua; recuperamos \u00e1guas, florestas, microclimas, ajudamos na restaura\u00e7\u00e3o dos ecossistemas, reativamos acesso \u00e0 \u00e1gua para as popula\u00e7\u00f5es, devolvemos \u00e0 natureza o que \u00e9 dela, e salvamos vidas. &#x1f4a7;<\/p>\n<p><\/p>\n<p><\/p>\n<p><\/p>\n<p>&#x1f3a4; Por isso que hoje a gente vem falar do Projeto \u00c1guas da Serra, Agroflorestas na recupera\u00e7\u00e3o de nascentes do Rio Capibaribe! Vamos ouvir depoimentos de agricultores, agricultoras, assessoria t\u00e9cnica e tamb\u00e9m a voz das juventudes de Jata\u00faba, que viveram e compartilharam com o projeto! &#x1f4e3;<\/p>\n","protected":false},"featured_media":16717,"template":"","meta":{"_acf_changed":false,"ano":2024},"tema":[2538,2554,2509],"decada":[2502],"curadoria":[],"class_list":["post-16716","audio","type-audio","status-publish","has-post-thumbnail","hentry","tema-agua","tema-cisternas","tema-politica","decada-2502"],"blocksy_meta":[],"acf":{"imagem_de_cobertura":null},"yoast_head":"<!-- This site is optimized with the Yoast SEO plugin v27.4 - https:\/\/yoast.com\/product\/yoast-seo-wordpress\/ -->\n<title>\u00c1guas na Serra, Mudan\u00e7a de vida | Cantos do Sabi\u00e1 - Centro de Desenvolvimento Agroecol\u00f3gico Sabi\u00e1<\/title>\n<meta name=\"robots\" content=\"index, follow, max-snippet:-1, max-image-preview:large, max-video-preview:-1\" \/>\n<link rel=\"canonical\" href=\"https:\/\/centrosabia.org.br\/en\/audio\/aguas-na-serra-mudanca-de-vida-cantos-do-sabia\/\" \/>\n<meta property=\"og:locale\" content=\"en_US\" \/>\n<meta property=\"og:type\" content=\"article\" \/>\n<meta property=\"og:title\" content=\"\u00c1guas na Serra, Mudan\u00e7a de vida | Cantos do Sabi\u00e1 - Centro de Desenvolvimento Agroecol\u00f3gico Sabi\u00e1\" \/>\n<meta property=\"og:url\" content=\"https:\/\/centrosabia.org.br\/en\/audio\/aguas-na-serra-mudanca-de-vida-cantos-do-sabia\/\" \/>\n<meta property=\"og:site_name\" content=\"Centro de Desenvolvimento Agroecol\u00f3gico Sabi\u00e1\" \/>\n<meta property=\"article:modified_time\" content=\"2024-06-04T18:50:21+00:00\" \/>\n<meta property=\"og:image\" content=\"https:\/\/centrosabia.org.br\/wp-content\/uploads\/2024\/04\/aguas-na-serra-mudanca-de-vida-cantos-do-sabia-300x300.jpg\" \/>\n\t<meta property=\"og:image:width\" content=\"300\" \/>\n\t<meta property=\"og:image:height\" content=\"300\" \/>\n\t<meta property=\"og:image:type\" content=\"image\/jpeg\" \/>\n<meta name=\"twitter:card\" content=\"summary_large_image\" \/>\n<meta name=\"twitter:label1\" content=\"Est. reading time\" \/>\n\t<meta name=\"twitter:data1\" content=\"1 minute\" \/>\n<script type=\"application\/ld+json\" class=\"yoast-schema-graph\">{\"@context\":\"https:\\\/\\\/schema.org\",\"@graph\":[{\"@type\":\"WebPage\",\"@id\":\"https:\\\/\\\/centrosabia.org.br\\\/en\\\/audio\\\/aguas-na-serra-mudanca-de-vida-cantos-do-sabia\\\/\",\"url\":\"https:\\\/\\\/centrosabia.org.br\\\/en\\\/audio\\\/aguas-na-serra-mudanca-de-vida-cantos-do-sabia\\\/\",\"name\":\"\u00c1guas na Serra, Mudan\u00e7a de vida | Cantos do Sabi\u00e1 - Centro de Desenvolvimento Agroecol\u00f3gico Sabi\u00e1\",\"isPartOf\":{\"@id\":\"https:\\\/\\\/centrosabia.org.br\\\/en\\\/#website\"},\"primaryImageOfPage\":{\"@id\":\"https:\\\/\\\/centrosabia.org.br\\\/en\\\/audio\\\/aguas-na-serra-mudanca-de-vida-cantos-do-sabia\\\/#primaryimage\"},\"image\":{\"@id\":\"https:\\\/\\\/centrosabia.org.br\\\/en\\\/audio\\\/aguas-na-serra-mudanca-de-vida-cantos-do-sabia\\\/#primaryimage\"},\"thumbnailUrl\":\"https:\\\/\\\/centrosabia.org.br\\\/wp-content\\\/uploads\\\/2024\\\/04\\\/aguas-na-serra-mudanca-de-vida-cantos-do-sabia.jpg\",\"datePublished\":\"2024-03-04T03:00:00+00:00\",\"dateModified\":\"2024-06-04T18:50:21+00:00\",\"breadcrumb\":{\"@id\":\"https:\\\/\\\/centrosabia.org.br\\\/en\\\/audio\\\/aguas-na-serra-mudanca-de-vida-cantos-do-sabia\\\/#breadcrumb\"},\"inLanguage\":\"en-US\",\"potentialAction\":[{\"@type\":\"ReadAction\",\"target\":[\"https:\\\/\\\/centrosabia.org.br\\\/en\\\/audio\\\/aguas-na-serra-mudanca-de-vida-cantos-do-sabia\\\/\"]}]},{\"@type\":\"ImageObject\",\"inLanguage\":\"en-US\",\"@id\":\"https:\\\/\\\/centrosabia.org.br\\\/en\\\/audio\\\/aguas-na-serra-mudanca-de-vida-cantos-do-sabia\\\/#primaryimage\",\"url\":\"https:\\\/\\\/centrosabia.org.br\\\/wp-content\\\/uploads\\\/2024\\\/04\\\/aguas-na-serra-mudanca-de-vida-cantos-do-sabia.jpg\",\"contentUrl\":\"https:\\\/\\\/centrosabia.org.br\\\/wp-content\\\/uploads\\\/2024\\\/04\\\/aguas-na-serra-mudanca-de-vida-cantos-do-sabia.jpg\",\"width\":640,\"height\":640},{\"@type\":\"BreadcrumbList\",\"@id\":\"https:\\\/\\\/centrosabia.org.br\\\/en\\\/audio\\\/aguas-na-serra-mudanca-de-vida-cantos-do-sabia\\\/#breadcrumb\",\"itemListElement\":[{\"@type\":\"ListItem\",\"position\":1,\"name\":\"In\u00edcio\",\"item\":\"https:\\\/\\\/centrosabia.org.br\\\/en\\\/\"},{\"@type\":\"ListItem\",\"position\":2,\"name\":\"\u00c1udios\",\"item\":\"https:\\\/\\\/centrosabia.org.br\\\/en\\\/audio\\\/\"},{\"@type\":\"ListItem\",\"position\":3,\"name\":\"\u00c1guas na Serra, Mudan\u00e7a de vida | Cantos do Sabi\u00e1\"}]},{\"@type\":\"WebSite\",\"@id\":\"https:\\\/\\\/centrosabia.org.br\\\/en\\\/#website\",\"url\":\"https:\\\/\\\/centrosabia.org.br\\\/en\\\/\",\"name\":\"Centro de Desenvolvimento Agroecol\u00f3gico Sabi\u00e1\",\"description\":\"\",\"publisher\":{\"@id\":\"https:\\\/\\\/centrosabia.org.br\\\/en\\\/#organization\"},\"potentialAction\":[{\"@type\":\"SearchAction\",\"target\":{\"@type\":\"EntryPoint\",\"urlTemplate\":\"https:\\\/\\\/centrosabia.org.br\\\/en\\\/?s={search_term_string}\"},\"query-input\":{\"@type\":\"PropertyValueSpecification\",\"valueRequired\":true,\"valueName\":\"search_term_string\"}}],\"inLanguage\":\"en-US\"},{\"@type\":\"Organization\",\"@id\":\"https:\\\/\\\/centrosabia.org.br\\\/en\\\/#organization\",\"name\":\"Centro de Desenvolvimento Agroecol\u00f3gico Sabi\u00e1\",\"url\":\"https:\\\/\\\/centrosabia.org.br\\\/en\\\/\",\"logo\":{\"@type\":\"ImageObject\",\"inLanguage\":\"en-US\",\"@id\":\"https:\\\/\\\/centrosabia.org.br\\\/en\\\/#\\\/schema\\\/logo\\\/image\\\/\",\"url\":\"https:\\\/\\\/centrosabia.org.br\\\/wp-content\\\/uploads\\\/2021\\\/10\\\/logo.png\",\"contentUrl\":\"https:\\\/\\\/centrosabia.org.br\\\/wp-content\\\/uploads\\\/2021\\\/10\\\/logo.png\",\"width\":174,\"height\":84,\"caption\":\"Centro de Desenvolvimento Agroecol\u00f3gico Sabi\u00e1\"},\"image\":{\"@id\":\"https:\\\/\\\/centrosabia.org.br\\\/en\\\/#\\\/schema\\\/logo\\\/image\\\/\"}}]}<\/script>\n<!-- \/ Yoast SEO plugin. -->","yoast_head_json":{"title":"\u00c1guas na Serra, Mudan\u00e7a de vida | Cantos do Sabi\u00e1 - Centro de Desenvolvimento Agroecol\u00f3gico Sabi\u00e1","robots":{"index":"index","follow":"follow","max-snippet":"max-snippet:-1","max-image-preview":"max-image-preview:large","max-video-preview":"max-video-preview:-1"},"canonical":"https:\/\/centrosabia.org.br\/en\/audio\/aguas-na-serra-mudanca-de-vida-cantos-do-sabia\/","og_locale":"en_US","og_type":"article","og_title":"\u00c1guas na Serra, Mudan\u00e7a de vida | Cantos do Sabi\u00e1 - Centro de Desenvolvimento Agroecol\u00f3gico Sabi\u00e1","og_url":"https:\/\/centrosabia.org.br\/en\/audio\/aguas-na-serra-mudanca-de-vida-cantos-do-sabia\/","og_site_name":"Centro de Desenvolvimento Agroecol\u00f3gico Sabi\u00e1","article_modified_time":"2024-06-04T18:50:21+00:00","og_image":[{"width":300,"height":300,"url":"https:\/\/centrosabia.org.br\/wp-content\/uploads\/2024\/04\/aguas-na-serra-mudanca-de-vida-cantos-do-sabia-300x300.jpg","type":"image\/jpeg"}],"twitter_card":"summary_large_image","twitter_misc":{"Est. reading time":"1 minute"},"schema":{"@context":"https:\/\/schema.org","@graph":[{"@type":"WebPage","@id":"https:\/\/centrosabia.org.br\/en\/audio\/aguas-na-serra-mudanca-de-vida-cantos-do-sabia\/","url":"https:\/\/centrosabia.org.br\/en\/audio\/aguas-na-serra-mudanca-de-vida-cantos-do-sabia\/","name":"\u00c1guas na Serra, Mudan\u00e7a de vida | Cantos do Sabi\u00e1 - Centro de Desenvolvimento Agroecol\u00f3gico Sabi\u00e1","isPartOf":{"@id":"https:\/\/centrosabia.org.br\/en\/#website"},"primaryImageOfPage":{"@id":"https:\/\/centrosabia.org.br\/en\/audio\/aguas-na-serra-mudanca-de-vida-cantos-do-sabia\/#primaryimage"},"image":{"@id":"https:\/\/centrosabia.org.br\/en\/audio\/aguas-na-serra-mudanca-de-vida-cantos-do-sabia\/#primaryimage"},"thumbnailUrl":"https:\/\/centrosabia.org.br\/wp-content\/uploads\/2024\/04\/aguas-na-serra-mudanca-de-vida-cantos-do-sabia.jpg","datePublished":"2024-03-04T03:00:00+00:00","dateModified":"2024-06-04T18:50:21+00:00","breadcrumb":{"@id":"https:\/\/centrosabia.org.br\/en\/audio\/aguas-na-serra-mudanca-de-vida-cantos-do-sabia\/#breadcrumb"},"inLanguage":"en-US","potentialAction":[{"@type":"ReadAction","target":["https:\/\/centrosabia.org.br\/en\/audio\/aguas-na-serra-mudanca-de-vida-cantos-do-sabia\/"]}]},{"@type":"ImageObject","inLanguage":"en-US","@id":"https:\/\/centrosabia.org.br\/en\/audio\/aguas-na-serra-mudanca-de-vida-cantos-do-sabia\/#primaryimage","url":"https:\/\/centrosabia.org.br\/wp-content\/uploads\/2024\/04\/aguas-na-serra-mudanca-de-vida-cantos-do-sabia.jpg","contentUrl":"https:\/\/centrosabia.org.br\/wp-content\/uploads\/2024\/04\/aguas-na-serra-mudanca-de-vida-cantos-do-sabia.jpg","width":640,"height":640},{"@type":"BreadcrumbList","@id":"https:\/\/centrosabia.org.br\/en\/audio\/aguas-na-serra-mudanca-de-vida-cantos-do-sabia\/#breadcrumb","itemListElement":[{"@type":"ListItem","position":1,"name":"In\u00edcio","item":"https:\/\/centrosabia.org.br\/en\/"},{"@type":"ListItem","position":2,"name":"\u00c1udios","item":"https:\/\/centrosabia.org.br\/en\/audio\/"},{"@type":"ListItem","position":3,"name":"\u00c1guas na Serra, Mudan\u00e7a de vida | Cantos do Sabi\u00e1"}]},{"@type":"WebSite","@id":"https:\/\/centrosabia.org.br\/en\/#website","url":"https:\/\/centrosabia.org.br\/en\/","name":"Centro de Desenvolvimento Agroecol\u00f3gico Sabi\u00e1","description":"","publisher":{"@id":"https:\/\/centrosabia.org.br\/en\/#organization"},"potentialAction":[{"@type":"SearchAction","target":{"@type":"EntryPoint","urlTemplate":"https:\/\/centrosabia.org.br\/en\/?s={search_term_string}"},"query-input":{"@type":"PropertyValueSpecification","valueRequired":true,"valueName":"search_term_string"}}],"inLanguage":"en-US"},{"@type":"Organization","@id":"https:\/\/centrosabia.org.br\/en\/#organization","name":"Centro de Desenvolvimento Agroecol\u00f3gico Sabi\u00e1","url":"https:\/\/centrosabia.org.br\/en\/","logo":{"@type":"ImageObject","inLanguage":"en-US","@id":"https:\/\/centrosabia.org.br\/en\/#\/schema\/logo\/image\/","url":"https:\/\/centrosabia.org.br\/wp-content\/uploads\/2021\/10\/logo.png","contentUrl":"https:\/\/centrosabia.org.br\/wp-content\/uploads\/2021\/10\/logo.png","width":174,"height":84,"caption":"Centro de Desenvolvimento Agroecol\u00f3gico Sabi\u00e1"},"image":{"@id":"https:\/\/centrosabia.org.br\/en\/#\/schema\/logo\/image\/"}}]}},"_links":{"self":[{"href":"https:\/\/centrosabia.org.br\/en\/wp-json\/wp\/v2\/audio\/16716","targetHints":{"allow":["GET"]}}],"collection":[{"href":"https:\/\/centrosabia.org.br\/en\/wp-json\/wp\/v2\/audio"}],"about":[{"href":"https:\/\/centrosabia.org.br\/en\/wp-json\/wp\/v2\/types\/audio"}],"wp:featuredmedia":[{"embeddable":true,"href":"https:\/\/centrosabia.org.br\/en\/wp-json\/wp\/v2\/media\/16717"}],"wp:attachment":[{"href":"https:\/\/centrosabia.org.br\/en\/wp-json\/wp\/v2\/media?parent=16716"}],"wp:term":[{"taxonomy":"tema","embeddable":true,"href":"https:\/\/centrosabia.org.br\/en\/wp-json\/wp\/v2\/tema?post=16716"},{"taxonomy":"decada","embeddable":true,"href":"https:\/\/centrosabia.org.br\/en\/wp-json\/wp\/v2\/decada?post=16716"},{"taxonomy":"curadoria","embeddable":true,"href":"https:\/\/centrosabia.org.br\/en\/wp-json\/wp\/v2\/curadoria?post=16716"}],"curies":[{"name":"wp","href":"https:\/\/api.w.org\/{rel}","templated":true}]}}