{"id":16740,"date":"2023-12-19T00:00:00","date_gmt":"2023-12-19T03:00:00","guid":{"rendered":"https:\/\/centrosabia.org.br\/audio\/agroecologia-o-que-esperar-de-2024-comida-de-verdade\/"},"modified":"2024-08-01T09:32:51","modified_gmt":"2024-08-01T12:32:51","slug":"agroecologia-o-que-esperar-de-2024-comida-de-verdade","status":"publish","type":"audio","link":"https:\/\/centrosabia.org.br\/en\/audio\/agroecologia-o-que-esperar-de-2024-comida-de-verdade\/","title":{"rendered":"Agroecologia: O Que Esperar de 2024? | Comida de Verdade"},"content":{"rendered":"<p>&#x1f6a8; Reta final de 2023! J\u00e1 \u00e9 quase ano novo. Esse ano, foi um ano de mudan\u00e7as; nas pol\u00edticas, coordena\u00e7\u00f5es, minist\u00e9rios\u2026 Mas mudan\u00e7as tamb\u00e9m em nossas lutas! Na luta pela comida de verdade, pela Agroecologia, pelo futuro &#8211; e pelo futuro clim\u00e1tico. \u270a&#x1f33e;<\/p>\n<p><\/p>\n<p><\/p>\n<p><\/p>\n<p>&#x1f4ca; Vivemos hoje um momento chave para um futuro que &#8211; ou vai conviver com a fome, com climas extremos\u2026 Ou vai lutar por uma justi\u00e7a ambiental, pelo fim da fome, pelo campo e cidade! \u2696 O ano recome\u00e7a, mas a luta permanece! Pensando em tantas mudan\u00e7as e articula\u00e7\u00f5es que vivemos em 2023, o Comida de Verdade pergunta: Pensando em Agroecologia, O que esperar de 2024? &#x1f386;&#x1f4c6;<\/p>\n<p><\/p>\n<p><\/p>\n<p><\/p>\n<p>&#x1f399;Para bater esse papo com a gente, participa do programa a coordenadora geral do Centro Sabi\u00e1 &#8211; Maria Cristina! Ela \u00e9 engenheira agr\u00f4noma, ativista pela agroecologia e direitos humanos.&#x1f469;\u200d&#x1f33e;<\/p>\n<p><\/p>\n<p><\/p>\n<p><\/p>\n<p>&#x1f4f2; Ou\u00e7a tamb\u00e9m no Youtube!<\/p>\n<p><\/p>\n<p><a href=\"https:\/\/bit.ly\/CantosNoYoutube\" rel=\"nofollow\">\u2060\u2060\u2060\u2060https:\/\/bit.ly\/CantosNoYoutube\u2060\u2060\u2060\u2060<\/a>\u00a0\u00a0<\/p>\n<p><\/p>\n<p>&#x1f54a; Vem com a gente?\u00a0<\/p>\n<p><\/p>\n<p><a href=\"https:\/\/bit.ly\/voe-sabia\" rel=\"nofollow\">\u2060\u2060\u2060\u2060https:\/\/bit.ly\/voe-sabia\u2060\u2060\u2060\u2060<\/a>\u00a0\u00a0\u00a0<\/p>\n<p><\/p>\n<p>&#x1f4cc;Acompanhe o Centro Sabi\u00e1!<\/p>\n<p><\/p>\n<p>\u2060\u2060<a href=\"https:\/\/biolinky.co\/centrosabia\" rel=\"nofollow\">\u2060\u2060\u2060\u2060https:\/\/biolinky.co\/centrosabia\u2060\u2060\u2060\u2060<\/a>\u00a0<\/p>\n","protected":false},"featured_media":22885,"template":"","meta":{"_acf_changed":false,"ano":2023},"tema":[2519,2513,2509],"decada":[2502],"curadoria":[],"class_list":["post-16740","audio","type-audio","status-publish","has-post-thumbnail","hentry","tema-agroecologia","tema-meio-ambiente","tema-politica","decada-2502"],"blocksy_meta":[],"acf":{"imagem_de_cobertura":""},"yoast_head":"<!-- This site is optimized with the Yoast SEO plugin v27.4 - https:\/\/yoast.com\/product\/yoast-seo-wordpress\/ -->\n<title>Agroecologia: O Que Esperar de 2024? | Comida de Verdade - Centro de Desenvolvimento Agroecol\u00f3gico Sabi\u00e1<\/title>\n<meta name=\"robots\" content=\"index, follow, max-snippet:-1, max-image-preview:large, max-video-preview:-1\" \/>\n<link rel=\"canonical\" href=\"https:\/\/centrosabia.org.br\/en\/audio\/agroecologia-o-que-esperar-de-2024-comida-de-verdade\/\" \/>\n<meta property=\"og:locale\" content=\"en_US\" \/>\n<meta property=\"og:type\" content=\"article\" \/>\n<meta property=\"og:title\" content=\"Agroecologia: O Que Esperar de 2024? | Comida de Verdade - Centro de Desenvolvimento Agroecol\u00f3gico Sabi\u00e1\" \/>\n<meta property=\"og:url\" content=\"https:\/\/centrosabia.org.br\/en\/audio\/agroecologia-o-que-esperar-de-2024-comida-de-verdade\/\" \/>\n<meta property=\"og:site_name\" content=\"Centro de Desenvolvimento Agroecol\u00f3gico Sabi\u00e1\" \/>\n<meta property=\"article:modified_time\" content=\"2024-08-01T12:32:51+00:00\" \/>\n<meta property=\"og:image\" content=\"https:\/\/centrosabia.org.br\/wp-content\/uploads\/2024\/07\/CDV_oqueesperar2024_WIDE0-300x169.png\" \/>\n\t<meta property=\"og:image:width\" content=\"300\" \/>\n\t<meta property=\"og:image:height\" content=\"169\" \/>\n\t<meta property=\"og:image:type\" content=\"image\/png\" \/>\n<meta name=\"twitter:card\" content=\"summary_large_image\" \/>\n<meta name=\"twitter:label1\" content=\"Est. reading time\" \/>\n\t<meta name=\"twitter:data1\" content=\"2 minutes\" \/>\n<script type=\"application\/ld+json\" class=\"yoast-schema-graph\">{\"@context\":\"https:\\\/\\\/schema.org\",\"@graph\":[{\"@type\":\"WebPage\",\"@id\":\"https:\\\/\\\/centrosabia.org.br\\\/en\\\/audio\\\/agroecologia-o-que-esperar-de-2024-comida-de-verdade\\\/\",\"url\":\"https:\\\/\\\/centrosabia.org.br\\\/en\\\/audio\\\/agroecologia-o-que-esperar-de-2024-comida-de-verdade\\\/\",\"name\":\"Agroecologia: O Que Esperar de 2024? | Comida de Verdade - Centro de Desenvolvimento Agroecol\u00f3gico Sabi\u00e1\",\"isPartOf\":{\"@id\":\"https:\\\/\\\/centrosabia.org.br\\\/en\\\/#website\"},\"primaryImageOfPage\":{\"@id\":\"https:\\\/\\\/centrosabia.org.br\\\/en\\\/audio\\\/agroecologia-o-que-esperar-de-2024-comida-de-verdade\\\/#primaryimage\"},\"image\":{\"@id\":\"https:\\\/\\\/centrosabia.org.br\\\/en\\\/audio\\\/agroecologia-o-que-esperar-de-2024-comida-de-verdade\\\/#primaryimage\"},\"thumbnailUrl\":\"https:\\\/\\\/centrosabia.org.br\\\/wp-content\\\/uploads\\\/2024\\\/07\\\/CDV_oqueesperar2024_WIDE0.png\",\"datePublished\":\"2023-12-19T03:00:00+00:00\",\"dateModified\":\"2024-08-01T12:32:51+00:00\",\"breadcrumb\":{\"@id\":\"https:\\\/\\\/centrosabia.org.br\\\/en\\\/audio\\\/agroecologia-o-que-esperar-de-2024-comida-de-verdade\\\/#breadcrumb\"},\"inLanguage\":\"en-US\",\"potentialAction\":[{\"@type\":\"ReadAction\",\"target\":[\"https:\\\/\\\/centrosabia.org.br\\\/en\\\/audio\\\/agroecologia-o-que-esperar-de-2024-comida-de-verdade\\\/\"]}]},{\"@type\":\"ImageObject\",\"inLanguage\":\"en-US\",\"@id\":\"https:\\\/\\\/centrosabia.org.br\\\/en\\\/audio\\\/agroecologia-o-que-esperar-de-2024-comida-de-verdade\\\/#primaryimage\",\"url\":\"https:\\\/\\\/centrosabia.org.br\\\/wp-content\\\/uploads\\\/2024\\\/07\\\/CDV_oqueesperar2024_WIDE0.png\",\"contentUrl\":\"https:\\\/\\\/centrosabia.org.br\\\/wp-content\\\/uploads\\\/2024\\\/07\\\/CDV_oqueesperar2024_WIDE0.png\",\"width\":512,\"height\":288},{\"@type\":\"BreadcrumbList\",\"@id\":\"https:\\\/\\\/centrosabia.org.br\\\/en\\\/audio\\\/agroecologia-o-que-esperar-de-2024-comida-de-verdade\\\/#breadcrumb\",\"itemListElement\":[{\"@type\":\"ListItem\",\"position\":1,\"name\":\"In\u00edcio\",\"item\":\"https:\\\/\\\/centrosabia.org.br\\\/en\\\/\"},{\"@type\":\"ListItem\",\"position\":2,\"name\":\"\u00c1udios\",\"item\":\"https:\\\/\\\/centrosabia.org.br\\\/en\\\/audio\\\/\"},{\"@type\":\"ListItem\",\"position\":3,\"name\":\"Agroecologia: O Que Esperar de 2024? | Comida de Verdade\"}]},{\"@type\":\"WebSite\",\"@id\":\"https:\\\/\\\/centrosabia.org.br\\\/en\\\/#website\",\"url\":\"https:\\\/\\\/centrosabia.org.br\\\/en\\\/\",\"name\":\"Centro de Desenvolvimento Agroecol\u00f3gico Sabi\u00e1\",\"description\":\"\",\"publisher\":{\"@id\":\"https:\\\/\\\/centrosabia.org.br\\\/en\\\/#organization\"},\"potentialAction\":[{\"@type\":\"SearchAction\",\"target\":{\"@type\":\"EntryPoint\",\"urlTemplate\":\"https:\\\/\\\/centrosabia.org.br\\\/en\\\/?s={search_term_string}\"},\"query-input\":{\"@type\":\"PropertyValueSpecification\",\"valueRequired\":true,\"valueName\":\"search_term_string\"}}],\"inLanguage\":\"en-US\"},{\"@type\":\"Organization\",\"@id\":\"https:\\\/\\\/centrosabia.org.br\\\/en\\\/#organization\",\"name\":\"Centro de Desenvolvimento Agroecol\u00f3gico Sabi\u00e1\",\"url\":\"https:\\\/\\\/centrosabia.org.br\\\/en\\\/\",\"logo\":{\"@type\":\"ImageObject\",\"inLanguage\":\"en-US\",\"@id\":\"https:\\\/\\\/centrosabia.org.br\\\/en\\\/#\\\/schema\\\/logo\\\/image\\\/\",\"url\":\"https:\\\/\\\/centrosabia.org.br\\\/wp-content\\\/uploads\\\/2021\\\/10\\\/logo.png\",\"contentUrl\":\"https:\\\/\\\/centrosabia.org.br\\\/wp-content\\\/uploads\\\/2021\\\/10\\\/logo.png\",\"width\":174,\"height\":84,\"caption\":\"Centro de Desenvolvimento Agroecol\u00f3gico Sabi\u00e1\"},\"image\":{\"@id\":\"https:\\\/\\\/centrosabia.org.br\\\/en\\\/#\\\/schema\\\/logo\\\/image\\\/\"}}]}<\/script>\n<!-- \/ Yoast SEO plugin. -->","yoast_head_json":{"title":"Agroecologia: O Que Esperar de 2024? | Comida de Verdade - Centro de Desenvolvimento Agroecol\u00f3gico Sabi\u00e1","robots":{"index":"index","follow":"follow","max-snippet":"max-snippet:-1","max-image-preview":"max-image-preview:large","max-video-preview":"max-video-preview:-1"},"canonical":"https:\/\/centrosabia.org.br\/en\/audio\/agroecologia-o-que-esperar-de-2024-comida-de-verdade\/","og_locale":"en_US","og_type":"article","og_title":"Agroecologia: O Que Esperar de 2024? | Comida de Verdade - Centro de Desenvolvimento Agroecol\u00f3gico Sabi\u00e1","og_url":"https:\/\/centrosabia.org.br\/en\/audio\/agroecologia-o-que-esperar-de-2024-comida-de-verdade\/","og_site_name":"Centro de Desenvolvimento Agroecol\u00f3gico Sabi\u00e1","article_modified_time":"2024-08-01T12:32:51+00:00","og_image":[{"width":300,"height":169,"url":"https:\/\/centrosabia.org.br\/wp-content\/uploads\/2024\/07\/CDV_oqueesperar2024_WIDE0-300x169.png","type":"image\/png"}],"twitter_card":"summary_large_image","twitter_misc":{"Est. reading time":"2 minutes"},"schema":{"@context":"https:\/\/schema.org","@graph":[{"@type":"WebPage","@id":"https:\/\/centrosabia.org.br\/en\/audio\/agroecologia-o-que-esperar-de-2024-comida-de-verdade\/","url":"https:\/\/centrosabia.org.br\/en\/audio\/agroecologia-o-que-esperar-de-2024-comida-de-verdade\/","name":"Agroecologia: O Que Esperar de 2024? | Comida de Verdade - Centro de Desenvolvimento Agroecol\u00f3gico Sabi\u00e1","isPartOf":{"@id":"https:\/\/centrosabia.org.br\/en\/#website"},"primaryImageOfPage":{"@id":"https:\/\/centrosabia.org.br\/en\/audio\/agroecologia-o-que-esperar-de-2024-comida-de-verdade\/#primaryimage"},"image":{"@id":"https:\/\/centrosabia.org.br\/en\/audio\/agroecologia-o-que-esperar-de-2024-comida-de-verdade\/#primaryimage"},"thumbnailUrl":"https:\/\/centrosabia.org.br\/wp-content\/uploads\/2024\/07\/CDV_oqueesperar2024_WIDE0.png","datePublished":"2023-12-19T03:00:00+00:00","dateModified":"2024-08-01T12:32:51+00:00","breadcrumb":{"@id":"https:\/\/centrosabia.org.br\/en\/audio\/agroecologia-o-que-esperar-de-2024-comida-de-verdade\/#breadcrumb"},"inLanguage":"en-US","potentialAction":[{"@type":"ReadAction","target":["https:\/\/centrosabia.org.br\/en\/audio\/agroecologia-o-que-esperar-de-2024-comida-de-verdade\/"]}]},{"@type":"ImageObject","inLanguage":"en-US","@id":"https:\/\/centrosabia.org.br\/en\/audio\/agroecologia-o-que-esperar-de-2024-comida-de-verdade\/#primaryimage","url":"https:\/\/centrosabia.org.br\/wp-content\/uploads\/2024\/07\/CDV_oqueesperar2024_WIDE0.png","contentUrl":"https:\/\/centrosabia.org.br\/wp-content\/uploads\/2024\/07\/CDV_oqueesperar2024_WIDE0.png","width":512,"height":288},{"@type":"BreadcrumbList","@id":"https:\/\/centrosabia.org.br\/en\/audio\/agroecologia-o-que-esperar-de-2024-comida-de-verdade\/#breadcrumb","itemListElement":[{"@type":"ListItem","position":1,"name":"In\u00edcio","item":"https:\/\/centrosabia.org.br\/en\/"},{"@type":"ListItem","position":2,"name":"\u00c1udios","item":"https:\/\/centrosabia.org.br\/en\/audio\/"},{"@type":"ListItem","position":3,"name":"Agroecologia: O Que Esperar de 2024? | Comida de Verdade"}]},{"@type":"WebSite","@id":"https:\/\/centrosabia.org.br\/en\/#website","url":"https:\/\/centrosabia.org.br\/en\/","name":"Centro de Desenvolvimento Agroecol\u00f3gico Sabi\u00e1","description":"","publisher":{"@id":"https:\/\/centrosabia.org.br\/en\/#organization"},"potentialAction":[{"@type":"SearchAction","target":{"@type":"EntryPoint","urlTemplate":"https:\/\/centrosabia.org.br\/en\/?s={search_term_string}"},"query-input":{"@type":"PropertyValueSpecification","valueRequired":true,"valueName":"search_term_string"}}],"inLanguage":"en-US"},{"@type":"Organization","@id":"https:\/\/centrosabia.org.br\/en\/#organization","name":"Centro de Desenvolvimento Agroecol\u00f3gico Sabi\u00e1","url":"https:\/\/centrosabia.org.br\/en\/","logo":{"@type":"ImageObject","inLanguage":"en-US","@id":"https:\/\/centrosabia.org.br\/en\/#\/schema\/logo\/image\/","url":"https:\/\/centrosabia.org.br\/wp-content\/uploads\/2021\/10\/logo.png","contentUrl":"https:\/\/centrosabia.org.br\/wp-content\/uploads\/2021\/10\/logo.png","width":174,"height":84,"caption":"Centro de Desenvolvimento Agroecol\u00f3gico Sabi\u00e1"},"image":{"@id":"https:\/\/centrosabia.org.br\/en\/#\/schema\/logo\/image\/"}}]}},"_links":{"self":[{"href":"https:\/\/centrosabia.org.br\/en\/wp-json\/wp\/v2\/audio\/16740","targetHints":{"allow":["GET"]}}],"collection":[{"href":"https:\/\/centrosabia.org.br\/en\/wp-json\/wp\/v2\/audio"}],"about":[{"href":"https:\/\/centrosabia.org.br\/en\/wp-json\/wp\/v2\/types\/audio"}],"wp:featuredmedia":[{"embeddable":true,"href":"https:\/\/centrosabia.org.br\/en\/wp-json\/wp\/v2\/media\/22885"}],"wp:attachment":[{"href":"https:\/\/centrosabia.org.br\/en\/wp-json\/wp\/v2\/media?parent=16740"}],"wp:term":[{"taxonomy":"tema","embeddable":true,"href":"https:\/\/centrosabia.org.br\/en\/wp-json\/wp\/v2\/tema?post=16740"},{"taxonomy":"decada","embeddable":true,"href":"https:\/\/centrosabia.org.br\/en\/wp-json\/wp\/v2\/decada?post=16740"},{"taxonomy":"curadoria","embeddable":true,"href":"https:\/\/centrosabia.org.br\/en\/wp-json\/wp\/v2\/curadoria?post=16740"}],"curies":[{"name":"wp","href":"https:\/\/api.w.org\/{rel}","templated":true}]}}