{"id":16756,"date":"2023-12-05T00:00:00","date_gmt":"2023-12-05T03:00:00","guid":{"rendered":"https:\/\/centrosabia.org.br\/audio\/justica-climatica-e-possivel-comida-de-verdade\/"},"modified":"2024-08-01T14:51:40","modified_gmt":"2024-08-01T17:51:40","slug":"justica-climatica-e-possivel-comida-de-verdade","status":"publish","type":"audio","link":"https:\/\/centrosabia.org.br\/en\/audio\/justica-climatica-e-possivel-comida-de-verdade\/","title":{"rendered":"Justi\u00e7a Clim\u00e1tica: \u00c9 poss\u00edvel? | Comida de Verdade"},"content":{"rendered":"<p>&#x1f4fb; Justi\u00e7a Clim\u00e1tica: \u00c9 poss\u00edvel? &#x1f327;\u270a O Comida de Verdade de hoje nos leva a uma discuss\u00e3o cada vez mais necess\u00e1ria quando a gente pensa no futuro clim\u00e1tico que come\u00e7amos a viver. &#x1f30d; O mundo est\u00e1 aquecendo, e o aquecimento global muda tudo! Desde a conviv\u00eancia com os climas, a planta\u00e7\u00e3o\u00a0 e colheita, at\u00e9 a vida, no campo e na cidade. &#x1f3d9;&#x1f469;\u200d&#x1f33e;<\/p>\n<p><\/p>\n<p><\/p>\n<p><\/p>\n<p>&#x1f4c8; As mudan\u00e7as atingem a vida de todos, todas. Seja animais, flora, pessoas. Mas as consequ\u00eancias n\u00e3o s\u00e3o paralelas, afinal, quando nos perguntamos: Quem \u00e9 que primeiro sofre com as mudan\u00e7as do clima,\u00a0 com a escassez de \u00e1gua, com a falta de comida &#8211; com os climas mais extremos? A resposta \u00e9 sempre a mesma: A corda parte para o lado mais vulner\u00e1vel.&#x1f304;<\/p>\n<p><\/p>\n<p><\/p>\n<p><\/p>\n<p>&#x1f321;\u00c9 poss\u00edvel haver justi\u00e7a clim\u00e1tica, num mundo onde poucos usufruem de muitos recursos naturais? Num planeta onde muitos sofrem as cat\u00e1strofes, mudan\u00e7as clim\u00e1ticas extremas, causadas pela minoria rica? &#x1f914;\u00a0<\/p>\n<p><\/p>\n<p><\/p>\n<p><\/p>\n<p>&#x1f399; \u00c9 para discutir esses assuntos que hoje conversamos com \u00c9 para discutir esses assuntos que hoje conversamos com L\u00eddia Lins &#8211; Advogada, pesquisadora, educadora popular, articuladora social, aceleradora cultural e ativista pelo antirracismo e direitos humanos. Co-fundadora do Coletivo Ibura Mais Cultura! &#x1f50e;\u270a&#x1f3fe;<\/p>\n<p><\/p>\n<p><\/p>\n<p><\/p>\n<p>&#x1f4f2; Ou\u00e7a tamb\u00e9m no Youtube!<\/p>\n<p><\/p>\n<p><a href=\"https:\/\/bit.ly\/CantosNoYoutube\" rel=\"nofollow\">\u2060\u2060\u2060\u2060\u2060https:\/\/bit.ly\/CantosNoYoutube\u2060\u2060\u2060\u2060\u2060<\/a>\u00a0\u00a0<\/p>\n<p><\/p>\n<p>&#x1f54a; Vem com a gente?\u00a0<\/p>\n<p><\/p>\n<p><a href=\"https:\/\/bit.ly\/voe-sabia\" rel=\"nofollow\">\u2060\u2060\u2060\u2060\u2060https:\/\/bit.ly\/voe-sabia\u2060\u2060\u2060\u2060\u2060<\/a>\u00a0\u00a0\u00a0<\/p>\n<p><\/p>\n<p>&#x1f4cc;Acompanhe o Centro Sabi\u00e1!<\/p>\n<p><\/p>\n<p>\u2060\u2060<a href=\"https:\/\/biolinky.co\/centrosabia\" rel=\"nofollow\">\u2060\u2060\u2060\u2060\u2060https:\/\/biolinky.co\/centrosabia\u2060\u2060\u2060\u2060\u2060<\/a>\u00a0<\/p>\n","protected":false},"featured_media":22968,"template":"","meta":{"_acf_changed":false,"ano":2023},"tema":[2660,2513,2539],"decada":[2502],"curadoria":[],"class_list":["post-16756","audio","type-audio","status-publish","has-post-thumbnail","hentry","tema-democracia","tema-meio-ambiente","tema-mudancas-climaticas","decada-2502"],"blocksy_meta":[],"acf":{"imagem_de_cobertura":""},"yoast_head":"<!-- This site is optimized with the Yoast SEO plugin v27.4 - https:\/\/yoast.com\/product\/yoast-seo-wordpress\/ -->\n<title>Justi\u00e7a Clim\u00e1tica: \u00c9 poss\u00edvel? | Comida de Verdade - Centro de Desenvolvimento Agroecol\u00f3gico Sabi\u00e1<\/title>\n<meta name=\"robots\" content=\"index, follow, max-snippet:-1, max-image-preview:large, max-video-preview:-1\" \/>\n<link rel=\"canonical\" href=\"https:\/\/centrosabia.org.br\/en\/audio\/justica-climatica-e-possivel-comida-de-verdade\/\" \/>\n<meta property=\"og:locale\" content=\"en_US\" \/>\n<meta property=\"og:type\" content=\"article\" \/>\n<meta property=\"og:title\" content=\"Justi\u00e7a Clim\u00e1tica: \u00c9 poss\u00edvel? | Comida de Verdade - Centro de Desenvolvimento Agroecol\u00f3gico Sabi\u00e1\" \/>\n<meta property=\"og:url\" content=\"https:\/\/centrosabia.org.br\/en\/audio\/justica-climatica-e-possivel-comida-de-verdade\/\" \/>\n<meta property=\"og:site_name\" content=\"Centro de Desenvolvimento Agroecol\u00f3gico Sabi\u00e1\" \/>\n<meta property=\"article:modified_time\" content=\"2024-08-01T17:51:40+00:00\" \/>\n<meta property=\"og:image\" content=\"https:\/\/centrosabia.org.br\/wp-content\/uploads\/2023\/12\/CDV_JUSTICACLIMATICA_WIDE-2-300x169.png\" \/>\n\t<meta property=\"og:image:width\" content=\"300\" \/>\n\t<meta property=\"og:image:height\" content=\"169\" \/>\n\t<meta property=\"og:image:type\" content=\"image\/png\" \/>\n<meta name=\"twitter:card\" content=\"summary_large_image\" \/>\n<meta name=\"twitter:label1\" content=\"Est. reading time\" \/>\n\t<meta name=\"twitter:data1\" content=\"2 minutes\" \/>\n<script type=\"application\/ld+json\" class=\"yoast-schema-graph\">{\"@context\":\"https:\\\/\\\/schema.org\",\"@graph\":[{\"@type\":\"WebPage\",\"@id\":\"https:\\\/\\\/centrosabia.org.br\\\/en\\\/audio\\\/justica-climatica-e-possivel-comida-de-verdade\\\/\",\"url\":\"https:\\\/\\\/centrosabia.org.br\\\/en\\\/audio\\\/justica-climatica-e-possivel-comida-de-verdade\\\/\",\"name\":\"Justi\u00e7a Clim\u00e1tica: \u00c9 poss\u00edvel? | Comida de Verdade - Centro de Desenvolvimento Agroecol\u00f3gico Sabi\u00e1\",\"isPartOf\":{\"@id\":\"https:\\\/\\\/centrosabia.org.br\\\/en\\\/#website\"},\"primaryImageOfPage\":{\"@id\":\"https:\\\/\\\/centrosabia.org.br\\\/en\\\/audio\\\/justica-climatica-e-possivel-comida-de-verdade\\\/#primaryimage\"},\"image\":{\"@id\":\"https:\\\/\\\/centrosabia.org.br\\\/en\\\/audio\\\/justica-climatica-e-possivel-comida-de-verdade\\\/#primaryimage\"},\"thumbnailUrl\":\"https:\\\/\\\/centrosabia.org.br\\\/wp-content\\\/uploads\\\/2023\\\/12\\\/CDV_JUSTICACLIMATICA_WIDE-2.png\",\"datePublished\":\"2023-12-05T03:00:00+00:00\",\"dateModified\":\"2024-08-01T17:51:40+00:00\",\"breadcrumb\":{\"@id\":\"https:\\\/\\\/centrosabia.org.br\\\/en\\\/audio\\\/justica-climatica-e-possivel-comida-de-verdade\\\/#breadcrumb\"},\"inLanguage\":\"en-US\",\"potentialAction\":[{\"@type\":\"ReadAction\",\"target\":[\"https:\\\/\\\/centrosabia.org.br\\\/en\\\/audio\\\/justica-climatica-e-possivel-comida-de-verdade\\\/\"]}]},{\"@type\":\"ImageObject\",\"inLanguage\":\"en-US\",\"@id\":\"https:\\\/\\\/centrosabia.org.br\\\/en\\\/audio\\\/justica-climatica-e-possivel-comida-de-verdade\\\/#primaryimage\",\"url\":\"https:\\\/\\\/centrosabia.org.br\\\/wp-content\\\/uploads\\\/2023\\\/12\\\/CDV_JUSTICACLIMATICA_WIDE-2.png\",\"contentUrl\":\"https:\\\/\\\/centrosabia.org.br\\\/wp-content\\\/uploads\\\/2023\\\/12\\\/CDV_JUSTICACLIMATICA_WIDE-2.png\",\"width\":512,\"height\":288},{\"@type\":\"BreadcrumbList\",\"@id\":\"https:\\\/\\\/centrosabia.org.br\\\/en\\\/audio\\\/justica-climatica-e-possivel-comida-de-verdade\\\/#breadcrumb\",\"itemListElement\":[{\"@type\":\"ListItem\",\"position\":1,\"name\":\"In\u00edcio\",\"item\":\"https:\\\/\\\/centrosabia.org.br\\\/en\\\/\"},{\"@type\":\"ListItem\",\"position\":2,\"name\":\"\u00c1udios\",\"item\":\"https:\\\/\\\/centrosabia.org.br\\\/en\\\/audio\\\/\"},{\"@type\":\"ListItem\",\"position\":3,\"name\":\"Justi\u00e7a Clim\u00e1tica: \u00c9 poss\u00edvel? | Comida de Verdade\"}]},{\"@type\":\"WebSite\",\"@id\":\"https:\\\/\\\/centrosabia.org.br\\\/en\\\/#website\",\"url\":\"https:\\\/\\\/centrosabia.org.br\\\/en\\\/\",\"name\":\"Centro de Desenvolvimento Agroecol\u00f3gico Sabi\u00e1\",\"description\":\"\",\"publisher\":{\"@id\":\"https:\\\/\\\/centrosabia.org.br\\\/en\\\/#organization\"},\"potentialAction\":[{\"@type\":\"SearchAction\",\"target\":{\"@type\":\"EntryPoint\",\"urlTemplate\":\"https:\\\/\\\/centrosabia.org.br\\\/en\\\/?s={search_term_string}\"},\"query-input\":{\"@type\":\"PropertyValueSpecification\",\"valueRequired\":true,\"valueName\":\"search_term_string\"}}],\"inLanguage\":\"en-US\"},{\"@type\":\"Organization\",\"@id\":\"https:\\\/\\\/centrosabia.org.br\\\/en\\\/#organization\",\"name\":\"Centro de Desenvolvimento Agroecol\u00f3gico Sabi\u00e1\",\"url\":\"https:\\\/\\\/centrosabia.org.br\\\/en\\\/\",\"logo\":{\"@type\":\"ImageObject\",\"inLanguage\":\"en-US\",\"@id\":\"https:\\\/\\\/centrosabia.org.br\\\/en\\\/#\\\/schema\\\/logo\\\/image\\\/\",\"url\":\"https:\\\/\\\/centrosabia.org.br\\\/wp-content\\\/uploads\\\/2021\\\/10\\\/logo.png\",\"contentUrl\":\"https:\\\/\\\/centrosabia.org.br\\\/wp-content\\\/uploads\\\/2021\\\/10\\\/logo.png\",\"width\":174,\"height\":84,\"caption\":\"Centro de Desenvolvimento Agroecol\u00f3gico Sabi\u00e1\"},\"image\":{\"@id\":\"https:\\\/\\\/centrosabia.org.br\\\/en\\\/#\\\/schema\\\/logo\\\/image\\\/\"}}]}<\/script>\n<!-- \/ Yoast SEO plugin. -->","yoast_head_json":{"title":"Justi\u00e7a Clim\u00e1tica: \u00c9 poss\u00edvel? | Comida de Verdade - Centro de Desenvolvimento Agroecol\u00f3gico Sabi\u00e1","robots":{"index":"index","follow":"follow","max-snippet":"max-snippet:-1","max-image-preview":"max-image-preview:large","max-video-preview":"max-video-preview:-1"},"canonical":"https:\/\/centrosabia.org.br\/en\/audio\/justica-climatica-e-possivel-comida-de-verdade\/","og_locale":"en_US","og_type":"article","og_title":"Justi\u00e7a Clim\u00e1tica: \u00c9 poss\u00edvel? | Comida de Verdade - Centro de Desenvolvimento Agroecol\u00f3gico Sabi\u00e1","og_url":"https:\/\/centrosabia.org.br\/en\/audio\/justica-climatica-e-possivel-comida-de-verdade\/","og_site_name":"Centro de Desenvolvimento Agroecol\u00f3gico Sabi\u00e1","article_modified_time":"2024-08-01T17:51:40+00:00","og_image":[{"width":300,"height":169,"url":"https:\/\/centrosabia.org.br\/wp-content\/uploads\/2023\/12\/CDV_JUSTICACLIMATICA_WIDE-2-300x169.png","type":"image\/png"}],"twitter_card":"summary_large_image","twitter_misc":{"Est. reading time":"2 minutes"},"schema":{"@context":"https:\/\/schema.org","@graph":[{"@type":"WebPage","@id":"https:\/\/centrosabia.org.br\/en\/audio\/justica-climatica-e-possivel-comida-de-verdade\/","url":"https:\/\/centrosabia.org.br\/en\/audio\/justica-climatica-e-possivel-comida-de-verdade\/","name":"Justi\u00e7a Clim\u00e1tica: \u00c9 poss\u00edvel? | Comida de Verdade - Centro de Desenvolvimento Agroecol\u00f3gico Sabi\u00e1","isPartOf":{"@id":"https:\/\/centrosabia.org.br\/en\/#website"},"primaryImageOfPage":{"@id":"https:\/\/centrosabia.org.br\/en\/audio\/justica-climatica-e-possivel-comida-de-verdade\/#primaryimage"},"image":{"@id":"https:\/\/centrosabia.org.br\/en\/audio\/justica-climatica-e-possivel-comida-de-verdade\/#primaryimage"},"thumbnailUrl":"https:\/\/centrosabia.org.br\/wp-content\/uploads\/2023\/12\/CDV_JUSTICACLIMATICA_WIDE-2.png","datePublished":"2023-12-05T03:00:00+00:00","dateModified":"2024-08-01T17:51:40+00:00","breadcrumb":{"@id":"https:\/\/centrosabia.org.br\/en\/audio\/justica-climatica-e-possivel-comida-de-verdade\/#breadcrumb"},"inLanguage":"en-US","potentialAction":[{"@type":"ReadAction","target":["https:\/\/centrosabia.org.br\/en\/audio\/justica-climatica-e-possivel-comida-de-verdade\/"]}]},{"@type":"ImageObject","inLanguage":"en-US","@id":"https:\/\/centrosabia.org.br\/en\/audio\/justica-climatica-e-possivel-comida-de-verdade\/#primaryimage","url":"https:\/\/centrosabia.org.br\/wp-content\/uploads\/2023\/12\/CDV_JUSTICACLIMATICA_WIDE-2.png","contentUrl":"https:\/\/centrosabia.org.br\/wp-content\/uploads\/2023\/12\/CDV_JUSTICACLIMATICA_WIDE-2.png","width":512,"height":288},{"@type":"BreadcrumbList","@id":"https:\/\/centrosabia.org.br\/en\/audio\/justica-climatica-e-possivel-comida-de-verdade\/#breadcrumb","itemListElement":[{"@type":"ListItem","position":1,"name":"In\u00edcio","item":"https:\/\/centrosabia.org.br\/en\/"},{"@type":"ListItem","position":2,"name":"\u00c1udios","item":"https:\/\/centrosabia.org.br\/en\/audio\/"},{"@type":"ListItem","position":3,"name":"Justi\u00e7a Clim\u00e1tica: \u00c9 poss\u00edvel? | Comida de Verdade"}]},{"@type":"WebSite","@id":"https:\/\/centrosabia.org.br\/en\/#website","url":"https:\/\/centrosabia.org.br\/en\/","name":"Centro de Desenvolvimento Agroecol\u00f3gico Sabi\u00e1","description":"","publisher":{"@id":"https:\/\/centrosabia.org.br\/en\/#organization"},"potentialAction":[{"@type":"SearchAction","target":{"@type":"EntryPoint","urlTemplate":"https:\/\/centrosabia.org.br\/en\/?s={search_term_string}"},"query-input":{"@type":"PropertyValueSpecification","valueRequired":true,"valueName":"search_term_string"}}],"inLanguage":"en-US"},{"@type":"Organization","@id":"https:\/\/centrosabia.org.br\/en\/#organization","name":"Centro de Desenvolvimento Agroecol\u00f3gico Sabi\u00e1","url":"https:\/\/centrosabia.org.br\/en\/","logo":{"@type":"ImageObject","inLanguage":"en-US","@id":"https:\/\/centrosabia.org.br\/en\/#\/schema\/logo\/image\/","url":"https:\/\/centrosabia.org.br\/wp-content\/uploads\/2021\/10\/logo.png","contentUrl":"https:\/\/centrosabia.org.br\/wp-content\/uploads\/2021\/10\/logo.png","width":174,"height":84,"caption":"Centro de Desenvolvimento Agroecol\u00f3gico Sabi\u00e1"},"image":{"@id":"https:\/\/centrosabia.org.br\/en\/#\/schema\/logo\/image\/"}}]}},"_links":{"self":[{"href":"https:\/\/centrosabia.org.br\/en\/wp-json\/wp\/v2\/audio\/16756","targetHints":{"allow":["GET"]}}],"collection":[{"href":"https:\/\/centrosabia.org.br\/en\/wp-json\/wp\/v2\/audio"}],"about":[{"href":"https:\/\/centrosabia.org.br\/en\/wp-json\/wp\/v2\/types\/audio"}],"wp:featuredmedia":[{"embeddable":true,"href":"https:\/\/centrosabia.org.br\/en\/wp-json\/wp\/v2\/media\/22968"}],"wp:attachment":[{"href":"https:\/\/centrosabia.org.br\/en\/wp-json\/wp\/v2\/media?parent=16756"}],"wp:term":[{"taxonomy":"tema","embeddable":true,"href":"https:\/\/centrosabia.org.br\/en\/wp-json\/wp\/v2\/tema?post=16756"},{"taxonomy":"decada","embeddable":true,"href":"https:\/\/centrosabia.org.br\/en\/wp-json\/wp\/v2\/decada?post=16756"},{"taxonomy":"curadoria","embeddable":true,"href":"https:\/\/centrosabia.org.br\/en\/wp-json\/wp\/v2\/curadoria?post=16756"}],"curies":[{"name":"wp","href":"https:\/\/api.w.org\/{rel}","templated":true}]}}