{"id":16808,"date":"2023-10-23T00:00:00","date_gmt":"2023-10-23T03:00:00","guid":{"rendered":"https:\/\/centrosabia.org.br\/audio\/pela-alimentacao-escolar-cantos-do-sabia\/"},"modified":"2024-08-05T11:14:25","modified_gmt":"2024-08-05T14:14:25","slug":"pela-alimentacao-escolar-cantos-do-sabia","status":"publish","type":"audio","link":"https:\/\/centrosabia.org.br\/en\/audio\/pela-alimentacao-escolar-cantos-do-sabia\/","title":{"rendered":"Pela Alimenta\u00e7\u00e3o Escolar! | Cantos do Sabi\u00e1"},"content":{"rendered":"<p>&#x1f3a7; O Cantos do Sabi\u00e1 da semana vem falar sobre o dia 21 Outubro, o Dia da Alimenta\u00e7\u00e3o Escolar! &#x1f3eb;&#x1f957; A alimenta\u00e7\u00e3o \u00e9 pilar da qualidade de vida, da sa\u00fade, da seguran\u00e7a nutricional, mas disso a gente j\u00e1 sabe. O que a gente n\u00e3o percebe \u00e9 que a escola influencia muito a nossa forma\u00e7\u00e3o de h\u00e1bitos alimentares, e precisa ser espa\u00e7o de promo\u00e7\u00e3o de comida de verdade! &#x1f37d;<\/p>\n<p><\/p>\n<p>&#x1f30d;\u2716 Mas se isso j\u00e1 \u00e9 um desafio, imagine somado\u00a0 ao fato de nosso pa\u00eds conviver com a fome; um Brasil que, durante a pandemia, teve mais de 120 milh\u00f5es em inseguran\u00e7a alimentar.\u00a0<\/p>\n<p><\/p>\n<p>&#x1f9ea; No meio disso, avan\u00e7a uma alimenta\u00e7\u00e3o cheia de ultraprocessados, agrot\u00f3xicos, veneno. Fora as tentativas de flexibilizar a alimenta\u00e7\u00e3o escolar, permitindo ainda mais dessa comida que \u00e9 produto. No meio de tanta discuss\u00e3o, como garantir uma alimenta\u00e7\u00e3o escolar segura, saud\u00e1vel, soberana? &#x1f374;<\/p>\n<p><\/p>\n<p>&#x1f399; E \u00e9 para falar desse tema t\u00e3o importante que hoje convidamos a mestra em interven\u00e7\u00f5es e pol\u00edticas p\u00fablicas e nutricionista pela faculdade de sa\u00fade p\u00fablica\/USP &#8211; Giorgia Russo! Giorgia \u00e9 Consultora t\u00e9cnica IDEC na agenda de escolas saud\u00e1veis e sustent\u00e1veis. Presidente da Comiss\u00e3o gestora da lei de org\u00e2nicos na alimenta\u00e7\u00e3o escolar de S\u00e3o Paulo. &#x1f469;\u200d&#x1f52c;&#x1f959;<\/p>\n<p><\/p>\n<p>&#x1f4f2; Ou\u00e7a tamb\u00e9m no\u00a0Youtube!<\/p>\n<p><\/p>\n<p><a href=\"https:\/\/bit.ly\/CantosNoYoutube\" rel=\"nofollow\">https:\/\/bit.ly\/CantosNoYoutube<\/a>\u00a0\u00a0<\/p>\n<p><\/p>\n<p>&#x1f54a;\u00a0Vem com a gente?\u00a0<\/p>\n<p><\/p>\n<p><a href=\"https:\/\/bit.ly\/voe-sabia\" rel=\"nofollow\">https:\/\/bit.ly\/voe-sabia<\/a>\u00a0\u00a0\u00a0<\/p>\n<p><\/p>\n<p>&#x1f4cc;Acompanhe\u00a0o Centro Sabi\u00e1!<\/p>\n<p><\/p>\n<p>\u2060\u2060<a href=\"https:\/\/biolinky.co\/centrosabia\" rel=\"nofollow\">https:\/\/biolinky.co\/centrosabia<\/a>\u00a0<\/p>\n","protected":false},"featured_media":23336,"template":"","meta":{"_acf_changed":false,"ano":2023},"tema":[2520,2509,2546],"decada":[2502],"curadoria":[],"class_list":["post-16808","audio","type-audio","status-publish","has-post-thumbnail","hentry","tema-juventude","tema-politica","tema-soberania-alimentar","decada-2502"],"blocksy_meta":[],"acf":{"imagem_de_cobertura":""},"yoast_head":"<!-- This site is optimized with the Yoast SEO plugin v27.4 - https:\/\/yoast.com\/product\/yoast-seo-wordpress\/ -->\n<title>Pela Alimenta\u00e7\u00e3o Escolar! | Cantos do Sabi\u00e1 - Centro de Desenvolvimento Agroecol\u00f3gico Sabi\u00e1<\/title>\n<meta name=\"robots\" content=\"index, follow, max-snippet:-1, max-image-preview:large, max-video-preview:-1\" \/>\n<link rel=\"canonical\" href=\"https:\/\/centrosabia.org.br\/en\/audio\/pela-alimentacao-escolar-cantos-do-sabia\/\" \/>\n<meta property=\"og:locale\" content=\"en_US\" \/>\n<meta property=\"og:type\" content=\"article\" \/>\n<meta property=\"og:title\" content=\"Pela Alimenta\u00e7\u00e3o Escolar! | Cantos do Sabi\u00e1 - Centro de Desenvolvimento Agroecol\u00f3gico Sabi\u00e1\" \/>\n<meta property=\"og:url\" content=\"https:\/\/centrosabia.org.br\/en\/audio\/pela-alimentacao-escolar-cantos-do-sabia\/\" \/>\n<meta property=\"og:site_name\" content=\"Centro de Desenvolvimento Agroecol\u00f3gico Sabi\u00e1\" \/>\n<meta property=\"article:modified_time\" content=\"2024-08-05T14:14:25+00:00\" \/>\n<meta property=\"og:image\" content=\"https:\/\/centrosabia.org.br\/wp-content\/uploads\/2023\/10\/ALIMENTACAOESCOLAR_wide-1-300x169.png\" \/>\n\t<meta property=\"og:image:width\" content=\"300\" \/>\n\t<meta property=\"og:image:height\" content=\"169\" \/>\n\t<meta property=\"og:image:type\" content=\"image\/png\" \/>\n<meta name=\"twitter:card\" content=\"summary_large_image\" \/>\n<meta name=\"twitter:label1\" content=\"Est. reading time\" \/>\n\t<meta name=\"twitter:data1\" content=\"2 minutes\" \/>\n<script type=\"application\/ld+json\" class=\"yoast-schema-graph\">{\"@context\":\"https:\\\/\\\/schema.org\",\"@graph\":[{\"@type\":\"WebPage\",\"@id\":\"https:\\\/\\\/centrosabia.org.br\\\/en\\\/audio\\\/pela-alimentacao-escolar-cantos-do-sabia\\\/\",\"url\":\"https:\\\/\\\/centrosabia.org.br\\\/en\\\/audio\\\/pela-alimentacao-escolar-cantos-do-sabia\\\/\",\"name\":\"Pela Alimenta\u00e7\u00e3o Escolar! | Cantos do Sabi\u00e1 - Centro de Desenvolvimento Agroecol\u00f3gico Sabi\u00e1\",\"isPartOf\":{\"@id\":\"https:\\\/\\\/centrosabia.org.br\\\/en\\\/#website\"},\"primaryImageOfPage\":{\"@id\":\"https:\\\/\\\/centrosabia.org.br\\\/en\\\/audio\\\/pela-alimentacao-escolar-cantos-do-sabia\\\/#primaryimage\"},\"image\":{\"@id\":\"https:\\\/\\\/centrosabia.org.br\\\/en\\\/audio\\\/pela-alimentacao-escolar-cantos-do-sabia\\\/#primaryimage\"},\"thumbnailUrl\":\"https:\\\/\\\/centrosabia.org.br\\\/wp-content\\\/uploads\\\/2023\\\/10\\\/ALIMENTACAOESCOLAR_wide-1.png\",\"datePublished\":\"2023-10-23T03:00:00+00:00\",\"dateModified\":\"2024-08-05T14:14:25+00:00\",\"breadcrumb\":{\"@id\":\"https:\\\/\\\/centrosabia.org.br\\\/en\\\/audio\\\/pela-alimentacao-escolar-cantos-do-sabia\\\/#breadcrumb\"},\"inLanguage\":\"en-US\",\"potentialAction\":[{\"@type\":\"ReadAction\",\"target\":[\"https:\\\/\\\/centrosabia.org.br\\\/en\\\/audio\\\/pela-alimentacao-escolar-cantos-do-sabia\\\/\"]}]},{\"@type\":\"ImageObject\",\"inLanguage\":\"en-US\",\"@id\":\"https:\\\/\\\/centrosabia.org.br\\\/en\\\/audio\\\/pela-alimentacao-escolar-cantos-do-sabia\\\/#primaryimage\",\"url\":\"https:\\\/\\\/centrosabia.org.br\\\/wp-content\\\/uploads\\\/2023\\\/10\\\/ALIMENTACAOESCOLAR_wide-1.png\",\"contentUrl\":\"https:\\\/\\\/centrosabia.org.br\\\/wp-content\\\/uploads\\\/2023\\\/10\\\/ALIMENTACAOESCOLAR_wide-1.png\",\"width\":512,\"height\":288},{\"@type\":\"BreadcrumbList\",\"@id\":\"https:\\\/\\\/centrosabia.org.br\\\/en\\\/audio\\\/pela-alimentacao-escolar-cantos-do-sabia\\\/#breadcrumb\",\"itemListElement\":[{\"@type\":\"ListItem\",\"position\":1,\"name\":\"In\u00edcio\",\"item\":\"https:\\\/\\\/centrosabia.org.br\\\/en\\\/\"},{\"@type\":\"ListItem\",\"position\":2,\"name\":\"\u00c1udios\",\"item\":\"https:\\\/\\\/centrosabia.org.br\\\/en\\\/audio\\\/\"},{\"@type\":\"ListItem\",\"position\":3,\"name\":\"Pela Alimenta\u00e7\u00e3o Escolar! | Cantos do Sabi\u00e1\"}]},{\"@type\":\"WebSite\",\"@id\":\"https:\\\/\\\/centrosabia.org.br\\\/en\\\/#website\",\"url\":\"https:\\\/\\\/centrosabia.org.br\\\/en\\\/\",\"name\":\"Centro de Desenvolvimento Agroecol\u00f3gico Sabi\u00e1\",\"description\":\"\",\"publisher\":{\"@id\":\"https:\\\/\\\/centrosabia.org.br\\\/en\\\/#organization\"},\"potentialAction\":[{\"@type\":\"SearchAction\",\"target\":{\"@type\":\"EntryPoint\",\"urlTemplate\":\"https:\\\/\\\/centrosabia.org.br\\\/en\\\/?s={search_term_string}\"},\"query-input\":{\"@type\":\"PropertyValueSpecification\",\"valueRequired\":true,\"valueName\":\"search_term_string\"}}],\"inLanguage\":\"en-US\"},{\"@type\":\"Organization\",\"@id\":\"https:\\\/\\\/centrosabia.org.br\\\/en\\\/#organization\",\"name\":\"Centro de Desenvolvimento Agroecol\u00f3gico Sabi\u00e1\",\"url\":\"https:\\\/\\\/centrosabia.org.br\\\/en\\\/\",\"logo\":{\"@type\":\"ImageObject\",\"inLanguage\":\"en-US\",\"@id\":\"https:\\\/\\\/centrosabia.org.br\\\/en\\\/#\\\/schema\\\/logo\\\/image\\\/\",\"url\":\"https:\\\/\\\/centrosabia.org.br\\\/wp-content\\\/uploads\\\/2021\\\/10\\\/logo.png\",\"contentUrl\":\"https:\\\/\\\/centrosabia.org.br\\\/wp-content\\\/uploads\\\/2021\\\/10\\\/logo.png\",\"width\":174,\"height\":84,\"caption\":\"Centro de Desenvolvimento Agroecol\u00f3gico Sabi\u00e1\"},\"image\":{\"@id\":\"https:\\\/\\\/centrosabia.org.br\\\/en\\\/#\\\/schema\\\/logo\\\/image\\\/\"}}]}<\/script>\n<!-- \/ Yoast SEO plugin. -->","yoast_head_json":{"title":"Pela Alimenta\u00e7\u00e3o Escolar! | Cantos do Sabi\u00e1 - Centro de Desenvolvimento Agroecol\u00f3gico Sabi\u00e1","robots":{"index":"index","follow":"follow","max-snippet":"max-snippet:-1","max-image-preview":"max-image-preview:large","max-video-preview":"max-video-preview:-1"},"canonical":"https:\/\/centrosabia.org.br\/en\/audio\/pela-alimentacao-escolar-cantos-do-sabia\/","og_locale":"en_US","og_type":"article","og_title":"Pela Alimenta\u00e7\u00e3o Escolar! | Cantos do Sabi\u00e1 - Centro de Desenvolvimento Agroecol\u00f3gico Sabi\u00e1","og_url":"https:\/\/centrosabia.org.br\/en\/audio\/pela-alimentacao-escolar-cantos-do-sabia\/","og_site_name":"Centro de Desenvolvimento Agroecol\u00f3gico Sabi\u00e1","article_modified_time":"2024-08-05T14:14:25+00:00","og_image":[{"width":300,"height":169,"url":"https:\/\/centrosabia.org.br\/wp-content\/uploads\/2023\/10\/ALIMENTACAOESCOLAR_wide-1-300x169.png","type":"image\/png"}],"twitter_card":"summary_large_image","twitter_misc":{"Est. reading time":"2 minutes"},"schema":{"@context":"https:\/\/schema.org","@graph":[{"@type":"WebPage","@id":"https:\/\/centrosabia.org.br\/en\/audio\/pela-alimentacao-escolar-cantos-do-sabia\/","url":"https:\/\/centrosabia.org.br\/en\/audio\/pela-alimentacao-escolar-cantos-do-sabia\/","name":"Pela Alimenta\u00e7\u00e3o Escolar! | Cantos do Sabi\u00e1 - Centro de Desenvolvimento Agroecol\u00f3gico Sabi\u00e1","isPartOf":{"@id":"https:\/\/centrosabia.org.br\/en\/#website"},"primaryImageOfPage":{"@id":"https:\/\/centrosabia.org.br\/en\/audio\/pela-alimentacao-escolar-cantos-do-sabia\/#primaryimage"},"image":{"@id":"https:\/\/centrosabia.org.br\/en\/audio\/pela-alimentacao-escolar-cantos-do-sabia\/#primaryimage"},"thumbnailUrl":"https:\/\/centrosabia.org.br\/wp-content\/uploads\/2023\/10\/ALIMENTACAOESCOLAR_wide-1.png","datePublished":"2023-10-23T03:00:00+00:00","dateModified":"2024-08-05T14:14:25+00:00","breadcrumb":{"@id":"https:\/\/centrosabia.org.br\/en\/audio\/pela-alimentacao-escolar-cantos-do-sabia\/#breadcrumb"},"inLanguage":"en-US","potentialAction":[{"@type":"ReadAction","target":["https:\/\/centrosabia.org.br\/en\/audio\/pela-alimentacao-escolar-cantos-do-sabia\/"]}]},{"@type":"ImageObject","inLanguage":"en-US","@id":"https:\/\/centrosabia.org.br\/en\/audio\/pela-alimentacao-escolar-cantos-do-sabia\/#primaryimage","url":"https:\/\/centrosabia.org.br\/wp-content\/uploads\/2023\/10\/ALIMENTACAOESCOLAR_wide-1.png","contentUrl":"https:\/\/centrosabia.org.br\/wp-content\/uploads\/2023\/10\/ALIMENTACAOESCOLAR_wide-1.png","width":512,"height":288},{"@type":"BreadcrumbList","@id":"https:\/\/centrosabia.org.br\/en\/audio\/pela-alimentacao-escolar-cantos-do-sabia\/#breadcrumb","itemListElement":[{"@type":"ListItem","position":1,"name":"In\u00edcio","item":"https:\/\/centrosabia.org.br\/en\/"},{"@type":"ListItem","position":2,"name":"\u00c1udios","item":"https:\/\/centrosabia.org.br\/en\/audio\/"},{"@type":"ListItem","position":3,"name":"Pela Alimenta\u00e7\u00e3o Escolar! | Cantos do Sabi\u00e1"}]},{"@type":"WebSite","@id":"https:\/\/centrosabia.org.br\/en\/#website","url":"https:\/\/centrosabia.org.br\/en\/","name":"Centro de Desenvolvimento Agroecol\u00f3gico Sabi\u00e1","description":"","publisher":{"@id":"https:\/\/centrosabia.org.br\/en\/#organization"},"potentialAction":[{"@type":"SearchAction","target":{"@type":"EntryPoint","urlTemplate":"https:\/\/centrosabia.org.br\/en\/?s={search_term_string}"},"query-input":{"@type":"PropertyValueSpecification","valueRequired":true,"valueName":"search_term_string"}}],"inLanguage":"en-US"},{"@type":"Organization","@id":"https:\/\/centrosabia.org.br\/en\/#organization","name":"Centro de Desenvolvimento Agroecol\u00f3gico Sabi\u00e1","url":"https:\/\/centrosabia.org.br\/en\/","logo":{"@type":"ImageObject","inLanguage":"en-US","@id":"https:\/\/centrosabia.org.br\/en\/#\/schema\/logo\/image\/","url":"https:\/\/centrosabia.org.br\/wp-content\/uploads\/2021\/10\/logo.png","contentUrl":"https:\/\/centrosabia.org.br\/wp-content\/uploads\/2021\/10\/logo.png","width":174,"height":84,"caption":"Centro de Desenvolvimento Agroecol\u00f3gico Sabi\u00e1"},"image":{"@id":"https:\/\/centrosabia.org.br\/en\/#\/schema\/logo\/image\/"}}]}},"_links":{"self":[{"href":"https:\/\/centrosabia.org.br\/en\/wp-json\/wp\/v2\/audio\/16808","targetHints":{"allow":["GET"]}}],"collection":[{"href":"https:\/\/centrosabia.org.br\/en\/wp-json\/wp\/v2\/audio"}],"about":[{"href":"https:\/\/centrosabia.org.br\/en\/wp-json\/wp\/v2\/types\/audio"}],"wp:featuredmedia":[{"embeddable":true,"href":"https:\/\/centrosabia.org.br\/en\/wp-json\/wp\/v2\/media\/23336"}],"wp:attachment":[{"href":"https:\/\/centrosabia.org.br\/en\/wp-json\/wp\/v2\/media?parent=16808"}],"wp:term":[{"taxonomy":"tema","embeddable":true,"href":"https:\/\/centrosabia.org.br\/en\/wp-json\/wp\/v2\/tema?post=16808"},{"taxonomy":"decada","embeddable":true,"href":"https:\/\/centrosabia.org.br\/en\/wp-json\/wp\/v2\/decada?post=16808"},{"taxonomy":"curadoria","embeddable":true,"href":"https:\/\/centrosabia.org.br\/en\/wp-json\/wp\/v2\/curadoria?post=16808"}],"curies":[{"name":"wp","href":"https:\/\/api.w.org\/{rel}","templated":true}]}}