{"id":16820,"date":"2023-10-10T00:00:00","date_gmt":"2023-10-10T03:00:00","guid":{"rendered":"https:\/\/centrosabia.org.br\/audio\/alimentacao-e-escolha-comida-de-verdade\/"},"modified":"2024-08-02T09:39:38","modified_gmt":"2024-08-02T12:39:38","slug":"alimentacao-e-escolha-comida-de-verdade","status":"publish","type":"audio","link":"https:\/\/centrosabia.org.br\/en\/audio\/alimentacao-e-escolha-comida-de-verdade\/","title":{"rendered":"Alimenta\u00e7\u00e3o \u00e9 escolha? | Comida de Verdade"},"content":{"rendered":"<p><\/p>\n<p><\/p>\n<p>&#x1f4fb; O Comida de Verdade desta semana vem falar sobre alimenta\u00e7\u00e3o, direito humano ao alimento de qualidade, e acesso: afinal, alimenta\u00e7\u00e3o \u00e9 escolha?\u00a0 E \u00e9 uma escolha para quem? &#x1f37d;\ufe0f<\/p>\n<p><\/p>\n<p>&#x1f4c9; Desde o governo Bolsonaro, o Brasil voltou ao triste mapa da fome. No levantamento mais recente sobre o Estado da Seguran\u00e7a Alimentar e Nutri\u00e7\u00e3o de 2022, mostrou que 70,3 milh\u00f5es de pessoas estavam na inseguran\u00e7a alimentar moderada, e 21,1 milh\u00f5es enfrentavam a inseguran\u00e7a alimentar grave.&#x1f374;\u2716\ufe0f<\/p>\n<p><\/p>\n<p>&#x1f91c;&#x1f3ff; Que direito a alimenta\u00e7\u00e3o \u00e9 esse, que escolha temos, no pa\u00eds da fome? \u00c9 sobre isso tudo que hoje a gente vai conversar com a professora dos cursos de sa\u00fade coletiva e nutri\u00e7\u00e3o &#8211; Catarine Santos! &#x1f469;\u200d&#x1f3eb; Catarine \u00e9 nutricionista, doutora em nutri\u00e7\u00e3o em sa\u00fade p\u00fablica (UFPE). Coordenadora do F\u00f3rum Estadual de Soberania e Seguran\u00e7a Alimentar e Nutricional de Pernambuco (FESSAN-PE). &#x1f399;\ufe0f<\/p>\n<p><\/p>\n<p>&#x1f4f2; Ou\u00e7a tamb\u00e9m no\u00a0Youtube!<\/p>\n<p><\/p>\n<p><a href=\"https:\/\/bit.ly\/CantosNoYoutube\" rel=\"nofollow\">https:\/\/bit.ly\/CantosNoYoutube<\/a>\u00a0\u00a0<\/p>\n<p><\/p>\n<p>&#x1f54a;\u00a0Vem com a gente?\u00a0<\/p>\n<p><\/p>\n<p><a href=\"https:\/\/bit.ly\/voe-sabia\" rel=\"nofollow\">https:\/\/bit.ly\/voe-sabia<\/a>\u00a0\u00a0\u00a0<\/p>\n<p><\/p>\n<p>&#x1f4cc;Acompanhe\u00a0o Centro Sabi\u00e1!<\/p>\n<p><\/p>\n<p>\u2060\u2060<a href=\"https:\/\/biolinky.co\/centrosabia\" rel=\"nofollow\">https:\/\/biolinky.co\/centrosabia<\/a>\u00a0<\/p>\n<p><\/p>\n<p><\/p>\n","protected":false},"featured_media":23027,"template":"","meta":{"_acf_changed":false,"ano":2023},"tema":[2528,2534,2546],"decada":[2502],"curadoria":[],"class_list":["post-16820","audio","type-audio","status-publish","has-post-thumbnail","hentry","tema-alimento-saudavel","tema-seguranca-alimentar","tema-soberania-alimentar","decada-2502"],"blocksy_meta":[],"acf":{"imagem_de_cobertura":""},"yoast_head":"<!-- This site is optimized with the Yoast SEO plugin v27.4 - https:\/\/yoast.com\/product\/yoast-seo-wordpress\/ -->\n<title>Alimenta\u00e7\u00e3o \u00e9 escolha? | Comida de Verdade - Centro de Desenvolvimento Agroecol\u00f3gico Sabi\u00e1<\/title>\n<meta name=\"robots\" content=\"index, follow, max-snippet:-1, max-image-preview:large, max-video-preview:-1\" \/>\n<link rel=\"canonical\" href=\"https:\/\/centrosabia.org.br\/en\/audio\/alimentacao-e-escolha-comida-de-verdade\/\" \/>\n<meta property=\"og:locale\" content=\"en_US\" \/>\n<meta property=\"og:type\" content=\"article\" \/>\n<meta property=\"og:title\" content=\"Alimenta\u00e7\u00e3o \u00e9 escolha? | Comida de Verdade - Centro de Desenvolvimento Agroecol\u00f3gico Sabi\u00e1\" \/>\n<meta property=\"og:url\" content=\"https:\/\/centrosabia.org.br\/en\/audio\/alimentacao-e-escolha-comida-de-verdade\/\" \/>\n<meta property=\"og:site_name\" content=\"Centro de Desenvolvimento Agroecol\u00f3gico Sabi\u00e1\" \/>\n<meta property=\"article:modified_time\" content=\"2024-08-02T12:39:38+00:00\" \/>\n<meta property=\"og:image\" content=\"https:\/\/centrosabia.org.br\/wp-content\/uploads\/2023\/10\/CDV_ALIMENTACAOESCOLHA_WIDE-1-300x169.png\" \/>\n\t<meta property=\"og:image:width\" content=\"300\" \/>\n\t<meta property=\"og:image:height\" content=\"169\" \/>\n\t<meta property=\"og:image:type\" content=\"image\/png\" \/>\n<meta name=\"twitter:card\" content=\"summary_large_image\" \/>\n<meta name=\"twitter:label1\" content=\"Est. reading time\" \/>\n\t<meta name=\"twitter:data1\" content=\"2 minutes\" \/>\n<script type=\"application\/ld+json\" class=\"yoast-schema-graph\">{\"@context\":\"https:\\\/\\\/schema.org\",\"@graph\":[{\"@type\":\"WebPage\",\"@id\":\"https:\\\/\\\/centrosabia.org.br\\\/en\\\/audio\\\/alimentacao-e-escolha-comida-de-verdade\\\/\",\"url\":\"https:\\\/\\\/centrosabia.org.br\\\/en\\\/audio\\\/alimentacao-e-escolha-comida-de-verdade\\\/\",\"name\":\"Alimenta\u00e7\u00e3o \u00e9 escolha? | Comida de Verdade - Centro de Desenvolvimento Agroecol\u00f3gico Sabi\u00e1\",\"isPartOf\":{\"@id\":\"https:\\\/\\\/centrosabia.org.br\\\/en\\\/#website\"},\"primaryImageOfPage\":{\"@id\":\"https:\\\/\\\/centrosabia.org.br\\\/en\\\/audio\\\/alimentacao-e-escolha-comida-de-verdade\\\/#primaryimage\"},\"image\":{\"@id\":\"https:\\\/\\\/centrosabia.org.br\\\/en\\\/audio\\\/alimentacao-e-escolha-comida-de-verdade\\\/#primaryimage\"},\"thumbnailUrl\":\"https:\\\/\\\/centrosabia.org.br\\\/wp-content\\\/uploads\\\/2023\\\/10\\\/CDV_ALIMENTACAOESCOLHA_WIDE-1.png\",\"datePublished\":\"2023-10-10T03:00:00+00:00\",\"dateModified\":\"2024-08-02T12:39:38+00:00\",\"breadcrumb\":{\"@id\":\"https:\\\/\\\/centrosabia.org.br\\\/en\\\/audio\\\/alimentacao-e-escolha-comida-de-verdade\\\/#breadcrumb\"},\"inLanguage\":\"en-US\",\"potentialAction\":[{\"@type\":\"ReadAction\",\"target\":[\"https:\\\/\\\/centrosabia.org.br\\\/en\\\/audio\\\/alimentacao-e-escolha-comida-de-verdade\\\/\"]}]},{\"@type\":\"ImageObject\",\"inLanguage\":\"en-US\",\"@id\":\"https:\\\/\\\/centrosabia.org.br\\\/en\\\/audio\\\/alimentacao-e-escolha-comida-de-verdade\\\/#primaryimage\",\"url\":\"https:\\\/\\\/centrosabia.org.br\\\/wp-content\\\/uploads\\\/2023\\\/10\\\/CDV_ALIMENTACAOESCOLHA_WIDE-1.png\",\"contentUrl\":\"https:\\\/\\\/centrosabia.org.br\\\/wp-content\\\/uploads\\\/2023\\\/10\\\/CDV_ALIMENTACAOESCOLHA_WIDE-1.png\",\"width\":512,\"height\":288},{\"@type\":\"BreadcrumbList\",\"@id\":\"https:\\\/\\\/centrosabia.org.br\\\/en\\\/audio\\\/alimentacao-e-escolha-comida-de-verdade\\\/#breadcrumb\",\"itemListElement\":[{\"@type\":\"ListItem\",\"position\":1,\"name\":\"In\u00edcio\",\"item\":\"https:\\\/\\\/centrosabia.org.br\\\/en\\\/\"},{\"@type\":\"ListItem\",\"position\":2,\"name\":\"\u00c1udios\",\"item\":\"https:\\\/\\\/centrosabia.org.br\\\/en\\\/audio\\\/\"},{\"@type\":\"ListItem\",\"position\":3,\"name\":\"Alimenta\u00e7\u00e3o \u00e9 escolha? | Comida de Verdade\"}]},{\"@type\":\"WebSite\",\"@id\":\"https:\\\/\\\/centrosabia.org.br\\\/en\\\/#website\",\"url\":\"https:\\\/\\\/centrosabia.org.br\\\/en\\\/\",\"name\":\"Centro de Desenvolvimento Agroecol\u00f3gico Sabi\u00e1\",\"description\":\"\",\"publisher\":{\"@id\":\"https:\\\/\\\/centrosabia.org.br\\\/en\\\/#organization\"},\"potentialAction\":[{\"@type\":\"SearchAction\",\"target\":{\"@type\":\"EntryPoint\",\"urlTemplate\":\"https:\\\/\\\/centrosabia.org.br\\\/en\\\/?s={search_term_string}\"},\"query-input\":{\"@type\":\"PropertyValueSpecification\",\"valueRequired\":true,\"valueName\":\"search_term_string\"}}],\"inLanguage\":\"en-US\"},{\"@type\":\"Organization\",\"@id\":\"https:\\\/\\\/centrosabia.org.br\\\/en\\\/#organization\",\"name\":\"Centro de Desenvolvimento Agroecol\u00f3gico Sabi\u00e1\",\"url\":\"https:\\\/\\\/centrosabia.org.br\\\/en\\\/\",\"logo\":{\"@type\":\"ImageObject\",\"inLanguage\":\"en-US\",\"@id\":\"https:\\\/\\\/centrosabia.org.br\\\/en\\\/#\\\/schema\\\/logo\\\/image\\\/\",\"url\":\"https:\\\/\\\/centrosabia.org.br\\\/wp-content\\\/uploads\\\/2021\\\/10\\\/logo.png\",\"contentUrl\":\"https:\\\/\\\/centrosabia.org.br\\\/wp-content\\\/uploads\\\/2021\\\/10\\\/logo.png\",\"width\":174,\"height\":84,\"caption\":\"Centro de Desenvolvimento Agroecol\u00f3gico Sabi\u00e1\"},\"image\":{\"@id\":\"https:\\\/\\\/centrosabia.org.br\\\/en\\\/#\\\/schema\\\/logo\\\/image\\\/\"}}]}<\/script>\n<!-- \/ Yoast SEO plugin. -->","yoast_head_json":{"title":"Alimenta\u00e7\u00e3o \u00e9 escolha? | Comida de Verdade - Centro de Desenvolvimento Agroecol\u00f3gico Sabi\u00e1","robots":{"index":"index","follow":"follow","max-snippet":"max-snippet:-1","max-image-preview":"max-image-preview:large","max-video-preview":"max-video-preview:-1"},"canonical":"https:\/\/centrosabia.org.br\/en\/audio\/alimentacao-e-escolha-comida-de-verdade\/","og_locale":"en_US","og_type":"article","og_title":"Alimenta\u00e7\u00e3o \u00e9 escolha? | Comida de Verdade - Centro de Desenvolvimento Agroecol\u00f3gico Sabi\u00e1","og_url":"https:\/\/centrosabia.org.br\/en\/audio\/alimentacao-e-escolha-comida-de-verdade\/","og_site_name":"Centro de Desenvolvimento Agroecol\u00f3gico Sabi\u00e1","article_modified_time":"2024-08-02T12:39:38+00:00","og_image":[{"width":300,"height":169,"url":"https:\/\/centrosabia.org.br\/wp-content\/uploads\/2023\/10\/CDV_ALIMENTACAOESCOLHA_WIDE-1-300x169.png","type":"image\/png"}],"twitter_card":"summary_large_image","twitter_misc":{"Est. reading time":"2 minutes"},"schema":{"@context":"https:\/\/schema.org","@graph":[{"@type":"WebPage","@id":"https:\/\/centrosabia.org.br\/en\/audio\/alimentacao-e-escolha-comida-de-verdade\/","url":"https:\/\/centrosabia.org.br\/en\/audio\/alimentacao-e-escolha-comida-de-verdade\/","name":"Alimenta\u00e7\u00e3o \u00e9 escolha? | Comida de Verdade - Centro de Desenvolvimento Agroecol\u00f3gico Sabi\u00e1","isPartOf":{"@id":"https:\/\/centrosabia.org.br\/en\/#website"},"primaryImageOfPage":{"@id":"https:\/\/centrosabia.org.br\/en\/audio\/alimentacao-e-escolha-comida-de-verdade\/#primaryimage"},"image":{"@id":"https:\/\/centrosabia.org.br\/en\/audio\/alimentacao-e-escolha-comida-de-verdade\/#primaryimage"},"thumbnailUrl":"https:\/\/centrosabia.org.br\/wp-content\/uploads\/2023\/10\/CDV_ALIMENTACAOESCOLHA_WIDE-1.png","datePublished":"2023-10-10T03:00:00+00:00","dateModified":"2024-08-02T12:39:38+00:00","breadcrumb":{"@id":"https:\/\/centrosabia.org.br\/en\/audio\/alimentacao-e-escolha-comida-de-verdade\/#breadcrumb"},"inLanguage":"en-US","potentialAction":[{"@type":"ReadAction","target":["https:\/\/centrosabia.org.br\/en\/audio\/alimentacao-e-escolha-comida-de-verdade\/"]}]},{"@type":"ImageObject","inLanguage":"en-US","@id":"https:\/\/centrosabia.org.br\/en\/audio\/alimentacao-e-escolha-comida-de-verdade\/#primaryimage","url":"https:\/\/centrosabia.org.br\/wp-content\/uploads\/2023\/10\/CDV_ALIMENTACAOESCOLHA_WIDE-1.png","contentUrl":"https:\/\/centrosabia.org.br\/wp-content\/uploads\/2023\/10\/CDV_ALIMENTACAOESCOLHA_WIDE-1.png","width":512,"height":288},{"@type":"BreadcrumbList","@id":"https:\/\/centrosabia.org.br\/en\/audio\/alimentacao-e-escolha-comida-de-verdade\/#breadcrumb","itemListElement":[{"@type":"ListItem","position":1,"name":"In\u00edcio","item":"https:\/\/centrosabia.org.br\/en\/"},{"@type":"ListItem","position":2,"name":"\u00c1udios","item":"https:\/\/centrosabia.org.br\/en\/audio\/"},{"@type":"ListItem","position":3,"name":"Alimenta\u00e7\u00e3o \u00e9 escolha? | Comida de Verdade"}]},{"@type":"WebSite","@id":"https:\/\/centrosabia.org.br\/en\/#website","url":"https:\/\/centrosabia.org.br\/en\/","name":"Centro de Desenvolvimento Agroecol\u00f3gico Sabi\u00e1","description":"","publisher":{"@id":"https:\/\/centrosabia.org.br\/en\/#organization"},"potentialAction":[{"@type":"SearchAction","target":{"@type":"EntryPoint","urlTemplate":"https:\/\/centrosabia.org.br\/en\/?s={search_term_string}"},"query-input":{"@type":"PropertyValueSpecification","valueRequired":true,"valueName":"search_term_string"}}],"inLanguage":"en-US"},{"@type":"Organization","@id":"https:\/\/centrosabia.org.br\/en\/#organization","name":"Centro de Desenvolvimento Agroecol\u00f3gico Sabi\u00e1","url":"https:\/\/centrosabia.org.br\/en\/","logo":{"@type":"ImageObject","inLanguage":"en-US","@id":"https:\/\/centrosabia.org.br\/en\/#\/schema\/logo\/image\/","url":"https:\/\/centrosabia.org.br\/wp-content\/uploads\/2021\/10\/logo.png","contentUrl":"https:\/\/centrosabia.org.br\/wp-content\/uploads\/2021\/10\/logo.png","width":174,"height":84,"caption":"Centro de Desenvolvimento Agroecol\u00f3gico Sabi\u00e1"},"image":{"@id":"https:\/\/centrosabia.org.br\/en\/#\/schema\/logo\/image\/"}}]}},"_links":{"self":[{"href":"https:\/\/centrosabia.org.br\/en\/wp-json\/wp\/v2\/audio\/16820","targetHints":{"allow":["GET"]}}],"collection":[{"href":"https:\/\/centrosabia.org.br\/en\/wp-json\/wp\/v2\/audio"}],"about":[{"href":"https:\/\/centrosabia.org.br\/en\/wp-json\/wp\/v2\/types\/audio"}],"wp:featuredmedia":[{"embeddable":true,"href":"https:\/\/centrosabia.org.br\/en\/wp-json\/wp\/v2\/media\/23027"}],"wp:attachment":[{"href":"https:\/\/centrosabia.org.br\/en\/wp-json\/wp\/v2\/media?parent=16820"}],"wp:term":[{"taxonomy":"tema","embeddable":true,"href":"https:\/\/centrosabia.org.br\/en\/wp-json\/wp\/v2\/tema?post=16820"},{"taxonomy":"decada","embeddable":true,"href":"https:\/\/centrosabia.org.br\/en\/wp-json\/wp\/v2\/decada?post=16820"},{"taxonomy":"curadoria","embeddable":true,"href":"https:\/\/centrosabia.org.br\/en\/wp-json\/wp\/v2\/curadoria?post=16820"}],"curies":[{"name":"wp","href":"https:\/\/api.w.org\/{rel}","templated":true}]}}