{"id":16832,"date":"2023-10-02T00:00:00","date_gmt":"2023-10-02T03:00:00","guid":{"rendered":"https:\/\/centrosabia.org.br\/audio\/agua-convivencia-e-conservacao-agroflorestal-cantos-do-sabia\/"},"modified":"2024-06-04T16:01:16","modified_gmt":"2024-06-04T19:01:16","slug":"agua-convivencia-e-conservacao-agroflorestal-cantos-do-sabia","status":"publish","type":"audio","link":"https:\/\/centrosabia.org.br\/en\/audio\/agua-convivencia-e-conservacao-agroflorestal-cantos-do-sabia\/","title":{"rendered":"\u00c1gua, Conviv\u00eancia e Conserva\u00e7\u00e3o Agroflorestal! | Cantos do Sabi\u00e1"},"content":{"rendered":"<p>&#x1f4a6; O Cantos do Sabi\u00e1 abre o m\u00eas de outubro falando das nascentes! Da import\u00e2ncia da \u00e1gua para a conviv\u00eancia e conserva\u00e7\u00e3o ambiental! \u00c9 por isso que atividades como o Projeto \u00c1guas das Serras \u00e9 fundamental para resgatar as nascentes. &#x1f331;&#x1f327;<\/p>\n<p><\/p>\n<p>&#x1f4a7; As nascentes s\u00e3o fontes de \u00e1gua. S\u00e3o vitais para a subsist\u00eancia dos\u00a0 ecossistemas, por justamente fornecer \u00e1gua limpa e pura para rios, lagos e aqu\u00edferos subterr\u00e2neos. \u00c1gua \u00e9 a palavra chave para sustentar a biodiversidade local: fauna, flora, e tamb\u00e9m para equilibrar os ciclos naturais! Isso tudo passa pela conserva\u00e7\u00e3o ambiental. &#x1f333;<\/p>\n<p><\/p>\n<p>&#x1f33e; Proteger as nascentes significa mitigar os climas extremos, ajudar na conviv\u00eancia no campo e na cidade, e fazer brotar a \u00e1gua &#8211; que \u00e9 fundamental para a vida humana! &#x1f91d;<\/p>\n<p><\/p>\n<p>&#x1f399; E \u00e9 para falar desse tema t\u00e3o importante que hoje convidamos para a nossa mesa virtual Raimundo Bertino &#8211; t\u00e9cnico agr\u00edcola, equipe t\u00e9cnica do centro sabi\u00e1, especialista em agricultura org nica e mestre em extens\u00e3o rural. Raimundo \u00e9 autor do livro \u201cCumaru Em Destaque: aspectos socioecon\u00f4micos, hist\u00f3ricos e culturais&#34;. &#x1f468;\u200d&#x1f33e;<\/p>\n<p><\/p>\n<p><\/p>\n<p><\/p>\n<p>&#x1f4f2;\u00a0Ou\u00e7a tamb\u00e9m no Youtube!<\/p>\n<p><\/p>\n<p><a href=\"https:\/\/bit.ly\/CantosNoYoutube\" rel=\"nofollow\">https:\/\/bit.ly\/CantosNoYoutube<\/a>\u00a0<\/p>\n<p><\/p>\n<p>&#x1f54a; Vem com a gente?\u00a0<\/p>\n<p><\/p>\n<p><a href=\"https:\/\/bit.ly\/voe-sabia\" rel=\"nofollow\">https:\/\/bit.ly\/voe-sabia<\/a>\u00a0\u00a0<\/p>\n<p><\/p>\n<p>&#x1f4cc;Acompanhe o Centro Sabi\u00e1!<\/p>\n<p><\/p>\n<p>\u2060\u2060<a href=\"https:\/\/biolinky.co\/centrosabia\" rel=\"nofollow\">https:\/\/biolinky.co\/centrosabia<\/a><\/p>\n<p><\/p>\n<p><\/p>\n","protected":false},"featured_media":16833,"template":"","meta":{"_acf_changed":false,"ano":2023},"tema":[2521,2538,2535],"decada":[2502],"curadoria":[],"class_list":["post-16832","audio","type-audio","status-publish","has-post-thumbnail","hentry","tema-agrofloresta","tema-agua","tema-convivencia-com-semiarido","decada-2502"],"blocksy_meta":[],"acf":{"imagem_de_cobertura":null},"yoast_head":"<!-- This site is optimized with the Yoast SEO plugin v27.4 - https:\/\/yoast.com\/product\/yoast-seo-wordpress\/ -->\n<title>\u00c1gua, Conviv\u00eancia e Conserva\u00e7\u00e3o Agroflorestal! | Cantos do Sabi\u00e1 - Centro de Desenvolvimento Agroecol\u00f3gico Sabi\u00e1<\/title>\n<meta name=\"robots\" content=\"index, follow, max-snippet:-1, max-image-preview:large, max-video-preview:-1\" \/>\n<link rel=\"canonical\" href=\"https:\/\/centrosabia.org.br\/en\/audio\/agua-convivencia-e-conservacao-agroflorestal-cantos-do-sabia\/\" \/>\n<meta property=\"og:locale\" content=\"en_US\" \/>\n<meta property=\"og:type\" content=\"article\" \/>\n<meta property=\"og:title\" content=\"\u00c1gua, Conviv\u00eancia e Conserva\u00e7\u00e3o Agroflorestal! | Cantos do Sabi\u00e1 - Centro de Desenvolvimento Agroecol\u00f3gico Sabi\u00e1\" \/>\n<meta property=\"og:url\" content=\"https:\/\/centrosabia.org.br\/en\/audio\/agua-convivencia-e-conservacao-agroflorestal-cantos-do-sabia\/\" \/>\n<meta property=\"og:site_name\" content=\"Centro de Desenvolvimento Agroecol\u00f3gico Sabi\u00e1\" \/>\n<meta property=\"article:modified_time\" content=\"2024-06-04T19:01:16+00:00\" \/>\n<meta property=\"og:image\" content=\"https:\/\/centrosabia.org.br\/wp-content\/uploads\/2024\/04\/agua-convivencia-e-conservacao-agroflorestal-cantos-do-sabia-300x300.jpg\" \/>\n\t<meta property=\"og:image:width\" content=\"300\" \/>\n\t<meta property=\"og:image:height\" content=\"300\" \/>\n\t<meta property=\"og:image:type\" content=\"image\/jpeg\" \/>\n<meta name=\"twitter:card\" content=\"summary_large_image\" \/>\n<meta name=\"twitter:label1\" content=\"Est. reading time\" \/>\n\t<meta name=\"twitter:data1\" content=\"1 minute\" \/>\n<script type=\"application\/ld+json\" class=\"yoast-schema-graph\">{\"@context\":\"https:\\\/\\\/schema.org\",\"@graph\":[{\"@type\":\"WebPage\",\"@id\":\"https:\\\/\\\/centrosabia.org.br\\\/en\\\/audio\\\/agua-convivencia-e-conservacao-agroflorestal-cantos-do-sabia\\\/\",\"url\":\"https:\\\/\\\/centrosabia.org.br\\\/en\\\/audio\\\/agua-convivencia-e-conservacao-agroflorestal-cantos-do-sabia\\\/\",\"name\":\"\u00c1gua, Conviv\u00eancia e Conserva\u00e7\u00e3o Agroflorestal! | Cantos do Sabi\u00e1 - Centro de Desenvolvimento Agroecol\u00f3gico Sabi\u00e1\",\"isPartOf\":{\"@id\":\"https:\\\/\\\/centrosabia.org.br\\\/en\\\/#website\"},\"primaryImageOfPage\":{\"@id\":\"https:\\\/\\\/centrosabia.org.br\\\/en\\\/audio\\\/agua-convivencia-e-conservacao-agroflorestal-cantos-do-sabia\\\/#primaryimage\"},\"image\":{\"@id\":\"https:\\\/\\\/centrosabia.org.br\\\/en\\\/audio\\\/agua-convivencia-e-conservacao-agroflorestal-cantos-do-sabia\\\/#primaryimage\"},\"thumbnailUrl\":\"https:\\\/\\\/centrosabia.org.br\\\/wp-content\\\/uploads\\\/2024\\\/04\\\/agua-convivencia-e-conservacao-agroflorestal-cantos-do-sabia.jpg\",\"datePublished\":\"2023-10-02T03:00:00+00:00\",\"dateModified\":\"2024-06-04T19:01:16+00:00\",\"breadcrumb\":{\"@id\":\"https:\\\/\\\/centrosabia.org.br\\\/en\\\/audio\\\/agua-convivencia-e-conservacao-agroflorestal-cantos-do-sabia\\\/#breadcrumb\"},\"inLanguage\":\"en-US\",\"potentialAction\":[{\"@type\":\"ReadAction\",\"target\":[\"https:\\\/\\\/centrosabia.org.br\\\/en\\\/audio\\\/agua-convivencia-e-conservacao-agroflorestal-cantos-do-sabia\\\/\"]}]},{\"@type\":\"ImageObject\",\"inLanguage\":\"en-US\",\"@id\":\"https:\\\/\\\/centrosabia.org.br\\\/en\\\/audio\\\/agua-convivencia-e-conservacao-agroflorestal-cantos-do-sabia\\\/#primaryimage\",\"url\":\"https:\\\/\\\/centrosabia.org.br\\\/wp-content\\\/uploads\\\/2024\\\/04\\\/agua-convivencia-e-conservacao-agroflorestal-cantos-do-sabia.jpg\",\"contentUrl\":\"https:\\\/\\\/centrosabia.org.br\\\/wp-content\\\/uploads\\\/2024\\\/04\\\/agua-convivencia-e-conservacao-agroflorestal-cantos-do-sabia.jpg\",\"width\":640,\"height\":640},{\"@type\":\"BreadcrumbList\",\"@id\":\"https:\\\/\\\/centrosabia.org.br\\\/en\\\/audio\\\/agua-convivencia-e-conservacao-agroflorestal-cantos-do-sabia\\\/#breadcrumb\",\"itemListElement\":[{\"@type\":\"ListItem\",\"position\":1,\"name\":\"In\u00edcio\",\"item\":\"https:\\\/\\\/centrosabia.org.br\\\/en\\\/\"},{\"@type\":\"ListItem\",\"position\":2,\"name\":\"\u00c1udios\",\"item\":\"https:\\\/\\\/centrosabia.org.br\\\/en\\\/audio\\\/\"},{\"@type\":\"ListItem\",\"position\":3,\"name\":\"\u00c1gua, Conviv\u00eancia e Conserva\u00e7\u00e3o Agroflorestal! | Cantos do Sabi\u00e1\"}]},{\"@type\":\"WebSite\",\"@id\":\"https:\\\/\\\/centrosabia.org.br\\\/en\\\/#website\",\"url\":\"https:\\\/\\\/centrosabia.org.br\\\/en\\\/\",\"name\":\"Centro de Desenvolvimento Agroecol\u00f3gico Sabi\u00e1\",\"description\":\"\",\"publisher\":{\"@id\":\"https:\\\/\\\/centrosabia.org.br\\\/en\\\/#organization\"},\"potentialAction\":[{\"@type\":\"SearchAction\",\"target\":{\"@type\":\"EntryPoint\",\"urlTemplate\":\"https:\\\/\\\/centrosabia.org.br\\\/en\\\/?s={search_term_string}\"},\"query-input\":{\"@type\":\"PropertyValueSpecification\",\"valueRequired\":true,\"valueName\":\"search_term_string\"}}],\"inLanguage\":\"en-US\"},{\"@type\":\"Organization\",\"@id\":\"https:\\\/\\\/centrosabia.org.br\\\/en\\\/#organization\",\"name\":\"Centro de Desenvolvimento Agroecol\u00f3gico Sabi\u00e1\",\"url\":\"https:\\\/\\\/centrosabia.org.br\\\/en\\\/\",\"logo\":{\"@type\":\"ImageObject\",\"inLanguage\":\"en-US\",\"@id\":\"https:\\\/\\\/centrosabia.org.br\\\/en\\\/#\\\/schema\\\/logo\\\/image\\\/\",\"url\":\"https:\\\/\\\/centrosabia.org.br\\\/wp-content\\\/uploads\\\/2021\\\/10\\\/logo.png\",\"contentUrl\":\"https:\\\/\\\/centrosabia.org.br\\\/wp-content\\\/uploads\\\/2021\\\/10\\\/logo.png\",\"width\":174,\"height\":84,\"caption\":\"Centro de Desenvolvimento Agroecol\u00f3gico Sabi\u00e1\"},\"image\":{\"@id\":\"https:\\\/\\\/centrosabia.org.br\\\/en\\\/#\\\/schema\\\/logo\\\/image\\\/\"}}]}<\/script>\n<!-- \/ Yoast SEO plugin. -->","yoast_head_json":{"title":"\u00c1gua, Conviv\u00eancia e Conserva\u00e7\u00e3o Agroflorestal! | Cantos do Sabi\u00e1 - Centro de Desenvolvimento Agroecol\u00f3gico Sabi\u00e1","robots":{"index":"index","follow":"follow","max-snippet":"max-snippet:-1","max-image-preview":"max-image-preview:large","max-video-preview":"max-video-preview:-1"},"canonical":"https:\/\/centrosabia.org.br\/en\/audio\/agua-convivencia-e-conservacao-agroflorestal-cantos-do-sabia\/","og_locale":"en_US","og_type":"article","og_title":"\u00c1gua, Conviv\u00eancia e Conserva\u00e7\u00e3o Agroflorestal! | Cantos do Sabi\u00e1 - Centro de Desenvolvimento Agroecol\u00f3gico Sabi\u00e1","og_url":"https:\/\/centrosabia.org.br\/en\/audio\/agua-convivencia-e-conservacao-agroflorestal-cantos-do-sabia\/","og_site_name":"Centro de Desenvolvimento Agroecol\u00f3gico Sabi\u00e1","article_modified_time":"2024-06-04T19:01:16+00:00","og_image":[{"width":300,"height":300,"url":"https:\/\/centrosabia.org.br\/wp-content\/uploads\/2024\/04\/agua-convivencia-e-conservacao-agroflorestal-cantos-do-sabia-300x300.jpg","type":"image\/jpeg"}],"twitter_card":"summary_large_image","twitter_misc":{"Est. reading time":"1 minute"},"schema":{"@context":"https:\/\/schema.org","@graph":[{"@type":"WebPage","@id":"https:\/\/centrosabia.org.br\/en\/audio\/agua-convivencia-e-conservacao-agroflorestal-cantos-do-sabia\/","url":"https:\/\/centrosabia.org.br\/en\/audio\/agua-convivencia-e-conservacao-agroflorestal-cantos-do-sabia\/","name":"\u00c1gua, Conviv\u00eancia e Conserva\u00e7\u00e3o Agroflorestal! | Cantos do Sabi\u00e1 - Centro de Desenvolvimento Agroecol\u00f3gico Sabi\u00e1","isPartOf":{"@id":"https:\/\/centrosabia.org.br\/en\/#website"},"primaryImageOfPage":{"@id":"https:\/\/centrosabia.org.br\/en\/audio\/agua-convivencia-e-conservacao-agroflorestal-cantos-do-sabia\/#primaryimage"},"image":{"@id":"https:\/\/centrosabia.org.br\/en\/audio\/agua-convivencia-e-conservacao-agroflorestal-cantos-do-sabia\/#primaryimage"},"thumbnailUrl":"https:\/\/centrosabia.org.br\/wp-content\/uploads\/2024\/04\/agua-convivencia-e-conservacao-agroflorestal-cantos-do-sabia.jpg","datePublished":"2023-10-02T03:00:00+00:00","dateModified":"2024-06-04T19:01:16+00:00","breadcrumb":{"@id":"https:\/\/centrosabia.org.br\/en\/audio\/agua-convivencia-e-conservacao-agroflorestal-cantos-do-sabia\/#breadcrumb"},"inLanguage":"en-US","potentialAction":[{"@type":"ReadAction","target":["https:\/\/centrosabia.org.br\/en\/audio\/agua-convivencia-e-conservacao-agroflorestal-cantos-do-sabia\/"]}]},{"@type":"ImageObject","inLanguage":"en-US","@id":"https:\/\/centrosabia.org.br\/en\/audio\/agua-convivencia-e-conservacao-agroflorestal-cantos-do-sabia\/#primaryimage","url":"https:\/\/centrosabia.org.br\/wp-content\/uploads\/2024\/04\/agua-convivencia-e-conservacao-agroflorestal-cantos-do-sabia.jpg","contentUrl":"https:\/\/centrosabia.org.br\/wp-content\/uploads\/2024\/04\/agua-convivencia-e-conservacao-agroflorestal-cantos-do-sabia.jpg","width":640,"height":640},{"@type":"BreadcrumbList","@id":"https:\/\/centrosabia.org.br\/en\/audio\/agua-convivencia-e-conservacao-agroflorestal-cantos-do-sabia\/#breadcrumb","itemListElement":[{"@type":"ListItem","position":1,"name":"In\u00edcio","item":"https:\/\/centrosabia.org.br\/en\/"},{"@type":"ListItem","position":2,"name":"\u00c1udios","item":"https:\/\/centrosabia.org.br\/en\/audio\/"},{"@type":"ListItem","position":3,"name":"\u00c1gua, Conviv\u00eancia e Conserva\u00e7\u00e3o Agroflorestal! | Cantos do Sabi\u00e1"}]},{"@type":"WebSite","@id":"https:\/\/centrosabia.org.br\/en\/#website","url":"https:\/\/centrosabia.org.br\/en\/","name":"Centro de Desenvolvimento Agroecol\u00f3gico Sabi\u00e1","description":"","publisher":{"@id":"https:\/\/centrosabia.org.br\/en\/#organization"},"potentialAction":[{"@type":"SearchAction","target":{"@type":"EntryPoint","urlTemplate":"https:\/\/centrosabia.org.br\/en\/?s={search_term_string}"},"query-input":{"@type":"PropertyValueSpecification","valueRequired":true,"valueName":"search_term_string"}}],"inLanguage":"en-US"},{"@type":"Organization","@id":"https:\/\/centrosabia.org.br\/en\/#organization","name":"Centro de Desenvolvimento Agroecol\u00f3gico Sabi\u00e1","url":"https:\/\/centrosabia.org.br\/en\/","logo":{"@type":"ImageObject","inLanguage":"en-US","@id":"https:\/\/centrosabia.org.br\/en\/#\/schema\/logo\/image\/","url":"https:\/\/centrosabia.org.br\/wp-content\/uploads\/2021\/10\/logo.png","contentUrl":"https:\/\/centrosabia.org.br\/wp-content\/uploads\/2021\/10\/logo.png","width":174,"height":84,"caption":"Centro de Desenvolvimento Agroecol\u00f3gico Sabi\u00e1"},"image":{"@id":"https:\/\/centrosabia.org.br\/en\/#\/schema\/logo\/image\/"}}]}},"_links":{"self":[{"href":"https:\/\/centrosabia.org.br\/en\/wp-json\/wp\/v2\/audio\/16832","targetHints":{"allow":["GET"]}}],"collection":[{"href":"https:\/\/centrosabia.org.br\/en\/wp-json\/wp\/v2\/audio"}],"about":[{"href":"https:\/\/centrosabia.org.br\/en\/wp-json\/wp\/v2\/types\/audio"}],"wp:featuredmedia":[{"embeddable":true,"href":"https:\/\/centrosabia.org.br\/en\/wp-json\/wp\/v2\/media\/16833"}],"wp:attachment":[{"href":"https:\/\/centrosabia.org.br\/en\/wp-json\/wp\/v2\/media?parent=16832"}],"wp:term":[{"taxonomy":"tema","embeddable":true,"href":"https:\/\/centrosabia.org.br\/en\/wp-json\/wp\/v2\/tema?post=16832"},{"taxonomy":"decada","embeddable":true,"href":"https:\/\/centrosabia.org.br\/en\/wp-json\/wp\/v2\/decada?post=16832"},{"taxonomy":"curadoria","embeddable":true,"href":"https:\/\/centrosabia.org.br\/en\/wp-json\/wp\/v2\/curadoria?post=16832"}],"curies":[{"name":"wp","href":"https:\/\/api.w.org\/{rel}","templated":true}]}}