{"id":16860,"date":"2023-09-05T00:00:00","date_gmt":"2023-09-05T03:00:00","guid":{"rendered":"https:\/\/centrosabia.org.br\/audio\/para-que-agricultura-urbana-comida-de-verdade\/"},"modified":"2024-08-01T10:45:35","modified_gmt":"2024-08-01T13:45:35","slug":"para-que-agricultura-urbana-comida-de-verdade","status":"publish","type":"audio","link":"https:\/\/centrosabia.org.br\/en\/audio\/para-que-agricultura-urbana-comida-de-verdade\/","title":{"rendered":"Para qu\u00ea Agricultura Urbana? | Comida de Verdade"},"content":{"rendered":"<p>O Comida de Verdade dessa semana vem falar de agricultura urbana! &#x1f957;&#x1f3d9;\ufe0f A agricultura urbana n\u00e3o \u00e9 s\u00f3 uma alternativa de produ\u00e7\u00e3o; \u00e9 uma forma de viver, de abordar as tantas formas de produzir, de alimentar, sobre conhecimentos passados de gera\u00e7\u00e3o em gera\u00e7\u00e3o\u2026 \u00c9 a retomada dos espa\u00e7os e da pr\u00f3pria agricultura!\u00a0 &#x1f331;<\/p>\n<p><\/p>\n<p>Em meio a volta da fome, depois da pandemia, Da destrui\u00e7\u00e3o de pol\u00edticas p\u00fablicas ainda durante o governo Bolsonaro, a agricultura urbana tem tudo a ver com a resist\u00eancia. &#x1f91c;&#x1f91b; E precisa resistir. \u00c9 por isso que hoje a gente vem falar disso com Juliana Funari!\u00a0 &#x1f3a4;<\/p>\n<p><\/p>\n<p>Juliana \u00e9 bacharela em gest\u00e3o ambiental, mestra em desenvolvimento e meio ambiente, e fez parte da equipe de direitos das mulheres da Actionaid Brasil. Juliana inclusive passou por aqui, no Centro Sabi\u00e1, pela assessoria t\u00e9cnica! &#x1f469;\u200d&#x1f33e;<\/p>\n<p><\/p>\n<p>&#x1f54a; Fa\u00e7a parte da mudan\u00e7a! \u2060\u2060Doe.\u2060\u2060<br \/><a href=\"https:\/\/www.youtube.com\/redirect?event&#61;video_description&amp;redir_token&#61;QUFFLUhqazhMajJjR3YxOVBURXVZQU96SlNwdlNMNGhhZ3xBQ3Jtc0trM1lrX2N0aFZ4d0tJVzdaejExNVpzS0kzU1lTMThOYjZZNWhUQ3p1OUZBN2FHWlE1R1lUcU9DSGJwbkp4UGxQcXdiRFkwNm5BU1p4S2ZJVTdIc3JLVUVfNTBPaFJHZG5faHgwUkpJejNSS3hucDdUNA&amp;q&#61;https%3A%2F%2Fbit.ly%2Fvoe-sabia&amp;v&#61;Z0U9KcpDRB8\" rel=\"nofollow\">https:\/\/bit.ly\/voe-sabia<\/a><br \/>Acompanhe o Centro Sabi\u00e1! &#x1f4cc;<br \/>\u2060\u2060<a href=\"https:\/\/www.youtube.com\/redirect?event&#61;video_description&amp;redir_token&#61;QUFFLUhqbFpma3AtNDZOUVI2cG9mb21XT0x0Z2Q5OG1jd3xBQ3Jtc0tuU3A0NjZGdENSTDJmYlp6U1JUaHRIMFZLdUlRNWRadUtTZ2pzY0tZaV8tOEwxaFV4RDBHLWRtNjRPZG9BdWhNQ2R2eWQ3Tnlvbi0wODlHWnZoMzJtTFh2dHQxajhGT2JOR2hNT1BCZEdJV2cyWXJSOA&amp;q&#61;https%3A%2F%2Fbiolinky.co%2Fcentrosabia&amp;v&#61;Z0U9KcpDRB8\" rel=\"nofollow\">https:\/\/biolinky.co\/centrosabia<\/a><\/p>\n","protected":false},"featured_media":22931,"template":"","meta":{"_acf_changed":false,"ano":2023},"tema":[2550,2517,2542],"decada":[2502],"curadoria":[],"class_list":["post-16860","audio","type-audio","status-publish","has-post-thumbnail","hentry","tema-agricultura-urbana","tema-pequena-producao","tema-troca-de-experiencias","decada-2502"],"blocksy_meta":[],"acf":{"imagem_de_cobertura":""},"yoast_head":"<!-- This site is optimized with the Yoast SEO plugin v27.4 - https:\/\/yoast.com\/product\/yoast-seo-wordpress\/ -->\n<title>Para qu\u00ea Agricultura Urbana? | Comida de Verdade - Centro de Desenvolvimento Agroecol\u00f3gico Sabi\u00e1<\/title>\n<meta name=\"robots\" content=\"index, follow, max-snippet:-1, max-image-preview:large, max-video-preview:-1\" \/>\n<link rel=\"canonical\" href=\"https:\/\/centrosabia.org.br\/en\/audio\/para-que-agricultura-urbana-comida-de-verdade\/\" \/>\n<meta property=\"og:locale\" content=\"en_US\" \/>\n<meta property=\"og:type\" content=\"article\" \/>\n<meta property=\"og:title\" content=\"Para qu\u00ea Agricultura Urbana? | Comida de Verdade - Centro de Desenvolvimento Agroecol\u00f3gico Sabi\u00e1\" \/>\n<meta property=\"og:url\" content=\"https:\/\/centrosabia.org.br\/en\/audio\/para-que-agricultura-urbana-comida-de-verdade\/\" \/>\n<meta property=\"og:site_name\" content=\"Centro de Desenvolvimento Agroecol\u00f3gico Sabi\u00e1\" \/>\n<meta property=\"article:modified_time\" content=\"2024-08-01T13:45:35+00:00\" \/>\n<meta property=\"og:image\" content=\"https:\/\/centrosabia.org.br\/wp-content\/uploads\/2023\/09\/CDV_AGRICULTURAURBANA_WIDE-2-300x169.png\" \/>\n\t<meta property=\"og:image:width\" content=\"300\" \/>\n\t<meta property=\"og:image:height\" content=\"169\" \/>\n\t<meta property=\"og:image:type\" content=\"image\/png\" \/>\n<meta name=\"twitter:card\" content=\"summary_large_image\" \/>\n<meta name=\"twitter:label1\" content=\"Est. reading time\" \/>\n\t<meta name=\"twitter:data1\" content=\"2 minutes\" \/>\n<script type=\"application\/ld+json\" class=\"yoast-schema-graph\">{\"@context\":\"https:\\\/\\\/schema.org\",\"@graph\":[{\"@type\":\"WebPage\",\"@id\":\"https:\\\/\\\/centrosabia.org.br\\\/en\\\/audio\\\/para-que-agricultura-urbana-comida-de-verdade\\\/\",\"url\":\"https:\\\/\\\/centrosabia.org.br\\\/en\\\/audio\\\/para-que-agricultura-urbana-comida-de-verdade\\\/\",\"name\":\"Para qu\u00ea Agricultura Urbana? | Comida de Verdade - Centro de Desenvolvimento Agroecol\u00f3gico Sabi\u00e1\",\"isPartOf\":{\"@id\":\"https:\\\/\\\/centrosabia.org.br\\\/en\\\/#website\"},\"primaryImageOfPage\":{\"@id\":\"https:\\\/\\\/centrosabia.org.br\\\/en\\\/audio\\\/para-que-agricultura-urbana-comida-de-verdade\\\/#primaryimage\"},\"image\":{\"@id\":\"https:\\\/\\\/centrosabia.org.br\\\/en\\\/audio\\\/para-que-agricultura-urbana-comida-de-verdade\\\/#primaryimage\"},\"thumbnailUrl\":\"https:\\\/\\\/centrosabia.org.br\\\/wp-content\\\/uploads\\\/2023\\\/09\\\/CDV_AGRICULTURAURBANA_WIDE-2.png\",\"datePublished\":\"2023-09-05T03:00:00+00:00\",\"dateModified\":\"2024-08-01T13:45:35+00:00\",\"breadcrumb\":{\"@id\":\"https:\\\/\\\/centrosabia.org.br\\\/en\\\/audio\\\/para-que-agricultura-urbana-comida-de-verdade\\\/#breadcrumb\"},\"inLanguage\":\"en-US\",\"potentialAction\":[{\"@type\":\"ReadAction\",\"target\":[\"https:\\\/\\\/centrosabia.org.br\\\/en\\\/audio\\\/para-que-agricultura-urbana-comida-de-verdade\\\/\"]}]},{\"@type\":\"ImageObject\",\"inLanguage\":\"en-US\",\"@id\":\"https:\\\/\\\/centrosabia.org.br\\\/en\\\/audio\\\/para-que-agricultura-urbana-comida-de-verdade\\\/#primaryimage\",\"url\":\"https:\\\/\\\/centrosabia.org.br\\\/wp-content\\\/uploads\\\/2023\\\/09\\\/CDV_AGRICULTURAURBANA_WIDE-2.png\",\"contentUrl\":\"https:\\\/\\\/centrosabia.org.br\\\/wp-content\\\/uploads\\\/2023\\\/09\\\/CDV_AGRICULTURAURBANA_WIDE-2.png\",\"width\":512,\"height\":288},{\"@type\":\"BreadcrumbList\",\"@id\":\"https:\\\/\\\/centrosabia.org.br\\\/en\\\/audio\\\/para-que-agricultura-urbana-comida-de-verdade\\\/#breadcrumb\",\"itemListElement\":[{\"@type\":\"ListItem\",\"position\":1,\"name\":\"In\u00edcio\",\"item\":\"https:\\\/\\\/centrosabia.org.br\\\/en\\\/\"},{\"@type\":\"ListItem\",\"position\":2,\"name\":\"\u00c1udios\",\"item\":\"https:\\\/\\\/centrosabia.org.br\\\/en\\\/audio\\\/\"},{\"@type\":\"ListItem\",\"position\":3,\"name\":\"Para qu\u00ea Agricultura Urbana? | Comida de Verdade\"}]},{\"@type\":\"WebSite\",\"@id\":\"https:\\\/\\\/centrosabia.org.br\\\/en\\\/#website\",\"url\":\"https:\\\/\\\/centrosabia.org.br\\\/en\\\/\",\"name\":\"Centro de Desenvolvimento Agroecol\u00f3gico Sabi\u00e1\",\"description\":\"\",\"publisher\":{\"@id\":\"https:\\\/\\\/centrosabia.org.br\\\/en\\\/#organization\"},\"potentialAction\":[{\"@type\":\"SearchAction\",\"target\":{\"@type\":\"EntryPoint\",\"urlTemplate\":\"https:\\\/\\\/centrosabia.org.br\\\/en\\\/?s={search_term_string}\"},\"query-input\":{\"@type\":\"PropertyValueSpecification\",\"valueRequired\":true,\"valueName\":\"search_term_string\"}}],\"inLanguage\":\"en-US\"},{\"@type\":\"Organization\",\"@id\":\"https:\\\/\\\/centrosabia.org.br\\\/en\\\/#organization\",\"name\":\"Centro de Desenvolvimento Agroecol\u00f3gico Sabi\u00e1\",\"url\":\"https:\\\/\\\/centrosabia.org.br\\\/en\\\/\",\"logo\":{\"@type\":\"ImageObject\",\"inLanguage\":\"en-US\",\"@id\":\"https:\\\/\\\/centrosabia.org.br\\\/en\\\/#\\\/schema\\\/logo\\\/image\\\/\",\"url\":\"https:\\\/\\\/centrosabia.org.br\\\/wp-content\\\/uploads\\\/2021\\\/10\\\/logo.png\",\"contentUrl\":\"https:\\\/\\\/centrosabia.org.br\\\/wp-content\\\/uploads\\\/2021\\\/10\\\/logo.png\",\"width\":174,\"height\":84,\"caption\":\"Centro de Desenvolvimento Agroecol\u00f3gico Sabi\u00e1\"},\"image\":{\"@id\":\"https:\\\/\\\/centrosabia.org.br\\\/en\\\/#\\\/schema\\\/logo\\\/image\\\/\"}}]}<\/script>\n<!-- \/ Yoast SEO plugin. -->","yoast_head_json":{"title":"Para qu\u00ea Agricultura Urbana? | Comida de Verdade - Centro de Desenvolvimento Agroecol\u00f3gico Sabi\u00e1","robots":{"index":"index","follow":"follow","max-snippet":"max-snippet:-1","max-image-preview":"max-image-preview:large","max-video-preview":"max-video-preview:-1"},"canonical":"https:\/\/centrosabia.org.br\/en\/audio\/para-que-agricultura-urbana-comida-de-verdade\/","og_locale":"en_US","og_type":"article","og_title":"Para qu\u00ea Agricultura Urbana? | Comida de Verdade - Centro de Desenvolvimento Agroecol\u00f3gico Sabi\u00e1","og_url":"https:\/\/centrosabia.org.br\/en\/audio\/para-que-agricultura-urbana-comida-de-verdade\/","og_site_name":"Centro de Desenvolvimento Agroecol\u00f3gico Sabi\u00e1","article_modified_time":"2024-08-01T13:45:35+00:00","og_image":[{"width":300,"height":169,"url":"https:\/\/centrosabia.org.br\/wp-content\/uploads\/2023\/09\/CDV_AGRICULTURAURBANA_WIDE-2-300x169.png","type":"image\/png"}],"twitter_card":"summary_large_image","twitter_misc":{"Est. reading time":"2 minutes"},"schema":{"@context":"https:\/\/schema.org","@graph":[{"@type":"WebPage","@id":"https:\/\/centrosabia.org.br\/en\/audio\/para-que-agricultura-urbana-comida-de-verdade\/","url":"https:\/\/centrosabia.org.br\/en\/audio\/para-que-agricultura-urbana-comida-de-verdade\/","name":"Para qu\u00ea Agricultura Urbana? | Comida de Verdade - Centro de Desenvolvimento Agroecol\u00f3gico Sabi\u00e1","isPartOf":{"@id":"https:\/\/centrosabia.org.br\/en\/#website"},"primaryImageOfPage":{"@id":"https:\/\/centrosabia.org.br\/en\/audio\/para-que-agricultura-urbana-comida-de-verdade\/#primaryimage"},"image":{"@id":"https:\/\/centrosabia.org.br\/en\/audio\/para-que-agricultura-urbana-comida-de-verdade\/#primaryimage"},"thumbnailUrl":"https:\/\/centrosabia.org.br\/wp-content\/uploads\/2023\/09\/CDV_AGRICULTURAURBANA_WIDE-2.png","datePublished":"2023-09-05T03:00:00+00:00","dateModified":"2024-08-01T13:45:35+00:00","breadcrumb":{"@id":"https:\/\/centrosabia.org.br\/en\/audio\/para-que-agricultura-urbana-comida-de-verdade\/#breadcrumb"},"inLanguage":"en-US","potentialAction":[{"@type":"ReadAction","target":["https:\/\/centrosabia.org.br\/en\/audio\/para-que-agricultura-urbana-comida-de-verdade\/"]}]},{"@type":"ImageObject","inLanguage":"en-US","@id":"https:\/\/centrosabia.org.br\/en\/audio\/para-que-agricultura-urbana-comida-de-verdade\/#primaryimage","url":"https:\/\/centrosabia.org.br\/wp-content\/uploads\/2023\/09\/CDV_AGRICULTURAURBANA_WIDE-2.png","contentUrl":"https:\/\/centrosabia.org.br\/wp-content\/uploads\/2023\/09\/CDV_AGRICULTURAURBANA_WIDE-2.png","width":512,"height":288},{"@type":"BreadcrumbList","@id":"https:\/\/centrosabia.org.br\/en\/audio\/para-que-agricultura-urbana-comida-de-verdade\/#breadcrumb","itemListElement":[{"@type":"ListItem","position":1,"name":"In\u00edcio","item":"https:\/\/centrosabia.org.br\/en\/"},{"@type":"ListItem","position":2,"name":"\u00c1udios","item":"https:\/\/centrosabia.org.br\/en\/audio\/"},{"@type":"ListItem","position":3,"name":"Para qu\u00ea Agricultura Urbana? | Comida de Verdade"}]},{"@type":"WebSite","@id":"https:\/\/centrosabia.org.br\/en\/#website","url":"https:\/\/centrosabia.org.br\/en\/","name":"Centro de Desenvolvimento Agroecol\u00f3gico Sabi\u00e1","description":"","publisher":{"@id":"https:\/\/centrosabia.org.br\/en\/#organization"},"potentialAction":[{"@type":"SearchAction","target":{"@type":"EntryPoint","urlTemplate":"https:\/\/centrosabia.org.br\/en\/?s={search_term_string}"},"query-input":{"@type":"PropertyValueSpecification","valueRequired":true,"valueName":"search_term_string"}}],"inLanguage":"en-US"},{"@type":"Organization","@id":"https:\/\/centrosabia.org.br\/en\/#organization","name":"Centro de Desenvolvimento Agroecol\u00f3gico Sabi\u00e1","url":"https:\/\/centrosabia.org.br\/en\/","logo":{"@type":"ImageObject","inLanguage":"en-US","@id":"https:\/\/centrosabia.org.br\/en\/#\/schema\/logo\/image\/","url":"https:\/\/centrosabia.org.br\/wp-content\/uploads\/2021\/10\/logo.png","contentUrl":"https:\/\/centrosabia.org.br\/wp-content\/uploads\/2021\/10\/logo.png","width":174,"height":84,"caption":"Centro de Desenvolvimento Agroecol\u00f3gico Sabi\u00e1"},"image":{"@id":"https:\/\/centrosabia.org.br\/en\/#\/schema\/logo\/image\/"}}]}},"_links":{"self":[{"href":"https:\/\/centrosabia.org.br\/en\/wp-json\/wp\/v2\/audio\/16860","targetHints":{"allow":["GET"]}}],"collection":[{"href":"https:\/\/centrosabia.org.br\/en\/wp-json\/wp\/v2\/audio"}],"about":[{"href":"https:\/\/centrosabia.org.br\/en\/wp-json\/wp\/v2\/types\/audio"}],"wp:featuredmedia":[{"embeddable":true,"href":"https:\/\/centrosabia.org.br\/en\/wp-json\/wp\/v2\/media\/22931"}],"wp:attachment":[{"href":"https:\/\/centrosabia.org.br\/en\/wp-json\/wp\/v2\/media?parent=16860"}],"wp:term":[{"taxonomy":"tema","embeddable":true,"href":"https:\/\/centrosabia.org.br\/en\/wp-json\/wp\/v2\/tema?post=16860"},{"taxonomy":"decada","embeddable":true,"href":"https:\/\/centrosabia.org.br\/en\/wp-json\/wp\/v2\/decada?post=16860"},{"taxonomy":"curadoria","embeddable":true,"href":"https:\/\/centrosabia.org.br\/en\/wp-json\/wp\/v2\/curadoria?post=16860"}],"curies":[{"name":"wp","href":"https:\/\/api.w.org\/{rel}","templated":true}]}}