{"id":16868,"date":"2023-08-29T00:00:00","date_gmt":"2023-08-29T03:00:00","guid":{"rendered":"https:\/\/centrosabia.org.br\/audio\/a-quem-interessa-desmatar-a-mata-atlantica-comida-de-verdade\/"},"modified":"2024-08-03T14:41:15","modified_gmt":"2024-08-03T17:41:15","slug":"a-quem-interessa-desmatar-a-mata-atlantica-comida-de-verdade","status":"publish","type":"audio","link":"https:\/\/centrosabia.org.br\/en\/audio\/a-quem-interessa-desmatar-a-mata-atlantica-comida-de-verdade\/","title":{"rendered":"A Quem Interessa Desmatar a Mata Atl\u00e2ntica? | Comida de Verdade"},"content":{"rendered":"<p>O Comida de Verdade vem falar de um tema de suma import\u00e2ncia, sempre que falamos de preserva\u00e7\u00e3o ambiental, Mata Atl\u00e2ntica e defesa de nossas florestas: O desmatamento. Afinal, a quem interessa desmatar a mata atl\u00e2ntica?\u00a0&#x1f525;&#x1fa93;<\/p>\n<p><\/p>\n<p>&#x1f332;Durante o governo Bolsonaro, perdemos muito verde brasileiro. Dos mangues \u00e0 caatinga, da caatinga \u00e0 mata atl\u00e2ntica, foram recordes e recordes de queimadas e desmatamentos. Hoje essa \u00e9 a nossa realidade: em 2022, mais de 75 mil hectares perdidos na mata atl\u00e2ntica, e em 2023, s\u00f3 nos dois primeiros meses, mais seis mil hectares.\u00a0&#x1fa93;\u274c<\/p>\n<p><\/p>\n<p>E como se j\u00e1 n\u00e3o fosse muito, agora aqui em Pernambuco temos uma situa\u00e7\u00e3o assustadora para a preserva\u00e7\u00e3o de nossas matas: um projeto de constru\u00e7\u00e3o da escola de sargentos &#8211; em plena mata atl\u00e2ntica &#8211; que prev\u00ea o desmatamento de 188 hectares de mata &#8211; mais de 336 mil \u00e1rvores. &#x1f3eb;\u274c Se isso acontecer, colocamos em risco nossa fauna, flora, esp\u00e9cies em extin\u00e7\u00e3o, nossos mananciais &#8211; onde brota a \u00e1gua que abastece a regi\u00e3o metropolitana do recife, e destru\u00edmos o pouco &#8211; menos de 15% , do que sobrou de nossa mata.\u00a0 &#x1f334;&#x1f333;&#x1f332;<\/p>\n<p><\/p>\n<p>A quem interessa desmatar a mata atl\u00e2ntica? \u00c9 sobre esse assunto urgente que discutimos hoje com Herbert Tejo! Hebert \u00e9 engenheiro, Presidente do F\u00f3rum Socioambiental de Aldeia. \u00c9 ele que est\u00e1 \u00e0 frente dessas discuss\u00f5es ambientais da Mata Atl\u00e2ntica da Regi\u00e3o Metropolitana do Recife, amea\u00e7adas pelo desmatamento. &#x1f9d1;\u200d&#x1f3eb;&#x1f331;<br \/>&#x1f54a; Fa\u00e7a parte da mudan\u00e7a! \u2060\u2060Doe.\u2060\u2060<br \/><a href=\"https:\/\/www.youtube.com\/redirect?event&#61;video_description&amp;redir_token&#61;QUFFLUhqazhMajJjR3YxOVBURXVZQU96SlNwdlNMNGhhZ3xBQ3Jtc0trM1lrX2N0aFZ4d0tJVzdaejExNVpzS0kzU1lTMThOYjZZNWhUQ3p1OUZBN2FHWlE1R1lUcU9DSGJwbkp4UGxQcXdiRFkwNm5BU1p4S2ZJVTdIc3JLVUVfNTBPaFJHZG5faHgwUkpJejNSS3hucDdUNA&amp;q&#61;https%3A%2F%2Fbit.ly%2Fvoe-sabia&amp;v&#61;Z0U9KcpDRB8\" rel=\"nofollow\">https:\/\/bit.ly\/voe-sabia<\/a><br \/>Acompanhe o Centro Sabi\u00e1! &#x1f4cc;<br \/>\u2060\u2060<a href=\"https:\/\/www.youtube.com\/redirect?event&#61;video_description&amp;redir_token&#61;QUFFLUhqbFpma3AtNDZOUVI2cG9mb21XT0x0Z2Q5OG1jd3xBQ3Jtc0tuU3A0NjZGdENSTDJmYlp6U1JUaHRIMFZLdUlRNWRadUtTZ2pzY0tZaV8tOEwxaFV4RDBHLWRtNjRPZG9BdWhNQ2R2eWQ3Tnlvbi0wODlHWnZoMzJtTFh2dHQxajhGT2JOR2hNT1BCZEdJV2cyWXJSOA&amp;q&#61;https%3A%2F%2Fbiolinky.co%2Fcentrosabia&amp;v&#61;Z0U9KcpDRB8\" rel=\"nofollow\">https:\/\/biolinky.co\/centrosabia<\/a><\/p>\n","protected":false},"featured_media":23125,"template":"","meta":{"_acf_changed":false,"ano":2023},"tema":[2538,2513,2539],"decada":[2502],"curadoria":[],"class_list":["post-16868","audio","type-audio","status-publish","has-post-thumbnail","hentry","tema-agua","tema-meio-ambiente","tema-mudancas-climaticas","decada-2502"],"blocksy_meta":[],"acf":{"imagem_de_cobertura":""},"yoast_head":"<!-- This site is optimized with the Yoast SEO plugin v27.4 - https:\/\/yoast.com\/product\/yoast-seo-wordpress\/ -->\n<title>A Quem Interessa Desmatar a Mata Atl\u00e2ntica? | Comida de Verdade - Centro de Desenvolvimento Agroecol\u00f3gico Sabi\u00e1<\/title>\n<meta name=\"robots\" content=\"index, follow, max-snippet:-1, max-image-preview:large, max-video-preview:-1\" \/>\n<link rel=\"canonical\" href=\"https:\/\/centrosabia.org.br\/en\/audio\/a-quem-interessa-desmatar-a-mata-atlantica-comida-de-verdade\/\" \/>\n<meta property=\"og:locale\" content=\"en_US\" \/>\n<meta property=\"og:type\" content=\"article\" \/>\n<meta property=\"og:title\" content=\"A Quem Interessa Desmatar a Mata Atl\u00e2ntica? | Comida de Verdade - Centro de Desenvolvimento Agroecol\u00f3gico Sabi\u00e1\" \/>\n<meta property=\"og:url\" content=\"https:\/\/centrosabia.org.br\/en\/audio\/a-quem-interessa-desmatar-a-mata-atlantica-comida-de-verdade\/\" \/>\n<meta property=\"og:site_name\" content=\"Centro de Desenvolvimento Agroecol\u00f3gico Sabi\u00e1\" \/>\n<meta property=\"article:modified_time\" content=\"2024-08-03T17:41:15+00:00\" \/>\n<meta property=\"og:image\" content=\"https:\/\/centrosabia.org.br\/wp-content\/uploads\/2023\/08\/CDV_MATAATLANTICA_WIDE-1-300x169.png\" \/>\n\t<meta property=\"og:image:width\" content=\"300\" \/>\n\t<meta property=\"og:image:height\" content=\"169\" \/>\n\t<meta property=\"og:image:type\" content=\"image\/png\" \/>\n<meta name=\"twitter:card\" content=\"summary_large_image\" \/>\n<meta name=\"twitter:label1\" content=\"Est. reading time\" \/>\n\t<meta name=\"twitter:data1\" content=\"2 minutes\" \/>\n<script type=\"application\/ld+json\" class=\"yoast-schema-graph\">{\"@context\":\"https:\\\/\\\/schema.org\",\"@graph\":[{\"@type\":\"WebPage\",\"@id\":\"https:\\\/\\\/centrosabia.org.br\\\/en\\\/audio\\\/a-quem-interessa-desmatar-a-mata-atlantica-comida-de-verdade\\\/\",\"url\":\"https:\\\/\\\/centrosabia.org.br\\\/en\\\/audio\\\/a-quem-interessa-desmatar-a-mata-atlantica-comida-de-verdade\\\/\",\"name\":\"A Quem Interessa Desmatar a Mata Atl\u00e2ntica? | Comida de Verdade - Centro de Desenvolvimento Agroecol\u00f3gico Sabi\u00e1\",\"isPartOf\":{\"@id\":\"https:\\\/\\\/centrosabia.org.br\\\/en\\\/#website\"},\"primaryImageOfPage\":{\"@id\":\"https:\\\/\\\/centrosabia.org.br\\\/en\\\/audio\\\/a-quem-interessa-desmatar-a-mata-atlantica-comida-de-verdade\\\/#primaryimage\"},\"image\":{\"@id\":\"https:\\\/\\\/centrosabia.org.br\\\/en\\\/audio\\\/a-quem-interessa-desmatar-a-mata-atlantica-comida-de-verdade\\\/#primaryimage\"},\"thumbnailUrl\":\"https:\\\/\\\/centrosabia.org.br\\\/wp-content\\\/uploads\\\/2023\\\/08\\\/CDV_MATAATLANTICA_WIDE-1.png\",\"datePublished\":\"2023-08-29T03:00:00+00:00\",\"dateModified\":\"2024-08-03T17:41:15+00:00\",\"breadcrumb\":{\"@id\":\"https:\\\/\\\/centrosabia.org.br\\\/en\\\/audio\\\/a-quem-interessa-desmatar-a-mata-atlantica-comida-de-verdade\\\/#breadcrumb\"},\"inLanguage\":\"en-US\",\"potentialAction\":[{\"@type\":\"ReadAction\",\"target\":[\"https:\\\/\\\/centrosabia.org.br\\\/en\\\/audio\\\/a-quem-interessa-desmatar-a-mata-atlantica-comida-de-verdade\\\/\"]}]},{\"@type\":\"ImageObject\",\"inLanguage\":\"en-US\",\"@id\":\"https:\\\/\\\/centrosabia.org.br\\\/en\\\/audio\\\/a-quem-interessa-desmatar-a-mata-atlantica-comida-de-verdade\\\/#primaryimage\",\"url\":\"https:\\\/\\\/centrosabia.org.br\\\/wp-content\\\/uploads\\\/2023\\\/08\\\/CDV_MATAATLANTICA_WIDE-1.png\",\"contentUrl\":\"https:\\\/\\\/centrosabia.org.br\\\/wp-content\\\/uploads\\\/2023\\\/08\\\/CDV_MATAATLANTICA_WIDE-1.png\",\"width\":512,\"height\":288},{\"@type\":\"BreadcrumbList\",\"@id\":\"https:\\\/\\\/centrosabia.org.br\\\/en\\\/audio\\\/a-quem-interessa-desmatar-a-mata-atlantica-comida-de-verdade\\\/#breadcrumb\",\"itemListElement\":[{\"@type\":\"ListItem\",\"position\":1,\"name\":\"In\u00edcio\",\"item\":\"https:\\\/\\\/centrosabia.org.br\\\/en\\\/\"},{\"@type\":\"ListItem\",\"position\":2,\"name\":\"\u00c1udios\",\"item\":\"https:\\\/\\\/centrosabia.org.br\\\/en\\\/audio\\\/\"},{\"@type\":\"ListItem\",\"position\":3,\"name\":\"A Quem Interessa Desmatar a Mata Atl\u00e2ntica? | Comida de Verdade\"}]},{\"@type\":\"WebSite\",\"@id\":\"https:\\\/\\\/centrosabia.org.br\\\/en\\\/#website\",\"url\":\"https:\\\/\\\/centrosabia.org.br\\\/en\\\/\",\"name\":\"Centro de Desenvolvimento Agroecol\u00f3gico Sabi\u00e1\",\"description\":\"\",\"publisher\":{\"@id\":\"https:\\\/\\\/centrosabia.org.br\\\/en\\\/#organization\"},\"potentialAction\":[{\"@type\":\"SearchAction\",\"target\":{\"@type\":\"EntryPoint\",\"urlTemplate\":\"https:\\\/\\\/centrosabia.org.br\\\/en\\\/?s={search_term_string}\"},\"query-input\":{\"@type\":\"PropertyValueSpecification\",\"valueRequired\":true,\"valueName\":\"search_term_string\"}}],\"inLanguage\":\"en-US\"},{\"@type\":\"Organization\",\"@id\":\"https:\\\/\\\/centrosabia.org.br\\\/en\\\/#organization\",\"name\":\"Centro de Desenvolvimento Agroecol\u00f3gico Sabi\u00e1\",\"url\":\"https:\\\/\\\/centrosabia.org.br\\\/en\\\/\",\"logo\":{\"@type\":\"ImageObject\",\"inLanguage\":\"en-US\",\"@id\":\"https:\\\/\\\/centrosabia.org.br\\\/en\\\/#\\\/schema\\\/logo\\\/image\\\/\",\"url\":\"https:\\\/\\\/centrosabia.org.br\\\/wp-content\\\/uploads\\\/2021\\\/10\\\/logo.png\",\"contentUrl\":\"https:\\\/\\\/centrosabia.org.br\\\/wp-content\\\/uploads\\\/2021\\\/10\\\/logo.png\",\"width\":174,\"height\":84,\"caption\":\"Centro de Desenvolvimento Agroecol\u00f3gico Sabi\u00e1\"},\"image\":{\"@id\":\"https:\\\/\\\/centrosabia.org.br\\\/en\\\/#\\\/schema\\\/logo\\\/image\\\/\"}}]}<\/script>\n<!-- \/ Yoast SEO plugin. -->","yoast_head_json":{"title":"A Quem Interessa Desmatar a Mata Atl\u00e2ntica? | Comida de Verdade - Centro de Desenvolvimento Agroecol\u00f3gico Sabi\u00e1","robots":{"index":"index","follow":"follow","max-snippet":"max-snippet:-1","max-image-preview":"max-image-preview:large","max-video-preview":"max-video-preview:-1"},"canonical":"https:\/\/centrosabia.org.br\/en\/audio\/a-quem-interessa-desmatar-a-mata-atlantica-comida-de-verdade\/","og_locale":"en_US","og_type":"article","og_title":"A Quem Interessa Desmatar a Mata Atl\u00e2ntica? | Comida de Verdade - Centro de Desenvolvimento Agroecol\u00f3gico Sabi\u00e1","og_url":"https:\/\/centrosabia.org.br\/en\/audio\/a-quem-interessa-desmatar-a-mata-atlantica-comida-de-verdade\/","og_site_name":"Centro de Desenvolvimento Agroecol\u00f3gico Sabi\u00e1","article_modified_time":"2024-08-03T17:41:15+00:00","og_image":[{"width":300,"height":169,"url":"https:\/\/centrosabia.org.br\/wp-content\/uploads\/2023\/08\/CDV_MATAATLANTICA_WIDE-1-300x169.png","type":"image\/png"}],"twitter_card":"summary_large_image","twitter_misc":{"Est. reading time":"2 minutes"},"schema":{"@context":"https:\/\/schema.org","@graph":[{"@type":"WebPage","@id":"https:\/\/centrosabia.org.br\/en\/audio\/a-quem-interessa-desmatar-a-mata-atlantica-comida-de-verdade\/","url":"https:\/\/centrosabia.org.br\/en\/audio\/a-quem-interessa-desmatar-a-mata-atlantica-comida-de-verdade\/","name":"A Quem Interessa Desmatar a Mata Atl\u00e2ntica? | Comida de Verdade - Centro de Desenvolvimento Agroecol\u00f3gico Sabi\u00e1","isPartOf":{"@id":"https:\/\/centrosabia.org.br\/en\/#website"},"primaryImageOfPage":{"@id":"https:\/\/centrosabia.org.br\/en\/audio\/a-quem-interessa-desmatar-a-mata-atlantica-comida-de-verdade\/#primaryimage"},"image":{"@id":"https:\/\/centrosabia.org.br\/en\/audio\/a-quem-interessa-desmatar-a-mata-atlantica-comida-de-verdade\/#primaryimage"},"thumbnailUrl":"https:\/\/centrosabia.org.br\/wp-content\/uploads\/2023\/08\/CDV_MATAATLANTICA_WIDE-1.png","datePublished":"2023-08-29T03:00:00+00:00","dateModified":"2024-08-03T17:41:15+00:00","breadcrumb":{"@id":"https:\/\/centrosabia.org.br\/en\/audio\/a-quem-interessa-desmatar-a-mata-atlantica-comida-de-verdade\/#breadcrumb"},"inLanguage":"en-US","potentialAction":[{"@type":"ReadAction","target":["https:\/\/centrosabia.org.br\/en\/audio\/a-quem-interessa-desmatar-a-mata-atlantica-comida-de-verdade\/"]}]},{"@type":"ImageObject","inLanguage":"en-US","@id":"https:\/\/centrosabia.org.br\/en\/audio\/a-quem-interessa-desmatar-a-mata-atlantica-comida-de-verdade\/#primaryimage","url":"https:\/\/centrosabia.org.br\/wp-content\/uploads\/2023\/08\/CDV_MATAATLANTICA_WIDE-1.png","contentUrl":"https:\/\/centrosabia.org.br\/wp-content\/uploads\/2023\/08\/CDV_MATAATLANTICA_WIDE-1.png","width":512,"height":288},{"@type":"BreadcrumbList","@id":"https:\/\/centrosabia.org.br\/en\/audio\/a-quem-interessa-desmatar-a-mata-atlantica-comida-de-verdade\/#breadcrumb","itemListElement":[{"@type":"ListItem","position":1,"name":"In\u00edcio","item":"https:\/\/centrosabia.org.br\/en\/"},{"@type":"ListItem","position":2,"name":"\u00c1udios","item":"https:\/\/centrosabia.org.br\/en\/audio\/"},{"@type":"ListItem","position":3,"name":"A Quem Interessa Desmatar a Mata Atl\u00e2ntica? | Comida de Verdade"}]},{"@type":"WebSite","@id":"https:\/\/centrosabia.org.br\/en\/#website","url":"https:\/\/centrosabia.org.br\/en\/","name":"Centro de Desenvolvimento Agroecol\u00f3gico Sabi\u00e1","description":"","publisher":{"@id":"https:\/\/centrosabia.org.br\/en\/#organization"},"potentialAction":[{"@type":"SearchAction","target":{"@type":"EntryPoint","urlTemplate":"https:\/\/centrosabia.org.br\/en\/?s={search_term_string}"},"query-input":{"@type":"PropertyValueSpecification","valueRequired":true,"valueName":"search_term_string"}}],"inLanguage":"en-US"},{"@type":"Organization","@id":"https:\/\/centrosabia.org.br\/en\/#organization","name":"Centro de Desenvolvimento Agroecol\u00f3gico Sabi\u00e1","url":"https:\/\/centrosabia.org.br\/en\/","logo":{"@type":"ImageObject","inLanguage":"en-US","@id":"https:\/\/centrosabia.org.br\/en\/#\/schema\/logo\/image\/","url":"https:\/\/centrosabia.org.br\/wp-content\/uploads\/2021\/10\/logo.png","contentUrl":"https:\/\/centrosabia.org.br\/wp-content\/uploads\/2021\/10\/logo.png","width":174,"height":84,"caption":"Centro de Desenvolvimento Agroecol\u00f3gico Sabi\u00e1"},"image":{"@id":"https:\/\/centrosabia.org.br\/en\/#\/schema\/logo\/image\/"}}]}},"_links":{"self":[{"href":"https:\/\/centrosabia.org.br\/en\/wp-json\/wp\/v2\/audio\/16868","targetHints":{"allow":["GET"]}}],"collection":[{"href":"https:\/\/centrosabia.org.br\/en\/wp-json\/wp\/v2\/audio"}],"about":[{"href":"https:\/\/centrosabia.org.br\/en\/wp-json\/wp\/v2\/types\/audio"}],"wp:featuredmedia":[{"embeddable":true,"href":"https:\/\/centrosabia.org.br\/en\/wp-json\/wp\/v2\/media\/23125"}],"wp:attachment":[{"href":"https:\/\/centrosabia.org.br\/en\/wp-json\/wp\/v2\/media?parent=16868"}],"wp:term":[{"taxonomy":"tema","embeddable":true,"href":"https:\/\/centrosabia.org.br\/en\/wp-json\/wp\/v2\/tema?post=16868"},{"taxonomy":"decada","embeddable":true,"href":"https:\/\/centrosabia.org.br\/en\/wp-json\/wp\/v2\/decada?post=16868"},{"taxonomy":"curadoria","embeddable":true,"href":"https:\/\/centrosabia.org.br\/en\/wp-json\/wp\/v2\/curadoria?post=16868"}],"curies":[{"name":"wp","href":"https:\/\/api.w.org\/{rel}","templated":true}]}}