{"id":16876,"date":"2023-08-22T00:00:00","date_gmt":"2023-08-22T03:00:00","guid":{"rendered":"https:\/\/centrosabia.org.br\/audio\/como-combater-desigualdades-fome-e-crises-climaticas-em-20-anos-comida-de-verdade\/"},"modified":"2024-08-03T14:44:47","modified_gmt":"2024-08-03T17:44:47","slug":"como-combater-desigualdades-fome-e-crises-climaticas-em-20-anos-comida-de-verdade","status":"publish","type":"audio","link":"https:\/\/centrosabia.org.br\/en\/audio\/como-combater-desigualdades-fome-e-crises-climaticas-em-20-anos-comida-de-verdade\/","title":{"rendered":"Como combater desigualdades, fome e crises clim\u00e1ticas em 20 anos? | Comida de Verdade"},"content":{"rendered":"<p>No \u00faltimo m\u00eas de julho, o Centro Sabi\u00e1 completou 30 anos, em defesa da agricultura familiar agroecol\u00f3gica; da luta de classes; da luta pelas terras, pela comida, pela vida! &#x1f331;&#x1f49e; S\u00e3o 30 anos defendendo uma sociedade que viva em harmonia com a natureza, que seja consciente, aut\u00f4noma e participativa na constru\u00e7\u00e3o de um modelo de desenvolvimento rural sustent\u00e1vel.\u00a0\u270a&#x1f3ff;\u270a&#x1f3fe;\u270a&#x1f3fb;<\/p>\n<p><\/p>\n<p>Foi para comemorar essas lutas, que s\u00e3o cotidianas e cont\u00ednuas, que o Centro Sabi\u00e1 realizou o festival itinerante &#8211; &#34;Terra, M\u00e3e de Todas as Lutas&#34;. &#x1f30d; Um festival que cruzou o Sert\u00e3o, chegou ao Agreste, passou pela Zona da Mata Sul e finalizou no cais do Recife, carregando a esperan\u00e7a num futuro a cada dia mais agroecol\u00f3gico, mais verde, mais limpo e justo! &#x1f3f3;<\/p>\n<p><\/p>\n<p>\u231b Mas que futuro \u00e9 esse? Que futuro teremos para a terra, m\u00e3e de todas as lutas? Esse foi um dos temas centrais discutidos durante o festival, entre muitas falas importantes para a luta pelos direitos &#8211; no campo e na cidade. &#x1f91d; \u00c9 por isso que o Comida de Verdade traz a pergunta: Qual a contribui\u00e7\u00e3o do Centro Sabi\u00e1, para combater fome, desigualdades e as crises clim\u00e1ticas nos pr\u00f3ximos 20 anos? Vem conversar com a gente! &#x1f3a4;&#x1f327;&#x1f30e;<\/p>\n<p><\/p>\n<p>&#x1f54a; Fa\u00e7a parte da mudan\u00e7a! \u2060\u2060Doe.\u2060\u2060\u00a0<a href=\"https:\/\/www.youtube.com\/redirect?event&#61;video_description&amp;redir_token&#61;QUFFLUhqazhMajJjR3YxOVBURXVZQU96SlNwdlNMNGhhZ3xBQ3Jtc0trM1lrX2N0aFZ4d0tJVzdaejExNVpzS0kzU1lTMThOYjZZNWhUQ3p1OUZBN2FHWlE1R1lUcU9DSGJwbkp4UGxQcXdiRFkwNm5BU1p4S2ZJVTdIc3JLVUVfNTBPaFJHZG5faHgwUkpJejNSS3hucDdUNA&amp;q&#61;https%3A%2F%2Fbit.ly%2Fvoe-sabia&amp;v&#61;Z0U9KcpDRB8\" rel=\"nofollow\">https:\/\/bit.ly\/voe-sabia<\/a>\u00a0<\/p>\n<p><\/p>\n<p>Acompanhe o Centro Sabi\u00e1! &#x1f4cc; \u2060\u2060<a href=\"https:\/\/www.youtube.com\/redirect?event&#61;video_description&amp;redir_token&#61;QUFFLUhqbFpma3AtNDZOUVI2cG9mb21XT0x0Z2Q5OG1jd3xBQ3Jtc0tuU3A0NjZGdENSTDJmYlp6U1JUaHRIMFZLdUlRNWRadUtTZ2pzY0tZaV8tOEwxaFV4RDBHLWRtNjRPZG9BdWhNQ2R2eWQ3Tnlvbi0wODlHWnZoMzJtTFh2dHQxajhGT2JOR2hNT1BCZEdJV2cyWXJSOA&amp;q&#61;https%3A%2F%2Fbiolinky.co%2Fcentrosabia&amp;v&#61;Z0U9KcpDRB8\" rel=\"nofollow\">https:\/\/biolinky.co\/centrosabia<\/a><\/p>\n","protected":false},"featured_media":23128,"template":"","meta":{"_acf_changed":false,"ano":2023},"tema":[2658,2513,2539],"decada":[2502],"curadoria":[],"class_list":["post-16876","audio","type-audio","status-publish","has-post-thumbnail","hentry","tema-arquivos-historicos","tema-meio-ambiente","tema-mudancas-climaticas","decada-2502"],"blocksy_meta":[],"acf":{"imagem_de_cobertura":""},"yoast_head":"<!-- This site is optimized with the Yoast SEO plugin v27.4 - https:\/\/yoast.com\/product\/yoast-seo-wordpress\/ -->\n<title>Como combater desigualdades, fome e crises clim\u00e1ticas em 20 anos? | Comida de Verdade - Centro de Desenvolvimento Agroecol\u00f3gico Sabi\u00e1<\/title>\n<meta name=\"robots\" content=\"index, follow, max-snippet:-1, max-image-preview:large, max-video-preview:-1\" \/>\n<link rel=\"canonical\" href=\"https:\/\/centrosabia.org.br\/en\/audio\/como-combater-desigualdades-fome-e-crises-climaticas-em-20-anos-comida-de-verdade\/\" \/>\n<meta property=\"og:locale\" content=\"en_US\" \/>\n<meta property=\"og:type\" content=\"article\" \/>\n<meta property=\"og:title\" content=\"Como combater desigualdades, fome e crises clim\u00e1ticas em 20 anos? | Comida de Verdade - Centro de Desenvolvimento Agroecol\u00f3gico Sabi\u00e1\" \/>\n<meta property=\"og:url\" content=\"https:\/\/centrosabia.org.br\/en\/audio\/como-combater-desigualdades-fome-e-crises-climaticas-em-20-anos-comida-de-verdade\/\" \/>\n<meta property=\"og:site_name\" content=\"Centro de Desenvolvimento Agroecol\u00f3gico Sabi\u00e1\" \/>\n<meta property=\"article:modified_time\" content=\"2024-08-03T17:44:47+00:00\" \/>\n<meta property=\"og:image\" content=\"https:\/\/centrosabia.org.br\/wp-content\/uploads\/2023\/08\/CDV_COMOCOMBATER_WIDE-1-300x169.png\" \/>\n\t<meta property=\"og:image:width\" content=\"300\" \/>\n\t<meta property=\"og:image:height\" content=\"169\" \/>\n\t<meta property=\"og:image:type\" content=\"image\/png\" \/>\n<meta name=\"twitter:card\" content=\"summary_large_image\" \/>\n<meta name=\"twitter:label1\" content=\"Est. reading time\" \/>\n\t<meta name=\"twitter:data1\" content=\"2 minutes\" \/>\n<script type=\"application\/ld+json\" class=\"yoast-schema-graph\">{\"@context\":\"https:\\\/\\\/schema.org\",\"@graph\":[{\"@type\":\"WebPage\",\"@id\":\"https:\\\/\\\/centrosabia.org.br\\\/en\\\/audio\\\/como-combater-desigualdades-fome-e-crises-climaticas-em-20-anos-comida-de-verdade\\\/\",\"url\":\"https:\\\/\\\/centrosabia.org.br\\\/en\\\/audio\\\/como-combater-desigualdades-fome-e-crises-climaticas-em-20-anos-comida-de-verdade\\\/\",\"name\":\"Como combater desigualdades, fome e crises clim\u00e1ticas em 20 anos? | Comida de Verdade - Centro de Desenvolvimento Agroecol\u00f3gico Sabi\u00e1\",\"isPartOf\":{\"@id\":\"https:\\\/\\\/centrosabia.org.br\\\/en\\\/#website\"},\"primaryImageOfPage\":{\"@id\":\"https:\\\/\\\/centrosabia.org.br\\\/en\\\/audio\\\/como-combater-desigualdades-fome-e-crises-climaticas-em-20-anos-comida-de-verdade\\\/#primaryimage\"},\"image\":{\"@id\":\"https:\\\/\\\/centrosabia.org.br\\\/en\\\/audio\\\/como-combater-desigualdades-fome-e-crises-climaticas-em-20-anos-comida-de-verdade\\\/#primaryimage\"},\"thumbnailUrl\":\"https:\\\/\\\/centrosabia.org.br\\\/wp-content\\\/uploads\\\/2023\\\/08\\\/CDV_COMOCOMBATER_WIDE-1.png\",\"datePublished\":\"2023-08-22T03:00:00+00:00\",\"dateModified\":\"2024-08-03T17:44:47+00:00\",\"breadcrumb\":{\"@id\":\"https:\\\/\\\/centrosabia.org.br\\\/en\\\/audio\\\/como-combater-desigualdades-fome-e-crises-climaticas-em-20-anos-comida-de-verdade\\\/#breadcrumb\"},\"inLanguage\":\"en-US\",\"potentialAction\":[{\"@type\":\"ReadAction\",\"target\":[\"https:\\\/\\\/centrosabia.org.br\\\/en\\\/audio\\\/como-combater-desigualdades-fome-e-crises-climaticas-em-20-anos-comida-de-verdade\\\/\"]}]},{\"@type\":\"ImageObject\",\"inLanguage\":\"en-US\",\"@id\":\"https:\\\/\\\/centrosabia.org.br\\\/en\\\/audio\\\/como-combater-desigualdades-fome-e-crises-climaticas-em-20-anos-comida-de-verdade\\\/#primaryimage\",\"url\":\"https:\\\/\\\/centrosabia.org.br\\\/wp-content\\\/uploads\\\/2023\\\/08\\\/CDV_COMOCOMBATER_WIDE-1.png\",\"contentUrl\":\"https:\\\/\\\/centrosabia.org.br\\\/wp-content\\\/uploads\\\/2023\\\/08\\\/CDV_COMOCOMBATER_WIDE-1.png\",\"width\":512,\"height\":288},{\"@type\":\"BreadcrumbList\",\"@id\":\"https:\\\/\\\/centrosabia.org.br\\\/en\\\/audio\\\/como-combater-desigualdades-fome-e-crises-climaticas-em-20-anos-comida-de-verdade\\\/#breadcrumb\",\"itemListElement\":[{\"@type\":\"ListItem\",\"position\":1,\"name\":\"In\u00edcio\",\"item\":\"https:\\\/\\\/centrosabia.org.br\\\/en\\\/\"},{\"@type\":\"ListItem\",\"position\":2,\"name\":\"\u00c1udios\",\"item\":\"https:\\\/\\\/centrosabia.org.br\\\/en\\\/audio\\\/\"},{\"@type\":\"ListItem\",\"position\":3,\"name\":\"Como combater desigualdades, fome e crises clim\u00e1ticas em 20 anos? | Comida de Verdade\"}]},{\"@type\":\"WebSite\",\"@id\":\"https:\\\/\\\/centrosabia.org.br\\\/en\\\/#website\",\"url\":\"https:\\\/\\\/centrosabia.org.br\\\/en\\\/\",\"name\":\"Centro de Desenvolvimento Agroecol\u00f3gico Sabi\u00e1\",\"description\":\"\",\"publisher\":{\"@id\":\"https:\\\/\\\/centrosabia.org.br\\\/en\\\/#organization\"},\"potentialAction\":[{\"@type\":\"SearchAction\",\"target\":{\"@type\":\"EntryPoint\",\"urlTemplate\":\"https:\\\/\\\/centrosabia.org.br\\\/en\\\/?s={search_term_string}\"},\"query-input\":{\"@type\":\"PropertyValueSpecification\",\"valueRequired\":true,\"valueName\":\"search_term_string\"}}],\"inLanguage\":\"en-US\"},{\"@type\":\"Organization\",\"@id\":\"https:\\\/\\\/centrosabia.org.br\\\/en\\\/#organization\",\"name\":\"Centro de Desenvolvimento Agroecol\u00f3gico Sabi\u00e1\",\"url\":\"https:\\\/\\\/centrosabia.org.br\\\/en\\\/\",\"logo\":{\"@type\":\"ImageObject\",\"inLanguage\":\"en-US\",\"@id\":\"https:\\\/\\\/centrosabia.org.br\\\/en\\\/#\\\/schema\\\/logo\\\/image\\\/\",\"url\":\"https:\\\/\\\/centrosabia.org.br\\\/wp-content\\\/uploads\\\/2021\\\/10\\\/logo.png\",\"contentUrl\":\"https:\\\/\\\/centrosabia.org.br\\\/wp-content\\\/uploads\\\/2021\\\/10\\\/logo.png\",\"width\":174,\"height\":84,\"caption\":\"Centro de Desenvolvimento Agroecol\u00f3gico Sabi\u00e1\"},\"image\":{\"@id\":\"https:\\\/\\\/centrosabia.org.br\\\/en\\\/#\\\/schema\\\/logo\\\/image\\\/\"}}]}<\/script>\n<!-- \/ Yoast SEO plugin. -->","yoast_head_json":{"title":"Como combater desigualdades, fome e crises clim\u00e1ticas em 20 anos? | Comida de Verdade - Centro de Desenvolvimento Agroecol\u00f3gico Sabi\u00e1","robots":{"index":"index","follow":"follow","max-snippet":"max-snippet:-1","max-image-preview":"max-image-preview:large","max-video-preview":"max-video-preview:-1"},"canonical":"https:\/\/centrosabia.org.br\/en\/audio\/como-combater-desigualdades-fome-e-crises-climaticas-em-20-anos-comida-de-verdade\/","og_locale":"en_US","og_type":"article","og_title":"Como combater desigualdades, fome e crises clim\u00e1ticas em 20 anos? | Comida de Verdade - Centro de Desenvolvimento Agroecol\u00f3gico Sabi\u00e1","og_url":"https:\/\/centrosabia.org.br\/en\/audio\/como-combater-desigualdades-fome-e-crises-climaticas-em-20-anos-comida-de-verdade\/","og_site_name":"Centro de Desenvolvimento Agroecol\u00f3gico Sabi\u00e1","article_modified_time":"2024-08-03T17:44:47+00:00","og_image":[{"width":300,"height":169,"url":"https:\/\/centrosabia.org.br\/wp-content\/uploads\/2023\/08\/CDV_COMOCOMBATER_WIDE-1-300x169.png","type":"image\/png"}],"twitter_card":"summary_large_image","twitter_misc":{"Est. reading time":"2 minutes"},"schema":{"@context":"https:\/\/schema.org","@graph":[{"@type":"WebPage","@id":"https:\/\/centrosabia.org.br\/en\/audio\/como-combater-desigualdades-fome-e-crises-climaticas-em-20-anos-comida-de-verdade\/","url":"https:\/\/centrosabia.org.br\/en\/audio\/como-combater-desigualdades-fome-e-crises-climaticas-em-20-anos-comida-de-verdade\/","name":"Como combater desigualdades, fome e crises clim\u00e1ticas em 20 anos? | Comida de Verdade - Centro de Desenvolvimento Agroecol\u00f3gico Sabi\u00e1","isPartOf":{"@id":"https:\/\/centrosabia.org.br\/en\/#website"},"primaryImageOfPage":{"@id":"https:\/\/centrosabia.org.br\/en\/audio\/como-combater-desigualdades-fome-e-crises-climaticas-em-20-anos-comida-de-verdade\/#primaryimage"},"image":{"@id":"https:\/\/centrosabia.org.br\/en\/audio\/como-combater-desigualdades-fome-e-crises-climaticas-em-20-anos-comida-de-verdade\/#primaryimage"},"thumbnailUrl":"https:\/\/centrosabia.org.br\/wp-content\/uploads\/2023\/08\/CDV_COMOCOMBATER_WIDE-1.png","datePublished":"2023-08-22T03:00:00+00:00","dateModified":"2024-08-03T17:44:47+00:00","breadcrumb":{"@id":"https:\/\/centrosabia.org.br\/en\/audio\/como-combater-desigualdades-fome-e-crises-climaticas-em-20-anos-comida-de-verdade\/#breadcrumb"},"inLanguage":"en-US","potentialAction":[{"@type":"ReadAction","target":["https:\/\/centrosabia.org.br\/en\/audio\/como-combater-desigualdades-fome-e-crises-climaticas-em-20-anos-comida-de-verdade\/"]}]},{"@type":"ImageObject","inLanguage":"en-US","@id":"https:\/\/centrosabia.org.br\/en\/audio\/como-combater-desigualdades-fome-e-crises-climaticas-em-20-anos-comida-de-verdade\/#primaryimage","url":"https:\/\/centrosabia.org.br\/wp-content\/uploads\/2023\/08\/CDV_COMOCOMBATER_WIDE-1.png","contentUrl":"https:\/\/centrosabia.org.br\/wp-content\/uploads\/2023\/08\/CDV_COMOCOMBATER_WIDE-1.png","width":512,"height":288},{"@type":"BreadcrumbList","@id":"https:\/\/centrosabia.org.br\/en\/audio\/como-combater-desigualdades-fome-e-crises-climaticas-em-20-anos-comida-de-verdade\/#breadcrumb","itemListElement":[{"@type":"ListItem","position":1,"name":"In\u00edcio","item":"https:\/\/centrosabia.org.br\/en\/"},{"@type":"ListItem","position":2,"name":"\u00c1udios","item":"https:\/\/centrosabia.org.br\/en\/audio\/"},{"@type":"ListItem","position":3,"name":"Como combater desigualdades, fome e crises clim\u00e1ticas em 20 anos? | Comida de Verdade"}]},{"@type":"WebSite","@id":"https:\/\/centrosabia.org.br\/en\/#website","url":"https:\/\/centrosabia.org.br\/en\/","name":"Centro de Desenvolvimento Agroecol\u00f3gico Sabi\u00e1","description":"","publisher":{"@id":"https:\/\/centrosabia.org.br\/en\/#organization"},"potentialAction":[{"@type":"SearchAction","target":{"@type":"EntryPoint","urlTemplate":"https:\/\/centrosabia.org.br\/en\/?s={search_term_string}"},"query-input":{"@type":"PropertyValueSpecification","valueRequired":true,"valueName":"search_term_string"}}],"inLanguage":"en-US"},{"@type":"Organization","@id":"https:\/\/centrosabia.org.br\/en\/#organization","name":"Centro de Desenvolvimento Agroecol\u00f3gico Sabi\u00e1","url":"https:\/\/centrosabia.org.br\/en\/","logo":{"@type":"ImageObject","inLanguage":"en-US","@id":"https:\/\/centrosabia.org.br\/en\/#\/schema\/logo\/image\/","url":"https:\/\/centrosabia.org.br\/wp-content\/uploads\/2021\/10\/logo.png","contentUrl":"https:\/\/centrosabia.org.br\/wp-content\/uploads\/2021\/10\/logo.png","width":174,"height":84,"caption":"Centro de Desenvolvimento Agroecol\u00f3gico Sabi\u00e1"},"image":{"@id":"https:\/\/centrosabia.org.br\/en\/#\/schema\/logo\/image\/"}}]}},"_links":{"self":[{"href":"https:\/\/centrosabia.org.br\/en\/wp-json\/wp\/v2\/audio\/16876","targetHints":{"allow":["GET"]}}],"collection":[{"href":"https:\/\/centrosabia.org.br\/en\/wp-json\/wp\/v2\/audio"}],"about":[{"href":"https:\/\/centrosabia.org.br\/en\/wp-json\/wp\/v2\/types\/audio"}],"wp:featuredmedia":[{"embeddable":true,"href":"https:\/\/centrosabia.org.br\/en\/wp-json\/wp\/v2\/media\/23128"}],"wp:attachment":[{"href":"https:\/\/centrosabia.org.br\/en\/wp-json\/wp\/v2\/media?parent=16876"}],"wp:term":[{"taxonomy":"tema","embeddable":true,"href":"https:\/\/centrosabia.org.br\/en\/wp-json\/wp\/v2\/tema?post=16876"},{"taxonomy":"decada","embeddable":true,"href":"https:\/\/centrosabia.org.br\/en\/wp-json\/wp\/v2\/decada?post=16876"},{"taxonomy":"curadoria","embeddable":true,"href":"https:\/\/centrosabia.org.br\/en\/wp-json\/wp\/v2\/curadoria?post=16876"}],"curies":[{"name":"wp","href":"https:\/\/api.w.org\/{rel}","templated":true}]}}