{"id":16884,"date":"2023-08-15T00:00:00","date_gmt":"2023-08-15T03:00:00","guid":{"rendered":"https:\/\/centrosabia.org.br\/audio\/juventudes-tem-vez-na-agroecologia-comida-de-verdade\/"},"modified":"2024-08-03T14:48:35","modified_gmt":"2024-08-03T17:48:35","slug":"juventudes-tem-vez-na-agroecologia-comida-de-verdade","status":"publish","type":"audio","link":"https:\/\/centrosabia.org.br\/en\/audio\/juventudes-tem-vez-na-agroecologia-comida-de-verdade\/","title":{"rendered":"Juventudes t\u00eam vez na agroecologia? | Comida de Verdade"},"content":{"rendered":"<p>J\u00e1 estamos no m\u00eas em que tantas discuss\u00f5es sobre juventudes surgem! &#x1f91c;&#x1f91b; Agosto \u00e9 o m\u00eas das juventudes. &#x1f3f3;\ufe0f Por isso que o Comida de Verdade desta semana traz hoje uma discuss\u00e3o muito relevante para todas as juventudes do Brasil &#8211; sobretudo aquelas juventudes rurais, do campo e da cidade. &#x1f331;<\/p>\n<p><\/p>\n<p><\/p>\n<p><\/p>\n<p>&#x1f4d6; Em 2023 o Estatuto Das Juventudes completa 10 anos. Esse estatuto \u00e9 fundamental para a garantia dos direitos e oportunidades aos jovens, desenvolvido de forma participativa e pela participa\u00e7\u00e3o das juventudes &#8211; que precisa ser pol\u00edtica, social, com acesso aos direitos humanos, \u00e0 educa\u00e7\u00e3o e forma\u00e7\u00e3o, com chances de emprego e renda. Com qualidade de vida &#8211; na cidade e no meio rural. &#x1f468;\u200d&#x1f33e;&#x1f469;\u200d&#x1f33e;<\/p>\n<p><\/p>\n<p><\/p>\n<p><\/p>\n<p>O Estatuto Das Juventudes \u00e9 completamente pensado para as juventudes diversas, de todo o pa\u00eds. E o que deve significar ent\u00e3o o marco dos 10 anos para as nossas juventudes? \u270a Mais que isso, o que significam esses 10 anos para as juventudes agroecol\u00f3gicas de todo o pa\u00eds? &#x1f30d;<\/p>\n<p><\/p>\n<p><\/p>\n<p><\/p>\n<p>\u00c9 sobre isso que vamos conversar aqui hoje! &#x1f3a4; Para participar desse papo de inclus\u00e3o, luta pol\u00edtica e protagonismo, conversamos com P\u00e2mela Flor\u00ean\u00e7io &#8211; Jovem agricultora, t\u00e9cnica em agroecologia e atualmente coordenadora do FOJUPE. Coordenadora estadual do MCP e representante nacional do setor de juventude do MCP. &#x1f331;<\/p>\n<p><\/p>\n<p>&#x1f54a; Fa\u00e7a parte da mudan\u00e7a! \u2060\u2060Doe.\u2060\u2060\u00a0<a href=\"https:\/\/www.youtube.com\/redirect?event&#61;video_description&amp;redir_token&#61;QUFFLUhqazhMajJjR3YxOVBURXVZQU96SlNwdlNMNGhhZ3xBQ3Jtc0trM1lrX2N0aFZ4d0tJVzdaejExNVpzS0kzU1lTMThOYjZZNWhUQ3p1OUZBN2FHWlE1R1lUcU9DSGJwbkp4UGxQcXdiRFkwNm5BU1p4S2ZJVTdIc3JLVUVfNTBPaFJHZG5faHgwUkpJejNSS3hucDdUNA&amp;q&#61;https%3A%2F%2Fbit.ly%2Fvoe-sabia&amp;v&#61;Z0U9KcpDRB8\" rel=\"nofollow\">https:\/\/bit.ly\/voe-sabia<\/a>\u00a0<\/p>\n<p><\/p>\n<p>Acompanhe o Centro Sabi\u00e1! &#x1f4cc; \u2060\u2060<a href=\"https:\/\/www.youtube.com\/redirect?event&#61;video_description&amp;redir_token&#61;QUFFLUhqbFpma3AtNDZOUVI2cG9mb21XT0x0Z2Q5OG1jd3xBQ3Jtc0tuU3A0NjZGdENSTDJmYlp6U1JUaHRIMFZLdUlRNWRadUtTZ2pzY0tZaV8tOEwxaFV4RDBHLWRtNjRPZG9BdWhNQ2R2eWQ3Tnlvbi0wODlHWnZoMzJtTFh2dHQxajhGT2JOR2hNT1BCZEdJV2cyWXJSOA&amp;q&#61;https%3A%2F%2Fbiolinky.co%2Fcentrosabia&amp;v&#61;Z0U9KcpDRB8\" rel=\"nofollow\">https:\/\/biolinky.co\/centrosabia<\/a><\/p>\n<p><\/p>\n<p><a href=\"https:\/\/bit.ly\/CDV-juventudes-na-agroecologia\" rel=\"nofollow\">https:\/\/bit.ly\/CDV-juventudes-na-agroecologia<\/a><\/p>\n","protected":false},"featured_media":23131,"template":"","meta":{"_acf_changed":false,"ano":2023},"tema":[2519,2520,2513],"decada":[2502],"curadoria":[],"class_list":["post-16884","audio","type-audio","status-publish","has-post-thumbnail","hentry","tema-agroecologia","tema-juventude","tema-meio-ambiente","decada-2502"],"blocksy_meta":[],"acf":{"imagem_de_cobertura":""},"yoast_head":"<!-- This site is optimized with the Yoast SEO plugin v27.4 - https:\/\/yoast.com\/product\/yoast-seo-wordpress\/ -->\n<title>Juventudes t\u00eam vez na agroecologia? | Comida de Verdade - Centro de Desenvolvimento Agroecol\u00f3gico Sabi\u00e1<\/title>\n<meta name=\"robots\" content=\"index, follow, max-snippet:-1, max-image-preview:large, max-video-preview:-1\" \/>\n<link rel=\"canonical\" href=\"https:\/\/centrosabia.org.br\/en\/audio\/juventudes-tem-vez-na-agroecologia-comida-de-verdade\/\" \/>\n<meta property=\"og:locale\" content=\"en_US\" \/>\n<meta property=\"og:type\" content=\"article\" \/>\n<meta property=\"og:title\" content=\"Juventudes t\u00eam vez na agroecologia? | Comida de Verdade - Centro de Desenvolvimento Agroecol\u00f3gico Sabi\u00e1\" \/>\n<meta property=\"og:url\" content=\"https:\/\/centrosabia.org.br\/en\/audio\/juventudes-tem-vez-na-agroecologia-comida-de-verdade\/\" \/>\n<meta property=\"og:site_name\" content=\"Centro de Desenvolvimento Agroecol\u00f3gico Sabi\u00e1\" \/>\n<meta property=\"article:modified_time\" content=\"2024-08-03T17:48:35+00:00\" \/>\n<meta property=\"og:image\" content=\"https:\/\/centrosabia.org.br\/wp-content\/uploads\/2023\/08\/CDV_JUVENTUDESTEMVEZ_WIDE-1-300x169.png\" \/>\n\t<meta property=\"og:image:width\" content=\"300\" \/>\n\t<meta property=\"og:image:height\" content=\"169\" \/>\n\t<meta property=\"og:image:type\" content=\"image\/png\" \/>\n<meta name=\"twitter:card\" content=\"summary_large_image\" \/>\n<meta name=\"twitter:label1\" content=\"Est. reading time\" \/>\n\t<meta name=\"twitter:data1\" content=\"2 minutes\" \/>\n<script type=\"application\/ld+json\" class=\"yoast-schema-graph\">{\"@context\":\"https:\\\/\\\/schema.org\",\"@graph\":[{\"@type\":\"WebPage\",\"@id\":\"https:\\\/\\\/centrosabia.org.br\\\/en\\\/audio\\\/juventudes-tem-vez-na-agroecologia-comida-de-verdade\\\/\",\"url\":\"https:\\\/\\\/centrosabia.org.br\\\/en\\\/audio\\\/juventudes-tem-vez-na-agroecologia-comida-de-verdade\\\/\",\"name\":\"Juventudes t\u00eam vez na agroecologia? | Comida de Verdade - Centro de Desenvolvimento Agroecol\u00f3gico Sabi\u00e1\",\"isPartOf\":{\"@id\":\"https:\\\/\\\/centrosabia.org.br\\\/en\\\/#website\"},\"primaryImageOfPage\":{\"@id\":\"https:\\\/\\\/centrosabia.org.br\\\/en\\\/audio\\\/juventudes-tem-vez-na-agroecologia-comida-de-verdade\\\/#primaryimage\"},\"image\":{\"@id\":\"https:\\\/\\\/centrosabia.org.br\\\/en\\\/audio\\\/juventudes-tem-vez-na-agroecologia-comida-de-verdade\\\/#primaryimage\"},\"thumbnailUrl\":\"https:\\\/\\\/centrosabia.org.br\\\/wp-content\\\/uploads\\\/2023\\\/08\\\/CDV_JUVENTUDESTEMVEZ_WIDE-1.png\",\"datePublished\":\"2023-08-15T03:00:00+00:00\",\"dateModified\":\"2024-08-03T17:48:35+00:00\",\"breadcrumb\":{\"@id\":\"https:\\\/\\\/centrosabia.org.br\\\/en\\\/audio\\\/juventudes-tem-vez-na-agroecologia-comida-de-verdade\\\/#breadcrumb\"},\"inLanguage\":\"en-US\",\"potentialAction\":[{\"@type\":\"ReadAction\",\"target\":[\"https:\\\/\\\/centrosabia.org.br\\\/en\\\/audio\\\/juventudes-tem-vez-na-agroecologia-comida-de-verdade\\\/\"]}]},{\"@type\":\"ImageObject\",\"inLanguage\":\"en-US\",\"@id\":\"https:\\\/\\\/centrosabia.org.br\\\/en\\\/audio\\\/juventudes-tem-vez-na-agroecologia-comida-de-verdade\\\/#primaryimage\",\"url\":\"https:\\\/\\\/centrosabia.org.br\\\/wp-content\\\/uploads\\\/2023\\\/08\\\/CDV_JUVENTUDESTEMVEZ_WIDE-1.png\",\"contentUrl\":\"https:\\\/\\\/centrosabia.org.br\\\/wp-content\\\/uploads\\\/2023\\\/08\\\/CDV_JUVENTUDESTEMVEZ_WIDE-1.png\",\"width\":512,\"height\":288},{\"@type\":\"BreadcrumbList\",\"@id\":\"https:\\\/\\\/centrosabia.org.br\\\/en\\\/audio\\\/juventudes-tem-vez-na-agroecologia-comida-de-verdade\\\/#breadcrumb\",\"itemListElement\":[{\"@type\":\"ListItem\",\"position\":1,\"name\":\"In\u00edcio\",\"item\":\"https:\\\/\\\/centrosabia.org.br\\\/en\\\/\"},{\"@type\":\"ListItem\",\"position\":2,\"name\":\"\u00c1udios\",\"item\":\"https:\\\/\\\/centrosabia.org.br\\\/en\\\/audio\\\/\"},{\"@type\":\"ListItem\",\"position\":3,\"name\":\"Juventudes t\u00eam vez na agroecologia? | Comida de Verdade\"}]},{\"@type\":\"WebSite\",\"@id\":\"https:\\\/\\\/centrosabia.org.br\\\/en\\\/#website\",\"url\":\"https:\\\/\\\/centrosabia.org.br\\\/en\\\/\",\"name\":\"Centro de Desenvolvimento Agroecol\u00f3gico Sabi\u00e1\",\"description\":\"\",\"publisher\":{\"@id\":\"https:\\\/\\\/centrosabia.org.br\\\/en\\\/#organization\"},\"potentialAction\":[{\"@type\":\"SearchAction\",\"target\":{\"@type\":\"EntryPoint\",\"urlTemplate\":\"https:\\\/\\\/centrosabia.org.br\\\/en\\\/?s={search_term_string}\"},\"query-input\":{\"@type\":\"PropertyValueSpecification\",\"valueRequired\":true,\"valueName\":\"search_term_string\"}}],\"inLanguage\":\"en-US\"},{\"@type\":\"Organization\",\"@id\":\"https:\\\/\\\/centrosabia.org.br\\\/en\\\/#organization\",\"name\":\"Centro de Desenvolvimento Agroecol\u00f3gico Sabi\u00e1\",\"url\":\"https:\\\/\\\/centrosabia.org.br\\\/en\\\/\",\"logo\":{\"@type\":\"ImageObject\",\"inLanguage\":\"en-US\",\"@id\":\"https:\\\/\\\/centrosabia.org.br\\\/en\\\/#\\\/schema\\\/logo\\\/image\\\/\",\"url\":\"https:\\\/\\\/centrosabia.org.br\\\/wp-content\\\/uploads\\\/2021\\\/10\\\/logo.png\",\"contentUrl\":\"https:\\\/\\\/centrosabia.org.br\\\/wp-content\\\/uploads\\\/2021\\\/10\\\/logo.png\",\"width\":174,\"height\":84,\"caption\":\"Centro de Desenvolvimento Agroecol\u00f3gico Sabi\u00e1\"},\"image\":{\"@id\":\"https:\\\/\\\/centrosabia.org.br\\\/en\\\/#\\\/schema\\\/logo\\\/image\\\/\"}}]}<\/script>\n<!-- \/ Yoast SEO plugin. -->","yoast_head_json":{"title":"Juventudes t\u00eam vez na agroecologia? | Comida de Verdade - Centro de Desenvolvimento Agroecol\u00f3gico Sabi\u00e1","robots":{"index":"index","follow":"follow","max-snippet":"max-snippet:-1","max-image-preview":"max-image-preview:large","max-video-preview":"max-video-preview:-1"},"canonical":"https:\/\/centrosabia.org.br\/en\/audio\/juventudes-tem-vez-na-agroecologia-comida-de-verdade\/","og_locale":"en_US","og_type":"article","og_title":"Juventudes t\u00eam vez na agroecologia? | Comida de Verdade - Centro de Desenvolvimento Agroecol\u00f3gico Sabi\u00e1","og_url":"https:\/\/centrosabia.org.br\/en\/audio\/juventudes-tem-vez-na-agroecologia-comida-de-verdade\/","og_site_name":"Centro de Desenvolvimento Agroecol\u00f3gico Sabi\u00e1","article_modified_time":"2024-08-03T17:48:35+00:00","og_image":[{"width":300,"height":169,"url":"https:\/\/centrosabia.org.br\/wp-content\/uploads\/2023\/08\/CDV_JUVENTUDESTEMVEZ_WIDE-1-300x169.png","type":"image\/png"}],"twitter_card":"summary_large_image","twitter_misc":{"Est. reading time":"2 minutes"},"schema":{"@context":"https:\/\/schema.org","@graph":[{"@type":"WebPage","@id":"https:\/\/centrosabia.org.br\/en\/audio\/juventudes-tem-vez-na-agroecologia-comida-de-verdade\/","url":"https:\/\/centrosabia.org.br\/en\/audio\/juventudes-tem-vez-na-agroecologia-comida-de-verdade\/","name":"Juventudes t\u00eam vez na agroecologia? | Comida de Verdade - Centro de Desenvolvimento Agroecol\u00f3gico Sabi\u00e1","isPartOf":{"@id":"https:\/\/centrosabia.org.br\/en\/#website"},"primaryImageOfPage":{"@id":"https:\/\/centrosabia.org.br\/en\/audio\/juventudes-tem-vez-na-agroecologia-comida-de-verdade\/#primaryimage"},"image":{"@id":"https:\/\/centrosabia.org.br\/en\/audio\/juventudes-tem-vez-na-agroecologia-comida-de-verdade\/#primaryimage"},"thumbnailUrl":"https:\/\/centrosabia.org.br\/wp-content\/uploads\/2023\/08\/CDV_JUVENTUDESTEMVEZ_WIDE-1.png","datePublished":"2023-08-15T03:00:00+00:00","dateModified":"2024-08-03T17:48:35+00:00","breadcrumb":{"@id":"https:\/\/centrosabia.org.br\/en\/audio\/juventudes-tem-vez-na-agroecologia-comida-de-verdade\/#breadcrumb"},"inLanguage":"en-US","potentialAction":[{"@type":"ReadAction","target":["https:\/\/centrosabia.org.br\/en\/audio\/juventudes-tem-vez-na-agroecologia-comida-de-verdade\/"]}]},{"@type":"ImageObject","inLanguage":"en-US","@id":"https:\/\/centrosabia.org.br\/en\/audio\/juventudes-tem-vez-na-agroecologia-comida-de-verdade\/#primaryimage","url":"https:\/\/centrosabia.org.br\/wp-content\/uploads\/2023\/08\/CDV_JUVENTUDESTEMVEZ_WIDE-1.png","contentUrl":"https:\/\/centrosabia.org.br\/wp-content\/uploads\/2023\/08\/CDV_JUVENTUDESTEMVEZ_WIDE-1.png","width":512,"height":288},{"@type":"BreadcrumbList","@id":"https:\/\/centrosabia.org.br\/en\/audio\/juventudes-tem-vez-na-agroecologia-comida-de-verdade\/#breadcrumb","itemListElement":[{"@type":"ListItem","position":1,"name":"In\u00edcio","item":"https:\/\/centrosabia.org.br\/en\/"},{"@type":"ListItem","position":2,"name":"\u00c1udios","item":"https:\/\/centrosabia.org.br\/en\/audio\/"},{"@type":"ListItem","position":3,"name":"Juventudes t\u00eam vez na agroecologia? | Comida de Verdade"}]},{"@type":"WebSite","@id":"https:\/\/centrosabia.org.br\/en\/#website","url":"https:\/\/centrosabia.org.br\/en\/","name":"Centro de Desenvolvimento Agroecol\u00f3gico Sabi\u00e1","description":"","publisher":{"@id":"https:\/\/centrosabia.org.br\/en\/#organization"},"potentialAction":[{"@type":"SearchAction","target":{"@type":"EntryPoint","urlTemplate":"https:\/\/centrosabia.org.br\/en\/?s={search_term_string}"},"query-input":{"@type":"PropertyValueSpecification","valueRequired":true,"valueName":"search_term_string"}}],"inLanguage":"en-US"},{"@type":"Organization","@id":"https:\/\/centrosabia.org.br\/en\/#organization","name":"Centro de Desenvolvimento Agroecol\u00f3gico Sabi\u00e1","url":"https:\/\/centrosabia.org.br\/en\/","logo":{"@type":"ImageObject","inLanguage":"en-US","@id":"https:\/\/centrosabia.org.br\/en\/#\/schema\/logo\/image\/","url":"https:\/\/centrosabia.org.br\/wp-content\/uploads\/2021\/10\/logo.png","contentUrl":"https:\/\/centrosabia.org.br\/wp-content\/uploads\/2021\/10\/logo.png","width":174,"height":84,"caption":"Centro de Desenvolvimento Agroecol\u00f3gico Sabi\u00e1"},"image":{"@id":"https:\/\/centrosabia.org.br\/en\/#\/schema\/logo\/image\/"}}]}},"_links":{"self":[{"href":"https:\/\/centrosabia.org.br\/en\/wp-json\/wp\/v2\/audio\/16884","targetHints":{"allow":["GET"]}}],"collection":[{"href":"https:\/\/centrosabia.org.br\/en\/wp-json\/wp\/v2\/audio"}],"about":[{"href":"https:\/\/centrosabia.org.br\/en\/wp-json\/wp\/v2\/types\/audio"}],"wp:featuredmedia":[{"embeddable":true,"href":"https:\/\/centrosabia.org.br\/en\/wp-json\/wp\/v2\/media\/23131"}],"wp:attachment":[{"href":"https:\/\/centrosabia.org.br\/en\/wp-json\/wp\/v2\/media?parent=16884"}],"wp:term":[{"taxonomy":"tema","embeddable":true,"href":"https:\/\/centrosabia.org.br\/en\/wp-json\/wp\/v2\/tema?post=16884"},{"taxonomy":"decada","embeddable":true,"href":"https:\/\/centrosabia.org.br\/en\/wp-json\/wp\/v2\/decada?post=16884"},{"taxonomy":"curadoria","embeddable":true,"href":"https:\/\/centrosabia.org.br\/en\/wp-json\/wp\/v2\/curadoria?post=16884"}],"curies":[{"name":"wp","href":"https:\/\/api.w.org\/{rel}","templated":true}]}}