{"id":16900,"date":"2023-08-01T00:00:00","date_gmt":"2023-08-01T03:00:00","guid":{"rendered":"https:\/\/centrosabia.org.br\/audio\/pachamama-quem-protege-a-guardia-comida-de-verdade\/"},"modified":"2024-08-03T14:53:01","modified_gmt":"2024-08-03T17:53:01","slug":"pachamama-quem-protege-a-guardia-comida-de-verdade","status":"publish","type":"audio","link":"https:\/\/centrosabia.org.br\/en\/audio\/pachamama-quem-protege-a-guardia-comida-de-verdade\/","title":{"rendered":"Pachamama: Quem protege a guardi\u00e3? | Comida de Verdade"},"content":{"rendered":"<p>O Comida de Verdade est\u00e1 no ar, e a nossa conversa nos leva a uma discuss\u00e3o que \u00e9 ao mesmo tempo de\u00a0cren\u00e7a, de defesa da natureza e conviv\u00eancia com a terra!\u00a0&#x1f30d;\u2764\ufe0f Falamos do\u00a0Dia de Pachamama;\u00a0quem protege a nossa guardi\u00e3 terra?\u00a0O Dia de Pachamama, 1 de agosto, abre as discuss\u00f5es da defesa da natureza, do natural, da coexist\u00eancia e conviv\u00eancia com a terra. &#x1f4c5;&#x1f91d;<\/p>\n<p><\/p>\n<p>\u231b Entender a conviv\u00eancia com a terra e o nosso papel em defend\u00ea-la \u00e9 essencial, em tempos que as mudan\u00e7as clim\u00e1ticas afetam mais e mais a vida, o equil\u00edbrio natural e o bem-viver de fauna e flora; \u00e9 necess\u00e1rio entender que &#8211; a forma que tratamos a terra &#8211; reverbera de volta para n\u00f3s. Pensando nisso,\u00a0como proteger a m\u00e3e-terra?\u00a0&#x1f30d;&#x1f3f3;\ufe0f \u00c9 preciso aprender a\u00a0conviver\u00a0com o natural, combater o veneno e frear a destrui\u00e7\u00e3o! &#x1f525;<\/p>\n<p><\/p>\n<p>&#x1f4a1;Para conversar sobre tudo isso &#8211; espiritualidade, natureza, e muito mais, que conversamos hoje com\u00a0Edimar Taroni!\u00a0Edimar \u00e9 terapeuta xam\u00e2nico e ayurv\u00e9dico. H\u00e1 mais de 30 anos estuda a espiritualidade e a psicologia humana e h\u00e1 mais de 20 anos vem servindo plantas de poder em contexto cerimonial. Desde 2016 facilita encontros terap\u00eauticos, sist\u00eamicos e espirituais no &#34;Instituto \u00c1guia Dourada&#34;, em Pernambuco. &#x1f985;<\/p>\n<p><\/p>\n<p><\/p>\n<p><\/p>\n<p>&#x1f54a; Fa\u00e7a parte da mudan\u00e7a!\u00a0<a href=\"https:\/\/centrosabia.colabore.org\/doe-transforme\/single_step\" rel=\"nofollow\">Doe.<\/a><\/p>\n<p><\/p>\n<p><a href=\"https:\/\/centrosabia.org.br\/comidadeverdade\/\" rel=\"nofollow\">https:\/\/centrosabia.org.br\/comidadeverdade\/<\/a><\/p>\n<p><\/p>\n<p>Acompanhe o\u00a0Centro Sabi\u00e1! &#x1f4cc;<\/p>\n<p><\/p>\n<p><a href=\"https:\/\/biolinky.co\/centrosabia\" rel=\"nofollow\">https:\/\/biolinky.co\/centrosabia<\/a><\/p>\n<p><\/p>\n<p><\/p>\n","protected":false},"featured_media":23137,"template":"","meta":{"_acf_changed":false,"ano":2023},"tema":[2513,2539,2534],"decada":[2502],"curadoria":[],"class_list":["post-16900","audio","type-audio","status-publish","has-post-thumbnail","hentry","tema-meio-ambiente","tema-mudancas-climaticas","tema-seguranca-alimentar","decada-2502"],"blocksy_meta":[],"acf":{"imagem_de_cobertura":""},"yoast_head":"<!-- This site is optimized with the Yoast SEO plugin v27.4 - https:\/\/yoast.com\/product\/yoast-seo-wordpress\/ -->\n<title>Pachamama: Quem protege a guardi\u00e3? | Comida de Verdade - Centro de Desenvolvimento Agroecol\u00f3gico Sabi\u00e1<\/title>\n<meta name=\"robots\" content=\"index, follow, max-snippet:-1, max-image-preview:large, max-video-preview:-1\" \/>\n<link rel=\"canonical\" href=\"https:\/\/centrosabia.org.br\/en\/audio\/pachamama-quem-protege-a-guardia-comida-de-verdade\/\" \/>\n<meta property=\"og:locale\" content=\"en_US\" \/>\n<meta property=\"og:type\" content=\"article\" \/>\n<meta property=\"og:title\" content=\"Pachamama: Quem protege a guardi\u00e3? | Comida de Verdade - Centro de Desenvolvimento Agroecol\u00f3gico Sabi\u00e1\" \/>\n<meta property=\"og:url\" content=\"https:\/\/centrosabia.org.br\/en\/audio\/pachamama-quem-protege-a-guardia-comida-de-verdade\/\" \/>\n<meta property=\"og:site_name\" content=\"Centro de Desenvolvimento Agroecol\u00f3gico Sabi\u00e1\" \/>\n<meta property=\"article:modified_time\" content=\"2024-08-03T17:53:01+00:00\" \/>\n<meta property=\"og:image\" content=\"https:\/\/centrosabia.org.br\/wp-content\/uploads\/2023\/08\/CDV_PACHAMAMA_WIDE-1-300x169.png\" \/>\n\t<meta property=\"og:image:width\" content=\"300\" \/>\n\t<meta property=\"og:image:height\" content=\"169\" \/>\n\t<meta property=\"og:image:type\" content=\"image\/png\" \/>\n<meta name=\"twitter:card\" content=\"summary_large_image\" \/>\n<meta name=\"twitter:label1\" content=\"Est. reading time\" \/>\n\t<meta name=\"twitter:data1\" content=\"2 minutes\" \/>\n<script type=\"application\/ld+json\" class=\"yoast-schema-graph\">{\"@context\":\"https:\\\/\\\/schema.org\",\"@graph\":[{\"@type\":\"WebPage\",\"@id\":\"https:\\\/\\\/centrosabia.org.br\\\/en\\\/audio\\\/pachamama-quem-protege-a-guardia-comida-de-verdade\\\/\",\"url\":\"https:\\\/\\\/centrosabia.org.br\\\/en\\\/audio\\\/pachamama-quem-protege-a-guardia-comida-de-verdade\\\/\",\"name\":\"Pachamama: Quem protege a guardi\u00e3? | Comida de Verdade - Centro de Desenvolvimento Agroecol\u00f3gico Sabi\u00e1\",\"isPartOf\":{\"@id\":\"https:\\\/\\\/centrosabia.org.br\\\/en\\\/#website\"},\"primaryImageOfPage\":{\"@id\":\"https:\\\/\\\/centrosabia.org.br\\\/en\\\/audio\\\/pachamama-quem-protege-a-guardia-comida-de-verdade\\\/#primaryimage\"},\"image\":{\"@id\":\"https:\\\/\\\/centrosabia.org.br\\\/en\\\/audio\\\/pachamama-quem-protege-a-guardia-comida-de-verdade\\\/#primaryimage\"},\"thumbnailUrl\":\"https:\\\/\\\/centrosabia.org.br\\\/wp-content\\\/uploads\\\/2023\\\/08\\\/CDV_PACHAMAMA_WIDE-1.png\",\"datePublished\":\"2023-08-01T03:00:00+00:00\",\"dateModified\":\"2024-08-03T17:53:01+00:00\",\"breadcrumb\":{\"@id\":\"https:\\\/\\\/centrosabia.org.br\\\/en\\\/audio\\\/pachamama-quem-protege-a-guardia-comida-de-verdade\\\/#breadcrumb\"},\"inLanguage\":\"en-US\",\"potentialAction\":[{\"@type\":\"ReadAction\",\"target\":[\"https:\\\/\\\/centrosabia.org.br\\\/en\\\/audio\\\/pachamama-quem-protege-a-guardia-comida-de-verdade\\\/\"]}]},{\"@type\":\"ImageObject\",\"inLanguage\":\"en-US\",\"@id\":\"https:\\\/\\\/centrosabia.org.br\\\/en\\\/audio\\\/pachamama-quem-protege-a-guardia-comida-de-verdade\\\/#primaryimage\",\"url\":\"https:\\\/\\\/centrosabia.org.br\\\/wp-content\\\/uploads\\\/2023\\\/08\\\/CDV_PACHAMAMA_WIDE-1.png\",\"contentUrl\":\"https:\\\/\\\/centrosabia.org.br\\\/wp-content\\\/uploads\\\/2023\\\/08\\\/CDV_PACHAMAMA_WIDE-1.png\",\"width\":512,\"height\":288},{\"@type\":\"BreadcrumbList\",\"@id\":\"https:\\\/\\\/centrosabia.org.br\\\/en\\\/audio\\\/pachamama-quem-protege-a-guardia-comida-de-verdade\\\/#breadcrumb\",\"itemListElement\":[{\"@type\":\"ListItem\",\"position\":1,\"name\":\"In\u00edcio\",\"item\":\"https:\\\/\\\/centrosabia.org.br\\\/en\\\/\"},{\"@type\":\"ListItem\",\"position\":2,\"name\":\"\u00c1udios\",\"item\":\"https:\\\/\\\/centrosabia.org.br\\\/en\\\/audio\\\/\"},{\"@type\":\"ListItem\",\"position\":3,\"name\":\"Pachamama: Quem protege a guardi\u00e3? | Comida de Verdade\"}]},{\"@type\":\"WebSite\",\"@id\":\"https:\\\/\\\/centrosabia.org.br\\\/en\\\/#website\",\"url\":\"https:\\\/\\\/centrosabia.org.br\\\/en\\\/\",\"name\":\"Centro de Desenvolvimento Agroecol\u00f3gico Sabi\u00e1\",\"description\":\"\",\"publisher\":{\"@id\":\"https:\\\/\\\/centrosabia.org.br\\\/en\\\/#organization\"},\"potentialAction\":[{\"@type\":\"SearchAction\",\"target\":{\"@type\":\"EntryPoint\",\"urlTemplate\":\"https:\\\/\\\/centrosabia.org.br\\\/en\\\/?s={search_term_string}\"},\"query-input\":{\"@type\":\"PropertyValueSpecification\",\"valueRequired\":true,\"valueName\":\"search_term_string\"}}],\"inLanguage\":\"en-US\"},{\"@type\":\"Organization\",\"@id\":\"https:\\\/\\\/centrosabia.org.br\\\/en\\\/#organization\",\"name\":\"Centro de Desenvolvimento Agroecol\u00f3gico Sabi\u00e1\",\"url\":\"https:\\\/\\\/centrosabia.org.br\\\/en\\\/\",\"logo\":{\"@type\":\"ImageObject\",\"inLanguage\":\"en-US\",\"@id\":\"https:\\\/\\\/centrosabia.org.br\\\/en\\\/#\\\/schema\\\/logo\\\/image\\\/\",\"url\":\"https:\\\/\\\/centrosabia.org.br\\\/wp-content\\\/uploads\\\/2021\\\/10\\\/logo.png\",\"contentUrl\":\"https:\\\/\\\/centrosabia.org.br\\\/wp-content\\\/uploads\\\/2021\\\/10\\\/logo.png\",\"width\":174,\"height\":84,\"caption\":\"Centro de Desenvolvimento Agroecol\u00f3gico Sabi\u00e1\"},\"image\":{\"@id\":\"https:\\\/\\\/centrosabia.org.br\\\/en\\\/#\\\/schema\\\/logo\\\/image\\\/\"}}]}<\/script>\n<!-- \/ Yoast SEO plugin. -->","yoast_head_json":{"title":"Pachamama: Quem protege a guardi\u00e3? | Comida de Verdade - Centro de Desenvolvimento Agroecol\u00f3gico Sabi\u00e1","robots":{"index":"index","follow":"follow","max-snippet":"max-snippet:-1","max-image-preview":"max-image-preview:large","max-video-preview":"max-video-preview:-1"},"canonical":"https:\/\/centrosabia.org.br\/en\/audio\/pachamama-quem-protege-a-guardia-comida-de-verdade\/","og_locale":"en_US","og_type":"article","og_title":"Pachamama: Quem protege a guardi\u00e3? | Comida de Verdade - Centro de Desenvolvimento Agroecol\u00f3gico Sabi\u00e1","og_url":"https:\/\/centrosabia.org.br\/en\/audio\/pachamama-quem-protege-a-guardia-comida-de-verdade\/","og_site_name":"Centro de Desenvolvimento Agroecol\u00f3gico Sabi\u00e1","article_modified_time":"2024-08-03T17:53:01+00:00","og_image":[{"width":300,"height":169,"url":"https:\/\/centrosabia.org.br\/wp-content\/uploads\/2023\/08\/CDV_PACHAMAMA_WIDE-1-300x169.png","type":"image\/png"}],"twitter_card":"summary_large_image","twitter_misc":{"Est. reading time":"2 minutes"},"schema":{"@context":"https:\/\/schema.org","@graph":[{"@type":"WebPage","@id":"https:\/\/centrosabia.org.br\/en\/audio\/pachamama-quem-protege-a-guardia-comida-de-verdade\/","url":"https:\/\/centrosabia.org.br\/en\/audio\/pachamama-quem-protege-a-guardia-comida-de-verdade\/","name":"Pachamama: Quem protege a guardi\u00e3? | Comida de Verdade - Centro de Desenvolvimento Agroecol\u00f3gico Sabi\u00e1","isPartOf":{"@id":"https:\/\/centrosabia.org.br\/en\/#website"},"primaryImageOfPage":{"@id":"https:\/\/centrosabia.org.br\/en\/audio\/pachamama-quem-protege-a-guardia-comida-de-verdade\/#primaryimage"},"image":{"@id":"https:\/\/centrosabia.org.br\/en\/audio\/pachamama-quem-protege-a-guardia-comida-de-verdade\/#primaryimage"},"thumbnailUrl":"https:\/\/centrosabia.org.br\/wp-content\/uploads\/2023\/08\/CDV_PACHAMAMA_WIDE-1.png","datePublished":"2023-08-01T03:00:00+00:00","dateModified":"2024-08-03T17:53:01+00:00","breadcrumb":{"@id":"https:\/\/centrosabia.org.br\/en\/audio\/pachamama-quem-protege-a-guardia-comida-de-verdade\/#breadcrumb"},"inLanguage":"en-US","potentialAction":[{"@type":"ReadAction","target":["https:\/\/centrosabia.org.br\/en\/audio\/pachamama-quem-protege-a-guardia-comida-de-verdade\/"]}]},{"@type":"ImageObject","inLanguage":"en-US","@id":"https:\/\/centrosabia.org.br\/en\/audio\/pachamama-quem-protege-a-guardia-comida-de-verdade\/#primaryimage","url":"https:\/\/centrosabia.org.br\/wp-content\/uploads\/2023\/08\/CDV_PACHAMAMA_WIDE-1.png","contentUrl":"https:\/\/centrosabia.org.br\/wp-content\/uploads\/2023\/08\/CDV_PACHAMAMA_WIDE-1.png","width":512,"height":288},{"@type":"BreadcrumbList","@id":"https:\/\/centrosabia.org.br\/en\/audio\/pachamama-quem-protege-a-guardia-comida-de-verdade\/#breadcrumb","itemListElement":[{"@type":"ListItem","position":1,"name":"In\u00edcio","item":"https:\/\/centrosabia.org.br\/en\/"},{"@type":"ListItem","position":2,"name":"\u00c1udios","item":"https:\/\/centrosabia.org.br\/en\/audio\/"},{"@type":"ListItem","position":3,"name":"Pachamama: Quem protege a guardi\u00e3? | Comida de Verdade"}]},{"@type":"WebSite","@id":"https:\/\/centrosabia.org.br\/en\/#website","url":"https:\/\/centrosabia.org.br\/en\/","name":"Centro de Desenvolvimento Agroecol\u00f3gico Sabi\u00e1","description":"","publisher":{"@id":"https:\/\/centrosabia.org.br\/en\/#organization"},"potentialAction":[{"@type":"SearchAction","target":{"@type":"EntryPoint","urlTemplate":"https:\/\/centrosabia.org.br\/en\/?s={search_term_string}"},"query-input":{"@type":"PropertyValueSpecification","valueRequired":true,"valueName":"search_term_string"}}],"inLanguage":"en-US"},{"@type":"Organization","@id":"https:\/\/centrosabia.org.br\/en\/#organization","name":"Centro de Desenvolvimento Agroecol\u00f3gico Sabi\u00e1","url":"https:\/\/centrosabia.org.br\/en\/","logo":{"@type":"ImageObject","inLanguage":"en-US","@id":"https:\/\/centrosabia.org.br\/en\/#\/schema\/logo\/image\/","url":"https:\/\/centrosabia.org.br\/wp-content\/uploads\/2021\/10\/logo.png","contentUrl":"https:\/\/centrosabia.org.br\/wp-content\/uploads\/2021\/10\/logo.png","width":174,"height":84,"caption":"Centro de Desenvolvimento Agroecol\u00f3gico Sabi\u00e1"},"image":{"@id":"https:\/\/centrosabia.org.br\/en\/#\/schema\/logo\/image\/"}}]}},"_links":{"self":[{"href":"https:\/\/centrosabia.org.br\/en\/wp-json\/wp\/v2\/audio\/16900","targetHints":{"allow":["GET"]}}],"collection":[{"href":"https:\/\/centrosabia.org.br\/en\/wp-json\/wp\/v2\/audio"}],"about":[{"href":"https:\/\/centrosabia.org.br\/en\/wp-json\/wp\/v2\/types\/audio"}],"wp:featuredmedia":[{"embeddable":true,"href":"https:\/\/centrosabia.org.br\/en\/wp-json\/wp\/v2\/media\/23137"}],"wp:attachment":[{"href":"https:\/\/centrosabia.org.br\/en\/wp-json\/wp\/v2\/media?parent=16900"}],"wp:term":[{"taxonomy":"tema","embeddable":true,"href":"https:\/\/centrosabia.org.br\/en\/wp-json\/wp\/v2\/tema?post=16900"},{"taxonomy":"decada","embeddable":true,"href":"https:\/\/centrosabia.org.br\/en\/wp-json\/wp\/v2\/decada?post=16900"},{"taxonomy":"curadoria","embeddable":true,"href":"https:\/\/centrosabia.org.br\/en\/wp-json\/wp\/v2\/curadoria?post=16900"}],"curies":[{"name":"wp","href":"https:\/\/api.w.org\/{rel}","templated":true}]}}