{"id":16912,"date":"2023-07-18T00:00:00","date_gmt":"2023-07-18T03:00:00","guid":{"rendered":"https:\/\/centrosabia.org.br\/audio\/chuvas-e-a-devastacao-problema-ambiental-ou-politico-comida-de-verdade\/"},"modified":"2024-08-03T14:58:05","modified_gmt":"2024-08-03T17:58:05","slug":"chuvas-e-a-devastacao-problema-ambiental-ou-politico-comida-de-verdade","status":"publish","type":"audio","link":"https:\/\/centrosabia.org.br\/en\/audio\/chuvas-e-a-devastacao-problema-ambiental-ou-politico-comida-de-verdade\/","title":{"rendered":"Chuvas e a devasta\u00e7\u00e3o: Problema ambiental ou pol\u00edtico? | Comida de Verdade"},"content":{"rendered":"<p>&#x1f3a7; O programa Comida de Verdade est\u00e1 no ar! E hoje a gente vem falar &#8211; n\u00e3o sobre comida de verdade, nem agroecologia; mas sobre algo que faz parte da luta ambiental! &#x1f331; Nos meses em que enfrentamos chuvas cont\u00ednuas, fortes e que causam grande destrui\u00e7\u00e3o no recife e regi\u00e3o metropolitana, precisamos falar sobre racismo ambiental, injusti\u00e7a clim\u00e1tica, e sobre a devasta\u00e7\u00e3o causada pelas chuvas: afinal, um problema ambiental ou pol\u00edtico?\u00a0&#x1f3e8;\u26c8<\/p>\n<p><\/p>\n<p>Em 2022 vimos verdadeiras cat\u00e1strofes, mortes e muita destrui\u00e7\u00e3o no tempo da chuva, no Recife e na regi\u00e3o metropolitana. \u201cUma Trag\u00e9dia Anunciada\u201d, como avisa o dossi\u00ea popular sobre a neglig\u00eancia do poder p\u00fablico e os impactos das chuvas no Recife e RMR. &#x1f327;\u2620 O dossi\u00ea denuncia a falta de a\u00e7\u00e3o, e tamb\u00e9m aponta solu\u00e7\u00f5es urgentes, para problemas t\u00e3o antigos, que s\u00f3 se aprofundam ano ap\u00f3s ano, e \u00e9 formado por diversas organiza\u00e7\u00f5es sociais, e populares. E \u00e9 justamente para falar das chuvas, das destrui\u00e7\u00f5es e tamb\u00e9m do dossi\u00ea, que convidamos ao Comida de Verdade, Mohema Rolim!\u00a0&#x1f3a4;&#x1f469;&#x1f3fb;\u200d&#x1f3eb;<\/p>\n<p><\/p>\n<p>Mohema \u00e9 arquiteta urbanista, MBA em gerenciamento de projetos. Desde 2015 na equipe da Habitat Brasil, na fun\u00e7\u00e3o de gerente de programas, respons\u00e1vel pela execu\u00e7\u00e3o de projetos sociais, construtivos, de capacita\u00e7\u00e3o e sensibiliza\u00e7\u00e3o em territ\u00f3rios populares vulnerabilizados, pelo direito \u00e0 moradia digna. E atualmente integra a co-presid\u00eancia do IAB-PE.\u00a0 Ativista pelo direito \u00e0 cidade e pela visibilidade LGBTQIAPN&#43;!<\/p>\n<p><\/p>\n<p><\/p>\n<p><\/p>\n<p>&#x1f54a; Fa\u00e7a parte da mudan\u00e7a!\u00a0<a href=\"https:\/\/centrosabia.colabore.org\/doe-transforme\/single_step\" rel=\"nofollow\">Doe.<\/a><\/p>\n<p><\/p>\n<p><a href=\"https:\/\/centrosabia.org.br\/comidadeverdade\/\" rel=\"nofollow\">https:\/\/centrosabia.org.br\/comidadeverdade\/<\/a><\/p>\n<p><\/p>\n<p>Acompanhe o\u00a0Centro Sabi\u00e1! &#x1f4cc;<\/p>\n<p><\/p>\n<p><a href=\"https:\/\/biolinky.co\/centrosabia\" rel=\"nofollow\">https:\/\/biolinky.co\/centrosabia<\/a><\/p>\n","protected":false},"featured_media":23146,"template":"","meta":{"_acf_changed":false,"ano":2023},"tema":[2538,2539,2509],"decada":[2502],"curadoria":[],"class_list":["post-16912","audio","type-audio","status-publish","has-post-thumbnail","hentry","tema-agua","tema-mudancas-climaticas","tema-politica","decada-2502"],"blocksy_meta":[],"acf":{"imagem_de_cobertura":""},"yoast_head":"<!-- This site is optimized with the Yoast SEO plugin v27.4 - https:\/\/yoast.com\/product\/yoast-seo-wordpress\/ -->\n<title>Chuvas e a devasta\u00e7\u00e3o: Problema ambiental ou pol\u00edtico? | Comida de Verdade - Centro de Desenvolvimento Agroecol\u00f3gico Sabi\u00e1<\/title>\n<meta name=\"robots\" content=\"index, follow, max-snippet:-1, max-image-preview:large, max-video-preview:-1\" \/>\n<link rel=\"canonical\" href=\"https:\/\/centrosabia.org.br\/en\/audio\/chuvas-e-a-devastacao-problema-ambiental-ou-politico-comida-de-verdade\/\" \/>\n<meta property=\"og:locale\" content=\"en_US\" \/>\n<meta property=\"og:type\" content=\"article\" \/>\n<meta property=\"og:title\" content=\"Chuvas e a devasta\u00e7\u00e3o: Problema ambiental ou pol\u00edtico? | Comida de Verdade - Centro de Desenvolvimento Agroecol\u00f3gico Sabi\u00e1\" \/>\n<meta property=\"og:url\" content=\"https:\/\/centrosabia.org.br\/en\/audio\/chuvas-e-a-devastacao-problema-ambiental-ou-politico-comida-de-verdade\/\" \/>\n<meta property=\"og:site_name\" content=\"Centro de Desenvolvimento Agroecol\u00f3gico Sabi\u00e1\" \/>\n<meta property=\"article:modified_time\" content=\"2024-08-03T17:58:05+00:00\" \/>\n<meta property=\"og:image\" content=\"https:\/\/centrosabia.org.br\/wp-content\/uploads\/2023\/07\/CDV_CHUVAS_WIDE-1-300x169.png\" \/>\n\t<meta property=\"og:image:width\" content=\"300\" \/>\n\t<meta property=\"og:image:height\" content=\"169\" \/>\n\t<meta property=\"og:image:type\" content=\"image\/png\" \/>\n<meta name=\"twitter:card\" content=\"summary_large_image\" \/>\n<meta name=\"twitter:label1\" content=\"Est. reading time\" \/>\n\t<meta name=\"twitter:data1\" content=\"2 minutes\" \/>\n<script type=\"application\/ld+json\" class=\"yoast-schema-graph\">{\"@context\":\"https:\\\/\\\/schema.org\",\"@graph\":[{\"@type\":\"WebPage\",\"@id\":\"https:\\\/\\\/centrosabia.org.br\\\/en\\\/audio\\\/chuvas-e-a-devastacao-problema-ambiental-ou-politico-comida-de-verdade\\\/\",\"url\":\"https:\\\/\\\/centrosabia.org.br\\\/en\\\/audio\\\/chuvas-e-a-devastacao-problema-ambiental-ou-politico-comida-de-verdade\\\/\",\"name\":\"Chuvas e a devasta\u00e7\u00e3o: Problema ambiental ou pol\u00edtico? | Comida de Verdade - Centro de Desenvolvimento Agroecol\u00f3gico Sabi\u00e1\",\"isPartOf\":{\"@id\":\"https:\\\/\\\/centrosabia.org.br\\\/en\\\/#website\"},\"primaryImageOfPage\":{\"@id\":\"https:\\\/\\\/centrosabia.org.br\\\/en\\\/audio\\\/chuvas-e-a-devastacao-problema-ambiental-ou-politico-comida-de-verdade\\\/#primaryimage\"},\"image\":{\"@id\":\"https:\\\/\\\/centrosabia.org.br\\\/en\\\/audio\\\/chuvas-e-a-devastacao-problema-ambiental-ou-politico-comida-de-verdade\\\/#primaryimage\"},\"thumbnailUrl\":\"https:\\\/\\\/centrosabia.org.br\\\/wp-content\\\/uploads\\\/2023\\\/07\\\/CDV_CHUVAS_WIDE-1.png\",\"datePublished\":\"2023-07-18T03:00:00+00:00\",\"dateModified\":\"2024-08-03T17:58:05+00:00\",\"breadcrumb\":{\"@id\":\"https:\\\/\\\/centrosabia.org.br\\\/en\\\/audio\\\/chuvas-e-a-devastacao-problema-ambiental-ou-politico-comida-de-verdade\\\/#breadcrumb\"},\"inLanguage\":\"en-US\",\"potentialAction\":[{\"@type\":\"ReadAction\",\"target\":[\"https:\\\/\\\/centrosabia.org.br\\\/en\\\/audio\\\/chuvas-e-a-devastacao-problema-ambiental-ou-politico-comida-de-verdade\\\/\"]}]},{\"@type\":\"ImageObject\",\"inLanguage\":\"en-US\",\"@id\":\"https:\\\/\\\/centrosabia.org.br\\\/en\\\/audio\\\/chuvas-e-a-devastacao-problema-ambiental-ou-politico-comida-de-verdade\\\/#primaryimage\",\"url\":\"https:\\\/\\\/centrosabia.org.br\\\/wp-content\\\/uploads\\\/2023\\\/07\\\/CDV_CHUVAS_WIDE-1.png\",\"contentUrl\":\"https:\\\/\\\/centrosabia.org.br\\\/wp-content\\\/uploads\\\/2023\\\/07\\\/CDV_CHUVAS_WIDE-1.png\",\"width\":512,\"height\":288},{\"@type\":\"BreadcrumbList\",\"@id\":\"https:\\\/\\\/centrosabia.org.br\\\/en\\\/audio\\\/chuvas-e-a-devastacao-problema-ambiental-ou-politico-comida-de-verdade\\\/#breadcrumb\",\"itemListElement\":[{\"@type\":\"ListItem\",\"position\":1,\"name\":\"In\u00edcio\",\"item\":\"https:\\\/\\\/centrosabia.org.br\\\/en\\\/\"},{\"@type\":\"ListItem\",\"position\":2,\"name\":\"\u00c1udios\",\"item\":\"https:\\\/\\\/centrosabia.org.br\\\/en\\\/audio\\\/\"},{\"@type\":\"ListItem\",\"position\":3,\"name\":\"Chuvas e a devasta\u00e7\u00e3o: Problema ambiental ou pol\u00edtico? | Comida de Verdade\"}]},{\"@type\":\"WebSite\",\"@id\":\"https:\\\/\\\/centrosabia.org.br\\\/en\\\/#website\",\"url\":\"https:\\\/\\\/centrosabia.org.br\\\/en\\\/\",\"name\":\"Centro de Desenvolvimento Agroecol\u00f3gico Sabi\u00e1\",\"description\":\"\",\"publisher\":{\"@id\":\"https:\\\/\\\/centrosabia.org.br\\\/en\\\/#organization\"},\"potentialAction\":[{\"@type\":\"SearchAction\",\"target\":{\"@type\":\"EntryPoint\",\"urlTemplate\":\"https:\\\/\\\/centrosabia.org.br\\\/en\\\/?s={search_term_string}\"},\"query-input\":{\"@type\":\"PropertyValueSpecification\",\"valueRequired\":true,\"valueName\":\"search_term_string\"}}],\"inLanguage\":\"en-US\"},{\"@type\":\"Organization\",\"@id\":\"https:\\\/\\\/centrosabia.org.br\\\/en\\\/#organization\",\"name\":\"Centro de Desenvolvimento Agroecol\u00f3gico Sabi\u00e1\",\"url\":\"https:\\\/\\\/centrosabia.org.br\\\/en\\\/\",\"logo\":{\"@type\":\"ImageObject\",\"inLanguage\":\"en-US\",\"@id\":\"https:\\\/\\\/centrosabia.org.br\\\/en\\\/#\\\/schema\\\/logo\\\/image\\\/\",\"url\":\"https:\\\/\\\/centrosabia.org.br\\\/wp-content\\\/uploads\\\/2021\\\/10\\\/logo.png\",\"contentUrl\":\"https:\\\/\\\/centrosabia.org.br\\\/wp-content\\\/uploads\\\/2021\\\/10\\\/logo.png\",\"width\":174,\"height\":84,\"caption\":\"Centro de Desenvolvimento Agroecol\u00f3gico Sabi\u00e1\"},\"image\":{\"@id\":\"https:\\\/\\\/centrosabia.org.br\\\/en\\\/#\\\/schema\\\/logo\\\/image\\\/\"}}]}<\/script>\n<!-- \/ Yoast SEO plugin. -->","yoast_head_json":{"title":"Chuvas e a devasta\u00e7\u00e3o: Problema ambiental ou pol\u00edtico? | Comida de Verdade - Centro de Desenvolvimento Agroecol\u00f3gico Sabi\u00e1","robots":{"index":"index","follow":"follow","max-snippet":"max-snippet:-1","max-image-preview":"max-image-preview:large","max-video-preview":"max-video-preview:-1"},"canonical":"https:\/\/centrosabia.org.br\/en\/audio\/chuvas-e-a-devastacao-problema-ambiental-ou-politico-comida-de-verdade\/","og_locale":"en_US","og_type":"article","og_title":"Chuvas e a devasta\u00e7\u00e3o: Problema ambiental ou pol\u00edtico? | Comida de Verdade - Centro de Desenvolvimento Agroecol\u00f3gico Sabi\u00e1","og_url":"https:\/\/centrosabia.org.br\/en\/audio\/chuvas-e-a-devastacao-problema-ambiental-ou-politico-comida-de-verdade\/","og_site_name":"Centro de Desenvolvimento Agroecol\u00f3gico Sabi\u00e1","article_modified_time":"2024-08-03T17:58:05+00:00","og_image":[{"width":300,"height":169,"url":"https:\/\/centrosabia.org.br\/wp-content\/uploads\/2023\/07\/CDV_CHUVAS_WIDE-1-300x169.png","type":"image\/png"}],"twitter_card":"summary_large_image","twitter_misc":{"Est. reading time":"2 minutes"},"schema":{"@context":"https:\/\/schema.org","@graph":[{"@type":"WebPage","@id":"https:\/\/centrosabia.org.br\/en\/audio\/chuvas-e-a-devastacao-problema-ambiental-ou-politico-comida-de-verdade\/","url":"https:\/\/centrosabia.org.br\/en\/audio\/chuvas-e-a-devastacao-problema-ambiental-ou-politico-comida-de-verdade\/","name":"Chuvas e a devasta\u00e7\u00e3o: Problema ambiental ou pol\u00edtico? | Comida de Verdade - Centro de Desenvolvimento Agroecol\u00f3gico Sabi\u00e1","isPartOf":{"@id":"https:\/\/centrosabia.org.br\/en\/#website"},"primaryImageOfPage":{"@id":"https:\/\/centrosabia.org.br\/en\/audio\/chuvas-e-a-devastacao-problema-ambiental-ou-politico-comida-de-verdade\/#primaryimage"},"image":{"@id":"https:\/\/centrosabia.org.br\/en\/audio\/chuvas-e-a-devastacao-problema-ambiental-ou-politico-comida-de-verdade\/#primaryimage"},"thumbnailUrl":"https:\/\/centrosabia.org.br\/wp-content\/uploads\/2023\/07\/CDV_CHUVAS_WIDE-1.png","datePublished":"2023-07-18T03:00:00+00:00","dateModified":"2024-08-03T17:58:05+00:00","breadcrumb":{"@id":"https:\/\/centrosabia.org.br\/en\/audio\/chuvas-e-a-devastacao-problema-ambiental-ou-politico-comida-de-verdade\/#breadcrumb"},"inLanguage":"en-US","potentialAction":[{"@type":"ReadAction","target":["https:\/\/centrosabia.org.br\/en\/audio\/chuvas-e-a-devastacao-problema-ambiental-ou-politico-comida-de-verdade\/"]}]},{"@type":"ImageObject","inLanguage":"en-US","@id":"https:\/\/centrosabia.org.br\/en\/audio\/chuvas-e-a-devastacao-problema-ambiental-ou-politico-comida-de-verdade\/#primaryimage","url":"https:\/\/centrosabia.org.br\/wp-content\/uploads\/2023\/07\/CDV_CHUVAS_WIDE-1.png","contentUrl":"https:\/\/centrosabia.org.br\/wp-content\/uploads\/2023\/07\/CDV_CHUVAS_WIDE-1.png","width":512,"height":288},{"@type":"BreadcrumbList","@id":"https:\/\/centrosabia.org.br\/en\/audio\/chuvas-e-a-devastacao-problema-ambiental-ou-politico-comida-de-verdade\/#breadcrumb","itemListElement":[{"@type":"ListItem","position":1,"name":"In\u00edcio","item":"https:\/\/centrosabia.org.br\/en\/"},{"@type":"ListItem","position":2,"name":"\u00c1udios","item":"https:\/\/centrosabia.org.br\/en\/audio\/"},{"@type":"ListItem","position":3,"name":"Chuvas e a devasta\u00e7\u00e3o: Problema ambiental ou pol\u00edtico? | Comida de Verdade"}]},{"@type":"WebSite","@id":"https:\/\/centrosabia.org.br\/en\/#website","url":"https:\/\/centrosabia.org.br\/en\/","name":"Centro de Desenvolvimento Agroecol\u00f3gico Sabi\u00e1","description":"","publisher":{"@id":"https:\/\/centrosabia.org.br\/en\/#organization"},"potentialAction":[{"@type":"SearchAction","target":{"@type":"EntryPoint","urlTemplate":"https:\/\/centrosabia.org.br\/en\/?s={search_term_string}"},"query-input":{"@type":"PropertyValueSpecification","valueRequired":true,"valueName":"search_term_string"}}],"inLanguage":"en-US"},{"@type":"Organization","@id":"https:\/\/centrosabia.org.br\/en\/#organization","name":"Centro de Desenvolvimento Agroecol\u00f3gico Sabi\u00e1","url":"https:\/\/centrosabia.org.br\/en\/","logo":{"@type":"ImageObject","inLanguage":"en-US","@id":"https:\/\/centrosabia.org.br\/en\/#\/schema\/logo\/image\/","url":"https:\/\/centrosabia.org.br\/wp-content\/uploads\/2021\/10\/logo.png","contentUrl":"https:\/\/centrosabia.org.br\/wp-content\/uploads\/2021\/10\/logo.png","width":174,"height":84,"caption":"Centro de Desenvolvimento Agroecol\u00f3gico Sabi\u00e1"},"image":{"@id":"https:\/\/centrosabia.org.br\/en\/#\/schema\/logo\/image\/"}}]}},"_links":{"self":[{"href":"https:\/\/centrosabia.org.br\/en\/wp-json\/wp\/v2\/audio\/16912","targetHints":{"allow":["GET"]}}],"collection":[{"href":"https:\/\/centrosabia.org.br\/en\/wp-json\/wp\/v2\/audio"}],"about":[{"href":"https:\/\/centrosabia.org.br\/en\/wp-json\/wp\/v2\/types\/audio"}],"wp:featuredmedia":[{"embeddable":true,"href":"https:\/\/centrosabia.org.br\/en\/wp-json\/wp\/v2\/media\/23146"}],"wp:attachment":[{"href":"https:\/\/centrosabia.org.br\/en\/wp-json\/wp\/v2\/media?parent=16912"}],"wp:term":[{"taxonomy":"tema","embeddable":true,"href":"https:\/\/centrosabia.org.br\/en\/wp-json\/wp\/v2\/tema?post=16912"},{"taxonomy":"decada","embeddable":true,"href":"https:\/\/centrosabia.org.br\/en\/wp-json\/wp\/v2\/decada?post=16912"},{"taxonomy":"curadoria","embeddable":true,"href":"https:\/\/centrosabia.org.br\/en\/wp-json\/wp\/v2\/curadoria?post=16912"}],"curies":[{"name":"wp","href":"https:\/\/api.w.org\/{rel}","templated":true}]}}