{"id":16940,"date":"2023-06-26T00:00:00","date_gmt":"2023-06-26T03:00:00","guid":{"rendered":"https:\/\/centrosabia.org.br\/audio\/agroecologia-e-diversidade-cantos-do-sabia\/"},"modified":"2024-06-04T16:10:54","modified_gmt":"2024-06-04T19:10:54","slug":"agroecologia-e-diversidade-cantos-do-sabia","status":"publish","type":"audio","link":"https:\/\/centrosabia.org.br\/en\/audio\/agroecologia-e-diversidade-cantos-do-sabia\/","title":{"rendered":"Agroecologia \u00e9 Diversidade! | Cantos do Sabi\u00e1"},"content":{"rendered":"<p>&#x1f3a7; O Cantos do Sabi\u00e1 leva a discuss\u00e3o da\u00a0Agroecologia\u00a0para o rumo da\u00a0diversidade!\u00a0&#x1f3f3;\u200d&#x1f308; Por isso falamos do\u00a0Dia Internacional do Orgulho LGBTQIA&#43;,\u00a028 de junho, faz parte de um movimento de M\u00eas do Orgulho LGBTQIAP&#43;, um m\u00eas para celebrar as vit\u00f3rias, celebrar a conquista dos espa\u00e7os, da diversidade de g\u00eanero. Uma data para discutir as quest\u00f5es da luta da comunidade LGBTQIA&#43;. Celebrar orgulho, identidade, mas n\u00e3o esquecer que a luta \u00e9 permanente! &#x1f450;&#x1f3fd;&#x1f3f3;<\/p>\n<p><\/p>\n<p>\u200c<\/p>\n<p><\/p>\n<p>&#x1f3f3;\u200d&#x1f308; A bandeiraLGBTQIA&#43; tamb\u00e9m faz parte da agroecologia! Pois \u00e9. A agroecologia precisa ser cada vez mais inclusiva, diversa, pol\u00edtica! Como diz a frase, um dos motes da agroecologia,\u00a0\u201cOnde h\u00e1 homofobia, n\u00e3o h\u00e1 agroecologia!\u201d\u00a0&#x1f4e2;<\/p>\n<p><\/p>\n<p>\u200c<\/p>\n<p><\/p>\n<p>\u00c9 por isso que hoje vamos conversar sobre isso &#8211; LGBTfobia e agroecologia.\u00a0A luta pela diversidade!\u00a0E \u00e9 para falar desse tema t\u00e3o importante que convidamos um pesquisador da \u00e1rea! Hoje falamos com\u00a0Gabriel Mattos Ornelas.\u00a0\u270d&#x1f3fd; Gabriel \u00e9 doutorando em Educa\u00e7\u00e3o, mestre em Ci\u00eancia Pol\u00edtica e Graduado em Gest\u00e3o P\u00fablica pela UFMG. Ele \u00e9 o autor da pesquisa\u00a0&#34;Se h\u00e1 LGBTfobia n\u00e3o h\u00e1 agroecologia: Coletivos de Juventudes LGBTQIAP&#43; e processos educativos sobre diversidade afetiva, sexual e de g\u00eanero&#34;.&#x1f468;&#x1f3fd;\u200d&#x1f3eb;<\/p>\n<p><\/p>\n<p>&#x1f54a; Fa\u00e7a parte da mudan\u00e7a!\u00a0<a href=\"https:\/\/centrosabia.colabore.org\/doe-transforme\/single_step\" rel=\"nofollow\">Doe.<\/a><\/p>\n<p><\/p>\n<p><a href=\"https:\/\/centrosabia.org.br\/comidadeverdade\/\" rel=\"nofollow\">https:\/\/centrosabia.org.br\/comidadeverdade\/<\/a><\/p>\n<p><\/p>\n<p>Acompanhe o\u00a0Centro Sabi\u00e1! &#x1f4cc;<\/p>\n<p><\/p>\n<p><a href=\"https:\/\/biolinky.co\/centrosabia\" rel=\"nofollow\">https:\/\/biolinky.co\/centrosabia<\/a><\/p>\n","protected":false},"featured_media":16941,"template":"","meta":{"_acf_changed":false,"ano":2023},"tema":[2519,2552,2542],"decada":[2502],"curadoria":[],"class_list":["post-16940","audio","type-audio","status-publish","has-post-thumbnail","hentry","tema-agroecologia","tema-diversidade-na-producao","tema-troca-de-experiencias","decada-2502"],"blocksy_meta":[],"acf":{"imagem_de_cobertura":null},"yoast_head":"<!-- This site is optimized with the Yoast SEO plugin v27.4 - https:\/\/yoast.com\/product\/yoast-seo-wordpress\/ -->\n<title>Agroecologia \u00e9 Diversidade! | Cantos do Sabi\u00e1 - Centro de Desenvolvimento Agroecol\u00f3gico Sabi\u00e1<\/title>\n<meta name=\"robots\" content=\"index, follow, max-snippet:-1, max-image-preview:large, max-video-preview:-1\" \/>\n<link rel=\"canonical\" href=\"https:\/\/centrosabia.org.br\/en\/audio\/agroecologia-e-diversidade-cantos-do-sabia\/\" \/>\n<meta property=\"og:locale\" content=\"en_US\" \/>\n<meta property=\"og:type\" content=\"article\" \/>\n<meta property=\"og:title\" content=\"Agroecologia \u00e9 Diversidade! | Cantos do Sabi\u00e1 - Centro de Desenvolvimento Agroecol\u00f3gico Sabi\u00e1\" \/>\n<meta property=\"og:url\" content=\"https:\/\/centrosabia.org.br\/en\/audio\/agroecologia-e-diversidade-cantos-do-sabia\/\" \/>\n<meta property=\"og:site_name\" content=\"Centro de Desenvolvimento Agroecol\u00f3gico Sabi\u00e1\" \/>\n<meta property=\"article:modified_time\" content=\"2024-06-04T19:10:54+00:00\" \/>\n<meta property=\"og:image\" content=\"https:\/\/centrosabia.org.br\/wp-content\/uploads\/2024\/04\/agroecologia-e-diversidade-cantos-do-sabia-300x300.jpg\" \/>\n\t<meta property=\"og:image:width\" content=\"300\" \/>\n\t<meta property=\"og:image:height\" content=\"300\" \/>\n\t<meta property=\"og:image:type\" content=\"image\/jpeg\" \/>\n<meta name=\"twitter:card\" content=\"summary_large_image\" \/>\n<meta name=\"twitter:label1\" content=\"Est. reading time\" \/>\n\t<meta name=\"twitter:data1\" content=\"1 minute\" \/>\n<script type=\"application\/ld+json\" class=\"yoast-schema-graph\">{\"@context\":\"https:\\\/\\\/schema.org\",\"@graph\":[{\"@type\":\"WebPage\",\"@id\":\"https:\\\/\\\/centrosabia.org.br\\\/en\\\/audio\\\/agroecologia-e-diversidade-cantos-do-sabia\\\/\",\"url\":\"https:\\\/\\\/centrosabia.org.br\\\/en\\\/audio\\\/agroecologia-e-diversidade-cantos-do-sabia\\\/\",\"name\":\"Agroecologia \u00e9 Diversidade! | Cantos do Sabi\u00e1 - Centro de Desenvolvimento Agroecol\u00f3gico Sabi\u00e1\",\"isPartOf\":{\"@id\":\"https:\\\/\\\/centrosabia.org.br\\\/en\\\/#website\"},\"primaryImageOfPage\":{\"@id\":\"https:\\\/\\\/centrosabia.org.br\\\/en\\\/audio\\\/agroecologia-e-diversidade-cantos-do-sabia\\\/#primaryimage\"},\"image\":{\"@id\":\"https:\\\/\\\/centrosabia.org.br\\\/en\\\/audio\\\/agroecologia-e-diversidade-cantos-do-sabia\\\/#primaryimage\"},\"thumbnailUrl\":\"https:\\\/\\\/centrosabia.org.br\\\/wp-content\\\/uploads\\\/2024\\\/04\\\/agroecologia-e-diversidade-cantos-do-sabia.jpg\",\"datePublished\":\"2023-06-26T03:00:00+00:00\",\"dateModified\":\"2024-06-04T19:10:54+00:00\",\"breadcrumb\":{\"@id\":\"https:\\\/\\\/centrosabia.org.br\\\/en\\\/audio\\\/agroecologia-e-diversidade-cantos-do-sabia\\\/#breadcrumb\"},\"inLanguage\":\"en-US\",\"potentialAction\":[{\"@type\":\"ReadAction\",\"target\":[\"https:\\\/\\\/centrosabia.org.br\\\/en\\\/audio\\\/agroecologia-e-diversidade-cantos-do-sabia\\\/\"]}]},{\"@type\":\"ImageObject\",\"inLanguage\":\"en-US\",\"@id\":\"https:\\\/\\\/centrosabia.org.br\\\/en\\\/audio\\\/agroecologia-e-diversidade-cantos-do-sabia\\\/#primaryimage\",\"url\":\"https:\\\/\\\/centrosabia.org.br\\\/wp-content\\\/uploads\\\/2024\\\/04\\\/agroecologia-e-diversidade-cantos-do-sabia.jpg\",\"contentUrl\":\"https:\\\/\\\/centrosabia.org.br\\\/wp-content\\\/uploads\\\/2024\\\/04\\\/agroecologia-e-diversidade-cantos-do-sabia.jpg\",\"width\":640,\"height\":640},{\"@type\":\"BreadcrumbList\",\"@id\":\"https:\\\/\\\/centrosabia.org.br\\\/en\\\/audio\\\/agroecologia-e-diversidade-cantos-do-sabia\\\/#breadcrumb\",\"itemListElement\":[{\"@type\":\"ListItem\",\"position\":1,\"name\":\"In\u00edcio\",\"item\":\"https:\\\/\\\/centrosabia.org.br\\\/en\\\/\"},{\"@type\":\"ListItem\",\"position\":2,\"name\":\"\u00c1udios\",\"item\":\"https:\\\/\\\/centrosabia.org.br\\\/en\\\/audio\\\/\"},{\"@type\":\"ListItem\",\"position\":3,\"name\":\"Agroecologia \u00e9 Diversidade! | Cantos do Sabi\u00e1\"}]},{\"@type\":\"WebSite\",\"@id\":\"https:\\\/\\\/centrosabia.org.br\\\/en\\\/#website\",\"url\":\"https:\\\/\\\/centrosabia.org.br\\\/en\\\/\",\"name\":\"Centro de Desenvolvimento Agroecol\u00f3gico Sabi\u00e1\",\"description\":\"\",\"publisher\":{\"@id\":\"https:\\\/\\\/centrosabia.org.br\\\/en\\\/#organization\"},\"potentialAction\":[{\"@type\":\"SearchAction\",\"target\":{\"@type\":\"EntryPoint\",\"urlTemplate\":\"https:\\\/\\\/centrosabia.org.br\\\/en\\\/?s={search_term_string}\"},\"query-input\":{\"@type\":\"PropertyValueSpecification\",\"valueRequired\":true,\"valueName\":\"search_term_string\"}}],\"inLanguage\":\"en-US\"},{\"@type\":\"Organization\",\"@id\":\"https:\\\/\\\/centrosabia.org.br\\\/en\\\/#organization\",\"name\":\"Centro de Desenvolvimento Agroecol\u00f3gico Sabi\u00e1\",\"url\":\"https:\\\/\\\/centrosabia.org.br\\\/en\\\/\",\"logo\":{\"@type\":\"ImageObject\",\"inLanguage\":\"en-US\",\"@id\":\"https:\\\/\\\/centrosabia.org.br\\\/en\\\/#\\\/schema\\\/logo\\\/image\\\/\",\"url\":\"https:\\\/\\\/centrosabia.org.br\\\/wp-content\\\/uploads\\\/2021\\\/10\\\/logo.png\",\"contentUrl\":\"https:\\\/\\\/centrosabia.org.br\\\/wp-content\\\/uploads\\\/2021\\\/10\\\/logo.png\",\"width\":174,\"height\":84,\"caption\":\"Centro de Desenvolvimento Agroecol\u00f3gico Sabi\u00e1\"},\"image\":{\"@id\":\"https:\\\/\\\/centrosabia.org.br\\\/en\\\/#\\\/schema\\\/logo\\\/image\\\/\"}}]}<\/script>\n<!-- \/ Yoast SEO plugin. -->","yoast_head_json":{"title":"Agroecologia \u00e9 Diversidade! | Cantos do Sabi\u00e1 - Centro de Desenvolvimento Agroecol\u00f3gico Sabi\u00e1","robots":{"index":"index","follow":"follow","max-snippet":"max-snippet:-1","max-image-preview":"max-image-preview:large","max-video-preview":"max-video-preview:-1"},"canonical":"https:\/\/centrosabia.org.br\/en\/audio\/agroecologia-e-diversidade-cantos-do-sabia\/","og_locale":"en_US","og_type":"article","og_title":"Agroecologia \u00e9 Diversidade! | Cantos do Sabi\u00e1 - Centro de Desenvolvimento Agroecol\u00f3gico Sabi\u00e1","og_url":"https:\/\/centrosabia.org.br\/en\/audio\/agroecologia-e-diversidade-cantos-do-sabia\/","og_site_name":"Centro de Desenvolvimento Agroecol\u00f3gico Sabi\u00e1","article_modified_time":"2024-06-04T19:10:54+00:00","og_image":[{"width":300,"height":300,"url":"https:\/\/centrosabia.org.br\/wp-content\/uploads\/2024\/04\/agroecologia-e-diversidade-cantos-do-sabia-300x300.jpg","type":"image\/jpeg"}],"twitter_card":"summary_large_image","twitter_misc":{"Est. reading time":"1 minute"},"schema":{"@context":"https:\/\/schema.org","@graph":[{"@type":"WebPage","@id":"https:\/\/centrosabia.org.br\/en\/audio\/agroecologia-e-diversidade-cantos-do-sabia\/","url":"https:\/\/centrosabia.org.br\/en\/audio\/agroecologia-e-diversidade-cantos-do-sabia\/","name":"Agroecologia \u00e9 Diversidade! | Cantos do Sabi\u00e1 - Centro de Desenvolvimento Agroecol\u00f3gico Sabi\u00e1","isPartOf":{"@id":"https:\/\/centrosabia.org.br\/en\/#website"},"primaryImageOfPage":{"@id":"https:\/\/centrosabia.org.br\/en\/audio\/agroecologia-e-diversidade-cantos-do-sabia\/#primaryimage"},"image":{"@id":"https:\/\/centrosabia.org.br\/en\/audio\/agroecologia-e-diversidade-cantos-do-sabia\/#primaryimage"},"thumbnailUrl":"https:\/\/centrosabia.org.br\/wp-content\/uploads\/2024\/04\/agroecologia-e-diversidade-cantos-do-sabia.jpg","datePublished":"2023-06-26T03:00:00+00:00","dateModified":"2024-06-04T19:10:54+00:00","breadcrumb":{"@id":"https:\/\/centrosabia.org.br\/en\/audio\/agroecologia-e-diversidade-cantos-do-sabia\/#breadcrumb"},"inLanguage":"en-US","potentialAction":[{"@type":"ReadAction","target":["https:\/\/centrosabia.org.br\/en\/audio\/agroecologia-e-diversidade-cantos-do-sabia\/"]}]},{"@type":"ImageObject","inLanguage":"en-US","@id":"https:\/\/centrosabia.org.br\/en\/audio\/agroecologia-e-diversidade-cantos-do-sabia\/#primaryimage","url":"https:\/\/centrosabia.org.br\/wp-content\/uploads\/2024\/04\/agroecologia-e-diversidade-cantos-do-sabia.jpg","contentUrl":"https:\/\/centrosabia.org.br\/wp-content\/uploads\/2024\/04\/agroecologia-e-diversidade-cantos-do-sabia.jpg","width":640,"height":640},{"@type":"BreadcrumbList","@id":"https:\/\/centrosabia.org.br\/en\/audio\/agroecologia-e-diversidade-cantos-do-sabia\/#breadcrumb","itemListElement":[{"@type":"ListItem","position":1,"name":"In\u00edcio","item":"https:\/\/centrosabia.org.br\/en\/"},{"@type":"ListItem","position":2,"name":"\u00c1udios","item":"https:\/\/centrosabia.org.br\/en\/audio\/"},{"@type":"ListItem","position":3,"name":"Agroecologia \u00e9 Diversidade! | Cantos do Sabi\u00e1"}]},{"@type":"WebSite","@id":"https:\/\/centrosabia.org.br\/en\/#website","url":"https:\/\/centrosabia.org.br\/en\/","name":"Centro de Desenvolvimento Agroecol\u00f3gico Sabi\u00e1","description":"","publisher":{"@id":"https:\/\/centrosabia.org.br\/en\/#organization"},"potentialAction":[{"@type":"SearchAction","target":{"@type":"EntryPoint","urlTemplate":"https:\/\/centrosabia.org.br\/en\/?s={search_term_string}"},"query-input":{"@type":"PropertyValueSpecification","valueRequired":true,"valueName":"search_term_string"}}],"inLanguage":"en-US"},{"@type":"Organization","@id":"https:\/\/centrosabia.org.br\/en\/#organization","name":"Centro de Desenvolvimento Agroecol\u00f3gico Sabi\u00e1","url":"https:\/\/centrosabia.org.br\/en\/","logo":{"@type":"ImageObject","inLanguage":"en-US","@id":"https:\/\/centrosabia.org.br\/en\/#\/schema\/logo\/image\/","url":"https:\/\/centrosabia.org.br\/wp-content\/uploads\/2021\/10\/logo.png","contentUrl":"https:\/\/centrosabia.org.br\/wp-content\/uploads\/2021\/10\/logo.png","width":174,"height":84,"caption":"Centro de Desenvolvimento Agroecol\u00f3gico Sabi\u00e1"},"image":{"@id":"https:\/\/centrosabia.org.br\/en\/#\/schema\/logo\/image\/"}}]}},"_links":{"self":[{"href":"https:\/\/centrosabia.org.br\/en\/wp-json\/wp\/v2\/audio\/16940","targetHints":{"allow":["GET"]}}],"collection":[{"href":"https:\/\/centrosabia.org.br\/en\/wp-json\/wp\/v2\/audio"}],"about":[{"href":"https:\/\/centrosabia.org.br\/en\/wp-json\/wp\/v2\/types\/audio"}],"wp:featuredmedia":[{"embeddable":true,"href":"https:\/\/centrosabia.org.br\/en\/wp-json\/wp\/v2\/media\/16941"}],"wp:attachment":[{"href":"https:\/\/centrosabia.org.br\/en\/wp-json\/wp\/v2\/media?parent=16940"}],"wp:term":[{"taxonomy":"tema","embeddable":true,"href":"https:\/\/centrosabia.org.br\/en\/wp-json\/wp\/v2\/tema?post=16940"},{"taxonomy":"decada","embeddable":true,"href":"https:\/\/centrosabia.org.br\/en\/wp-json\/wp\/v2\/decada?post=16940"},{"taxonomy":"curadoria","embeddable":true,"href":"https:\/\/centrosabia.org.br\/en\/wp-json\/wp\/v2\/curadoria?post=16940"}],"curies":[{"name":"wp","href":"https:\/\/api.w.org\/{rel}","templated":true}]}}