{"id":16960,"date":"2023-06-06T00:00:00","date_gmt":"2023-06-06T03:00:00","guid":{"rendered":"https:\/\/centrosabia.org.br\/audio\/meio-ambiente-tem-saida-para-a-devastacao-comida-de-verdade\/"},"modified":"2024-08-03T15:06:51","modified_gmt":"2024-08-03T18:06:51","slug":"meio-ambiente-tem-saida-para-a-devastacao-comida-de-verdade","status":"publish","type":"audio","link":"https:\/\/centrosabia.org.br\/en\/audio\/meio-ambiente-tem-saida-para-a-devastacao-comida-de-verdade\/","title":{"rendered":"Meio Ambiente: Tem sa\u00edda para a devasta\u00e7\u00e3o? | Comida de Verdade"},"content":{"rendered":"<p>O programa Comida de Verdade vem falar de natureza, de preserva\u00e7\u00e3o ambiental, mas tamb\u00e9m de crises ambientais. &#x1f957;&#x1f33e; Neste que \u00e9 o m\u00eas do meio ambiente, trazido pelo Dia Mundial do Meio Ambiente, 05 de junho, a gente vem falar dos desafios do Brasil hoje, para que a gente consiga sair do mapa da fome. E olha, a fome tem tudo a ver com o tratamento do meio ambiente, que sofreu demais durante o governo Bolsonaro.\u00a0&#x1f4a5;&#x1f4c9;<\/p>\n<p><\/p>\n<p>Foram cortes de quase 190 milh\u00f5es para a pasta do meio ambiente, aumento de 186% das queimadas de um ano para outro. O Brasil, no primeiro trimestre de 2022, acumulou o maior n\u00edvel de alertas de desmatamento da hist\u00f3ria no pa\u00eds. E como resultado, um governo que deixou mais de 125 milh\u00f5es de brasileiros e brasileiras que n\u00e3o t\u00eam acesso pleno a alimenta\u00e7\u00e3o de qualidade. \u274c&#x1f37d;<br \/>&#x1f4ca;A recupera\u00e7\u00e3o depende do novo governo, e de a\u00e7\u00f5es imediatas, para frear o desmatamento, as queimadas, a fome, e a inseguran\u00e7a alimentar. &#x1f4a6;&#x1f332; Tem sa\u00edda para tanta devasta\u00e7\u00e3o? &#x1f525; \u00c9 sobre tudo isso que vamos conversar com o presidente da associa\u00e7\u00e3o programa um milh\u00e3o de cisternas. C\u00edcero F\u00e9lix! C\u00edcero \u00e9 membro do IRPAA &#8211; o instituto regional da pequena agropecu\u00e1ria apropriada, e tamb\u00e9m faz parte da coordena\u00e7\u00e3o da ASA Brasil, a Articula\u00e7\u00e3o do Semi\u00e1rido Brasileiro. &#x1f50e;<\/p>\n<p><\/p>\n<p>&#x1f54a; Fa\u00e7a parte da mudan\u00e7a!\u00a0<a href=\"https:\/\/centrosabia.colabore.org\/doe-transforme\/single_step\" rel=\"nofollow\">Doe.<\/a><\/p>\n<p><\/p>\n<p><a href=\"https:\/\/centrosabia.org.br\/comidadeverdade\/\" rel=\"nofollow\">https:\/\/centrosabia.org.br\/comidadeverdade\/<\/a><\/p>\n<p><\/p>\n<p>Acompanhe o\u00a0Centro Sabi\u00e1! &#x1f4cc;<\/p>\n<p><\/p>\n<p><a href=\"https:\/\/biolinky.co\/centrosabia\" rel=\"nofollow\">https:\/\/biolinky.co\/centrosabia<\/a><\/p>\n","protected":false},"featured_media":23164,"template":"","meta":{"_acf_changed":false,"ano":2023},"tema":[2513,2539,2518],"decada":[2502],"curadoria":[],"class_list":["post-16960","audio","type-audio","status-publish","has-post-thumbnail","hentry","tema-meio-ambiente","tema-mudancas-climaticas","tema-sustentabilidade","decada-2502"],"blocksy_meta":[],"acf":{"imagem_de_cobertura":""},"yoast_head":"<!-- This site is optimized with the Yoast SEO plugin v27.4 - https:\/\/yoast.com\/product\/yoast-seo-wordpress\/ -->\n<title>Meio Ambiente: Tem sa\u00edda para a devasta\u00e7\u00e3o? | Comida de Verdade - Centro de Desenvolvimento Agroecol\u00f3gico Sabi\u00e1<\/title>\n<meta name=\"robots\" content=\"index, follow, max-snippet:-1, max-image-preview:large, max-video-preview:-1\" \/>\n<link rel=\"canonical\" href=\"https:\/\/centrosabia.org.br\/en\/audio\/meio-ambiente-tem-saida-para-a-devastacao-comida-de-verdade\/\" \/>\n<meta property=\"og:locale\" content=\"en_US\" \/>\n<meta property=\"og:type\" content=\"article\" \/>\n<meta property=\"og:title\" content=\"Meio Ambiente: Tem sa\u00edda para a devasta\u00e7\u00e3o? | Comida de Verdade - Centro de Desenvolvimento Agroecol\u00f3gico Sabi\u00e1\" \/>\n<meta property=\"og:url\" content=\"https:\/\/centrosabia.org.br\/en\/audio\/meio-ambiente-tem-saida-para-a-devastacao-comida-de-verdade\/\" \/>\n<meta property=\"og:site_name\" content=\"Centro de Desenvolvimento Agroecol\u00f3gico Sabi\u00e1\" \/>\n<meta property=\"article:modified_time\" content=\"2024-08-03T18:06:51+00:00\" \/>\n<meta property=\"og:image\" content=\"https:\/\/centrosabia.org.br\/wp-content\/uploads\/2023\/06\/CDV_MEIOAMBIENTE_WIDE-1-300x169.png\" \/>\n\t<meta property=\"og:image:width\" content=\"300\" \/>\n\t<meta property=\"og:image:height\" content=\"169\" \/>\n\t<meta property=\"og:image:type\" content=\"image\/png\" \/>\n<meta name=\"twitter:card\" content=\"summary_large_image\" \/>\n<meta name=\"twitter:label1\" content=\"Est. reading time\" \/>\n\t<meta name=\"twitter:data1\" content=\"2 minutes\" \/>\n<script type=\"application\/ld+json\" class=\"yoast-schema-graph\">{\"@context\":\"https:\\\/\\\/schema.org\",\"@graph\":[{\"@type\":\"WebPage\",\"@id\":\"https:\\\/\\\/centrosabia.org.br\\\/en\\\/audio\\\/meio-ambiente-tem-saida-para-a-devastacao-comida-de-verdade\\\/\",\"url\":\"https:\\\/\\\/centrosabia.org.br\\\/en\\\/audio\\\/meio-ambiente-tem-saida-para-a-devastacao-comida-de-verdade\\\/\",\"name\":\"Meio Ambiente: Tem sa\u00edda para a devasta\u00e7\u00e3o? | Comida de Verdade - Centro de Desenvolvimento Agroecol\u00f3gico Sabi\u00e1\",\"isPartOf\":{\"@id\":\"https:\\\/\\\/centrosabia.org.br\\\/en\\\/#website\"},\"primaryImageOfPage\":{\"@id\":\"https:\\\/\\\/centrosabia.org.br\\\/en\\\/audio\\\/meio-ambiente-tem-saida-para-a-devastacao-comida-de-verdade\\\/#primaryimage\"},\"image\":{\"@id\":\"https:\\\/\\\/centrosabia.org.br\\\/en\\\/audio\\\/meio-ambiente-tem-saida-para-a-devastacao-comida-de-verdade\\\/#primaryimage\"},\"thumbnailUrl\":\"https:\\\/\\\/centrosabia.org.br\\\/wp-content\\\/uploads\\\/2023\\\/06\\\/CDV_MEIOAMBIENTE_WIDE-1.png\",\"datePublished\":\"2023-06-06T03:00:00+00:00\",\"dateModified\":\"2024-08-03T18:06:51+00:00\",\"breadcrumb\":{\"@id\":\"https:\\\/\\\/centrosabia.org.br\\\/en\\\/audio\\\/meio-ambiente-tem-saida-para-a-devastacao-comida-de-verdade\\\/#breadcrumb\"},\"inLanguage\":\"en-US\",\"potentialAction\":[{\"@type\":\"ReadAction\",\"target\":[\"https:\\\/\\\/centrosabia.org.br\\\/en\\\/audio\\\/meio-ambiente-tem-saida-para-a-devastacao-comida-de-verdade\\\/\"]}]},{\"@type\":\"ImageObject\",\"inLanguage\":\"en-US\",\"@id\":\"https:\\\/\\\/centrosabia.org.br\\\/en\\\/audio\\\/meio-ambiente-tem-saida-para-a-devastacao-comida-de-verdade\\\/#primaryimage\",\"url\":\"https:\\\/\\\/centrosabia.org.br\\\/wp-content\\\/uploads\\\/2023\\\/06\\\/CDV_MEIOAMBIENTE_WIDE-1.png\",\"contentUrl\":\"https:\\\/\\\/centrosabia.org.br\\\/wp-content\\\/uploads\\\/2023\\\/06\\\/CDV_MEIOAMBIENTE_WIDE-1.png\",\"width\":512,\"height\":288},{\"@type\":\"BreadcrumbList\",\"@id\":\"https:\\\/\\\/centrosabia.org.br\\\/en\\\/audio\\\/meio-ambiente-tem-saida-para-a-devastacao-comida-de-verdade\\\/#breadcrumb\",\"itemListElement\":[{\"@type\":\"ListItem\",\"position\":1,\"name\":\"In\u00edcio\",\"item\":\"https:\\\/\\\/centrosabia.org.br\\\/en\\\/\"},{\"@type\":\"ListItem\",\"position\":2,\"name\":\"\u00c1udios\",\"item\":\"https:\\\/\\\/centrosabia.org.br\\\/en\\\/audio\\\/\"},{\"@type\":\"ListItem\",\"position\":3,\"name\":\"Meio Ambiente: Tem sa\u00edda para a devasta\u00e7\u00e3o? | Comida de Verdade\"}]},{\"@type\":\"WebSite\",\"@id\":\"https:\\\/\\\/centrosabia.org.br\\\/en\\\/#website\",\"url\":\"https:\\\/\\\/centrosabia.org.br\\\/en\\\/\",\"name\":\"Centro de Desenvolvimento Agroecol\u00f3gico Sabi\u00e1\",\"description\":\"\",\"publisher\":{\"@id\":\"https:\\\/\\\/centrosabia.org.br\\\/en\\\/#organization\"},\"potentialAction\":[{\"@type\":\"SearchAction\",\"target\":{\"@type\":\"EntryPoint\",\"urlTemplate\":\"https:\\\/\\\/centrosabia.org.br\\\/en\\\/?s={search_term_string}\"},\"query-input\":{\"@type\":\"PropertyValueSpecification\",\"valueRequired\":true,\"valueName\":\"search_term_string\"}}],\"inLanguage\":\"en-US\"},{\"@type\":\"Organization\",\"@id\":\"https:\\\/\\\/centrosabia.org.br\\\/en\\\/#organization\",\"name\":\"Centro de Desenvolvimento Agroecol\u00f3gico Sabi\u00e1\",\"url\":\"https:\\\/\\\/centrosabia.org.br\\\/en\\\/\",\"logo\":{\"@type\":\"ImageObject\",\"inLanguage\":\"en-US\",\"@id\":\"https:\\\/\\\/centrosabia.org.br\\\/en\\\/#\\\/schema\\\/logo\\\/image\\\/\",\"url\":\"https:\\\/\\\/centrosabia.org.br\\\/wp-content\\\/uploads\\\/2021\\\/10\\\/logo.png\",\"contentUrl\":\"https:\\\/\\\/centrosabia.org.br\\\/wp-content\\\/uploads\\\/2021\\\/10\\\/logo.png\",\"width\":174,\"height\":84,\"caption\":\"Centro de Desenvolvimento Agroecol\u00f3gico Sabi\u00e1\"},\"image\":{\"@id\":\"https:\\\/\\\/centrosabia.org.br\\\/en\\\/#\\\/schema\\\/logo\\\/image\\\/\"}}]}<\/script>\n<!-- \/ Yoast SEO plugin. -->","yoast_head_json":{"title":"Meio Ambiente: Tem sa\u00edda para a devasta\u00e7\u00e3o? | Comida de Verdade - Centro de Desenvolvimento Agroecol\u00f3gico Sabi\u00e1","robots":{"index":"index","follow":"follow","max-snippet":"max-snippet:-1","max-image-preview":"max-image-preview:large","max-video-preview":"max-video-preview:-1"},"canonical":"https:\/\/centrosabia.org.br\/en\/audio\/meio-ambiente-tem-saida-para-a-devastacao-comida-de-verdade\/","og_locale":"en_US","og_type":"article","og_title":"Meio Ambiente: Tem sa\u00edda para a devasta\u00e7\u00e3o? | Comida de Verdade - Centro de Desenvolvimento Agroecol\u00f3gico Sabi\u00e1","og_url":"https:\/\/centrosabia.org.br\/en\/audio\/meio-ambiente-tem-saida-para-a-devastacao-comida-de-verdade\/","og_site_name":"Centro de Desenvolvimento Agroecol\u00f3gico Sabi\u00e1","article_modified_time":"2024-08-03T18:06:51+00:00","og_image":[{"width":300,"height":169,"url":"https:\/\/centrosabia.org.br\/wp-content\/uploads\/2023\/06\/CDV_MEIOAMBIENTE_WIDE-1-300x169.png","type":"image\/png"}],"twitter_card":"summary_large_image","twitter_misc":{"Est. reading time":"2 minutes"},"schema":{"@context":"https:\/\/schema.org","@graph":[{"@type":"WebPage","@id":"https:\/\/centrosabia.org.br\/en\/audio\/meio-ambiente-tem-saida-para-a-devastacao-comida-de-verdade\/","url":"https:\/\/centrosabia.org.br\/en\/audio\/meio-ambiente-tem-saida-para-a-devastacao-comida-de-verdade\/","name":"Meio Ambiente: Tem sa\u00edda para a devasta\u00e7\u00e3o? | Comida de Verdade - Centro de Desenvolvimento Agroecol\u00f3gico Sabi\u00e1","isPartOf":{"@id":"https:\/\/centrosabia.org.br\/en\/#website"},"primaryImageOfPage":{"@id":"https:\/\/centrosabia.org.br\/en\/audio\/meio-ambiente-tem-saida-para-a-devastacao-comida-de-verdade\/#primaryimage"},"image":{"@id":"https:\/\/centrosabia.org.br\/en\/audio\/meio-ambiente-tem-saida-para-a-devastacao-comida-de-verdade\/#primaryimage"},"thumbnailUrl":"https:\/\/centrosabia.org.br\/wp-content\/uploads\/2023\/06\/CDV_MEIOAMBIENTE_WIDE-1.png","datePublished":"2023-06-06T03:00:00+00:00","dateModified":"2024-08-03T18:06:51+00:00","breadcrumb":{"@id":"https:\/\/centrosabia.org.br\/en\/audio\/meio-ambiente-tem-saida-para-a-devastacao-comida-de-verdade\/#breadcrumb"},"inLanguage":"en-US","potentialAction":[{"@type":"ReadAction","target":["https:\/\/centrosabia.org.br\/en\/audio\/meio-ambiente-tem-saida-para-a-devastacao-comida-de-verdade\/"]}]},{"@type":"ImageObject","inLanguage":"en-US","@id":"https:\/\/centrosabia.org.br\/en\/audio\/meio-ambiente-tem-saida-para-a-devastacao-comida-de-verdade\/#primaryimage","url":"https:\/\/centrosabia.org.br\/wp-content\/uploads\/2023\/06\/CDV_MEIOAMBIENTE_WIDE-1.png","contentUrl":"https:\/\/centrosabia.org.br\/wp-content\/uploads\/2023\/06\/CDV_MEIOAMBIENTE_WIDE-1.png","width":512,"height":288},{"@type":"BreadcrumbList","@id":"https:\/\/centrosabia.org.br\/en\/audio\/meio-ambiente-tem-saida-para-a-devastacao-comida-de-verdade\/#breadcrumb","itemListElement":[{"@type":"ListItem","position":1,"name":"In\u00edcio","item":"https:\/\/centrosabia.org.br\/en\/"},{"@type":"ListItem","position":2,"name":"\u00c1udios","item":"https:\/\/centrosabia.org.br\/en\/audio\/"},{"@type":"ListItem","position":3,"name":"Meio Ambiente: Tem sa\u00edda para a devasta\u00e7\u00e3o? | Comida de Verdade"}]},{"@type":"WebSite","@id":"https:\/\/centrosabia.org.br\/en\/#website","url":"https:\/\/centrosabia.org.br\/en\/","name":"Centro de Desenvolvimento Agroecol\u00f3gico Sabi\u00e1","description":"","publisher":{"@id":"https:\/\/centrosabia.org.br\/en\/#organization"},"potentialAction":[{"@type":"SearchAction","target":{"@type":"EntryPoint","urlTemplate":"https:\/\/centrosabia.org.br\/en\/?s={search_term_string}"},"query-input":{"@type":"PropertyValueSpecification","valueRequired":true,"valueName":"search_term_string"}}],"inLanguage":"en-US"},{"@type":"Organization","@id":"https:\/\/centrosabia.org.br\/en\/#organization","name":"Centro de Desenvolvimento Agroecol\u00f3gico Sabi\u00e1","url":"https:\/\/centrosabia.org.br\/en\/","logo":{"@type":"ImageObject","inLanguage":"en-US","@id":"https:\/\/centrosabia.org.br\/en\/#\/schema\/logo\/image\/","url":"https:\/\/centrosabia.org.br\/wp-content\/uploads\/2021\/10\/logo.png","contentUrl":"https:\/\/centrosabia.org.br\/wp-content\/uploads\/2021\/10\/logo.png","width":174,"height":84,"caption":"Centro de Desenvolvimento Agroecol\u00f3gico Sabi\u00e1"},"image":{"@id":"https:\/\/centrosabia.org.br\/en\/#\/schema\/logo\/image\/"}}]}},"_links":{"self":[{"href":"https:\/\/centrosabia.org.br\/en\/wp-json\/wp\/v2\/audio\/16960","targetHints":{"allow":["GET"]}}],"collection":[{"href":"https:\/\/centrosabia.org.br\/en\/wp-json\/wp\/v2\/audio"}],"about":[{"href":"https:\/\/centrosabia.org.br\/en\/wp-json\/wp\/v2\/types\/audio"}],"wp:featuredmedia":[{"embeddable":true,"href":"https:\/\/centrosabia.org.br\/en\/wp-json\/wp\/v2\/media\/23164"}],"wp:attachment":[{"href":"https:\/\/centrosabia.org.br\/en\/wp-json\/wp\/v2\/media?parent=16960"}],"wp:term":[{"taxonomy":"tema","embeddable":true,"href":"https:\/\/centrosabia.org.br\/en\/wp-json\/wp\/v2\/tema?post=16960"},{"taxonomy":"decada","embeddable":true,"href":"https:\/\/centrosabia.org.br\/en\/wp-json\/wp\/v2\/decada?post=16960"},{"taxonomy":"curadoria","embeddable":true,"href":"https:\/\/centrosabia.org.br\/en\/wp-json\/wp\/v2\/curadoria?post=16960"}],"curies":[{"name":"wp","href":"https:\/\/api.w.org\/{rel}","templated":true}]}}