{"id":16984,"date":"2023-05-16T00:00:00","date_gmt":"2023-05-16T03:00:00","guid":{"rendered":"https:\/\/centrosabia.org.br\/audio\/tem-veneno-no-meu-prato-comida-de-verdade\/"},"modified":"2024-08-03T15:11:45","modified_gmt":"2024-08-03T18:11:45","slug":"tem-veneno-no-meu-prato-comida-de-verdade","status":"publish","type":"audio","link":"https:\/\/centrosabia.org.br\/en\/audio\/tem-veneno-no-meu-prato-comida-de-verdade\/","title":{"rendered":"Tem Veneno no meu prato? | Comida de Verdade"},"content":{"rendered":"<p>O Comida de Verdade desta semana fala dele &#8211; do mercado do veneno, do agrot\u00f3xico e do agroneg\u00f3cio! \u2697\u274c Uma ind\u00fastria forte e muito publicizada em nosso pa\u00eds. Mas se \u00e9 t\u00e3o bom &#8211; se o agro \u00e9 \u201ct\u00e3o pop\u201d\u2026 &#x1f914; Por que tem veneno no meu prato? &#x1f9ea;\u2620 Os dados do IBGE n\u00e3o mentem: Entra ano e sai ano, e o Brasil segue recordista de consumo de veneno anual. S\u00e3o consumidos 130 mil toneladas de agrot\u00f3xicos aqui em nosso pa\u00eds, segundo os dados da Embrapa &#8211; a Empresa Brasileira de Pesquisa Agropecu\u00e1ria. &#x1f957;&#x1f50e;<\/p>\n<p><\/p>\n<p>&#x1f480;&#x1f37d; Tem como frear o veneno? Como diminuir o veneno em nossa comida? \u00c9 sobre tudo isso e muito mais, que conversamos com a m\u00e9dica mestra e doutora em sa\u00fade p\u00fablica &#8211; Id\u00ea Gurgel! &#x1f469;\u200d&#x1f3eb; Id\u00ea \u00e9 docente e pesquisadora do Laborat\u00f3rio de Sa\u00fade, Ambiente e Trabalho do Departamento de Sa\u00fade Coletiva, Fiocruz Pernambuco. Ela \u00e9 Coordenadora de Ambiente, Aten\u00e7\u00e3o e Promo\u00e7\u00e3o de Sa\u00fade na Fiocruz. &#x1f469;\u200d\u2695\ufe0f&#x1f3e5;<\/p>\n<p><\/p>\n<p>Quer ouvir esse papo? Ent\u00e3o sintoniza com o\u00a0Programa Comida de Verdade\u00a0l\u00e1 na\u00a0R\u00e1dio Universit\u00e1ria Paulo Freire &#8211; AM 820 Khz!\u00a0O Comida de Verdade vai ao ar\u00a0toda ter\u00e7a-feira, ao meio dia. &#x1f4fb;<\/p>\n<p><\/p>\n<p><\/p>\n<p><\/p>\n<p>&#x1f331; Fa\u00e7a a sua doa\u00e7\u00e3o!\u00a0Transforme vidas.\u00a0<a href=\"https:\/\/bit.ly\/3FuQmjt\" rel=\"nofollow\">https:\/\/bit.ly\/3FuQmjt<\/a><\/p>\n<p><\/p>\n<p>&#x1f3a7; Ou\u00e7a tamb\u00e9m!\u00a0Cantos do Sabi\u00e1.\u00a0<a href=\"https:\/\/youtu.be\/vrN2JLElEpQ\" rel=\"nofollow\">https:\/\/youtu.be\/vrN2JLElEpQ<\/a>\u00a0<\/p>\n<p><\/p>\n<p>&#x1f4cc;Acompanhe o\u00a0Centro Sabi\u00e1!\u00a0<a href=\"https:\/\/biolinky.co\/centrosabia\" rel=\"nofollow\">https:\/\/biolinky.co\/centrosabia<\/a><\/p>\n","protected":false},"featured_media":23170,"template":"","meta":{"_acf_changed":false,"ano":2023},"tema":[2527,2528,2532],"decada":[2502],"curadoria":[],"class_list":["post-16984","audio","type-audio","status-publish","has-post-thumbnail","hentry","tema-agrotoxicos","tema-alimento-saudavel","tema-transgenicos","decada-2502"],"blocksy_meta":[],"acf":{"imagem_de_cobertura":""},"yoast_head":"<!-- This site is optimized with the Yoast SEO plugin v27.4 - https:\/\/yoast.com\/product\/yoast-seo-wordpress\/ -->\n<title>Tem Veneno no meu prato? | Comida de Verdade - Centro de Desenvolvimento Agroecol\u00f3gico Sabi\u00e1<\/title>\n<meta name=\"robots\" content=\"index, follow, max-snippet:-1, max-image-preview:large, max-video-preview:-1\" \/>\n<link rel=\"canonical\" href=\"https:\/\/centrosabia.org.br\/en\/audio\/tem-veneno-no-meu-prato-comida-de-verdade\/\" \/>\n<meta property=\"og:locale\" content=\"en_US\" \/>\n<meta property=\"og:type\" content=\"article\" \/>\n<meta property=\"og:title\" content=\"Tem Veneno no meu prato? | Comida de Verdade - Centro de Desenvolvimento Agroecol\u00f3gico Sabi\u00e1\" \/>\n<meta property=\"og:url\" content=\"https:\/\/centrosabia.org.br\/en\/audio\/tem-veneno-no-meu-prato-comida-de-verdade\/\" \/>\n<meta property=\"og:site_name\" content=\"Centro de Desenvolvimento Agroecol\u00f3gico Sabi\u00e1\" \/>\n<meta property=\"article:modified_time\" content=\"2024-08-03T18:11:45+00:00\" \/>\n<meta property=\"og:image\" content=\"https:\/\/centrosabia.org.br\/wp-content\/uploads\/2023\/05\/CDV_VENENO_NO_PRATO_WIDE-1-300x169.png\" \/>\n\t<meta property=\"og:image:width\" content=\"300\" \/>\n\t<meta property=\"og:image:height\" content=\"169\" \/>\n\t<meta property=\"og:image:type\" content=\"image\/png\" \/>\n<meta name=\"twitter:card\" content=\"summary_large_image\" \/>\n<meta name=\"twitter:label1\" content=\"Est. reading time\" \/>\n\t<meta name=\"twitter:data1\" content=\"2 minutes\" \/>\n<script type=\"application\/ld+json\" class=\"yoast-schema-graph\">{\"@context\":\"https:\\\/\\\/schema.org\",\"@graph\":[{\"@type\":\"WebPage\",\"@id\":\"https:\\\/\\\/centrosabia.org.br\\\/en\\\/audio\\\/tem-veneno-no-meu-prato-comida-de-verdade\\\/\",\"url\":\"https:\\\/\\\/centrosabia.org.br\\\/en\\\/audio\\\/tem-veneno-no-meu-prato-comida-de-verdade\\\/\",\"name\":\"Tem Veneno no meu prato? | Comida de Verdade - Centro de Desenvolvimento Agroecol\u00f3gico Sabi\u00e1\",\"isPartOf\":{\"@id\":\"https:\\\/\\\/centrosabia.org.br\\\/en\\\/#website\"},\"primaryImageOfPage\":{\"@id\":\"https:\\\/\\\/centrosabia.org.br\\\/en\\\/audio\\\/tem-veneno-no-meu-prato-comida-de-verdade\\\/#primaryimage\"},\"image\":{\"@id\":\"https:\\\/\\\/centrosabia.org.br\\\/en\\\/audio\\\/tem-veneno-no-meu-prato-comida-de-verdade\\\/#primaryimage\"},\"thumbnailUrl\":\"https:\\\/\\\/centrosabia.org.br\\\/wp-content\\\/uploads\\\/2023\\\/05\\\/CDV_VENENO_NO_PRATO_WIDE-1.png\",\"datePublished\":\"2023-05-16T03:00:00+00:00\",\"dateModified\":\"2024-08-03T18:11:45+00:00\",\"breadcrumb\":{\"@id\":\"https:\\\/\\\/centrosabia.org.br\\\/en\\\/audio\\\/tem-veneno-no-meu-prato-comida-de-verdade\\\/#breadcrumb\"},\"inLanguage\":\"en-US\",\"potentialAction\":[{\"@type\":\"ReadAction\",\"target\":[\"https:\\\/\\\/centrosabia.org.br\\\/en\\\/audio\\\/tem-veneno-no-meu-prato-comida-de-verdade\\\/\"]}]},{\"@type\":\"ImageObject\",\"inLanguage\":\"en-US\",\"@id\":\"https:\\\/\\\/centrosabia.org.br\\\/en\\\/audio\\\/tem-veneno-no-meu-prato-comida-de-verdade\\\/#primaryimage\",\"url\":\"https:\\\/\\\/centrosabia.org.br\\\/wp-content\\\/uploads\\\/2023\\\/05\\\/CDV_VENENO_NO_PRATO_WIDE-1.png\",\"contentUrl\":\"https:\\\/\\\/centrosabia.org.br\\\/wp-content\\\/uploads\\\/2023\\\/05\\\/CDV_VENENO_NO_PRATO_WIDE-1.png\",\"width\":512,\"height\":288},{\"@type\":\"BreadcrumbList\",\"@id\":\"https:\\\/\\\/centrosabia.org.br\\\/en\\\/audio\\\/tem-veneno-no-meu-prato-comida-de-verdade\\\/#breadcrumb\",\"itemListElement\":[{\"@type\":\"ListItem\",\"position\":1,\"name\":\"In\u00edcio\",\"item\":\"https:\\\/\\\/centrosabia.org.br\\\/en\\\/\"},{\"@type\":\"ListItem\",\"position\":2,\"name\":\"\u00c1udios\",\"item\":\"https:\\\/\\\/centrosabia.org.br\\\/en\\\/audio\\\/\"},{\"@type\":\"ListItem\",\"position\":3,\"name\":\"Tem Veneno no meu prato? | Comida de Verdade\"}]},{\"@type\":\"WebSite\",\"@id\":\"https:\\\/\\\/centrosabia.org.br\\\/en\\\/#website\",\"url\":\"https:\\\/\\\/centrosabia.org.br\\\/en\\\/\",\"name\":\"Centro de Desenvolvimento Agroecol\u00f3gico Sabi\u00e1\",\"description\":\"\",\"publisher\":{\"@id\":\"https:\\\/\\\/centrosabia.org.br\\\/en\\\/#organization\"},\"potentialAction\":[{\"@type\":\"SearchAction\",\"target\":{\"@type\":\"EntryPoint\",\"urlTemplate\":\"https:\\\/\\\/centrosabia.org.br\\\/en\\\/?s={search_term_string}\"},\"query-input\":{\"@type\":\"PropertyValueSpecification\",\"valueRequired\":true,\"valueName\":\"search_term_string\"}}],\"inLanguage\":\"en-US\"},{\"@type\":\"Organization\",\"@id\":\"https:\\\/\\\/centrosabia.org.br\\\/en\\\/#organization\",\"name\":\"Centro de Desenvolvimento Agroecol\u00f3gico Sabi\u00e1\",\"url\":\"https:\\\/\\\/centrosabia.org.br\\\/en\\\/\",\"logo\":{\"@type\":\"ImageObject\",\"inLanguage\":\"en-US\",\"@id\":\"https:\\\/\\\/centrosabia.org.br\\\/en\\\/#\\\/schema\\\/logo\\\/image\\\/\",\"url\":\"https:\\\/\\\/centrosabia.org.br\\\/wp-content\\\/uploads\\\/2021\\\/10\\\/logo.png\",\"contentUrl\":\"https:\\\/\\\/centrosabia.org.br\\\/wp-content\\\/uploads\\\/2021\\\/10\\\/logo.png\",\"width\":174,\"height\":84,\"caption\":\"Centro de Desenvolvimento Agroecol\u00f3gico Sabi\u00e1\"},\"image\":{\"@id\":\"https:\\\/\\\/centrosabia.org.br\\\/en\\\/#\\\/schema\\\/logo\\\/image\\\/\"}}]}<\/script>\n<!-- \/ Yoast SEO plugin. -->","yoast_head_json":{"title":"Tem Veneno no meu prato? | Comida de Verdade - Centro de Desenvolvimento Agroecol\u00f3gico Sabi\u00e1","robots":{"index":"index","follow":"follow","max-snippet":"max-snippet:-1","max-image-preview":"max-image-preview:large","max-video-preview":"max-video-preview:-1"},"canonical":"https:\/\/centrosabia.org.br\/en\/audio\/tem-veneno-no-meu-prato-comida-de-verdade\/","og_locale":"en_US","og_type":"article","og_title":"Tem Veneno no meu prato? | Comida de Verdade - Centro de Desenvolvimento Agroecol\u00f3gico Sabi\u00e1","og_url":"https:\/\/centrosabia.org.br\/en\/audio\/tem-veneno-no-meu-prato-comida-de-verdade\/","og_site_name":"Centro de Desenvolvimento Agroecol\u00f3gico Sabi\u00e1","article_modified_time":"2024-08-03T18:11:45+00:00","og_image":[{"width":300,"height":169,"url":"https:\/\/centrosabia.org.br\/wp-content\/uploads\/2023\/05\/CDV_VENENO_NO_PRATO_WIDE-1-300x169.png","type":"image\/png"}],"twitter_card":"summary_large_image","twitter_misc":{"Est. reading time":"2 minutes"},"schema":{"@context":"https:\/\/schema.org","@graph":[{"@type":"WebPage","@id":"https:\/\/centrosabia.org.br\/en\/audio\/tem-veneno-no-meu-prato-comida-de-verdade\/","url":"https:\/\/centrosabia.org.br\/en\/audio\/tem-veneno-no-meu-prato-comida-de-verdade\/","name":"Tem Veneno no meu prato? | Comida de Verdade - Centro de Desenvolvimento Agroecol\u00f3gico Sabi\u00e1","isPartOf":{"@id":"https:\/\/centrosabia.org.br\/en\/#website"},"primaryImageOfPage":{"@id":"https:\/\/centrosabia.org.br\/en\/audio\/tem-veneno-no-meu-prato-comida-de-verdade\/#primaryimage"},"image":{"@id":"https:\/\/centrosabia.org.br\/en\/audio\/tem-veneno-no-meu-prato-comida-de-verdade\/#primaryimage"},"thumbnailUrl":"https:\/\/centrosabia.org.br\/wp-content\/uploads\/2023\/05\/CDV_VENENO_NO_PRATO_WIDE-1.png","datePublished":"2023-05-16T03:00:00+00:00","dateModified":"2024-08-03T18:11:45+00:00","breadcrumb":{"@id":"https:\/\/centrosabia.org.br\/en\/audio\/tem-veneno-no-meu-prato-comida-de-verdade\/#breadcrumb"},"inLanguage":"en-US","potentialAction":[{"@type":"ReadAction","target":["https:\/\/centrosabia.org.br\/en\/audio\/tem-veneno-no-meu-prato-comida-de-verdade\/"]}]},{"@type":"ImageObject","inLanguage":"en-US","@id":"https:\/\/centrosabia.org.br\/en\/audio\/tem-veneno-no-meu-prato-comida-de-verdade\/#primaryimage","url":"https:\/\/centrosabia.org.br\/wp-content\/uploads\/2023\/05\/CDV_VENENO_NO_PRATO_WIDE-1.png","contentUrl":"https:\/\/centrosabia.org.br\/wp-content\/uploads\/2023\/05\/CDV_VENENO_NO_PRATO_WIDE-1.png","width":512,"height":288},{"@type":"BreadcrumbList","@id":"https:\/\/centrosabia.org.br\/en\/audio\/tem-veneno-no-meu-prato-comida-de-verdade\/#breadcrumb","itemListElement":[{"@type":"ListItem","position":1,"name":"In\u00edcio","item":"https:\/\/centrosabia.org.br\/en\/"},{"@type":"ListItem","position":2,"name":"\u00c1udios","item":"https:\/\/centrosabia.org.br\/en\/audio\/"},{"@type":"ListItem","position":3,"name":"Tem Veneno no meu prato? | Comida de Verdade"}]},{"@type":"WebSite","@id":"https:\/\/centrosabia.org.br\/en\/#website","url":"https:\/\/centrosabia.org.br\/en\/","name":"Centro de Desenvolvimento Agroecol\u00f3gico Sabi\u00e1","description":"","publisher":{"@id":"https:\/\/centrosabia.org.br\/en\/#organization"},"potentialAction":[{"@type":"SearchAction","target":{"@type":"EntryPoint","urlTemplate":"https:\/\/centrosabia.org.br\/en\/?s={search_term_string}"},"query-input":{"@type":"PropertyValueSpecification","valueRequired":true,"valueName":"search_term_string"}}],"inLanguage":"en-US"},{"@type":"Organization","@id":"https:\/\/centrosabia.org.br\/en\/#organization","name":"Centro de Desenvolvimento Agroecol\u00f3gico Sabi\u00e1","url":"https:\/\/centrosabia.org.br\/en\/","logo":{"@type":"ImageObject","inLanguage":"en-US","@id":"https:\/\/centrosabia.org.br\/en\/#\/schema\/logo\/image\/","url":"https:\/\/centrosabia.org.br\/wp-content\/uploads\/2021\/10\/logo.png","contentUrl":"https:\/\/centrosabia.org.br\/wp-content\/uploads\/2021\/10\/logo.png","width":174,"height":84,"caption":"Centro de Desenvolvimento Agroecol\u00f3gico Sabi\u00e1"},"image":{"@id":"https:\/\/centrosabia.org.br\/en\/#\/schema\/logo\/image\/"}}]}},"_links":{"self":[{"href":"https:\/\/centrosabia.org.br\/en\/wp-json\/wp\/v2\/audio\/16984","targetHints":{"allow":["GET"]}}],"collection":[{"href":"https:\/\/centrosabia.org.br\/en\/wp-json\/wp\/v2\/audio"}],"about":[{"href":"https:\/\/centrosabia.org.br\/en\/wp-json\/wp\/v2\/types\/audio"}],"wp:featuredmedia":[{"embeddable":true,"href":"https:\/\/centrosabia.org.br\/en\/wp-json\/wp\/v2\/media\/23170"}],"wp:attachment":[{"href":"https:\/\/centrosabia.org.br\/en\/wp-json\/wp\/v2\/media?parent=16984"}],"wp:term":[{"taxonomy":"tema","embeddable":true,"href":"https:\/\/centrosabia.org.br\/en\/wp-json\/wp\/v2\/tema?post=16984"},{"taxonomy":"decada","embeddable":true,"href":"https:\/\/centrosabia.org.br\/en\/wp-json\/wp\/v2\/decada?post=16984"},{"taxonomy":"curadoria","embeddable":true,"href":"https:\/\/centrosabia.org.br\/en\/wp-json\/wp\/v2\/curadoria?post=16984"}],"curies":[{"name":"wp","href":"https:\/\/api.w.org\/{rel}","templated":true}]}}