{"id":16996,"date":"2023-05-02T00:00:00","date_gmt":"2023-05-02T03:00:00","guid":{"rendered":"https:\/\/centrosabia.org.br\/audio\/e-a-comida-de-mentira-comida-de-verdade\/"},"modified":"2024-08-03T15:13:25","modified_gmt":"2024-08-03T18:13:25","slug":"e-a-comida-de-mentira-comida-de-verdade","status":"publish","type":"audio","link":"https:\/\/centrosabia.org.br\/en\/audio\/e-a-comida-de-mentira-comida-de-verdade\/","title":{"rendered":"E a Comida de Mentira? | Comida de Verdade"},"content":{"rendered":"<p>Aqui no\u00a0Programa Comida de Verdade\u00a0a gente sempre vem conversar sobre a comida saud\u00e1vel, livre de venenos. Uma comida produzida por agricultores e agricultoras familiares! &#x1f957;&#x1f33d;&#x1f360; Um alimento que \u00e9 pol\u00edtico!\u00a0Da agroecologia.\u00a0Mas\u2026\u00a0E a comida de mentira? O que \u00e9 isso?\u00a0Afinal, ser\u00e1 que todos os alimentos de fato alimentam? \u274c&#x1f37d;\u274c<\/p>\n<p><\/p>\n<p>O Brasil, segundo dados coletados pela c\u00e2mara legislativa,\u00a0\u00e9 o 2\u00ba pa\u00eds em todo o mundo que mais produz alimentos geneticamente modificados\u00a0&#8211; os transg\u00eanicos. Em um ano, durante o governo Bolsonaro, o Brasil aprovou o registro de\u00a0493 novos agrot\u00f3xicos.\u00a0A m\u00e9dia de mortalidade anual devido aos alimentos ultraprocessados \u00e9 de\u00a057 mil \u00f3bitos. Isso tudo \u00e9 comida de mentira. Como podemos perceber essa alimenta\u00e7\u00e3o? Como combater a comida de mentira, e principalmente &#8211; Como mudar esse modelo de alimenta\u00e7\u00e3o que prioriza veneno, empresas, e a morte?<\/p>\n<p><\/p>\n<p>\u00c9 sobre tudo isso que conversamos com uma especialista da alimenta\u00e7\u00e3o! No Comida de Verdade, est\u00e1 conosco a professora e nutricionista\u00a0Nath\u00e1lia Paula de Souza! Ela \u00e9 Doutora em Sa\u00fade P\u00fablica, professora do Centro Acad\u00eamico de Vit\u00f3ria (CAV\/UFPE) e coordenadora do Programa de Resid\u00eancia Multiprofissional de Interioriza\u00e7\u00e3o de Aten\u00e7\u00e3o \u00e0 Sa\u00fade do CAV\/UFPE. &#x1f469;\u200d&#x1f3eb;&#x1f469;\u200d&#x1f52c;<\/p>\n<p><\/p>\n<p>Quer ouvir esse papo? Ent\u00e3o sintoniza com o\u00a0Programa Comida de Verdade\u00a0l\u00e1 na\u00a0R\u00e1dio Universit\u00e1ria Paulo Freire &#8211; AM 820 Khz!\u00a0O Comida de Verdade vai ao ar\u00a0toda ter\u00e7a-feira, ao meio dia. &#x1f4fb;<\/p>\n<p><\/p>\n<p><\/p>\n<p><\/p>\n<p>&#x1f331; Fa\u00e7a a sua doa\u00e7\u00e3o!\u00a0Transforme vidas.\u00a0<a href=\"https:\/\/bit.ly\/3FuQmjt\" rel=\"nofollow\">https:\/\/bit.ly\/3FuQmjt<\/a><\/p>\n<p><\/p>\n<p>&#x1f3a7; Ou\u00e7a tamb\u00e9m!\u00a0Cantos do Sabi\u00e1. <a href=\"https:\/\/youtu.be\/vrN2JLElEpQ\" rel=\"nofollow\">https:\/\/youtu.be\/vrN2JLElEpQ<\/a>\u00a0<\/p>\n<p><\/p>\n<p>&#x1f4cc;Acompanhe o\u00a0Centro Sabi\u00e1!\u00a0<a href=\"https:\/\/biolinky.co\/centrosabia\" rel=\"nofollow\">https:\/\/biolinky.co\/centrosabia<\/a><\/p>\n","protected":false},"featured_media":23176,"template":"","meta":{"_acf_changed":false,"ano":2023},"tema":[2527,2528,2532],"decada":[2502],"curadoria":[],"class_list":["post-16996","audio","type-audio","status-publish","has-post-thumbnail","hentry","tema-agrotoxicos","tema-alimento-saudavel","tema-transgenicos","decada-2502"],"blocksy_meta":[],"acf":{"imagem_de_cobertura":""},"yoast_head":"<!-- This site is optimized with the Yoast SEO plugin v27.4 - https:\/\/yoast.com\/product\/yoast-seo-wordpress\/ -->\n<title>E a Comida de Mentira? | Comida de Verdade - Centro de Desenvolvimento Agroecol\u00f3gico Sabi\u00e1<\/title>\n<meta name=\"robots\" content=\"index, follow, max-snippet:-1, max-image-preview:large, max-video-preview:-1\" \/>\n<link rel=\"canonical\" href=\"https:\/\/centrosabia.org.br\/en\/audio\/e-a-comida-de-mentira-comida-de-verdade\/\" \/>\n<meta property=\"og:locale\" content=\"en_US\" \/>\n<meta property=\"og:type\" content=\"article\" \/>\n<meta property=\"og:title\" content=\"E a Comida de Mentira? | Comida de Verdade - Centro de Desenvolvimento Agroecol\u00f3gico Sabi\u00e1\" \/>\n<meta property=\"og:url\" content=\"https:\/\/centrosabia.org.br\/en\/audio\/e-a-comida-de-mentira-comida-de-verdade\/\" \/>\n<meta property=\"og:site_name\" content=\"Centro de Desenvolvimento Agroecol\u00f3gico Sabi\u00e1\" \/>\n<meta property=\"article:modified_time\" content=\"2024-08-03T18:13:25+00:00\" \/>\n<meta property=\"og:image\" content=\"https:\/\/centrosabia.org.br\/wp-content\/uploads\/2023\/05\/CDV_COMIDA_DE_MENTIRA_WIDE-300x169.png\" \/>\n\t<meta property=\"og:image:width\" content=\"300\" \/>\n\t<meta property=\"og:image:height\" content=\"169\" \/>\n\t<meta property=\"og:image:type\" content=\"image\/png\" \/>\n<meta name=\"twitter:card\" content=\"summary_large_image\" \/>\n<meta name=\"twitter:label1\" content=\"Est. reading time\" \/>\n\t<meta name=\"twitter:data1\" content=\"2 minutes\" \/>\n<script type=\"application\/ld+json\" class=\"yoast-schema-graph\">{\"@context\":\"https:\\\/\\\/schema.org\",\"@graph\":[{\"@type\":\"WebPage\",\"@id\":\"https:\\\/\\\/centrosabia.org.br\\\/en\\\/audio\\\/e-a-comida-de-mentira-comida-de-verdade\\\/\",\"url\":\"https:\\\/\\\/centrosabia.org.br\\\/en\\\/audio\\\/e-a-comida-de-mentira-comida-de-verdade\\\/\",\"name\":\"E a Comida de Mentira? | Comida de Verdade - Centro de Desenvolvimento Agroecol\u00f3gico Sabi\u00e1\",\"isPartOf\":{\"@id\":\"https:\\\/\\\/centrosabia.org.br\\\/en\\\/#website\"},\"primaryImageOfPage\":{\"@id\":\"https:\\\/\\\/centrosabia.org.br\\\/en\\\/audio\\\/e-a-comida-de-mentira-comida-de-verdade\\\/#primaryimage\"},\"image\":{\"@id\":\"https:\\\/\\\/centrosabia.org.br\\\/en\\\/audio\\\/e-a-comida-de-mentira-comida-de-verdade\\\/#primaryimage\"},\"thumbnailUrl\":\"https:\\\/\\\/centrosabia.org.br\\\/wp-content\\\/uploads\\\/2023\\\/05\\\/CDV_COMIDA_DE_MENTIRA_WIDE.png\",\"datePublished\":\"2023-05-02T03:00:00+00:00\",\"dateModified\":\"2024-08-03T18:13:25+00:00\",\"breadcrumb\":{\"@id\":\"https:\\\/\\\/centrosabia.org.br\\\/en\\\/audio\\\/e-a-comida-de-mentira-comida-de-verdade\\\/#breadcrumb\"},\"inLanguage\":\"en-US\",\"potentialAction\":[{\"@type\":\"ReadAction\",\"target\":[\"https:\\\/\\\/centrosabia.org.br\\\/en\\\/audio\\\/e-a-comida-de-mentira-comida-de-verdade\\\/\"]}]},{\"@type\":\"ImageObject\",\"inLanguage\":\"en-US\",\"@id\":\"https:\\\/\\\/centrosabia.org.br\\\/en\\\/audio\\\/e-a-comida-de-mentira-comida-de-verdade\\\/#primaryimage\",\"url\":\"https:\\\/\\\/centrosabia.org.br\\\/wp-content\\\/uploads\\\/2023\\\/05\\\/CDV_COMIDA_DE_MENTIRA_WIDE.png\",\"contentUrl\":\"https:\\\/\\\/centrosabia.org.br\\\/wp-content\\\/uploads\\\/2023\\\/05\\\/CDV_COMIDA_DE_MENTIRA_WIDE.png\",\"width\":512,\"height\":288},{\"@type\":\"BreadcrumbList\",\"@id\":\"https:\\\/\\\/centrosabia.org.br\\\/en\\\/audio\\\/e-a-comida-de-mentira-comida-de-verdade\\\/#breadcrumb\",\"itemListElement\":[{\"@type\":\"ListItem\",\"position\":1,\"name\":\"In\u00edcio\",\"item\":\"https:\\\/\\\/centrosabia.org.br\\\/en\\\/\"},{\"@type\":\"ListItem\",\"position\":2,\"name\":\"\u00c1udios\",\"item\":\"https:\\\/\\\/centrosabia.org.br\\\/en\\\/audio\\\/\"},{\"@type\":\"ListItem\",\"position\":3,\"name\":\"E a Comida de Mentira? | Comida de Verdade\"}]},{\"@type\":\"WebSite\",\"@id\":\"https:\\\/\\\/centrosabia.org.br\\\/en\\\/#website\",\"url\":\"https:\\\/\\\/centrosabia.org.br\\\/en\\\/\",\"name\":\"Centro de Desenvolvimento Agroecol\u00f3gico Sabi\u00e1\",\"description\":\"\",\"publisher\":{\"@id\":\"https:\\\/\\\/centrosabia.org.br\\\/en\\\/#organization\"},\"potentialAction\":[{\"@type\":\"SearchAction\",\"target\":{\"@type\":\"EntryPoint\",\"urlTemplate\":\"https:\\\/\\\/centrosabia.org.br\\\/en\\\/?s={search_term_string}\"},\"query-input\":{\"@type\":\"PropertyValueSpecification\",\"valueRequired\":true,\"valueName\":\"search_term_string\"}}],\"inLanguage\":\"en-US\"},{\"@type\":\"Organization\",\"@id\":\"https:\\\/\\\/centrosabia.org.br\\\/en\\\/#organization\",\"name\":\"Centro de Desenvolvimento Agroecol\u00f3gico Sabi\u00e1\",\"url\":\"https:\\\/\\\/centrosabia.org.br\\\/en\\\/\",\"logo\":{\"@type\":\"ImageObject\",\"inLanguage\":\"en-US\",\"@id\":\"https:\\\/\\\/centrosabia.org.br\\\/en\\\/#\\\/schema\\\/logo\\\/image\\\/\",\"url\":\"https:\\\/\\\/centrosabia.org.br\\\/wp-content\\\/uploads\\\/2021\\\/10\\\/logo.png\",\"contentUrl\":\"https:\\\/\\\/centrosabia.org.br\\\/wp-content\\\/uploads\\\/2021\\\/10\\\/logo.png\",\"width\":174,\"height\":84,\"caption\":\"Centro de Desenvolvimento Agroecol\u00f3gico Sabi\u00e1\"},\"image\":{\"@id\":\"https:\\\/\\\/centrosabia.org.br\\\/en\\\/#\\\/schema\\\/logo\\\/image\\\/\"}}]}<\/script>\n<!-- \/ Yoast SEO plugin. -->","yoast_head_json":{"title":"E a Comida de Mentira? | Comida de Verdade - Centro de Desenvolvimento Agroecol\u00f3gico Sabi\u00e1","robots":{"index":"index","follow":"follow","max-snippet":"max-snippet:-1","max-image-preview":"max-image-preview:large","max-video-preview":"max-video-preview:-1"},"canonical":"https:\/\/centrosabia.org.br\/en\/audio\/e-a-comida-de-mentira-comida-de-verdade\/","og_locale":"en_US","og_type":"article","og_title":"E a Comida de Mentira? | Comida de Verdade - Centro de Desenvolvimento Agroecol\u00f3gico Sabi\u00e1","og_url":"https:\/\/centrosabia.org.br\/en\/audio\/e-a-comida-de-mentira-comida-de-verdade\/","og_site_name":"Centro de Desenvolvimento Agroecol\u00f3gico Sabi\u00e1","article_modified_time":"2024-08-03T18:13:25+00:00","og_image":[{"width":300,"height":169,"url":"https:\/\/centrosabia.org.br\/wp-content\/uploads\/2023\/05\/CDV_COMIDA_DE_MENTIRA_WIDE-300x169.png","type":"image\/png"}],"twitter_card":"summary_large_image","twitter_misc":{"Est. reading time":"2 minutes"},"schema":{"@context":"https:\/\/schema.org","@graph":[{"@type":"WebPage","@id":"https:\/\/centrosabia.org.br\/en\/audio\/e-a-comida-de-mentira-comida-de-verdade\/","url":"https:\/\/centrosabia.org.br\/en\/audio\/e-a-comida-de-mentira-comida-de-verdade\/","name":"E a Comida de Mentira? | Comida de Verdade - Centro de Desenvolvimento Agroecol\u00f3gico Sabi\u00e1","isPartOf":{"@id":"https:\/\/centrosabia.org.br\/en\/#website"},"primaryImageOfPage":{"@id":"https:\/\/centrosabia.org.br\/en\/audio\/e-a-comida-de-mentira-comida-de-verdade\/#primaryimage"},"image":{"@id":"https:\/\/centrosabia.org.br\/en\/audio\/e-a-comida-de-mentira-comida-de-verdade\/#primaryimage"},"thumbnailUrl":"https:\/\/centrosabia.org.br\/wp-content\/uploads\/2023\/05\/CDV_COMIDA_DE_MENTIRA_WIDE.png","datePublished":"2023-05-02T03:00:00+00:00","dateModified":"2024-08-03T18:13:25+00:00","breadcrumb":{"@id":"https:\/\/centrosabia.org.br\/en\/audio\/e-a-comida-de-mentira-comida-de-verdade\/#breadcrumb"},"inLanguage":"en-US","potentialAction":[{"@type":"ReadAction","target":["https:\/\/centrosabia.org.br\/en\/audio\/e-a-comida-de-mentira-comida-de-verdade\/"]}]},{"@type":"ImageObject","inLanguage":"en-US","@id":"https:\/\/centrosabia.org.br\/en\/audio\/e-a-comida-de-mentira-comida-de-verdade\/#primaryimage","url":"https:\/\/centrosabia.org.br\/wp-content\/uploads\/2023\/05\/CDV_COMIDA_DE_MENTIRA_WIDE.png","contentUrl":"https:\/\/centrosabia.org.br\/wp-content\/uploads\/2023\/05\/CDV_COMIDA_DE_MENTIRA_WIDE.png","width":512,"height":288},{"@type":"BreadcrumbList","@id":"https:\/\/centrosabia.org.br\/en\/audio\/e-a-comida-de-mentira-comida-de-verdade\/#breadcrumb","itemListElement":[{"@type":"ListItem","position":1,"name":"In\u00edcio","item":"https:\/\/centrosabia.org.br\/en\/"},{"@type":"ListItem","position":2,"name":"\u00c1udios","item":"https:\/\/centrosabia.org.br\/en\/audio\/"},{"@type":"ListItem","position":3,"name":"E a Comida de Mentira? | Comida de Verdade"}]},{"@type":"WebSite","@id":"https:\/\/centrosabia.org.br\/en\/#website","url":"https:\/\/centrosabia.org.br\/en\/","name":"Centro de Desenvolvimento Agroecol\u00f3gico Sabi\u00e1","description":"","publisher":{"@id":"https:\/\/centrosabia.org.br\/en\/#organization"},"potentialAction":[{"@type":"SearchAction","target":{"@type":"EntryPoint","urlTemplate":"https:\/\/centrosabia.org.br\/en\/?s={search_term_string}"},"query-input":{"@type":"PropertyValueSpecification","valueRequired":true,"valueName":"search_term_string"}}],"inLanguage":"en-US"},{"@type":"Organization","@id":"https:\/\/centrosabia.org.br\/en\/#organization","name":"Centro de Desenvolvimento Agroecol\u00f3gico Sabi\u00e1","url":"https:\/\/centrosabia.org.br\/en\/","logo":{"@type":"ImageObject","inLanguage":"en-US","@id":"https:\/\/centrosabia.org.br\/en\/#\/schema\/logo\/image\/","url":"https:\/\/centrosabia.org.br\/wp-content\/uploads\/2021\/10\/logo.png","contentUrl":"https:\/\/centrosabia.org.br\/wp-content\/uploads\/2021\/10\/logo.png","width":174,"height":84,"caption":"Centro de Desenvolvimento Agroecol\u00f3gico Sabi\u00e1"},"image":{"@id":"https:\/\/centrosabia.org.br\/en\/#\/schema\/logo\/image\/"}}]}},"_links":{"self":[{"href":"https:\/\/centrosabia.org.br\/en\/wp-json\/wp\/v2\/audio\/16996","targetHints":{"allow":["GET"]}}],"collection":[{"href":"https:\/\/centrosabia.org.br\/en\/wp-json\/wp\/v2\/audio"}],"about":[{"href":"https:\/\/centrosabia.org.br\/en\/wp-json\/wp\/v2\/types\/audio"}],"wp:featuredmedia":[{"embeddable":true,"href":"https:\/\/centrosabia.org.br\/en\/wp-json\/wp\/v2\/media\/23176"}],"wp:attachment":[{"href":"https:\/\/centrosabia.org.br\/en\/wp-json\/wp\/v2\/media?parent=16996"}],"wp:term":[{"taxonomy":"tema","embeddable":true,"href":"https:\/\/centrosabia.org.br\/en\/wp-json\/wp\/v2\/tema?post=16996"},{"taxonomy":"decada","embeddable":true,"href":"https:\/\/centrosabia.org.br\/en\/wp-json\/wp\/v2\/decada?post=16996"},{"taxonomy":"curadoria","embeddable":true,"href":"https:\/\/centrosabia.org.br\/en\/wp-json\/wp\/v2\/curadoria?post=16996"}],"curies":[{"name":"wp","href":"https:\/\/api.w.org\/{rel}","templated":true}]}}