{"id":17008,"date":"2023-04-24T00:00:00","date_gmt":"2023-04-24T03:00:00","guid":{"rendered":"https:\/\/centrosabia.org.br\/audio\/dia-da-caatinga-e-o-combate-a-desertificacao-cantos-do-sabia\/"},"modified":"2024-06-04T16:15:40","modified_gmt":"2024-06-04T19:15:40","slug":"dia-da-caatinga-e-o-combate-a-desertificacao-cantos-do-sabia","status":"publish","type":"audio","link":"https:\/\/centrosabia.org.br\/en\/audio\/dia-da-caatinga-e-o-combate-a-desertificacao-cantos-do-sabia\/","title":{"rendered":"Dia da Caatinga e o Combate \u00e0 Desertifica\u00e7\u00e3o | Cantos do Sabi\u00e1"},"content":{"rendered":"<p>A caatinga \u00e9 um bioma \u00fanico brasileiro.\u00a0&#x1f985;&#x1f335;\u00a0S\u00e3o 850 mil km\u00b2, com florestas e mais florestas, muita vida e muita biodiversidade, Mas hoje toda essa biodiversidade encontra desafios nunca antes vistos. Depois de desgovernos do meio ambiente, ano ap\u00f3s ano de recordes em queimadas, desmatamento, perda de vegeta\u00e7\u00e3o nativa &#8211; e claro &#8211; falta de pol\u00edticas voltadas ao combate da desertifica\u00e7\u00e3o,\u00a0a Caatinga hoje se encontra num estado de seca, degrada\u00e7\u00e3o, e de uma desertifica\u00e7\u00e3o assustadora.\u00a0&#x1f525;&#x1f525;<\/p>\n<p><\/p>\n<p>Agora temos um novo governo Lula\u00a0&#8211; e com ele, uma nova esperan\u00e7a da retomada de a\u00e7\u00f5es de combate \u00e0 desertifica\u00e7\u00e3o, de prote\u00e7\u00e3o das matas nativas, e tamb\u00e9m de conserva\u00e7\u00e3o do solo! Junto ao Minist\u00e9rio do Meio Ambiente,\u00a0\u00e9 retomada a Diretoria de Combate \u00e0 Desertifica\u00e7\u00e3o!\u00a0&#x1f469;\u200d&#x1f33e;&#x1f468;\u200d&#x1f52c;<\/p>\n<p><\/p>\n<p>Como combater esses desertos?\u00a0O que fazer para que a Caatinga n\u00e3o vire o deserto do amanh\u00e3? \u23f3 \u00c9 sobre tudo isso que conversamos no\u00a0Cantos do Sabi\u00e1 com o diretor desta pasta do minist\u00e9rio do meio ambiente, Alexandre Pires!\u00a0Alexandre foi coordenador geral do Centro Sabi\u00e1 durante 20 anos. Hoje \u00e9 diretor de Combate \u00e0 Desertifica\u00e7\u00e3o, no novo governo Lula! &#x1f468;\u200d&#x1f3eb;<\/p>\n<p><\/p>\n<p><\/p>\n<p><\/p>\n<p>&#x1f54a; Fa\u00e7a parte da mudan\u00e7a!\u00a0<a href=\"https:\/\/centrosabia.colabore.org\/doe-transforme\/single_step\" rel=\"nofollow\">Doe.<\/a><\/p>\n<p><\/p>\n<p><a href=\"https:\/\/centrosabia.org.br\/comidadeverdade\/\" rel=\"nofollow\">https:\/\/centrosabia.org.br\/comidadeverdade\/<\/a><\/p>\n<p><\/p>\n<p>Acompanhe o\u00a0Centro Sabi\u00e1! &#x1f4cc;<\/p>\n<p><\/p>\n<p><a href=\"https:\/\/biolinky.co\/centrosabia\" rel=\"nofollow\">https:\/\/biolinky.co\/centrosabia<\/a><\/p>\n<p><\/p>\n","protected":false},"featured_media":17009,"template":"","meta":{"_acf_changed":false,"ano":2023},"tema":[2659,2560,2513],"decada":[2502],"curadoria":[],"class_list":["post-17008","audio","type-audio","status-publish","has-post-thumbnail","hentry","tema-bioma-caatinga","tema-combate-a-desertificacao","tema-meio-ambiente","decada-2502"],"blocksy_meta":[],"acf":{"imagem_de_cobertura":null},"yoast_head":"<!-- This site is optimized with the Yoast SEO plugin v27.4 - https:\/\/yoast.com\/product\/yoast-seo-wordpress\/ -->\n<title>Dia da Caatinga e o Combate \u00e0 Desertifica\u00e7\u00e3o | Cantos do Sabi\u00e1 - Centro de Desenvolvimento Agroecol\u00f3gico Sabi\u00e1<\/title>\n<meta name=\"robots\" content=\"index, follow, max-snippet:-1, max-image-preview:large, max-video-preview:-1\" \/>\n<link rel=\"canonical\" href=\"https:\/\/centrosabia.org.br\/en\/audio\/dia-da-caatinga-e-o-combate-a-desertificacao-cantos-do-sabia\/\" \/>\n<meta property=\"og:locale\" content=\"en_US\" \/>\n<meta property=\"og:type\" content=\"article\" \/>\n<meta property=\"og:title\" content=\"Dia da Caatinga e o Combate \u00e0 Desertifica\u00e7\u00e3o | Cantos do Sabi\u00e1 - Centro de Desenvolvimento Agroecol\u00f3gico Sabi\u00e1\" \/>\n<meta property=\"og:url\" content=\"https:\/\/centrosabia.org.br\/en\/audio\/dia-da-caatinga-e-o-combate-a-desertificacao-cantos-do-sabia\/\" \/>\n<meta property=\"og:site_name\" content=\"Centro de Desenvolvimento Agroecol\u00f3gico Sabi\u00e1\" \/>\n<meta property=\"article:modified_time\" content=\"2024-06-04T19:15:40+00:00\" \/>\n<meta property=\"og:image\" content=\"https:\/\/centrosabia.org.br\/wp-content\/uploads\/2024\/04\/dia-da-caatinga-e-o-combate-a-desertificacao-cantos-do-sabia-300x300.jpg\" \/>\n\t<meta property=\"og:image:width\" content=\"300\" \/>\n\t<meta property=\"og:image:height\" content=\"300\" \/>\n\t<meta property=\"og:image:type\" content=\"image\/jpeg\" \/>\n<meta name=\"twitter:card\" content=\"summary_large_image\" \/>\n<meta name=\"twitter:label1\" content=\"Est. reading time\" \/>\n\t<meta name=\"twitter:data1\" content=\"1 minute\" \/>\n<script type=\"application\/ld+json\" class=\"yoast-schema-graph\">{\"@context\":\"https:\\\/\\\/schema.org\",\"@graph\":[{\"@type\":\"WebPage\",\"@id\":\"https:\\\/\\\/centrosabia.org.br\\\/en\\\/audio\\\/dia-da-caatinga-e-o-combate-a-desertificacao-cantos-do-sabia\\\/\",\"url\":\"https:\\\/\\\/centrosabia.org.br\\\/en\\\/audio\\\/dia-da-caatinga-e-o-combate-a-desertificacao-cantos-do-sabia\\\/\",\"name\":\"Dia da Caatinga e o Combate \u00e0 Desertifica\u00e7\u00e3o | Cantos do Sabi\u00e1 - Centro de Desenvolvimento Agroecol\u00f3gico Sabi\u00e1\",\"isPartOf\":{\"@id\":\"https:\\\/\\\/centrosabia.org.br\\\/en\\\/#website\"},\"primaryImageOfPage\":{\"@id\":\"https:\\\/\\\/centrosabia.org.br\\\/en\\\/audio\\\/dia-da-caatinga-e-o-combate-a-desertificacao-cantos-do-sabia\\\/#primaryimage\"},\"image\":{\"@id\":\"https:\\\/\\\/centrosabia.org.br\\\/en\\\/audio\\\/dia-da-caatinga-e-o-combate-a-desertificacao-cantos-do-sabia\\\/#primaryimage\"},\"thumbnailUrl\":\"https:\\\/\\\/centrosabia.org.br\\\/wp-content\\\/uploads\\\/2024\\\/04\\\/dia-da-caatinga-e-o-combate-a-desertificacao-cantos-do-sabia.jpg\",\"datePublished\":\"2023-04-24T03:00:00+00:00\",\"dateModified\":\"2024-06-04T19:15:40+00:00\",\"breadcrumb\":{\"@id\":\"https:\\\/\\\/centrosabia.org.br\\\/en\\\/audio\\\/dia-da-caatinga-e-o-combate-a-desertificacao-cantos-do-sabia\\\/#breadcrumb\"},\"inLanguage\":\"en-US\",\"potentialAction\":[{\"@type\":\"ReadAction\",\"target\":[\"https:\\\/\\\/centrosabia.org.br\\\/en\\\/audio\\\/dia-da-caatinga-e-o-combate-a-desertificacao-cantos-do-sabia\\\/\"]}]},{\"@type\":\"ImageObject\",\"inLanguage\":\"en-US\",\"@id\":\"https:\\\/\\\/centrosabia.org.br\\\/en\\\/audio\\\/dia-da-caatinga-e-o-combate-a-desertificacao-cantos-do-sabia\\\/#primaryimage\",\"url\":\"https:\\\/\\\/centrosabia.org.br\\\/wp-content\\\/uploads\\\/2024\\\/04\\\/dia-da-caatinga-e-o-combate-a-desertificacao-cantos-do-sabia.jpg\",\"contentUrl\":\"https:\\\/\\\/centrosabia.org.br\\\/wp-content\\\/uploads\\\/2024\\\/04\\\/dia-da-caatinga-e-o-combate-a-desertificacao-cantos-do-sabia.jpg\",\"width\":640,\"height\":640},{\"@type\":\"BreadcrumbList\",\"@id\":\"https:\\\/\\\/centrosabia.org.br\\\/en\\\/audio\\\/dia-da-caatinga-e-o-combate-a-desertificacao-cantos-do-sabia\\\/#breadcrumb\",\"itemListElement\":[{\"@type\":\"ListItem\",\"position\":1,\"name\":\"In\u00edcio\",\"item\":\"https:\\\/\\\/centrosabia.org.br\\\/en\\\/\"},{\"@type\":\"ListItem\",\"position\":2,\"name\":\"\u00c1udios\",\"item\":\"https:\\\/\\\/centrosabia.org.br\\\/en\\\/audio\\\/\"},{\"@type\":\"ListItem\",\"position\":3,\"name\":\"Dia da Caatinga e o Combate \u00e0 Desertifica\u00e7\u00e3o | Cantos do Sabi\u00e1\"}]},{\"@type\":\"WebSite\",\"@id\":\"https:\\\/\\\/centrosabia.org.br\\\/en\\\/#website\",\"url\":\"https:\\\/\\\/centrosabia.org.br\\\/en\\\/\",\"name\":\"Centro de Desenvolvimento Agroecol\u00f3gico Sabi\u00e1\",\"description\":\"\",\"publisher\":{\"@id\":\"https:\\\/\\\/centrosabia.org.br\\\/en\\\/#organization\"},\"potentialAction\":[{\"@type\":\"SearchAction\",\"target\":{\"@type\":\"EntryPoint\",\"urlTemplate\":\"https:\\\/\\\/centrosabia.org.br\\\/en\\\/?s={search_term_string}\"},\"query-input\":{\"@type\":\"PropertyValueSpecification\",\"valueRequired\":true,\"valueName\":\"search_term_string\"}}],\"inLanguage\":\"en-US\"},{\"@type\":\"Organization\",\"@id\":\"https:\\\/\\\/centrosabia.org.br\\\/en\\\/#organization\",\"name\":\"Centro de Desenvolvimento Agroecol\u00f3gico Sabi\u00e1\",\"url\":\"https:\\\/\\\/centrosabia.org.br\\\/en\\\/\",\"logo\":{\"@type\":\"ImageObject\",\"inLanguage\":\"en-US\",\"@id\":\"https:\\\/\\\/centrosabia.org.br\\\/en\\\/#\\\/schema\\\/logo\\\/image\\\/\",\"url\":\"https:\\\/\\\/centrosabia.org.br\\\/wp-content\\\/uploads\\\/2021\\\/10\\\/logo.png\",\"contentUrl\":\"https:\\\/\\\/centrosabia.org.br\\\/wp-content\\\/uploads\\\/2021\\\/10\\\/logo.png\",\"width\":174,\"height\":84,\"caption\":\"Centro de Desenvolvimento Agroecol\u00f3gico Sabi\u00e1\"},\"image\":{\"@id\":\"https:\\\/\\\/centrosabia.org.br\\\/en\\\/#\\\/schema\\\/logo\\\/image\\\/\"}}]}<\/script>\n<!-- \/ Yoast SEO plugin. -->","yoast_head_json":{"title":"Dia da Caatinga e o Combate \u00e0 Desertifica\u00e7\u00e3o | Cantos do Sabi\u00e1 - Centro de Desenvolvimento Agroecol\u00f3gico Sabi\u00e1","robots":{"index":"index","follow":"follow","max-snippet":"max-snippet:-1","max-image-preview":"max-image-preview:large","max-video-preview":"max-video-preview:-1"},"canonical":"https:\/\/centrosabia.org.br\/en\/audio\/dia-da-caatinga-e-o-combate-a-desertificacao-cantos-do-sabia\/","og_locale":"en_US","og_type":"article","og_title":"Dia da Caatinga e o Combate \u00e0 Desertifica\u00e7\u00e3o | Cantos do Sabi\u00e1 - Centro de Desenvolvimento Agroecol\u00f3gico Sabi\u00e1","og_url":"https:\/\/centrosabia.org.br\/en\/audio\/dia-da-caatinga-e-o-combate-a-desertificacao-cantos-do-sabia\/","og_site_name":"Centro de Desenvolvimento Agroecol\u00f3gico Sabi\u00e1","article_modified_time":"2024-06-04T19:15:40+00:00","og_image":[{"width":300,"height":300,"url":"https:\/\/centrosabia.org.br\/wp-content\/uploads\/2024\/04\/dia-da-caatinga-e-o-combate-a-desertificacao-cantos-do-sabia-300x300.jpg","type":"image\/jpeg"}],"twitter_card":"summary_large_image","twitter_misc":{"Est. reading time":"1 minute"},"schema":{"@context":"https:\/\/schema.org","@graph":[{"@type":"WebPage","@id":"https:\/\/centrosabia.org.br\/en\/audio\/dia-da-caatinga-e-o-combate-a-desertificacao-cantos-do-sabia\/","url":"https:\/\/centrosabia.org.br\/en\/audio\/dia-da-caatinga-e-o-combate-a-desertificacao-cantos-do-sabia\/","name":"Dia da Caatinga e o Combate \u00e0 Desertifica\u00e7\u00e3o | Cantos do Sabi\u00e1 - Centro de Desenvolvimento Agroecol\u00f3gico Sabi\u00e1","isPartOf":{"@id":"https:\/\/centrosabia.org.br\/en\/#website"},"primaryImageOfPage":{"@id":"https:\/\/centrosabia.org.br\/en\/audio\/dia-da-caatinga-e-o-combate-a-desertificacao-cantos-do-sabia\/#primaryimage"},"image":{"@id":"https:\/\/centrosabia.org.br\/en\/audio\/dia-da-caatinga-e-o-combate-a-desertificacao-cantos-do-sabia\/#primaryimage"},"thumbnailUrl":"https:\/\/centrosabia.org.br\/wp-content\/uploads\/2024\/04\/dia-da-caatinga-e-o-combate-a-desertificacao-cantos-do-sabia.jpg","datePublished":"2023-04-24T03:00:00+00:00","dateModified":"2024-06-04T19:15:40+00:00","breadcrumb":{"@id":"https:\/\/centrosabia.org.br\/en\/audio\/dia-da-caatinga-e-o-combate-a-desertificacao-cantos-do-sabia\/#breadcrumb"},"inLanguage":"en-US","potentialAction":[{"@type":"ReadAction","target":["https:\/\/centrosabia.org.br\/en\/audio\/dia-da-caatinga-e-o-combate-a-desertificacao-cantos-do-sabia\/"]}]},{"@type":"ImageObject","inLanguage":"en-US","@id":"https:\/\/centrosabia.org.br\/en\/audio\/dia-da-caatinga-e-o-combate-a-desertificacao-cantos-do-sabia\/#primaryimage","url":"https:\/\/centrosabia.org.br\/wp-content\/uploads\/2024\/04\/dia-da-caatinga-e-o-combate-a-desertificacao-cantos-do-sabia.jpg","contentUrl":"https:\/\/centrosabia.org.br\/wp-content\/uploads\/2024\/04\/dia-da-caatinga-e-o-combate-a-desertificacao-cantos-do-sabia.jpg","width":640,"height":640},{"@type":"BreadcrumbList","@id":"https:\/\/centrosabia.org.br\/en\/audio\/dia-da-caatinga-e-o-combate-a-desertificacao-cantos-do-sabia\/#breadcrumb","itemListElement":[{"@type":"ListItem","position":1,"name":"In\u00edcio","item":"https:\/\/centrosabia.org.br\/en\/"},{"@type":"ListItem","position":2,"name":"\u00c1udios","item":"https:\/\/centrosabia.org.br\/en\/audio\/"},{"@type":"ListItem","position":3,"name":"Dia da Caatinga e o Combate \u00e0 Desertifica\u00e7\u00e3o | Cantos do Sabi\u00e1"}]},{"@type":"WebSite","@id":"https:\/\/centrosabia.org.br\/en\/#website","url":"https:\/\/centrosabia.org.br\/en\/","name":"Centro de Desenvolvimento Agroecol\u00f3gico Sabi\u00e1","description":"","publisher":{"@id":"https:\/\/centrosabia.org.br\/en\/#organization"},"potentialAction":[{"@type":"SearchAction","target":{"@type":"EntryPoint","urlTemplate":"https:\/\/centrosabia.org.br\/en\/?s={search_term_string}"},"query-input":{"@type":"PropertyValueSpecification","valueRequired":true,"valueName":"search_term_string"}}],"inLanguage":"en-US"},{"@type":"Organization","@id":"https:\/\/centrosabia.org.br\/en\/#organization","name":"Centro de Desenvolvimento Agroecol\u00f3gico Sabi\u00e1","url":"https:\/\/centrosabia.org.br\/en\/","logo":{"@type":"ImageObject","inLanguage":"en-US","@id":"https:\/\/centrosabia.org.br\/en\/#\/schema\/logo\/image\/","url":"https:\/\/centrosabia.org.br\/wp-content\/uploads\/2021\/10\/logo.png","contentUrl":"https:\/\/centrosabia.org.br\/wp-content\/uploads\/2021\/10\/logo.png","width":174,"height":84,"caption":"Centro de Desenvolvimento Agroecol\u00f3gico Sabi\u00e1"},"image":{"@id":"https:\/\/centrosabia.org.br\/en\/#\/schema\/logo\/image\/"}}]}},"_links":{"self":[{"href":"https:\/\/centrosabia.org.br\/en\/wp-json\/wp\/v2\/audio\/17008","targetHints":{"allow":["GET"]}}],"collection":[{"href":"https:\/\/centrosabia.org.br\/en\/wp-json\/wp\/v2\/audio"}],"about":[{"href":"https:\/\/centrosabia.org.br\/en\/wp-json\/wp\/v2\/types\/audio"}],"wp:featuredmedia":[{"embeddable":true,"href":"https:\/\/centrosabia.org.br\/en\/wp-json\/wp\/v2\/media\/17009"}],"wp:attachment":[{"href":"https:\/\/centrosabia.org.br\/en\/wp-json\/wp\/v2\/media?parent=17008"}],"wp:term":[{"taxonomy":"tema","embeddable":true,"href":"https:\/\/centrosabia.org.br\/en\/wp-json\/wp\/v2\/tema?post=17008"},{"taxonomy":"decada","embeddable":true,"href":"https:\/\/centrosabia.org.br\/en\/wp-json\/wp\/v2\/decada?post=17008"},{"taxonomy":"curadoria","embeddable":true,"href":"https:\/\/centrosabia.org.br\/en\/wp-json\/wp\/v2\/curadoria?post=17008"}],"curies":[{"name":"wp","href":"https:\/\/api.w.org\/{rel}","templated":true}]}}