{"id":17012,"date":"2023-04-18T00:00:00","date_gmt":"2023-04-18T03:00:00","guid":{"rendered":"https:\/\/centrosabia.org.br\/audio\/povos-indigenas-e-a-fome-ate-quando-comida-de-verdade\/"},"modified":"2024-08-03T15:21:03","modified_gmt":"2024-08-03T18:21:03","slug":"povos-indigenas-e-a-fome-ate-quando-comida-de-verdade","status":"publish","type":"audio","link":"https:\/\/centrosabia.org.br\/en\/audio\/povos-indigenas-e-a-fome-ate-quando-comida-de-verdade\/","title":{"rendered":"Povos Ind\u00edgenas e a Fome: At\u00e9 quando? | Comida de Verdade"},"content":{"rendered":"<p>O Dia Nacional de Luta dos Povos Ind\u00edgenas, 19 de abril, \u00e9 uma data necess\u00e1ria para que muitas pautas ind\u00edgenas sejam trazidas a p\u00fablico. &#x1f5d3;\ufe0f&#x1f426; Nesse ano de 2023, povos origin\u00e1rios de todo o pa\u00eds seguem na luta contra a fome, inseguran\u00e7a alimentar e as in\u00fameras crises alimentares! &#x1fad8;&#x1f955;<\/p>\n<p><\/p>\n<p>Durante todo o governo Bolsonaro, contando com a pandemia da Covid-19, povos ind\u00edgenas sofreram para contornar a doen\u00e7a, as mortes, e a inevit\u00e1vel fome que os atingiu. \u00a0E n\u00e3o foi\u00a0\u201cs\u00f3\u201d fome; A falta de pol\u00edticas p\u00fablicas e de defesa ind\u00edgena durante a era Bolsonaro colocou em risco a vida de milhares de ind\u00edgenas, causando a morte de muitos. &#x1f637;&#x1f4ca; O levantamento do comit\u00ea nacional de vida e mem\u00f3ria ind\u00edgena mostrou que\u00a0foram 162 povos afetados, 13.801 contaminados e 493 \u00f3bitos at\u00e9 junho de 2020. &#x1f480;<\/p>\n<p><\/p>\n<p>De l\u00e1 pra c\u00e1, a situa\u00e7\u00e3o continua pesada. A fome bate, mata e os povos ind\u00edgenas perdem espa\u00e7o, e suas vidas. \u00a0At\u00e9 quando? At\u00e9 quando os povos ind\u00edgenas brasileiros ter\u00e3o de enfrentar fome, falta de pol\u00edticas p\u00fablicas, a ilegalidade? &#x1f6a8;&#x1f3f3;\ufe0f<\/p>\n<p><\/p>\n<p>\u00c9 para responder essa e outras quest\u00f5es sobre a alimenta\u00e7\u00e3o saud\u00e1vel e balanceada que batemos um papo agora com o Iran Xukuru! &#x1f9d1;&#x1f3fd;\u200d&#x1f33e; Iran \u00e9 Agr\u00f4nomo, Integrante do coletivo Jupago Krekr\u00e1, guardi\u00e3o da mata e terreiro de ritual. &#x1f331;<\/p>\n<p><\/p>\n<p>Quer ouvir esse papo? Ent\u00e3o sintoniza com o\u00a0Programa Comida de Verdade\u00a0l\u00e1 na\u00a0R\u00e1dio Universit\u00e1ria Paulo Freire &#8211; AM 820 Khz!\u00a0O Comida de Verdade vai ao ar\u00a0toda ter\u00e7a-feira, ao meio dia. &#x1f4fb;<\/p>\n<p><\/p>\n<p>&#x1f54a; Fa\u00e7a parte da mudan\u00e7a!\u00a0<a href=\"https:\/\/centrosabia.colabore.org\/doe-transforme\/single_step\" rel=\"nofollow\">Doe.<\/a><\/p>\n<p><\/p>\n<p><a href=\"https:\/\/centrosabia.org.br\/comidadeverdade\/\" rel=\"nofollow\">https:\/\/centrosabia.org.br\/comidadeverdade\/<\/a><\/p>\n<p><\/p>\n<p>Acompanhe o\u00a0Centro Sabi\u00e1! &#x1f4cc;<\/p>\n<p><\/p>\n<p><a href=\"https:\/\/biolinky.co\/centrosabia\" rel=\"nofollow\">https:\/\/biolinky.co\/centrosabia<\/a><\/p>\n","protected":false},"featured_media":23179,"template":"","meta":{"_acf_changed":false,"ano":2023},"tema":[2528,2558,2534],"decada":[2502],"curadoria":[],"class_list":["post-17012","audio","type-audio","status-publish","has-post-thumbnail","hentry","tema-alimento-saudavel","tema-comunidades-tradicionais","tema-seguranca-alimentar","decada-2502"],"blocksy_meta":[],"acf":{"imagem_de_cobertura":""},"yoast_head":"<!-- This site is optimized with the Yoast SEO plugin v27.4 - https:\/\/yoast.com\/product\/yoast-seo-wordpress\/ -->\n<title>Povos Ind\u00edgenas e a Fome: At\u00e9 quando? | Comida de Verdade - Centro de Desenvolvimento Agroecol\u00f3gico Sabi\u00e1<\/title>\n<meta name=\"robots\" content=\"index, follow, max-snippet:-1, max-image-preview:large, max-video-preview:-1\" \/>\n<link rel=\"canonical\" href=\"https:\/\/centrosabia.org.br\/en\/audio\/povos-indigenas-e-a-fome-ate-quando-comida-de-verdade\/\" \/>\n<meta property=\"og:locale\" content=\"en_US\" \/>\n<meta property=\"og:type\" content=\"article\" \/>\n<meta property=\"og:title\" content=\"Povos Ind\u00edgenas e a Fome: At\u00e9 quando? | Comida de Verdade - Centro de Desenvolvimento Agroecol\u00f3gico Sabi\u00e1\" \/>\n<meta property=\"og:url\" content=\"https:\/\/centrosabia.org.br\/en\/audio\/povos-indigenas-e-a-fome-ate-quando-comida-de-verdade\/\" \/>\n<meta property=\"og:site_name\" content=\"Centro de Desenvolvimento Agroecol\u00f3gico Sabi\u00e1\" \/>\n<meta property=\"article:modified_time\" content=\"2024-08-03T18:21:03+00:00\" \/>\n<meta property=\"og:image\" content=\"https:\/\/centrosabia.org.br\/wp-content\/uploads\/2023\/05\/CDV_INDIGENAS_E_A_FOME_wide-300x169.png\" \/>\n\t<meta property=\"og:image:width\" content=\"300\" \/>\n\t<meta property=\"og:image:height\" content=\"169\" \/>\n\t<meta property=\"og:image:type\" content=\"image\/png\" \/>\n<meta name=\"twitter:card\" content=\"summary_large_image\" \/>\n<meta name=\"twitter:label1\" content=\"Est. reading time\" \/>\n\t<meta name=\"twitter:data1\" content=\"2 minutes\" \/>\n<script type=\"application\/ld+json\" class=\"yoast-schema-graph\">{\"@context\":\"https:\\\/\\\/schema.org\",\"@graph\":[{\"@type\":\"WebPage\",\"@id\":\"https:\\\/\\\/centrosabia.org.br\\\/en\\\/audio\\\/povos-indigenas-e-a-fome-ate-quando-comida-de-verdade\\\/\",\"url\":\"https:\\\/\\\/centrosabia.org.br\\\/en\\\/audio\\\/povos-indigenas-e-a-fome-ate-quando-comida-de-verdade\\\/\",\"name\":\"Povos Ind\u00edgenas e a Fome: At\u00e9 quando? | Comida de Verdade - Centro de Desenvolvimento Agroecol\u00f3gico Sabi\u00e1\",\"isPartOf\":{\"@id\":\"https:\\\/\\\/centrosabia.org.br\\\/en\\\/#website\"},\"primaryImageOfPage\":{\"@id\":\"https:\\\/\\\/centrosabia.org.br\\\/en\\\/audio\\\/povos-indigenas-e-a-fome-ate-quando-comida-de-verdade\\\/#primaryimage\"},\"image\":{\"@id\":\"https:\\\/\\\/centrosabia.org.br\\\/en\\\/audio\\\/povos-indigenas-e-a-fome-ate-quando-comida-de-verdade\\\/#primaryimage\"},\"thumbnailUrl\":\"https:\\\/\\\/centrosabia.org.br\\\/wp-content\\\/uploads\\\/2023\\\/05\\\/CDV_INDIGENAS_E_A_FOME_wide.png\",\"datePublished\":\"2023-04-18T03:00:00+00:00\",\"dateModified\":\"2024-08-03T18:21:03+00:00\",\"breadcrumb\":{\"@id\":\"https:\\\/\\\/centrosabia.org.br\\\/en\\\/audio\\\/povos-indigenas-e-a-fome-ate-quando-comida-de-verdade\\\/#breadcrumb\"},\"inLanguage\":\"en-US\",\"potentialAction\":[{\"@type\":\"ReadAction\",\"target\":[\"https:\\\/\\\/centrosabia.org.br\\\/en\\\/audio\\\/povos-indigenas-e-a-fome-ate-quando-comida-de-verdade\\\/\"]}]},{\"@type\":\"ImageObject\",\"inLanguage\":\"en-US\",\"@id\":\"https:\\\/\\\/centrosabia.org.br\\\/en\\\/audio\\\/povos-indigenas-e-a-fome-ate-quando-comida-de-verdade\\\/#primaryimage\",\"url\":\"https:\\\/\\\/centrosabia.org.br\\\/wp-content\\\/uploads\\\/2023\\\/05\\\/CDV_INDIGENAS_E_A_FOME_wide.png\",\"contentUrl\":\"https:\\\/\\\/centrosabia.org.br\\\/wp-content\\\/uploads\\\/2023\\\/05\\\/CDV_INDIGENAS_E_A_FOME_wide.png\",\"width\":512,\"height\":288},{\"@type\":\"BreadcrumbList\",\"@id\":\"https:\\\/\\\/centrosabia.org.br\\\/en\\\/audio\\\/povos-indigenas-e-a-fome-ate-quando-comida-de-verdade\\\/#breadcrumb\",\"itemListElement\":[{\"@type\":\"ListItem\",\"position\":1,\"name\":\"In\u00edcio\",\"item\":\"https:\\\/\\\/centrosabia.org.br\\\/en\\\/\"},{\"@type\":\"ListItem\",\"position\":2,\"name\":\"\u00c1udios\",\"item\":\"https:\\\/\\\/centrosabia.org.br\\\/en\\\/audio\\\/\"},{\"@type\":\"ListItem\",\"position\":3,\"name\":\"Povos Ind\u00edgenas e a Fome: At\u00e9 quando? | Comida de Verdade\"}]},{\"@type\":\"WebSite\",\"@id\":\"https:\\\/\\\/centrosabia.org.br\\\/en\\\/#website\",\"url\":\"https:\\\/\\\/centrosabia.org.br\\\/en\\\/\",\"name\":\"Centro de Desenvolvimento Agroecol\u00f3gico Sabi\u00e1\",\"description\":\"\",\"publisher\":{\"@id\":\"https:\\\/\\\/centrosabia.org.br\\\/en\\\/#organization\"},\"potentialAction\":[{\"@type\":\"SearchAction\",\"target\":{\"@type\":\"EntryPoint\",\"urlTemplate\":\"https:\\\/\\\/centrosabia.org.br\\\/en\\\/?s={search_term_string}\"},\"query-input\":{\"@type\":\"PropertyValueSpecification\",\"valueRequired\":true,\"valueName\":\"search_term_string\"}}],\"inLanguage\":\"en-US\"},{\"@type\":\"Organization\",\"@id\":\"https:\\\/\\\/centrosabia.org.br\\\/en\\\/#organization\",\"name\":\"Centro de Desenvolvimento Agroecol\u00f3gico Sabi\u00e1\",\"url\":\"https:\\\/\\\/centrosabia.org.br\\\/en\\\/\",\"logo\":{\"@type\":\"ImageObject\",\"inLanguage\":\"en-US\",\"@id\":\"https:\\\/\\\/centrosabia.org.br\\\/en\\\/#\\\/schema\\\/logo\\\/image\\\/\",\"url\":\"https:\\\/\\\/centrosabia.org.br\\\/wp-content\\\/uploads\\\/2021\\\/10\\\/logo.png\",\"contentUrl\":\"https:\\\/\\\/centrosabia.org.br\\\/wp-content\\\/uploads\\\/2021\\\/10\\\/logo.png\",\"width\":174,\"height\":84,\"caption\":\"Centro de Desenvolvimento Agroecol\u00f3gico Sabi\u00e1\"},\"image\":{\"@id\":\"https:\\\/\\\/centrosabia.org.br\\\/en\\\/#\\\/schema\\\/logo\\\/image\\\/\"}}]}<\/script>\n<!-- \/ Yoast SEO plugin. -->","yoast_head_json":{"title":"Povos Ind\u00edgenas e a Fome: At\u00e9 quando? | Comida de Verdade - Centro de Desenvolvimento Agroecol\u00f3gico Sabi\u00e1","robots":{"index":"index","follow":"follow","max-snippet":"max-snippet:-1","max-image-preview":"max-image-preview:large","max-video-preview":"max-video-preview:-1"},"canonical":"https:\/\/centrosabia.org.br\/en\/audio\/povos-indigenas-e-a-fome-ate-quando-comida-de-verdade\/","og_locale":"en_US","og_type":"article","og_title":"Povos Ind\u00edgenas e a Fome: At\u00e9 quando? | Comida de Verdade - Centro de Desenvolvimento Agroecol\u00f3gico Sabi\u00e1","og_url":"https:\/\/centrosabia.org.br\/en\/audio\/povos-indigenas-e-a-fome-ate-quando-comida-de-verdade\/","og_site_name":"Centro de Desenvolvimento Agroecol\u00f3gico Sabi\u00e1","article_modified_time":"2024-08-03T18:21:03+00:00","og_image":[{"width":300,"height":169,"url":"https:\/\/centrosabia.org.br\/wp-content\/uploads\/2023\/05\/CDV_INDIGENAS_E_A_FOME_wide-300x169.png","type":"image\/png"}],"twitter_card":"summary_large_image","twitter_misc":{"Est. reading time":"2 minutes"},"schema":{"@context":"https:\/\/schema.org","@graph":[{"@type":"WebPage","@id":"https:\/\/centrosabia.org.br\/en\/audio\/povos-indigenas-e-a-fome-ate-quando-comida-de-verdade\/","url":"https:\/\/centrosabia.org.br\/en\/audio\/povos-indigenas-e-a-fome-ate-quando-comida-de-verdade\/","name":"Povos Ind\u00edgenas e a Fome: At\u00e9 quando? | Comida de Verdade - Centro de Desenvolvimento Agroecol\u00f3gico Sabi\u00e1","isPartOf":{"@id":"https:\/\/centrosabia.org.br\/en\/#website"},"primaryImageOfPage":{"@id":"https:\/\/centrosabia.org.br\/en\/audio\/povos-indigenas-e-a-fome-ate-quando-comida-de-verdade\/#primaryimage"},"image":{"@id":"https:\/\/centrosabia.org.br\/en\/audio\/povos-indigenas-e-a-fome-ate-quando-comida-de-verdade\/#primaryimage"},"thumbnailUrl":"https:\/\/centrosabia.org.br\/wp-content\/uploads\/2023\/05\/CDV_INDIGENAS_E_A_FOME_wide.png","datePublished":"2023-04-18T03:00:00+00:00","dateModified":"2024-08-03T18:21:03+00:00","breadcrumb":{"@id":"https:\/\/centrosabia.org.br\/en\/audio\/povos-indigenas-e-a-fome-ate-quando-comida-de-verdade\/#breadcrumb"},"inLanguage":"en-US","potentialAction":[{"@type":"ReadAction","target":["https:\/\/centrosabia.org.br\/en\/audio\/povos-indigenas-e-a-fome-ate-quando-comida-de-verdade\/"]}]},{"@type":"ImageObject","inLanguage":"en-US","@id":"https:\/\/centrosabia.org.br\/en\/audio\/povos-indigenas-e-a-fome-ate-quando-comida-de-verdade\/#primaryimage","url":"https:\/\/centrosabia.org.br\/wp-content\/uploads\/2023\/05\/CDV_INDIGENAS_E_A_FOME_wide.png","contentUrl":"https:\/\/centrosabia.org.br\/wp-content\/uploads\/2023\/05\/CDV_INDIGENAS_E_A_FOME_wide.png","width":512,"height":288},{"@type":"BreadcrumbList","@id":"https:\/\/centrosabia.org.br\/en\/audio\/povos-indigenas-e-a-fome-ate-quando-comida-de-verdade\/#breadcrumb","itemListElement":[{"@type":"ListItem","position":1,"name":"In\u00edcio","item":"https:\/\/centrosabia.org.br\/en\/"},{"@type":"ListItem","position":2,"name":"\u00c1udios","item":"https:\/\/centrosabia.org.br\/en\/audio\/"},{"@type":"ListItem","position":3,"name":"Povos Ind\u00edgenas e a Fome: At\u00e9 quando? | Comida de Verdade"}]},{"@type":"WebSite","@id":"https:\/\/centrosabia.org.br\/en\/#website","url":"https:\/\/centrosabia.org.br\/en\/","name":"Centro de Desenvolvimento Agroecol\u00f3gico Sabi\u00e1","description":"","publisher":{"@id":"https:\/\/centrosabia.org.br\/en\/#organization"},"potentialAction":[{"@type":"SearchAction","target":{"@type":"EntryPoint","urlTemplate":"https:\/\/centrosabia.org.br\/en\/?s={search_term_string}"},"query-input":{"@type":"PropertyValueSpecification","valueRequired":true,"valueName":"search_term_string"}}],"inLanguage":"en-US"},{"@type":"Organization","@id":"https:\/\/centrosabia.org.br\/en\/#organization","name":"Centro de Desenvolvimento Agroecol\u00f3gico Sabi\u00e1","url":"https:\/\/centrosabia.org.br\/en\/","logo":{"@type":"ImageObject","inLanguage":"en-US","@id":"https:\/\/centrosabia.org.br\/en\/#\/schema\/logo\/image\/","url":"https:\/\/centrosabia.org.br\/wp-content\/uploads\/2021\/10\/logo.png","contentUrl":"https:\/\/centrosabia.org.br\/wp-content\/uploads\/2021\/10\/logo.png","width":174,"height":84,"caption":"Centro de Desenvolvimento Agroecol\u00f3gico Sabi\u00e1"},"image":{"@id":"https:\/\/centrosabia.org.br\/en\/#\/schema\/logo\/image\/"}}]}},"_links":{"self":[{"href":"https:\/\/centrosabia.org.br\/en\/wp-json\/wp\/v2\/audio\/17012","targetHints":{"allow":["GET"]}}],"collection":[{"href":"https:\/\/centrosabia.org.br\/en\/wp-json\/wp\/v2\/audio"}],"about":[{"href":"https:\/\/centrosabia.org.br\/en\/wp-json\/wp\/v2\/types\/audio"}],"wp:featuredmedia":[{"embeddable":true,"href":"https:\/\/centrosabia.org.br\/en\/wp-json\/wp\/v2\/media\/23179"}],"wp:attachment":[{"href":"https:\/\/centrosabia.org.br\/en\/wp-json\/wp\/v2\/media?parent=17012"}],"wp:term":[{"taxonomy":"tema","embeddable":true,"href":"https:\/\/centrosabia.org.br\/en\/wp-json\/wp\/v2\/tema?post=17012"},{"taxonomy":"decada","embeddable":true,"href":"https:\/\/centrosabia.org.br\/en\/wp-json\/wp\/v2\/decada?post=17012"},{"taxonomy":"curadoria","embeddable":true,"href":"https:\/\/centrosabia.org.br\/en\/wp-json\/wp\/v2\/curadoria?post=17012"}],"curies":[{"name":"wp","href":"https:\/\/api.w.org\/{rel}","templated":true}]}}