{"id":17020,"date":"2023-04-11T00:00:00","date_gmt":"2023-04-11T03:00:00","guid":{"rendered":"https:\/\/centrosabia.org.br\/audio\/como-comecar-a-comer-sem-veneno-comida-de-verdade\/"},"modified":"2024-08-03T15:20:38","modified_gmt":"2024-08-03T18:20:38","slug":"como-comecar-a-comer-sem-veneno-comida-de-verdade","status":"publish","type":"audio","link":"https:\/\/centrosabia.org.br\/en\/audio\/como-comecar-a-comer-sem-veneno-comida-de-verdade\/","title":{"rendered":"Como come\u00e7ar a comer sem veneno? | Comida de Verdade"},"content":{"rendered":"<p>Pensando que esse m\u00eas \u00e9 o m\u00eas em que celebramos o dia da educa\u00e7\u00e3o, 28 de abril, o Programa Comida de Verdade vem falar de alimenta\u00e7\u00e3o e uma reeduca\u00e7\u00e3o agroecol\u00f3gica! &#x1f957;&#x1f37d;\ufe0f Como come\u00e7ar a comer sem veneno? \u2697\ufe0f\u2620\ufe0f<\/p>\n<p><\/p>\n<p>&#x1f4ca; Segundo o levantamento da EMBRAPA, o consumo anual de agrot\u00f3xicos no Brasil tem sido superior a 300 mil toneladas de produtos comerciais. Junto a isso, tem o Brasil ocupando a segunda posi\u00e7\u00e3o de maior produtor de alimentos geneticamente modificados &#8211;\u00a0os transg\u00eanicos. &#x1f9ec;&#x1f374;\u00a0E o que isso causa? Segundo pesquisa da Unifesp,\u00a0das mais de 540 mil mortes no ano\u00a0de 2019,\u00a057 mil foram atribu\u00edveis ao consumo de ultraprocessados. &#x1f3ed;<\/p>\n<p><\/p>\n<p>Alimenta\u00e7\u00e3o \u00e9 coisa s\u00e9ria! Desnutri\u00e7\u00e3o, obesidade, e a morte por veneno, fazem parte da mesa do brasileiro, da brasileira. Pensando nesse dia da educa\u00e7\u00e3o, 28 de abril, perguntamos aqui: \u00c9 poss\u00edvel se reeducar?\u00a0Como come\u00e7ar a comer sem veneno? &#x1f959;&#x1f957;&#x1f958;<\/p>\n<p><\/p>\n<p>Para responder essa e outras quest\u00f5es que conversamos hoje com a nutricionista\u00a0Jailma Santos! &#x1f469;&#x1f3fd;\u200d&#x1f3eb;\u00a0Jailma \u00e9 Professora do Departamento de Nutri\u00e7\u00e3o da UFPE. Nutricionista, pesquisadora do Centro de Ci\u00eancias da Sa\u00fade da UFPE, e trabalha na educa\u00e7\u00e3o popular em sa\u00fade, educa\u00e7\u00e3o alimentar e nutricional. &#x1f34e;<\/p>\n<p><\/p>\n<p>Quer ouvir esse papo? Ent\u00e3o sintoniza com o\u00a0Programa Comida de Verdade\u00a0l\u00e1 na\u00a0R\u00e1dio Universit\u00e1ria Paulo Freire &#8211; AM 820 Khz!\u00a0O Comida de Verdade vai ao ar\u00a0toda ter\u00e7a-feira, ao meio dia. &#x1f4fb;<\/p>\n<p><\/p>\n<p>&#x1f54a; Fa\u00e7a parte da mudan\u00e7a!\u00a0<a href=\"https:\/\/centrosabia.colabore.org\/doe-transforme\/single_step\" rel=\"nofollow\">Doe.<\/a><\/p>\n<p><\/p>\n<p><a href=\"https:\/\/centrosabia.org.br\/comidadeverdade\/\" rel=\"nofollow\">https:\/\/centrosabia.org.br\/comidadeverdade\/<\/a><\/p>\n<p><\/p>\n<p>Acompanhe o\u00a0Centro Sabi\u00e1! &#x1f4cc;<\/p>\n<p><\/p>\n<p><a href=\"https:\/\/biolinky.co\/centrosabia\" rel=\"nofollow\">https:\/\/biolinky.co\/centrosabia<\/a><\/p>\n","protected":false},"featured_media":23173,"template":"","meta":{"_acf_changed":false,"ano":2023},"tema":[2527,2528,2555],"decada":[2502],"curadoria":[],"class_list":["post-17020","audio","type-audio","status-publish","has-post-thumbnail","hentry","tema-agrotoxicos","tema-alimento-saudavel","tema-feiras-agroecologicas","decada-2502"],"blocksy_meta":[],"acf":{"imagem_de_cobertura":""},"yoast_head":"<!-- This site is optimized with the Yoast SEO plugin v27.4 - https:\/\/yoast.com\/product\/yoast-seo-wordpress\/ -->\n<title>Como come\u00e7ar a comer sem veneno? | Comida de Verdade - Centro de Desenvolvimento Agroecol\u00f3gico Sabi\u00e1<\/title>\n<meta name=\"robots\" content=\"index, follow, max-snippet:-1, max-image-preview:large, max-video-preview:-1\" \/>\n<link rel=\"canonical\" href=\"https:\/\/centrosabia.org.br\/en\/audio\/como-comecar-a-comer-sem-veneno-comida-de-verdade\/\" \/>\n<meta property=\"og:locale\" content=\"en_US\" \/>\n<meta property=\"og:type\" content=\"article\" \/>\n<meta property=\"og:title\" content=\"Como come\u00e7ar a comer sem veneno? | Comida de Verdade - Centro de Desenvolvimento Agroecol\u00f3gico Sabi\u00e1\" \/>\n<meta property=\"og:url\" content=\"https:\/\/centrosabia.org.br\/en\/audio\/como-comecar-a-comer-sem-veneno-comida-de-verdade\/\" \/>\n<meta property=\"og:site_name\" content=\"Centro de Desenvolvimento Agroecol\u00f3gico Sabi\u00e1\" \/>\n<meta property=\"article:modified_time\" content=\"2024-08-03T18:20:38+00:00\" \/>\n<meta property=\"og:image\" content=\"https:\/\/centrosabia.org.br\/wp-content\/uploads\/2023\/05\/CDV_COMER_SEM_VENENO_3-300x169.png\" \/>\n\t<meta property=\"og:image:width\" content=\"300\" \/>\n\t<meta property=\"og:image:height\" content=\"169\" \/>\n\t<meta property=\"og:image:type\" content=\"image\/png\" \/>\n<meta name=\"twitter:card\" content=\"summary_large_image\" \/>\n<meta name=\"twitter:label1\" content=\"Est. reading time\" \/>\n\t<meta name=\"twitter:data1\" content=\"2 minutes\" \/>\n<script type=\"application\/ld+json\" class=\"yoast-schema-graph\">{\"@context\":\"https:\\\/\\\/schema.org\",\"@graph\":[{\"@type\":\"WebPage\",\"@id\":\"https:\\\/\\\/centrosabia.org.br\\\/en\\\/audio\\\/como-comecar-a-comer-sem-veneno-comida-de-verdade\\\/\",\"url\":\"https:\\\/\\\/centrosabia.org.br\\\/en\\\/audio\\\/como-comecar-a-comer-sem-veneno-comida-de-verdade\\\/\",\"name\":\"Como come\u00e7ar a comer sem veneno? | Comida de Verdade - Centro de Desenvolvimento Agroecol\u00f3gico Sabi\u00e1\",\"isPartOf\":{\"@id\":\"https:\\\/\\\/centrosabia.org.br\\\/en\\\/#website\"},\"primaryImageOfPage\":{\"@id\":\"https:\\\/\\\/centrosabia.org.br\\\/en\\\/audio\\\/como-comecar-a-comer-sem-veneno-comida-de-verdade\\\/#primaryimage\"},\"image\":{\"@id\":\"https:\\\/\\\/centrosabia.org.br\\\/en\\\/audio\\\/como-comecar-a-comer-sem-veneno-comida-de-verdade\\\/#primaryimage\"},\"thumbnailUrl\":\"https:\\\/\\\/centrosabia.org.br\\\/wp-content\\\/uploads\\\/2023\\\/05\\\/CDV_COMER_SEM_VENENO_3.png\",\"datePublished\":\"2023-04-11T03:00:00+00:00\",\"dateModified\":\"2024-08-03T18:20:38+00:00\",\"breadcrumb\":{\"@id\":\"https:\\\/\\\/centrosabia.org.br\\\/en\\\/audio\\\/como-comecar-a-comer-sem-veneno-comida-de-verdade\\\/#breadcrumb\"},\"inLanguage\":\"en-US\",\"potentialAction\":[{\"@type\":\"ReadAction\",\"target\":[\"https:\\\/\\\/centrosabia.org.br\\\/en\\\/audio\\\/como-comecar-a-comer-sem-veneno-comida-de-verdade\\\/\"]}]},{\"@type\":\"ImageObject\",\"inLanguage\":\"en-US\",\"@id\":\"https:\\\/\\\/centrosabia.org.br\\\/en\\\/audio\\\/como-comecar-a-comer-sem-veneno-comida-de-verdade\\\/#primaryimage\",\"url\":\"https:\\\/\\\/centrosabia.org.br\\\/wp-content\\\/uploads\\\/2023\\\/05\\\/CDV_COMER_SEM_VENENO_3.png\",\"contentUrl\":\"https:\\\/\\\/centrosabia.org.br\\\/wp-content\\\/uploads\\\/2023\\\/05\\\/CDV_COMER_SEM_VENENO_3.png\",\"width\":512,\"height\":288},{\"@type\":\"BreadcrumbList\",\"@id\":\"https:\\\/\\\/centrosabia.org.br\\\/en\\\/audio\\\/como-comecar-a-comer-sem-veneno-comida-de-verdade\\\/#breadcrumb\",\"itemListElement\":[{\"@type\":\"ListItem\",\"position\":1,\"name\":\"In\u00edcio\",\"item\":\"https:\\\/\\\/centrosabia.org.br\\\/en\\\/\"},{\"@type\":\"ListItem\",\"position\":2,\"name\":\"\u00c1udios\",\"item\":\"https:\\\/\\\/centrosabia.org.br\\\/en\\\/audio\\\/\"},{\"@type\":\"ListItem\",\"position\":3,\"name\":\"Como come\u00e7ar a comer sem veneno? | Comida de Verdade\"}]},{\"@type\":\"WebSite\",\"@id\":\"https:\\\/\\\/centrosabia.org.br\\\/en\\\/#website\",\"url\":\"https:\\\/\\\/centrosabia.org.br\\\/en\\\/\",\"name\":\"Centro de Desenvolvimento Agroecol\u00f3gico Sabi\u00e1\",\"description\":\"\",\"publisher\":{\"@id\":\"https:\\\/\\\/centrosabia.org.br\\\/en\\\/#organization\"},\"potentialAction\":[{\"@type\":\"SearchAction\",\"target\":{\"@type\":\"EntryPoint\",\"urlTemplate\":\"https:\\\/\\\/centrosabia.org.br\\\/en\\\/?s={search_term_string}\"},\"query-input\":{\"@type\":\"PropertyValueSpecification\",\"valueRequired\":true,\"valueName\":\"search_term_string\"}}],\"inLanguage\":\"en-US\"},{\"@type\":\"Organization\",\"@id\":\"https:\\\/\\\/centrosabia.org.br\\\/en\\\/#organization\",\"name\":\"Centro de Desenvolvimento Agroecol\u00f3gico Sabi\u00e1\",\"url\":\"https:\\\/\\\/centrosabia.org.br\\\/en\\\/\",\"logo\":{\"@type\":\"ImageObject\",\"inLanguage\":\"en-US\",\"@id\":\"https:\\\/\\\/centrosabia.org.br\\\/en\\\/#\\\/schema\\\/logo\\\/image\\\/\",\"url\":\"https:\\\/\\\/centrosabia.org.br\\\/wp-content\\\/uploads\\\/2021\\\/10\\\/logo.png\",\"contentUrl\":\"https:\\\/\\\/centrosabia.org.br\\\/wp-content\\\/uploads\\\/2021\\\/10\\\/logo.png\",\"width\":174,\"height\":84,\"caption\":\"Centro de Desenvolvimento Agroecol\u00f3gico Sabi\u00e1\"},\"image\":{\"@id\":\"https:\\\/\\\/centrosabia.org.br\\\/en\\\/#\\\/schema\\\/logo\\\/image\\\/\"}}]}<\/script>\n<!-- \/ Yoast SEO plugin. -->","yoast_head_json":{"title":"Como come\u00e7ar a comer sem veneno? | Comida de Verdade - Centro de Desenvolvimento Agroecol\u00f3gico Sabi\u00e1","robots":{"index":"index","follow":"follow","max-snippet":"max-snippet:-1","max-image-preview":"max-image-preview:large","max-video-preview":"max-video-preview:-1"},"canonical":"https:\/\/centrosabia.org.br\/en\/audio\/como-comecar-a-comer-sem-veneno-comida-de-verdade\/","og_locale":"en_US","og_type":"article","og_title":"Como come\u00e7ar a comer sem veneno? | Comida de Verdade - Centro de Desenvolvimento Agroecol\u00f3gico Sabi\u00e1","og_url":"https:\/\/centrosabia.org.br\/en\/audio\/como-comecar-a-comer-sem-veneno-comida-de-verdade\/","og_site_name":"Centro de Desenvolvimento Agroecol\u00f3gico Sabi\u00e1","article_modified_time":"2024-08-03T18:20:38+00:00","og_image":[{"width":300,"height":169,"url":"https:\/\/centrosabia.org.br\/wp-content\/uploads\/2023\/05\/CDV_COMER_SEM_VENENO_3-300x169.png","type":"image\/png"}],"twitter_card":"summary_large_image","twitter_misc":{"Est. reading time":"2 minutes"},"schema":{"@context":"https:\/\/schema.org","@graph":[{"@type":"WebPage","@id":"https:\/\/centrosabia.org.br\/en\/audio\/como-comecar-a-comer-sem-veneno-comida-de-verdade\/","url":"https:\/\/centrosabia.org.br\/en\/audio\/como-comecar-a-comer-sem-veneno-comida-de-verdade\/","name":"Como come\u00e7ar a comer sem veneno? | Comida de Verdade - Centro de Desenvolvimento Agroecol\u00f3gico Sabi\u00e1","isPartOf":{"@id":"https:\/\/centrosabia.org.br\/en\/#website"},"primaryImageOfPage":{"@id":"https:\/\/centrosabia.org.br\/en\/audio\/como-comecar-a-comer-sem-veneno-comida-de-verdade\/#primaryimage"},"image":{"@id":"https:\/\/centrosabia.org.br\/en\/audio\/como-comecar-a-comer-sem-veneno-comida-de-verdade\/#primaryimage"},"thumbnailUrl":"https:\/\/centrosabia.org.br\/wp-content\/uploads\/2023\/05\/CDV_COMER_SEM_VENENO_3.png","datePublished":"2023-04-11T03:00:00+00:00","dateModified":"2024-08-03T18:20:38+00:00","breadcrumb":{"@id":"https:\/\/centrosabia.org.br\/en\/audio\/como-comecar-a-comer-sem-veneno-comida-de-verdade\/#breadcrumb"},"inLanguage":"en-US","potentialAction":[{"@type":"ReadAction","target":["https:\/\/centrosabia.org.br\/en\/audio\/como-comecar-a-comer-sem-veneno-comida-de-verdade\/"]}]},{"@type":"ImageObject","inLanguage":"en-US","@id":"https:\/\/centrosabia.org.br\/en\/audio\/como-comecar-a-comer-sem-veneno-comida-de-verdade\/#primaryimage","url":"https:\/\/centrosabia.org.br\/wp-content\/uploads\/2023\/05\/CDV_COMER_SEM_VENENO_3.png","contentUrl":"https:\/\/centrosabia.org.br\/wp-content\/uploads\/2023\/05\/CDV_COMER_SEM_VENENO_3.png","width":512,"height":288},{"@type":"BreadcrumbList","@id":"https:\/\/centrosabia.org.br\/en\/audio\/como-comecar-a-comer-sem-veneno-comida-de-verdade\/#breadcrumb","itemListElement":[{"@type":"ListItem","position":1,"name":"In\u00edcio","item":"https:\/\/centrosabia.org.br\/en\/"},{"@type":"ListItem","position":2,"name":"\u00c1udios","item":"https:\/\/centrosabia.org.br\/en\/audio\/"},{"@type":"ListItem","position":3,"name":"Como come\u00e7ar a comer sem veneno? | Comida de Verdade"}]},{"@type":"WebSite","@id":"https:\/\/centrosabia.org.br\/en\/#website","url":"https:\/\/centrosabia.org.br\/en\/","name":"Centro de Desenvolvimento Agroecol\u00f3gico Sabi\u00e1","description":"","publisher":{"@id":"https:\/\/centrosabia.org.br\/en\/#organization"},"potentialAction":[{"@type":"SearchAction","target":{"@type":"EntryPoint","urlTemplate":"https:\/\/centrosabia.org.br\/en\/?s={search_term_string}"},"query-input":{"@type":"PropertyValueSpecification","valueRequired":true,"valueName":"search_term_string"}}],"inLanguage":"en-US"},{"@type":"Organization","@id":"https:\/\/centrosabia.org.br\/en\/#organization","name":"Centro de Desenvolvimento Agroecol\u00f3gico Sabi\u00e1","url":"https:\/\/centrosabia.org.br\/en\/","logo":{"@type":"ImageObject","inLanguage":"en-US","@id":"https:\/\/centrosabia.org.br\/en\/#\/schema\/logo\/image\/","url":"https:\/\/centrosabia.org.br\/wp-content\/uploads\/2021\/10\/logo.png","contentUrl":"https:\/\/centrosabia.org.br\/wp-content\/uploads\/2021\/10\/logo.png","width":174,"height":84,"caption":"Centro de Desenvolvimento Agroecol\u00f3gico Sabi\u00e1"},"image":{"@id":"https:\/\/centrosabia.org.br\/en\/#\/schema\/logo\/image\/"}}]}},"_links":{"self":[{"href":"https:\/\/centrosabia.org.br\/en\/wp-json\/wp\/v2\/audio\/17020","targetHints":{"allow":["GET"]}}],"collection":[{"href":"https:\/\/centrosabia.org.br\/en\/wp-json\/wp\/v2\/audio"}],"about":[{"href":"https:\/\/centrosabia.org.br\/en\/wp-json\/wp\/v2\/types\/audio"}],"wp:featuredmedia":[{"embeddable":true,"href":"https:\/\/centrosabia.org.br\/en\/wp-json\/wp\/v2\/media\/23173"}],"wp:attachment":[{"href":"https:\/\/centrosabia.org.br\/en\/wp-json\/wp\/v2\/media?parent=17020"}],"wp:term":[{"taxonomy":"tema","embeddable":true,"href":"https:\/\/centrosabia.org.br\/en\/wp-json\/wp\/v2\/tema?post=17020"},{"taxonomy":"decada","embeddable":true,"href":"https:\/\/centrosabia.org.br\/en\/wp-json\/wp\/v2\/decada?post=17020"},{"taxonomy":"curadoria","embeddable":true,"href":"https:\/\/centrosabia.org.br\/en\/wp-json\/wp\/v2\/curadoria?post=17020"}],"curies":[{"name":"wp","href":"https:\/\/api.w.org\/{rel}","templated":true}]}}