{"id":17060,"date":"2023-03-09T00:00:00","date_gmt":"2023-03-09T03:00:00","guid":{"rendered":"https:\/\/centrosabia.org.br\/audio\/consumo-local-mudanca-global\/"},"modified":"2024-08-05T11:56:39","modified_gmt":"2024-08-05T14:56:39","slug":"consumo-local-mudanca-global","status":"publish","type":"audio","link":"https:\/\/centrosabia.org.br\/en\/audio\/consumo-local-mudanca-global\/","title":{"rendered":"Consumo Local, Mudan\u00e7a Global! | Cantos do Sabi\u00e1"},"content":{"rendered":"<p>Tem Cantos do Sabi\u00e1 extra essa semana! &#x1f3a7;&#x1f4e2; Nesse podcast especial, vamos falar do consumo local e sustent\u00e1vel! &#x1f957; Voc\u00ea sabia que se alimentar de comida produzida em sua cidade pode fazer muito bem para o planeta?! Pois \u00e9! &#x1f6cd;<\/p>\n<p><\/p>\n<p>Consumir localmente significa se alimentar, comprar produtos, verduras, \u00a0vegetais, \u00a0frutas e outras coisas \u00a0perto de voc\u00ea! \u00a0e voc\u00ea pode at\u00e9 se perguntar \u201cMas que diferen\u00e7a faz \u00a0consumir localmente?\u201d Toda a diferen\u00e7a. &#x1f33e; Consumir localmente \u00a0preserva o meio ambiente, \u00a0impede que a comida tenha que viajar grandes dist\u00e2ncias, e n\u00e3o tem necessidade de utilizar agrot\u00f3xicos e outros venenos para que n\u00e3o murche ou estrague. &#x1f69a;\u2716<\/p>\n<p><\/p>\n<p>Consumir local \u00e9 preservar o globo! \u00a0Mas se \u00e9 t\u00e3o bom assim, \u00a0por que tanta gente ainda n\u00e3o consome localmente? Como mudar isso?! \u00a0\u00c9 sobre isso tudo \u00a0que a gente conversa aqui, com Edgar Caliento. &#x1f468;&#x1f3fd;\u200d&#x1f33e;<\/p>\n<p><\/p>\n<p>Edgar estudou engenharia florestal, formado em tecnologia em agroecologia. Mestre em diversidade biol\u00f3gica e conserva\u00e7\u00e3o nos tr\u00f3picos. Tem experi\u00eancia em ater agroecologia, projetos de reflorestamentos e sistemas agroflorestais. &#x1f333;&#x1f332;<\/p>\n<p><\/p>\n<p>Seja um doador mensal! \u00a0\u00a0<a href=\"https:\/\/centrosabia.colabore.org\/sejadoadormensal\/single_step\" rel=\"nofollow\">https:\/\/centrosabia.colabore.org\/sejadoadormensal\/single_step<\/a><\/p>\n<p><\/p>\n<p><\/p>\n","protected":false},"featured_media":23363,"template":"","meta":{"_acf_changed":false,"ano":2023},"tema":[2526,2555,2524],"decada":[2502],"curadoria":[],"class_list":["post-17060","audio","type-audio","status-publish","has-post-thumbnail","hentry","tema-comercializacao","tema-feiras-agroecologicas","tema-geracao-de-renda","decada-2502"],"blocksy_meta":[],"acf":{"imagem_de_cobertura":""},"yoast_head":"<!-- This site is optimized with the Yoast SEO plugin v27.4 - https:\/\/yoast.com\/product\/yoast-seo-wordpress\/ -->\n<title>Consumo Local, Mudan\u00e7a Global! | Cantos do Sabi\u00e1 - Centro de Desenvolvimento Agroecol\u00f3gico Sabi\u00e1<\/title>\n<meta name=\"robots\" content=\"index, follow, max-snippet:-1, max-image-preview:large, max-video-preview:-1\" \/>\n<link rel=\"canonical\" href=\"https:\/\/centrosabia.org.br\/en\/audio\/consumo-local-mudanca-global\/\" \/>\n<meta property=\"og:locale\" content=\"en_US\" \/>\n<meta property=\"og:type\" content=\"article\" \/>\n<meta property=\"og:title\" content=\"Consumo Local, Mudan\u00e7a Global! | Cantos do Sabi\u00e1 - Centro de Desenvolvimento Agroecol\u00f3gico Sabi\u00e1\" \/>\n<meta property=\"og:url\" content=\"https:\/\/centrosabia.org.br\/en\/audio\/consumo-local-mudanca-global\/\" \/>\n<meta property=\"og:site_name\" content=\"Centro de Desenvolvimento Agroecol\u00f3gico Sabi\u00e1\" \/>\n<meta property=\"article:modified_time\" content=\"2024-08-05T14:56:39+00:00\" \/>\n<meta property=\"og:image\" content=\"https:\/\/centrosabia.org.br\/wp-content\/uploads\/2023\/03\/CANTOS-DO-SABIA-2023-extra-wide-2-300x169.png\" \/>\n\t<meta property=\"og:image:width\" content=\"300\" \/>\n\t<meta property=\"og:image:height\" content=\"169\" \/>\n\t<meta property=\"og:image:type\" content=\"image\/png\" \/>\n<meta name=\"twitter:card\" content=\"summary_large_image\" \/>\n<meta name=\"twitter:label1\" content=\"Est. reading time\" \/>\n\t<meta name=\"twitter:data1\" content=\"2 minutes\" \/>\n<script type=\"application\/ld+json\" class=\"yoast-schema-graph\">{\"@context\":\"https:\\\/\\\/schema.org\",\"@graph\":[{\"@type\":\"WebPage\",\"@id\":\"https:\\\/\\\/centrosabia.org.br\\\/en\\\/audio\\\/consumo-local-mudanca-global\\\/\",\"url\":\"https:\\\/\\\/centrosabia.org.br\\\/en\\\/audio\\\/consumo-local-mudanca-global\\\/\",\"name\":\"Consumo Local, Mudan\u00e7a Global! | Cantos do Sabi\u00e1 - Centro de Desenvolvimento Agroecol\u00f3gico Sabi\u00e1\",\"isPartOf\":{\"@id\":\"https:\\\/\\\/centrosabia.org.br\\\/en\\\/#website\"},\"primaryImageOfPage\":{\"@id\":\"https:\\\/\\\/centrosabia.org.br\\\/en\\\/audio\\\/consumo-local-mudanca-global\\\/#primaryimage\"},\"image\":{\"@id\":\"https:\\\/\\\/centrosabia.org.br\\\/en\\\/audio\\\/consumo-local-mudanca-global\\\/#primaryimage\"},\"thumbnailUrl\":\"https:\\\/\\\/centrosabia.org.br\\\/wp-content\\\/uploads\\\/2023\\\/03\\\/CANTOS-DO-SABIA-2023-extra-wide-2.png\",\"datePublished\":\"2023-03-09T03:00:00+00:00\",\"dateModified\":\"2024-08-05T14:56:39+00:00\",\"breadcrumb\":{\"@id\":\"https:\\\/\\\/centrosabia.org.br\\\/en\\\/audio\\\/consumo-local-mudanca-global\\\/#breadcrumb\"},\"inLanguage\":\"en-US\",\"potentialAction\":[{\"@type\":\"ReadAction\",\"target\":[\"https:\\\/\\\/centrosabia.org.br\\\/en\\\/audio\\\/consumo-local-mudanca-global\\\/\"]}]},{\"@type\":\"ImageObject\",\"inLanguage\":\"en-US\",\"@id\":\"https:\\\/\\\/centrosabia.org.br\\\/en\\\/audio\\\/consumo-local-mudanca-global\\\/#primaryimage\",\"url\":\"https:\\\/\\\/centrosabia.org.br\\\/wp-content\\\/uploads\\\/2023\\\/03\\\/CANTOS-DO-SABIA-2023-extra-wide-2.png\",\"contentUrl\":\"https:\\\/\\\/centrosabia.org.br\\\/wp-content\\\/uploads\\\/2023\\\/03\\\/CANTOS-DO-SABIA-2023-extra-wide-2.png\",\"width\":512,\"height\":288},{\"@type\":\"BreadcrumbList\",\"@id\":\"https:\\\/\\\/centrosabia.org.br\\\/en\\\/audio\\\/consumo-local-mudanca-global\\\/#breadcrumb\",\"itemListElement\":[{\"@type\":\"ListItem\",\"position\":1,\"name\":\"In\u00edcio\",\"item\":\"https:\\\/\\\/centrosabia.org.br\\\/en\\\/\"},{\"@type\":\"ListItem\",\"position\":2,\"name\":\"\u00c1udios\",\"item\":\"https:\\\/\\\/centrosabia.org.br\\\/en\\\/audio\\\/\"},{\"@type\":\"ListItem\",\"position\":3,\"name\":\"Consumo Local, Mudan\u00e7a Global! | Cantos do Sabi\u00e1\"}]},{\"@type\":\"WebSite\",\"@id\":\"https:\\\/\\\/centrosabia.org.br\\\/en\\\/#website\",\"url\":\"https:\\\/\\\/centrosabia.org.br\\\/en\\\/\",\"name\":\"Centro de Desenvolvimento Agroecol\u00f3gico Sabi\u00e1\",\"description\":\"\",\"publisher\":{\"@id\":\"https:\\\/\\\/centrosabia.org.br\\\/en\\\/#organization\"},\"potentialAction\":[{\"@type\":\"SearchAction\",\"target\":{\"@type\":\"EntryPoint\",\"urlTemplate\":\"https:\\\/\\\/centrosabia.org.br\\\/en\\\/?s={search_term_string}\"},\"query-input\":{\"@type\":\"PropertyValueSpecification\",\"valueRequired\":true,\"valueName\":\"search_term_string\"}}],\"inLanguage\":\"en-US\"},{\"@type\":\"Organization\",\"@id\":\"https:\\\/\\\/centrosabia.org.br\\\/en\\\/#organization\",\"name\":\"Centro de Desenvolvimento Agroecol\u00f3gico Sabi\u00e1\",\"url\":\"https:\\\/\\\/centrosabia.org.br\\\/en\\\/\",\"logo\":{\"@type\":\"ImageObject\",\"inLanguage\":\"en-US\",\"@id\":\"https:\\\/\\\/centrosabia.org.br\\\/en\\\/#\\\/schema\\\/logo\\\/image\\\/\",\"url\":\"https:\\\/\\\/centrosabia.org.br\\\/wp-content\\\/uploads\\\/2021\\\/10\\\/logo.png\",\"contentUrl\":\"https:\\\/\\\/centrosabia.org.br\\\/wp-content\\\/uploads\\\/2021\\\/10\\\/logo.png\",\"width\":174,\"height\":84,\"caption\":\"Centro de Desenvolvimento Agroecol\u00f3gico Sabi\u00e1\"},\"image\":{\"@id\":\"https:\\\/\\\/centrosabia.org.br\\\/en\\\/#\\\/schema\\\/logo\\\/image\\\/\"}}]}<\/script>\n<!-- \/ Yoast SEO plugin. -->","yoast_head_json":{"title":"Consumo Local, Mudan\u00e7a Global! | Cantos do Sabi\u00e1 - Centro de Desenvolvimento Agroecol\u00f3gico Sabi\u00e1","robots":{"index":"index","follow":"follow","max-snippet":"max-snippet:-1","max-image-preview":"max-image-preview:large","max-video-preview":"max-video-preview:-1"},"canonical":"https:\/\/centrosabia.org.br\/en\/audio\/consumo-local-mudanca-global\/","og_locale":"en_US","og_type":"article","og_title":"Consumo Local, Mudan\u00e7a Global! | Cantos do Sabi\u00e1 - Centro de Desenvolvimento Agroecol\u00f3gico Sabi\u00e1","og_url":"https:\/\/centrosabia.org.br\/en\/audio\/consumo-local-mudanca-global\/","og_site_name":"Centro de Desenvolvimento Agroecol\u00f3gico Sabi\u00e1","article_modified_time":"2024-08-05T14:56:39+00:00","og_image":[{"width":300,"height":169,"url":"https:\/\/centrosabia.org.br\/wp-content\/uploads\/2023\/03\/CANTOS-DO-SABIA-2023-extra-wide-2-300x169.png","type":"image\/png"}],"twitter_card":"summary_large_image","twitter_misc":{"Est. reading time":"2 minutes"},"schema":{"@context":"https:\/\/schema.org","@graph":[{"@type":"WebPage","@id":"https:\/\/centrosabia.org.br\/en\/audio\/consumo-local-mudanca-global\/","url":"https:\/\/centrosabia.org.br\/en\/audio\/consumo-local-mudanca-global\/","name":"Consumo Local, Mudan\u00e7a Global! | Cantos do Sabi\u00e1 - Centro de Desenvolvimento Agroecol\u00f3gico Sabi\u00e1","isPartOf":{"@id":"https:\/\/centrosabia.org.br\/en\/#website"},"primaryImageOfPage":{"@id":"https:\/\/centrosabia.org.br\/en\/audio\/consumo-local-mudanca-global\/#primaryimage"},"image":{"@id":"https:\/\/centrosabia.org.br\/en\/audio\/consumo-local-mudanca-global\/#primaryimage"},"thumbnailUrl":"https:\/\/centrosabia.org.br\/wp-content\/uploads\/2023\/03\/CANTOS-DO-SABIA-2023-extra-wide-2.png","datePublished":"2023-03-09T03:00:00+00:00","dateModified":"2024-08-05T14:56:39+00:00","breadcrumb":{"@id":"https:\/\/centrosabia.org.br\/en\/audio\/consumo-local-mudanca-global\/#breadcrumb"},"inLanguage":"en-US","potentialAction":[{"@type":"ReadAction","target":["https:\/\/centrosabia.org.br\/en\/audio\/consumo-local-mudanca-global\/"]}]},{"@type":"ImageObject","inLanguage":"en-US","@id":"https:\/\/centrosabia.org.br\/en\/audio\/consumo-local-mudanca-global\/#primaryimage","url":"https:\/\/centrosabia.org.br\/wp-content\/uploads\/2023\/03\/CANTOS-DO-SABIA-2023-extra-wide-2.png","contentUrl":"https:\/\/centrosabia.org.br\/wp-content\/uploads\/2023\/03\/CANTOS-DO-SABIA-2023-extra-wide-2.png","width":512,"height":288},{"@type":"BreadcrumbList","@id":"https:\/\/centrosabia.org.br\/en\/audio\/consumo-local-mudanca-global\/#breadcrumb","itemListElement":[{"@type":"ListItem","position":1,"name":"In\u00edcio","item":"https:\/\/centrosabia.org.br\/en\/"},{"@type":"ListItem","position":2,"name":"\u00c1udios","item":"https:\/\/centrosabia.org.br\/en\/audio\/"},{"@type":"ListItem","position":3,"name":"Consumo Local, Mudan\u00e7a Global! | Cantos do Sabi\u00e1"}]},{"@type":"WebSite","@id":"https:\/\/centrosabia.org.br\/en\/#website","url":"https:\/\/centrosabia.org.br\/en\/","name":"Centro de Desenvolvimento Agroecol\u00f3gico Sabi\u00e1","description":"","publisher":{"@id":"https:\/\/centrosabia.org.br\/en\/#organization"},"potentialAction":[{"@type":"SearchAction","target":{"@type":"EntryPoint","urlTemplate":"https:\/\/centrosabia.org.br\/en\/?s={search_term_string}"},"query-input":{"@type":"PropertyValueSpecification","valueRequired":true,"valueName":"search_term_string"}}],"inLanguage":"en-US"},{"@type":"Organization","@id":"https:\/\/centrosabia.org.br\/en\/#organization","name":"Centro de Desenvolvimento Agroecol\u00f3gico Sabi\u00e1","url":"https:\/\/centrosabia.org.br\/en\/","logo":{"@type":"ImageObject","inLanguage":"en-US","@id":"https:\/\/centrosabia.org.br\/en\/#\/schema\/logo\/image\/","url":"https:\/\/centrosabia.org.br\/wp-content\/uploads\/2021\/10\/logo.png","contentUrl":"https:\/\/centrosabia.org.br\/wp-content\/uploads\/2021\/10\/logo.png","width":174,"height":84,"caption":"Centro de Desenvolvimento Agroecol\u00f3gico Sabi\u00e1"},"image":{"@id":"https:\/\/centrosabia.org.br\/en\/#\/schema\/logo\/image\/"}}]}},"_links":{"self":[{"href":"https:\/\/centrosabia.org.br\/en\/wp-json\/wp\/v2\/audio\/17060","targetHints":{"allow":["GET"]}}],"collection":[{"href":"https:\/\/centrosabia.org.br\/en\/wp-json\/wp\/v2\/audio"}],"about":[{"href":"https:\/\/centrosabia.org.br\/en\/wp-json\/wp\/v2\/types\/audio"}],"wp:featuredmedia":[{"embeddable":true,"href":"https:\/\/centrosabia.org.br\/en\/wp-json\/wp\/v2\/media\/23363"}],"wp:attachment":[{"href":"https:\/\/centrosabia.org.br\/en\/wp-json\/wp\/v2\/media?parent=17060"}],"wp:term":[{"taxonomy":"tema","embeddable":true,"href":"https:\/\/centrosabia.org.br\/en\/wp-json\/wp\/v2\/tema?post=17060"},{"taxonomy":"decada","embeddable":true,"href":"https:\/\/centrosabia.org.br\/en\/wp-json\/wp\/v2\/decada?post=17060"},{"taxonomy":"curadoria","embeddable":true,"href":"https:\/\/centrosabia.org.br\/en\/wp-json\/wp\/v2\/curadoria?post=17060"}],"curies":[{"name":"wp","href":"https:\/\/api.w.org\/{rel}","templated":true}]}}