{"id":17072,"date":"2022-12-26T00:00:00","date_gmt":"2022-12-26T03:00:00","guid":{"rendered":"https:\/\/centrosabia.org.br\/audio\/esperancar-o-futuro-do-meio-ambiente-brasileiro\/"},"modified":"2024-08-05T13:24:27","modified_gmt":"2024-08-05T16:24:27","slug":"esperancar-o-futuro-do-meio-ambiente-brasileiro","status":"publish","type":"audio","link":"https:\/\/centrosabia.org.br\/en\/audio\/esperancar-o-futuro-do-meio-ambiente-brasileiro\/","title":{"rendered":"Esperan\u00e7ar: O Futuro do Meio Ambiente Brasileiro | Cantos do Sabi\u00e1"},"content":{"rendered":"<p>&#x1f3a7; Est\u00e1 acabando um ciclo de governo, \u00a0est\u00e1 acabando o governo Bolsonaro para &#8211; agora em 2023 &#8211; o come\u00e7o do governo Lula, \u00a03\u00ba governo do presidente eleito Luiz In\u00e1cio Lula da Silva.<\/p>\n<p><\/p>\n<p>Com isso, precisamos refletir os erros de gest\u00e3o de meio ambiente do minist\u00e9rio do governo do futuro ex-presidente, combater os desmontes instalados nos \u00faltimos 4 anos, \u00a0e refor\u00e7ar pol\u00edticas p\u00fablicas para a defesa da popula\u00e7\u00e3o, dos agricultores e agricultoras, e das pessoas da cidade!<\/p>\n<p><\/p>\n<p>\u00c9 preciso combater a fome, o veneno, a inseguran\u00e7a alimentar, \u00a0o racismo e a injusti\u00e7a ambiental! \u00c9 preciso combater a pol\u00edtica destrutivista e negacionista instaurada nos \u00faltimos anos aqui em nosso pa\u00eds. \u00c9 por isso que hoje a gente fala de esperan\u00e7a. Neste podcast que fecha os programas do Centro Sabi\u00e1 em 2022, \u00a0\u00e9 preciso esperan\u00e7ar \u00a0por um futuro do meio ambiente brasileiro!<\/p>\n<p><\/p>\n<p>E \u00e9 para esperan\u00e7ar aqui com a gente hoje que convidamos \u00e0 nossa mesa o mestre em agroecologia &#8211; Carlos Magno! Carlos \u00e9 mestre em agroecologia e desenvolvimento rural sustent\u00e1vel. Coordenador de mobiliza\u00e7\u00e3o social do Centro Sabi\u00e1 e membro do painel de governan\u00e7a da Plataforma Semi\u00e1ridos da Am\u00e9rica Latina.<\/p>\n<p><\/p>\n<p><a href=\"https:\/\/centrosabia.org.br\/tag\/cantos-do-sabia\/\" rel=\"nofollow\">Cantos do Sabi\u00e1<\/a> \u00e9 o Podcast do Centro Sabi\u00e1! Semanalmente discutimos agroecologia, sustentabilidade e pol\u00edtica no campo e cidade! O podcast vai ao ar todas \u00e0s segundas-feiras, com a edi\u00e7\u00e3o completa da entrevista que originalmente comp\u00f5em o programa de r\u00e1dio do Centro. <a href=\"https:\/\/spoti.fi\/31VtUj5\" rel=\"nofollow\">https:\/\/spoti.fi\/31VtUj5<\/a><\/p>\n","protected":false},"featured_media":23372,"template":"","meta":{"_acf_changed":false,"ano":2022},"tema":[2519,2513,2518],"decada":[2502],"curadoria":[],"class_list":["post-17072","audio","type-audio","status-publish","has-post-thumbnail","hentry","tema-agroecologia","tema-meio-ambiente","tema-sustentabilidade","decada-2502"],"blocksy_meta":[],"acf":{"imagem_de_cobertura":""},"yoast_head":"<!-- This site is optimized with the Yoast SEO plugin v27.4 - https:\/\/yoast.com\/product\/yoast-seo-wordpress\/ -->\n<title>Esperan\u00e7ar: O Futuro do Meio Ambiente Brasileiro | Cantos do Sabi\u00e1 - Centro de Desenvolvimento Agroecol\u00f3gico Sabi\u00e1<\/title>\n<meta name=\"robots\" content=\"index, follow, max-snippet:-1, max-image-preview:large, max-video-preview:-1\" \/>\n<link rel=\"canonical\" href=\"https:\/\/centrosabia.org.br\/en\/audio\/esperancar-o-futuro-do-meio-ambiente-brasileiro\/\" \/>\n<meta property=\"og:locale\" content=\"en_US\" \/>\n<meta property=\"og:type\" content=\"article\" \/>\n<meta property=\"og:title\" content=\"Esperan\u00e7ar: O Futuro do Meio Ambiente Brasileiro | Cantos do Sabi\u00e1 - Centro de Desenvolvimento Agroecol\u00f3gico Sabi\u00e1\" \/>\n<meta property=\"og:url\" content=\"https:\/\/centrosabia.org.br\/en\/audio\/esperancar-o-futuro-do-meio-ambiente-brasileiro\/\" \/>\n<meta property=\"og:site_name\" content=\"Centro de Desenvolvimento Agroecol\u00f3gico Sabi\u00e1\" \/>\n<meta property=\"article:modified_time\" content=\"2024-08-05T16:24:27+00:00\" \/>\n<meta property=\"og:image\" content=\"https:\/\/centrosabia.org.br\/wp-content\/uploads\/2022\/12\/CDS_carlos_spotify-300x169.png\" \/>\n\t<meta property=\"og:image:width\" content=\"300\" \/>\n\t<meta property=\"og:image:height\" content=\"169\" \/>\n\t<meta property=\"og:image:type\" content=\"image\/png\" \/>\n<meta name=\"twitter:card\" content=\"summary_large_image\" \/>\n<meta name=\"twitter:label1\" content=\"Est. reading time\" \/>\n\t<meta name=\"twitter:data1\" content=\"2 minutes\" \/>\n<script type=\"application\/ld+json\" class=\"yoast-schema-graph\">{\"@context\":\"https:\\\/\\\/schema.org\",\"@graph\":[{\"@type\":\"WebPage\",\"@id\":\"https:\\\/\\\/centrosabia.org.br\\\/en\\\/audio\\\/esperancar-o-futuro-do-meio-ambiente-brasileiro\\\/\",\"url\":\"https:\\\/\\\/centrosabia.org.br\\\/en\\\/audio\\\/esperancar-o-futuro-do-meio-ambiente-brasileiro\\\/\",\"name\":\"Esperan\u00e7ar: O Futuro do Meio Ambiente Brasileiro | Cantos do Sabi\u00e1 - Centro de Desenvolvimento Agroecol\u00f3gico Sabi\u00e1\",\"isPartOf\":{\"@id\":\"https:\\\/\\\/centrosabia.org.br\\\/en\\\/#website\"},\"primaryImageOfPage\":{\"@id\":\"https:\\\/\\\/centrosabia.org.br\\\/en\\\/audio\\\/esperancar-o-futuro-do-meio-ambiente-brasileiro\\\/#primaryimage\"},\"image\":{\"@id\":\"https:\\\/\\\/centrosabia.org.br\\\/en\\\/audio\\\/esperancar-o-futuro-do-meio-ambiente-brasileiro\\\/#primaryimage\"},\"thumbnailUrl\":\"https:\\\/\\\/centrosabia.org.br\\\/wp-content\\\/uploads\\\/2022\\\/12\\\/CDS_carlos_spotify.png\",\"datePublished\":\"2022-12-26T03:00:00+00:00\",\"dateModified\":\"2024-08-05T16:24:27+00:00\",\"breadcrumb\":{\"@id\":\"https:\\\/\\\/centrosabia.org.br\\\/en\\\/audio\\\/esperancar-o-futuro-do-meio-ambiente-brasileiro\\\/#breadcrumb\"},\"inLanguage\":\"en-US\",\"potentialAction\":[{\"@type\":\"ReadAction\",\"target\":[\"https:\\\/\\\/centrosabia.org.br\\\/en\\\/audio\\\/esperancar-o-futuro-do-meio-ambiente-brasileiro\\\/\"]}]},{\"@type\":\"ImageObject\",\"inLanguage\":\"en-US\",\"@id\":\"https:\\\/\\\/centrosabia.org.br\\\/en\\\/audio\\\/esperancar-o-futuro-do-meio-ambiente-brasileiro\\\/#primaryimage\",\"url\":\"https:\\\/\\\/centrosabia.org.br\\\/wp-content\\\/uploads\\\/2022\\\/12\\\/CDS_carlos_spotify.png\",\"contentUrl\":\"https:\\\/\\\/centrosabia.org.br\\\/wp-content\\\/uploads\\\/2022\\\/12\\\/CDS_carlos_spotify.png\",\"width\":512,\"height\":288},{\"@type\":\"BreadcrumbList\",\"@id\":\"https:\\\/\\\/centrosabia.org.br\\\/en\\\/audio\\\/esperancar-o-futuro-do-meio-ambiente-brasileiro\\\/#breadcrumb\",\"itemListElement\":[{\"@type\":\"ListItem\",\"position\":1,\"name\":\"In\u00edcio\",\"item\":\"https:\\\/\\\/centrosabia.org.br\\\/en\\\/\"},{\"@type\":\"ListItem\",\"position\":2,\"name\":\"\u00c1udios\",\"item\":\"https:\\\/\\\/centrosabia.org.br\\\/en\\\/audio\\\/\"},{\"@type\":\"ListItem\",\"position\":3,\"name\":\"Esperan\u00e7ar: O Futuro do Meio Ambiente Brasileiro | Cantos do Sabi\u00e1\"}]},{\"@type\":\"WebSite\",\"@id\":\"https:\\\/\\\/centrosabia.org.br\\\/en\\\/#website\",\"url\":\"https:\\\/\\\/centrosabia.org.br\\\/en\\\/\",\"name\":\"Centro de Desenvolvimento Agroecol\u00f3gico Sabi\u00e1\",\"description\":\"\",\"publisher\":{\"@id\":\"https:\\\/\\\/centrosabia.org.br\\\/en\\\/#organization\"},\"potentialAction\":[{\"@type\":\"SearchAction\",\"target\":{\"@type\":\"EntryPoint\",\"urlTemplate\":\"https:\\\/\\\/centrosabia.org.br\\\/en\\\/?s={search_term_string}\"},\"query-input\":{\"@type\":\"PropertyValueSpecification\",\"valueRequired\":true,\"valueName\":\"search_term_string\"}}],\"inLanguage\":\"en-US\"},{\"@type\":\"Organization\",\"@id\":\"https:\\\/\\\/centrosabia.org.br\\\/en\\\/#organization\",\"name\":\"Centro de Desenvolvimento Agroecol\u00f3gico Sabi\u00e1\",\"url\":\"https:\\\/\\\/centrosabia.org.br\\\/en\\\/\",\"logo\":{\"@type\":\"ImageObject\",\"inLanguage\":\"en-US\",\"@id\":\"https:\\\/\\\/centrosabia.org.br\\\/en\\\/#\\\/schema\\\/logo\\\/image\\\/\",\"url\":\"https:\\\/\\\/centrosabia.org.br\\\/wp-content\\\/uploads\\\/2021\\\/10\\\/logo.png\",\"contentUrl\":\"https:\\\/\\\/centrosabia.org.br\\\/wp-content\\\/uploads\\\/2021\\\/10\\\/logo.png\",\"width\":174,\"height\":84,\"caption\":\"Centro de Desenvolvimento Agroecol\u00f3gico Sabi\u00e1\"},\"image\":{\"@id\":\"https:\\\/\\\/centrosabia.org.br\\\/en\\\/#\\\/schema\\\/logo\\\/image\\\/\"}}]}<\/script>\n<!-- \/ Yoast SEO plugin. -->","yoast_head_json":{"title":"Esperan\u00e7ar: O Futuro do Meio Ambiente Brasileiro | Cantos do Sabi\u00e1 - Centro de Desenvolvimento Agroecol\u00f3gico Sabi\u00e1","robots":{"index":"index","follow":"follow","max-snippet":"max-snippet:-1","max-image-preview":"max-image-preview:large","max-video-preview":"max-video-preview:-1"},"canonical":"https:\/\/centrosabia.org.br\/en\/audio\/esperancar-o-futuro-do-meio-ambiente-brasileiro\/","og_locale":"en_US","og_type":"article","og_title":"Esperan\u00e7ar: O Futuro do Meio Ambiente Brasileiro | Cantos do Sabi\u00e1 - Centro de Desenvolvimento Agroecol\u00f3gico Sabi\u00e1","og_url":"https:\/\/centrosabia.org.br\/en\/audio\/esperancar-o-futuro-do-meio-ambiente-brasileiro\/","og_site_name":"Centro de Desenvolvimento Agroecol\u00f3gico Sabi\u00e1","article_modified_time":"2024-08-05T16:24:27+00:00","og_image":[{"width":300,"height":169,"url":"https:\/\/centrosabia.org.br\/wp-content\/uploads\/2022\/12\/CDS_carlos_spotify-300x169.png","type":"image\/png"}],"twitter_card":"summary_large_image","twitter_misc":{"Est. reading time":"2 minutes"},"schema":{"@context":"https:\/\/schema.org","@graph":[{"@type":"WebPage","@id":"https:\/\/centrosabia.org.br\/en\/audio\/esperancar-o-futuro-do-meio-ambiente-brasileiro\/","url":"https:\/\/centrosabia.org.br\/en\/audio\/esperancar-o-futuro-do-meio-ambiente-brasileiro\/","name":"Esperan\u00e7ar: O Futuro do Meio Ambiente Brasileiro | Cantos do Sabi\u00e1 - Centro de Desenvolvimento Agroecol\u00f3gico Sabi\u00e1","isPartOf":{"@id":"https:\/\/centrosabia.org.br\/en\/#website"},"primaryImageOfPage":{"@id":"https:\/\/centrosabia.org.br\/en\/audio\/esperancar-o-futuro-do-meio-ambiente-brasileiro\/#primaryimage"},"image":{"@id":"https:\/\/centrosabia.org.br\/en\/audio\/esperancar-o-futuro-do-meio-ambiente-brasileiro\/#primaryimage"},"thumbnailUrl":"https:\/\/centrosabia.org.br\/wp-content\/uploads\/2022\/12\/CDS_carlos_spotify.png","datePublished":"2022-12-26T03:00:00+00:00","dateModified":"2024-08-05T16:24:27+00:00","breadcrumb":{"@id":"https:\/\/centrosabia.org.br\/en\/audio\/esperancar-o-futuro-do-meio-ambiente-brasileiro\/#breadcrumb"},"inLanguage":"en-US","potentialAction":[{"@type":"ReadAction","target":["https:\/\/centrosabia.org.br\/en\/audio\/esperancar-o-futuro-do-meio-ambiente-brasileiro\/"]}]},{"@type":"ImageObject","inLanguage":"en-US","@id":"https:\/\/centrosabia.org.br\/en\/audio\/esperancar-o-futuro-do-meio-ambiente-brasileiro\/#primaryimage","url":"https:\/\/centrosabia.org.br\/wp-content\/uploads\/2022\/12\/CDS_carlos_spotify.png","contentUrl":"https:\/\/centrosabia.org.br\/wp-content\/uploads\/2022\/12\/CDS_carlos_spotify.png","width":512,"height":288},{"@type":"BreadcrumbList","@id":"https:\/\/centrosabia.org.br\/en\/audio\/esperancar-o-futuro-do-meio-ambiente-brasileiro\/#breadcrumb","itemListElement":[{"@type":"ListItem","position":1,"name":"In\u00edcio","item":"https:\/\/centrosabia.org.br\/en\/"},{"@type":"ListItem","position":2,"name":"\u00c1udios","item":"https:\/\/centrosabia.org.br\/en\/audio\/"},{"@type":"ListItem","position":3,"name":"Esperan\u00e7ar: O Futuro do Meio Ambiente Brasileiro | Cantos do Sabi\u00e1"}]},{"@type":"WebSite","@id":"https:\/\/centrosabia.org.br\/en\/#website","url":"https:\/\/centrosabia.org.br\/en\/","name":"Centro de Desenvolvimento Agroecol\u00f3gico Sabi\u00e1","description":"","publisher":{"@id":"https:\/\/centrosabia.org.br\/en\/#organization"},"potentialAction":[{"@type":"SearchAction","target":{"@type":"EntryPoint","urlTemplate":"https:\/\/centrosabia.org.br\/en\/?s={search_term_string}"},"query-input":{"@type":"PropertyValueSpecification","valueRequired":true,"valueName":"search_term_string"}}],"inLanguage":"en-US"},{"@type":"Organization","@id":"https:\/\/centrosabia.org.br\/en\/#organization","name":"Centro de Desenvolvimento Agroecol\u00f3gico Sabi\u00e1","url":"https:\/\/centrosabia.org.br\/en\/","logo":{"@type":"ImageObject","inLanguage":"en-US","@id":"https:\/\/centrosabia.org.br\/en\/#\/schema\/logo\/image\/","url":"https:\/\/centrosabia.org.br\/wp-content\/uploads\/2021\/10\/logo.png","contentUrl":"https:\/\/centrosabia.org.br\/wp-content\/uploads\/2021\/10\/logo.png","width":174,"height":84,"caption":"Centro de Desenvolvimento Agroecol\u00f3gico Sabi\u00e1"},"image":{"@id":"https:\/\/centrosabia.org.br\/en\/#\/schema\/logo\/image\/"}}]}},"_links":{"self":[{"href":"https:\/\/centrosabia.org.br\/en\/wp-json\/wp\/v2\/audio\/17072","targetHints":{"allow":["GET"]}}],"collection":[{"href":"https:\/\/centrosabia.org.br\/en\/wp-json\/wp\/v2\/audio"}],"about":[{"href":"https:\/\/centrosabia.org.br\/en\/wp-json\/wp\/v2\/types\/audio"}],"wp:featuredmedia":[{"embeddable":true,"href":"https:\/\/centrosabia.org.br\/en\/wp-json\/wp\/v2\/media\/23372"}],"wp:attachment":[{"href":"https:\/\/centrosabia.org.br\/en\/wp-json\/wp\/v2\/media?parent=17072"}],"wp:term":[{"taxonomy":"tema","embeddable":true,"href":"https:\/\/centrosabia.org.br\/en\/wp-json\/wp\/v2\/tema?post=17072"},{"taxonomy":"decada","embeddable":true,"href":"https:\/\/centrosabia.org.br\/en\/wp-json\/wp\/v2\/decada?post=17072"},{"taxonomy":"curadoria","embeddable":true,"href":"https:\/\/centrosabia.org.br\/en\/wp-json\/wp\/v2\/curadoria?post=17072"}],"curies":[{"name":"wp","href":"https:\/\/api.w.org\/{rel}","templated":true}]}}