{"id":17148,"date":"2022-10-03T00:00:00","date_gmt":"2022-10-03T03:00:00","guid":{"rendered":"https:\/\/centrosabia.org.br\/audio\/agroecologia-e-resistencia\/"},"modified":"2024-08-05T14:18:40","modified_gmt":"2024-08-05T17:18:40","slug":"agroecologia-e-resistencia","status":"publish","type":"audio","link":"https:\/\/centrosabia.org.br\/en\/audio\/agroecologia-e-resistencia\/","title":{"rendered":"Agroecologia \u00e9 Resist\u00eancia! | Cantos do Sabi\u00e1"},"content":{"rendered":"<p>&#x1f3a7; O Cantos do Sabi\u00e1 desta segunda-feira vem falar sobre Agroecologia e o Dia Nacional da Agroecologia, dia 03 de outubro! Uma importante data para celebrarmos a agroecologia, a comida de verdade e a produ\u00e7\u00e3o de alimentos sem veneno!<\/p>\n<p><\/p>\n<p>3 de outubro, tamb\u00e9m conhecido como Dia Nacional da Agroecologia, \u00e9 uma importante data para refletirmos a import\u00e2ncia de um meio de produ\u00e7\u00e3o e conviv\u00eancia com a natureza sustent\u00e1vel, e tamb\u00e9m para discutir as formas de defesa de nosso pa\u00eds contra o mercado do veneno e agrot\u00f3xicos.<\/p>\n<p><\/p>\n<p>E falar de Agroecologia \u00e9 falar de vida! \u00c9 atrav\u00e9s desta forma de produ\u00e7\u00e3o sustent\u00e1vel e de conviv\u00eancia que o Brasil se alimenta! A partir dos trabalhos das m\u00e3os de agricultores e agricultoras familiares, que, sem veneno, sem agrot\u00f3xicos e sem queimadas, preserva fauna e flora! Ent\u00e3o sim, agroecologia \u00e9 resist\u00eancia!<\/p>\n<p><\/p>\n<p>Para conversar conosco sobre essa pauta t\u00e3o importante, convidamos ao Cantos do Sabi\u00e1 &#8211; Elizabete Silva! Bete \u00e9 Agricultora familiar, formada no curso de Agroecologia na Mata Sul. Presidente da Associa\u00e7\u00e3o de agricultores da comunidade do assentamento de Jundi\u00e1 de Cima, Presidenta da Feira Agroecol\u00f3gica de Tamandar\u00e9.<\/p>\n<p><\/p>\n<p><a href=\"https:\/\/centrosabia.org.br\/tag\/cantos-do-sabia\/\" rel=\"nofollow\">Cantos do Sabi\u00e1<\/a> \u00e9 o Podcast do Centro Sabi\u00e1! Semanalmente discutimos agroecologia, sustentabilidade e pol\u00edtica no campo e cidade! O podcast vai ao ar todas \u00e0s segundas-feiras, com a edi\u00e7\u00e3o completa da entrevista que originalmente comp\u00f5em o programa de r\u00e1dio do Centro. <a href=\"https:\/\/spoti.fi\/31VtUj5\" rel=\"nofollow\">https:\/\/spoti.fi\/31VtUj5<\/a><\/p>\n<p><\/p>\n<p>#CentroSabi\u00e1 #CantosdoSabi\u00e1 #podcast #DiaNacionaldaAgroecologia #DiadaAgroecologia #Agroecologia #MeioAmbiente<\/p>\n","protected":false},"featured_media":23417,"template":"","meta":{"_acf_changed":false,"ano":2022},"tema":[2519,2512,2546],"decada":[2502],"curadoria":[],"class_list":["post-17148","audio","type-audio","status-publish","has-post-thumbnail","hentry","tema-agroecologia","tema-reforma-agraria","tema-soberania-alimentar","decada-2502"],"blocksy_meta":[],"acf":{"imagem_de_cobertura":""},"yoast_head":"<!-- This site is optimized with the Yoast SEO plugin v27.4 - https:\/\/yoast.com\/product\/yoast-seo-wordpress\/ -->\n<title>Agroecologia \u00e9 Resist\u00eancia! | Cantos do Sabi\u00e1 - Centro de Desenvolvimento Agroecol\u00f3gico Sabi\u00e1<\/title>\n<meta name=\"robots\" content=\"index, follow, max-snippet:-1, max-image-preview:large, max-video-preview:-1\" \/>\n<link rel=\"canonical\" href=\"https:\/\/centrosabia.org.br\/en\/audio\/agroecologia-e-resistencia\/\" \/>\n<meta property=\"og:locale\" content=\"en_US\" \/>\n<meta property=\"og:type\" content=\"article\" \/>\n<meta property=\"og:title\" content=\"Agroecologia \u00e9 Resist\u00eancia! | Cantos do Sabi\u00e1 - Centro de Desenvolvimento Agroecol\u00f3gico Sabi\u00e1\" \/>\n<meta property=\"og:url\" content=\"https:\/\/centrosabia.org.br\/en\/audio\/agroecologia-e-resistencia\/\" \/>\n<meta property=\"og:site_name\" content=\"Centro de Desenvolvimento Agroecol\u00f3gico Sabi\u00e1\" \/>\n<meta property=\"article:modified_time\" content=\"2024-08-05T17:18:40+00:00\" \/>\n<meta property=\"og:image\" content=\"https:\/\/centrosabia.org.br\/wp-content\/uploads\/2022\/10\/5-CDS_3009_SPOTIFY-300x169.png\" \/>\n\t<meta property=\"og:image:width\" content=\"300\" \/>\n\t<meta property=\"og:image:height\" content=\"169\" \/>\n\t<meta property=\"og:image:type\" content=\"image\/png\" \/>\n<meta name=\"twitter:card\" content=\"summary_large_image\" \/>\n<meta name=\"twitter:label1\" content=\"Est. reading time\" \/>\n\t<meta name=\"twitter:data1\" content=\"2 minutes\" \/>\n<script type=\"application\/ld+json\" class=\"yoast-schema-graph\">{\"@context\":\"https:\\\/\\\/schema.org\",\"@graph\":[{\"@type\":\"WebPage\",\"@id\":\"https:\\\/\\\/centrosabia.org.br\\\/en\\\/audio\\\/agroecologia-e-resistencia\\\/\",\"url\":\"https:\\\/\\\/centrosabia.org.br\\\/en\\\/audio\\\/agroecologia-e-resistencia\\\/\",\"name\":\"Agroecologia \u00e9 Resist\u00eancia! | Cantos do Sabi\u00e1 - Centro de Desenvolvimento Agroecol\u00f3gico Sabi\u00e1\",\"isPartOf\":{\"@id\":\"https:\\\/\\\/centrosabia.org.br\\\/en\\\/#website\"},\"primaryImageOfPage\":{\"@id\":\"https:\\\/\\\/centrosabia.org.br\\\/en\\\/audio\\\/agroecologia-e-resistencia\\\/#primaryimage\"},\"image\":{\"@id\":\"https:\\\/\\\/centrosabia.org.br\\\/en\\\/audio\\\/agroecologia-e-resistencia\\\/#primaryimage\"},\"thumbnailUrl\":\"https:\\\/\\\/centrosabia.org.br\\\/wp-content\\\/uploads\\\/2022\\\/10\\\/5-CDS_3009_SPOTIFY.png\",\"datePublished\":\"2022-10-03T03:00:00+00:00\",\"dateModified\":\"2024-08-05T17:18:40+00:00\",\"breadcrumb\":{\"@id\":\"https:\\\/\\\/centrosabia.org.br\\\/en\\\/audio\\\/agroecologia-e-resistencia\\\/#breadcrumb\"},\"inLanguage\":\"en-US\",\"potentialAction\":[{\"@type\":\"ReadAction\",\"target\":[\"https:\\\/\\\/centrosabia.org.br\\\/en\\\/audio\\\/agroecologia-e-resistencia\\\/\"]}]},{\"@type\":\"ImageObject\",\"inLanguage\":\"en-US\",\"@id\":\"https:\\\/\\\/centrosabia.org.br\\\/en\\\/audio\\\/agroecologia-e-resistencia\\\/#primaryimage\",\"url\":\"https:\\\/\\\/centrosabia.org.br\\\/wp-content\\\/uploads\\\/2022\\\/10\\\/5-CDS_3009_SPOTIFY.png\",\"contentUrl\":\"https:\\\/\\\/centrosabia.org.br\\\/wp-content\\\/uploads\\\/2022\\\/10\\\/5-CDS_3009_SPOTIFY.png\",\"width\":512,\"height\":288},{\"@type\":\"BreadcrumbList\",\"@id\":\"https:\\\/\\\/centrosabia.org.br\\\/en\\\/audio\\\/agroecologia-e-resistencia\\\/#breadcrumb\",\"itemListElement\":[{\"@type\":\"ListItem\",\"position\":1,\"name\":\"In\u00edcio\",\"item\":\"https:\\\/\\\/centrosabia.org.br\\\/en\\\/\"},{\"@type\":\"ListItem\",\"position\":2,\"name\":\"\u00c1udios\",\"item\":\"https:\\\/\\\/centrosabia.org.br\\\/en\\\/audio\\\/\"},{\"@type\":\"ListItem\",\"position\":3,\"name\":\"Agroecologia \u00e9 Resist\u00eancia! | Cantos do Sabi\u00e1\"}]},{\"@type\":\"WebSite\",\"@id\":\"https:\\\/\\\/centrosabia.org.br\\\/en\\\/#website\",\"url\":\"https:\\\/\\\/centrosabia.org.br\\\/en\\\/\",\"name\":\"Centro de Desenvolvimento Agroecol\u00f3gico Sabi\u00e1\",\"description\":\"\",\"publisher\":{\"@id\":\"https:\\\/\\\/centrosabia.org.br\\\/en\\\/#organization\"},\"potentialAction\":[{\"@type\":\"SearchAction\",\"target\":{\"@type\":\"EntryPoint\",\"urlTemplate\":\"https:\\\/\\\/centrosabia.org.br\\\/en\\\/?s={search_term_string}\"},\"query-input\":{\"@type\":\"PropertyValueSpecification\",\"valueRequired\":true,\"valueName\":\"search_term_string\"}}],\"inLanguage\":\"en-US\"},{\"@type\":\"Organization\",\"@id\":\"https:\\\/\\\/centrosabia.org.br\\\/en\\\/#organization\",\"name\":\"Centro de Desenvolvimento Agroecol\u00f3gico Sabi\u00e1\",\"url\":\"https:\\\/\\\/centrosabia.org.br\\\/en\\\/\",\"logo\":{\"@type\":\"ImageObject\",\"inLanguage\":\"en-US\",\"@id\":\"https:\\\/\\\/centrosabia.org.br\\\/en\\\/#\\\/schema\\\/logo\\\/image\\\/\",\"url\":\"https:\\\/\\\/centrosabia.org.br\\\/wp-content\\\/uploads\\\/2021\\\/10\\\/logo.png\",\"contentUrl\":\"https:\\\/\\\/centrosabia.org.br\\\/wp-content\\\/uploads\\\/2021\\\/10\\\/logo.png\",\"width\":174,\"height\":84,\"caption\":\"Centro de Desenvolvimento Agroecol\u00f3gico Sabi\u00e1\"},\"image\":{\"@id\":\"https:\\\/\\\/centrosabia.org.br\\\/en\\\/#\\\/schema\\\/logo\\\/image\\\/\"}}]}<\/script>\n<!-- \/ Yoast SEO plugin. -->","yoast_head_json":{"title":"Agroecologia \u00e9 Resist\u00eancia! | Cantos do Sabi\u00e1 - Centro de Desenvolvimento Agroecol\u00f3gico Sabi\u00e1","robots":{"index":"index","follow":"follow","max-snippet":"max-snippet:-1","max-image-preview":"max-image-preview:large","max-video-preview":"max-video-preview:-1"},"canonical":"https:\/\/centrosabia.org.br\/en\/audio\/agroecologia-e-resistencia\/","og_locale":"en_US","og_type":"article","og_title":"Agroecologia \u00e9 Resist\u00eancia! | Cantos do Sabi\u00e1 - Centro de Desenvolvimento Agroecol\u00f3gico Sabi\u00e1","og_url":"https:\/\/centrosabia.org.br\/en\/audio\/agroecologia-e-resistencia\/","og_site_name":"Centro de Desenvolvimento Agroecol\u00f3gico Sabi\u00e1","article_modified_time":"2024-08-05T17:18:40+00:00","og_image":[{"width":300,"height":169,"url":"https:\/\/centrosabia.org.br\/wp-content\/uploads\/2022\/10\/5-CDS_3009_SPOTIFY-300x169.png","type":"image\/png"}],"twitter_card":"summary_large_image","twitter_misc":{"Est. reading time":"2 minutes"},"schema":{"@context":"https:\/\/schema.org","@graph":[{"@type":"WebPage","@id":"https:\/\/centrosabia.org.br\/en\/audio\/agroecologia-e-resistencia\/","url":"https:\/\/centrosabia.org.br\/en\/audio\/agroecologia-e-resistencia\/","name":"Agroecologia \u00e9 Resist\u00eancia! | Cantos do Sabi\u00e1 - Centro de Desenvolvimento Agroecol\u00f3gico Sabi\u00e1","isPartOf":{"@id":"https:\/\/centrosabia.org.br\/en\/#website"},"primaryImageOfPage":{"@id":"https:\/\/centrosabia.org.br\/en\/audio\/agroecologia-e-resistencia\/#primaryimage"},"image":{"@id":"https:\/\/centrosabia.org.br\/en\/audio\/agroecologia-e-resistencia\/#primaryimage"},"thumbnailUrl":"https:\/\/centrosabia.org.br\/wp-content\/uploads\/2022\/10\/5-CDS_3009_SPOTIFY.png","datePublished":"2022-10-03T03:00:00+00:00","dateModified":"2024-08-05T17:18:40+00:00","breadcrumb":{"@id":"https:\/\/centrosabia.org.br\/en\/audio\/agroecologia-e-resistencia\/#breadcrumb"},"inLanguage":"en-US","potentialAction":[{"@type":"ReadAction","target":["https:\/\/centrosabia.org.br\/en\/audio\/agroecologia-e-resistencia\/"]}]},{"@type":"ImageObject","inLanguage":"en-US","@id":"https:\/\/centrosabia.org.br\/en\/audio\/agroecologia-e-resistencia\/#primaryimage","url":"https:\/\/centrosabia.org.br\/wp-content\/uploads\/2022\/10\/5-CDS_3009_SPOTIFY.png","contentUrl":"https:\/\/centrosabia.org.br\/wp-content\/uploads\/2022\/10\/5-CDS_3009_SPOTIFY.png","width":512,"height":288},{"@type":"BreadcrumbList","@id":"https:\/\/centrosabia.org.br\/en\/audio\/agroecologia-e-resistencia\/#breadcrumb","itemListElement":[{"@type":"ListItem","position":1,"name":"In\u00edcio","item":"https:\/\/centrosabia.org.br\/en\/"},{"@type":"ListItem","position":2,"name":"\u00c1udios","item":"https:\/\/centrosabia.org.br\/en\/audio\/"},{"@type":"ListItem","position":3,"name":"Agroecologia \u00e9 Resist\u00eancia! | Cantos do Sabi\u00e1"}]},{"@type":"WebSite","@id":"https:\/\/centrosabia.org.br\/en\/#website","url":"https:\/\/centrosabia.org.br\/en\/","name":"Centro de Desenvolvimento Agroecol\u00f3gico Sabi\u00e1","description":"","publisher":{"@id":"https:\/\/centrosabia.org.br\/en\/#organization"},"potentialAction":[{"@type":"SearchAction","target":{"@type":"EntryPoint","urlTemplate":"https:\/\/centrosabia.org.br\/en\/?s={search_term_string}"},"query-input":{"@type":"PropertyValueSpecification","valueRequired":true,"valueName":"search_term_string"}}],"inLanguage":"en-US"},{"@type":"Organization","@id":"https:\/\/centrosabia.org.br\/en\/#organization","name":"Centro de Desenvolvimento Agroecol\u00f3gico Sabi\u00e1","url":"https:\/\/centrosabia.org.br\/en\/","logo":{"@type":"ImageObject","inLanguage":"en-US","@id":"https:\/\/centrosabia.org.br\/en\/#\/schema\/logo\/image\/","url":"https:\/\/centrosabia.org.br\/wp-content\/uploads\/2021\/10\/logo.png","contentUrl":"https:\/\/centrosabia.org.br\/wp-content\/uploads\/2021\/10\/logo.png","width":174,"height":84,"caption":"Centro de Desenvolvimento Agroecol\u00f3gico Sabi\u00e1"},"image":{"@id":"https:\/\/centrosabia.org.br\/en\/#\/schema\/logo\/image\/"}}]}},"_links":{"self":[{"href":"https:\/\/centrosabia.org.br\/en\/wp-json\/wp\/v2\/audio\/17148","targetHints":{"allow":["GET"]}}],"collection":[{"href":"https:\/\/centrosabia.org.br\/en\/wp-json\/wp\/v2\/audio"}],"about":[{"href":"https:\/\/centrosabia.org.br\/en\/wp-json\/wp\/v2\/types\/audio"}],"wp:featuredmedia":[{"embeddable":true,"href":"https:\/\/centrosabia.org.br\/en\/wp-json\/wp\/v2\/media\/23417"}],"wp:attachment":[{"href":"https:\/\/centrosabia.org.br\/en\/wp-json\/wp\/v2\/media?parent=17148"}],"wp:term":[{"taxonomy":"tema","embeddable":true,"href":"https:\/\/centrosabia.org.br\/en\/wp-json\/wp\/v2\/tema?post=17148"},{"taxonomy":"decada","embeddable":true,"href":"https:\/\/centrosabia.org.br\/en\/wp-json\/wp\/v2\/decada?post=17148"},{"taxonomy":"curadoria","embeddable":true,"href":"https:\/\/centrosabia.org.br\/en\/wp-json\/wp\/v2\/curadoria?post=17148"}],"curies":[{"name":"wp","href":"https:\/\/api.w.org\/{rel}","templated":true}]}}