{"id":17636,"date":"2020-01-20T00:00:00","date_gmt":"2020-01-20T03:00:00","guid":{"rendered":"https:\/\/centrosabia.org.br\/audio\/legislatura-para-a-agricultura-familiar-e-defesa-do-semiarido-cantos-do-sabia\/"},"modified":"2024-08-07T14:22:43","modified_gmt":"2024-08-07T17:22:43","slug":"legislatura-para-a-agricultura-familiar-e-defesa-do-semiarido-cantos-do-sabia","status":"publish","type":"audio","link":"https:\/\/centrosabia.org.br\/en\/audio\/legislatura-para-a-agricultura-familiar-e-defesa-do-semiarido-cantos-do-sabia\/","title":{"rendered":"Legislatura para a Agricultura Familiar e Defesa do Semi\u00e1rido | Cantos do Sabi\u00e1"},"content":{"rendered":"<p>O Cantos do Sabi\u00e1 est\u00e1 de volta! \u00a0E no programa de nossa volta, falamos sobre perspectivas para 2020; o debate \u00e9 acerca da Legislatura para Agricultura Familiar e para o Semi\u00e1rido. Convidamos o deputado e presidente da frente parlamentar em defesa da conviv\u00eancia com o Semi\u00e1rido &#8211; Carlos Veras &#8211; para debater sobre isso tudo com a gente.\u00a0<\/p>\n<p><\/p>\n<p><\/p>\n<p><\/p>\n<p>Carlos Veras Foi \u00a0presidente da CUT PE (2012-2018), sendo o mais novo dirigente no Brasil e o \u00fanico de origem rural a presidir a entidade ao longo de sua hist\u00f3ria. Em 2018, foi eleito deputado federal pelo PT em Pernambuco. Em 2019 tomou posse como parlamentar. Seu mandato \u00e9 marcado pela defesa de uma reforma da Previd\u00eancia digna para os trabalhadores; pela valoriza\u00e7\u00e3o da agricultura familiar e da agroecologia; pela conviv\u00eancia com o Semi\u00e1rido; e pela defesa da reforma agr\u00e1ria e da Seguran\u00e7a Alimentar.<\/p>\n","protected":false},"featured_media":24201,"template":"","meta":{"_acf_changed":false,"ano":2020},"tema":[2523,2535,2509],"decada":[2502],"curadoria":[],"class_list":["post-17636","audio","type-audio","status-publish","has-post-thumbnail","hentry","tema-agricultura-familiar","tema-convivencia-com-semiarido","tema-politica","decada-2502"],"blocksy_meta":[],"acf":{"imagem_de_cobertura":""},"yoast_head":"<!-- This site is optimized with the Yoast SEO plugin v27.4 - https:\/\/yoast.com\/product\/yoast-seo-wordpress\/ -->\n<title>Legislatura para a Agricultura Familiar e Defesa do Semi\u00e1rido | Cantos do Sabi\u00e1 - Centro de Desenvolvimento Agroecol\u00f3gico Sabi\u00e1<\/title>\n<meta name=\"robots\" content=\"index, follow, max-snippet:-1, max-image-preview:large, max-video-preview:-1\" \/>\n<link rel=\"canonical\" href=\"https:\/\/centrosabia.org.br\/en\/audio\/legislatura-para-a-agricultura-familiar-e-defesa-do-semiarido-cantos-do-sabia\/\" \/>\n<meta property=\"og:locale\" content=\"en_US\" \/>\n<meta property=\"og:type\" content=\"article\" \/>\n<meta property=\"og:title\" content=\"Legislatura para a Agricultura Familiar e Defesa do Semi\u00e1rido | Cantos do Sabi\u00e1 - Centro de Desenvolvimento Agroecol\u00f3gico Sabi\u00e1\" \/>\n<meta property=\"og:url\" content=\"https:\/\/centrosabia.org.br\/en\/audio\/legislatura-para-a-agricultura-familiar-e-defesa-do-semiarido-cantos-do-sabia\/\" \/>\n<meta property=\"og:site_name\" content=\"Centro de Desenvolvimento Agroecol\u00f3gico Sabi\u00e1\" \/>\n<meta property=\"article:modified_time\" content=\"2024-08-07T17:22:43+00:00\" \/>\n<meta property=\"og:image\" content=\"https:\/\/centrosabia.org.br\/wp-content\/uploads\/2020\/01\/Legislatura-para-a-Agricultura-Familiar-e-defesa-do-Semiarido-300x169.png\" \/>\n\t<meta property=\"og:image:width\" content=\"300\" \/>\n\t<meta property=\"og:image:height\" content=\"169\" \/>\n\t<meta property=\"og:image:type\" content=\"image\/png\" \/>\n<meta name=\"twitter:card\" content=\"summary_large_image\" \/>\n<meta name=\"twitter:label1\" content=\"Est. reading time\" \/>\n\t<meta name=\"twitter:data1\" content=\"1 minute\" \/>\n<script type=\"application\/ld+json\" class=\"yoast-schema-graph\">{\"@context\":\"https:\\\/\\\/schema.org\",\"@graph\":[{\"@type\":\"WebPage\",\"@id\":\"https:\\\/\\\/centrosabia.org.br\\\/en\\\/audio\\\/legislatura-para-a-agricultura-familiar-e-defesa-do-semiarido-cantos-do-sabia\\\/\",\"url\":\"https:\\\/\\\/centrosabia.org.br\\\/en\\\/audio\\\/legislatura-para-a-agricultura-familiar-e-defesa-do-semiarido-cantos-do-sabia\\\/\",\"name\":\"Legislatura para a Agricultura Familiar e Defesa do Semi\u00e1rido | Cantos do Sabi\u00e1 - Centro de Desenvolvimento Agroecol\u00f3gico Sabi\u00e1\",\"isPartOf\":{\"@id\":\"https:\\\/\\\/centrosabia.org.br\\\/en\\\/#website\"},\"primaryImageOfPage\":{\"@id\":\"https:\\\/\\\/centrosabia.org.br\\\/en\\\/audio\\\/legislatura-para-a-agricultura-familiar-e-defesa-do-semiarido-cantos-do-sabia\\\/#primaryimage\"},\"image\":{\"@id\":\"https:\\\/\\\/centrosabia.org.br\\\/en\\\/audio\\\/legislatura-para-a-agricultura-familiar-e-defesa-do-semiarido-cantos-do-sabia\\\/#primaryimage\"},\"thumbnailUrl\":\"https:\\\/\\\/centrosabia.org.br\\\/wp-content\\\/uploads\\\/2020\\\/01\\\/Legislatura-para-a-Agricultura-Familiar-e-defesa-do-Semiarido.png\",\"datePublished\":\"2020-01-20T03:00:00+00:00\",\"dateModified\":\"2024-08-07T17:22:43+00:00\",\"breadcrumb\":{\"@id\":\"https:\\\/\\\/centrosabia.org.br\\\/en\\\/audio\\\/legislatura-para-a-agricultura-familiar-e-defesa-do-semiarido-cantos-do-sabia\\\/#breadcrumb\"},\"inLanguage\":\"en-US\",\"potentialAction\":[{\"@type\":\"ReadAction\",\"target\":[\"https:\\\/\\\/centrosabia.org.br\\\/en\\\/audio\\\/legislatura-para-a-agricultura-familiar-e-defesa-do-semiarido-cantos-do-sabia\\\/\"]}]},{\"@type\":\"ImageObject\",\"inLanguage\":\"en-US\",\"@id\":\"https:\\\/\\\/centrosabia.org.br\\\/en\\\/audio\\\/legislatura-para-a-agricultura-familiar-e-defesa-do-semiarido-cantos-do-sabia\\\/#primaryimage\",\"url\":\"https:\\\/\\\/centrosabia.org.br\\\/wp-content\\\/uploads\\\/2020\\\/01\\\/Legislatura-para-a-Agricultura-Familiar-e-defesa-do-Semiarido.png\",\"contentUrl\":\"https:\\\/\\\/centrosabia.org.br\\\/wp-content\\\/uploads\\\/2020\\\/01\\\/Legislatura-para-a-Agricultura-Familiar-e-defesa-do-Semiarido.png\",\"width\":512,\"height\":288},{\"@type\":\"BreadcrumbList\",\"@id\":\"https:\\\/\\\/centrosabia.org.br\\\/en\\\/audio\\\/legislatura-para-a-agricultura-familiar-e-defesa-do-semiarido-cantos-do-sabia\\\/#breadcrumb\",\"itemListElement\":[{\"@type\":\"ListItem\",\"position\":1,\"name\":\"In\u00edcio\",\"item\":\"https:\\\/\\\/centrosabia.org.br\\\/en\\\/\"},{\"@type\":\"ListItem\",\"position\":2,\"name\":\"\u00c1udios\",\"item\":\"https:\\\/\\\/centrosabia.org.br\\\/en\\\/audio\\\/\"},{\"@type\":\"ListItem\",\"position\":3,\"name\":\"Legislatura para a Agricultura Familiar e Defesa do Semi\u00e1rido | Cantos do Sabi\u00e1\"}]},{\"@type\":\"WebSite\",\"@id\":\"https:\\\/\\\/centrosabia.org.br\\\/en\\\/#website\",\"url\":\"https:\\\/\\\/centrosabia.org.br\\\/en\\\/\",\"name\":\"Centro de Desenvolvimento Agroecol\u00f3gico Sabi\u00e1\",\"description\":\"\",\"publisher\":{\"@id\":\"https:\\\/\\\/centrosabia.org.br\\\/en\\\/#organization\"},\"potentialAction\":[{\"@type\":\"SearchAction\",\"target\":{\"@type\":\"EntryPoint\",\"urlTemplate\":\"https:\\\/\\\/centrosabia.org.br\\\/en\\\/?s={search_term_string}\"},\"query-input\":{\"@type\":\"PropertyValueSpecification\",\"valueRequired\":true,\"valueName\":\"search_term_string\"}}],\"inLanguage\":\"en-US\"},{\"@type\":\"Organization\",\"@id\":\"https:\\\/\\\/centrosabia.org.br\\\/en\\\/#organization\",\"name\":\"Centro de Desenvolvimento Agroecol\u00f3gico Sabi\u00e1\",\"url\":\"https:\\\/\\\/centrosabia.org.br\\\/en\\\/\",\"logo\":{\"@type\":\"ImageObject\",\"inLanguage\":\"en-US\",\"@id\":\"https:\\\/\\\/centrosabia.org.br\\\/en\\\/#\\\/schema\\\/logo\\\/image\\\/\",\"url\":\"https:\\\/\\\/centrosabia.org.br\\\/wp-content\\\/uploads\\\/2021\\\/10\\\/logo.png\",\"contentUrl\":\"https:\\\/\\\/centrosabia.org.br\\\/wp-content\\\/uploads\\\/2021\\\/10\\\/logo.png\",\"width\":174,\"height\":84,\"caption\":\"Centro de Desenvolvimento Agroecol\u00f3gico Sabi\u00e1\"},\"image\":{\"@id\":\"https:\\\/\\\/centrosabia.org.br\\\/en\\\/#\\\/schema\\\/logo\\\/image\\\/\"}}]}<\/script>\n<!-- \/ Yoast SEO plugin. -->","yoast_head_json":{"title":"Legislatura para a Agricultura Familiar e Defesa do Semi\u00e1rido | Cantos do Sabi\u00e1 - Centro de Desenvolvimento Agroecol\u00f3gico Sabi\u00e1","robots":{"index":"index","follow":"follow","max-snippet":"max-snippet:-1","max-image-preview":"max-image-preview:large","max-video-preview":"max-video-preview:-1"},"canonical":"https:\/\/centrosabia.org.br\/en\/audio\/legislatura-para-a-agricultura-familiar-e-defesa-do-semiarido-cantos-do-sabia\/","og_locale":"en_US","og_type":"article","og_title":"Legislatura para a Agricultura Familiar e Defesa do Semi\u00e1rido | Cantos do Sabi\u00e1 - Centro de Desenvolvimento Agroecol\u00f3gico Sabi\u00e1","og_url":"https:\/\/centrosabia.org.br\/en\/audio\/legislatura-para-a-agricultura-familiar-e-defesa-do-semiarido-cantos-do-sabia\/","og_site_name":"Centro de Desenvolvimento Agroecol\u00f3gico Sabi\u00e1","article_modified_time":"2024-08-07T17:22:43+00:00","og_image":[{"width":300,"height":169,"url":"https:\/\/centrosabia.org.br\/wp-content\/uploads\/2020\/01\/Legislatura-para-a-Agricultura-Familiar-e-defesa-do-Semiarido-300x169.png","type":"image\/png"}],"twitter_card":"summary_large_image","twitter_misc":{"Est. reading time":"1 minute"},"schema":{"@context":"https:\/\/schema.org","@graph":[{"@type":"WebPage","@id":"https:\/\/centrosabia.org.br\/en\/audio\/legislatura-para-a-agricultura-familiar-e-defesa-do-semiarido-cantos-do-sabia\/","url":"https:\/\/centrosabia.org.br\/en\/audio\/legislatura-para-a-agricultura-familiar-e-defesa-do-semiarido-cantos-do-sabia\/","name":"Legislatura para a Agricultura Familiar e Defesa do Semi\u00e1rido | Cantos do Sabi\u00e1 - Centro de Desenvolvimento Agroecol\u00f3gico Sabi\u00e1","isPartOf":{"@id":"https:\/\/centrosabia.org.br\/en\/#website"},"primaryImageOfPage":{"@id":"https:\/\/centrosabia.org.br\/en\/audio\/legislatura-para-a-agricultura-familiar-e-defesa-do-semiarido-cantos-do-sabia\/#primaryimage"},"image":{"@id":"https:\/\/centrosabia.org.br\/en\/audio\/legislatura-para-a-agricultura-familiar-e-defesa-do-semiarido-cantos-do-sabia\/#primaryimage"},"thumbnailUrl":"https:\/\/centrosabia.org.br\/wp-content\/uploads\/2020\/01\/Legislatura-para-a-Agricultura-Familiar-e-defesa-do-Semiarido.png","datePublished":"2020-01-20T03:00:00+00:00","dateModified":"2024-08-07T17:22:43+00:00","breadcrumb":{"@id":"https:\/\/centrosabia.org.br\/en\/audio\/legislatura-para-a-agricultura-familiar-e-defesa-do-semiarido-cantos-do-sabia\/#breadcrumb"},"inLanguage":"en-US","potentialAction":[{"@type":"ReadAction","target":["https:\/\/centrosabia.org.br\/en\/audio\/legislatura-para-a-agricultura-familiar-e-defesa-do-semiarido-cantos-do-sabia\/"]}]},{"@type":"ImageObject","inLanguage":"en-US","@id":"https:\/\/centrosabia.org.br\/en\/audio\/legislatura-para-a-agricultura-familiar-e-defesa-do-semiarido-cantos-do-sabia\/#primaryimage","url":"https:\/\/centrosabia.org.br\/wp-content\/uploads\/2020\/01\/Legislatura-para-a-Agricultura-Familiar-e-defesa-do-Semiarido.png","contentUrl":"https:\/\/centrosabia.org.br\/wp-content\/uploads\/2020\/01\/Legislatura-para-a-Agricultura-Familiar-e-defesa-do-Semiarido.png","width":512,"height":288},{"@type":"BreadcrumbList","@id":"https:\/\/centrosabia.org.br\/en\/audio\/legislatura-para-a-agricultura-familiar-e-defesa-do-semiarido-cantos-do-sabia\/#breadcrumb","itemListElement":[{"@type":"ListItem","position":1,"name":"In\u00edcio","item":"https:\/\/centrosabia.org.br\/en\/"},{"@type":"ListItem","position":2,"name":"\u00c1udios","item":"https:\/\/centrosabia.org.br\/en\/audio\/"},{"@type":"ListItem","position":3,"name":"Legislatura para a Agricultura Familiar e Defesa do Semi\u00e1rido | Cantos do Sabi\u00e1"}]},{"@type":"WebSite","@id":"https:\/\/centrosabia.org.br\/en\/#website","url":"https:\/\/centrosabia.org.br\/en\/","name":"Centro de Desenvolvimento Agroecol\u00f3gico Sabi\u00e1","description":"","publisher":{"@id":"https:\/\/centrosabia.org.br\/en\/#organization"},"potentialAction":[{"@type":"SearchAction","target":{"@type":"EntryPoint","urlTemplate":"https:\/\/centrosabia.org.br\/en\/?s={search_term_string}"},"query-input":{"@type":"PropertyValueSpecification","valueRequired":true,"valueName":"search_term_string"}}],"inLanguage":"en-US"},{"@type":"Organization","@id":"https:\/\/centrosabia.org.br\/en\/#organization","name":"Centro de Desenvolvimento Agroecol\u00f3gico Sabi\u00e1","url":"https:\/\/centrosabia.org.br\/en\/","logo":{"@type":"ImageObject","inLanguage":"en-US","@id":"https:\/\/centrosabia.org.br\/en\/#\/schema\/logo\/image\/","url":"https:\/\/centrosabia.org.br\/wp-content\/uploads\/2021\/10\/logo.png","contentUrl":"https:\/\/centrosabia.org.br\/wp-content\/uploads\/2021\/10\/logo.png","width":174,"height":84,"caption":"Centro de Desenvolvimento Agroecol\u00f3gico Sabi\u00e1"},"image":{"@id":"https:\/\/centrosabia.org.br\/en\/#\/schema\/logo\/image\/"}}]}},"_links":{"self":[{"href":"https:\/\/centrosabia.org.br\/en\/wp-json\/wp\/v2\/audio\/17636","targetHints":{"allow":["GET"]}}],"collection":[{"href":"https:\/\/centrosabia.org.br\/en\/wp-json\/wp\/v2\/audio"}],"about":[{"href":"https:\/\/centrosabia.org.br\/en\/wp-json\/wp\/v2\/types\/audio"}],"wp:featuredmedia":[{"embeddable":true,"href":"https:\/\/centrosabia.org.br\/en\/wp-json\/wp\/v2\/media\/24201"}],"wp:attachment":[{"href":"https:\/\/centrosabia.org.br\/en\/wp-json\/wp\/v2\/media?parent=17636"}],"wp:term":[{"taxonomy":"tema","embeddable":true,"href":"https:\/\/centrosabia.org.br\/en\/wp-json\/wp\/v2\/tema?post=17636"},{"taxonomy":"decada","embeddable":true,"href":"https:\/\/centrosabia.org.br\/en\/wp-json\/wp\/v2\/decada?post=17636"},{"taxonomy":"curadoria","embeddable":true,"href":"https:\/\/centrosabia.org.br\/en\/wp-json\/wp\/v2\/curadoria?post=17636"}],"curies":[{"name":"wp","href":"https:\/\/api.w.org\/{rel}","templated":true}]}}