{"id":19049,"date":"2024-04-15T00:00:00","date_gmt":"2024-04-15T03:00:00","guid":{"rendered":"https:\/\/centrosabia.org.br\/audio\/luta-camponesa-e-a-fome-de-justica-cantos-do-sabia\/"},"modified":"2024-08-05T10:14:49","modified_gmt":"2024-08-05T13:14:49","slug":"luta-camponesa-e-a-fome-de-justica-cantos-do-sabia","status":"publish","type":"audio","link":"https:\/\/centrosabia.org.br\/en\/audio\/luta-camponesa-e-a-fome-de-justica-cantos-do-sabia\/","title":{"rendered":"Luta Camponesa e a Fome de Justi\u00e7a | Cantos do Sabi\u00e1"},"content":{"rendered":"<p>&#x1f3a7;\u00a0 O Cantos do Sabi\u00e1 da semana reflete sobre aqueles que lideram a batalha pela natureza, pela comida e pelo campo! Vamos falar do 17 de abril, Dia Internacional da Luta Camponesa! &#x1f331;&#x1f469;\u200d&#x1f33e;&#x1f30d;<\/p>\n<p><\/p>\n<p>No entanto, num pa\u00eds marcado pela viol\u00eancia contra o campo, povos origin\u00e1rios, negros e produtores, n\u00e3o podemos apenas comemorar. \u00c9 um chamado urgente que deve ressoar em todos os cantos, tanto no campo quanto na cidade. &#x1f957;&#x1f44a;&#x1f3fe;<\/p>\n<p><\/p>\n<p>Para discutir este tema conosco, temos o ge\u00f3grafo Pl\u00e1cido J\u00fanior, com grande experi\u00eancia na quest\u00e3o agr\u00e1ria e camponesa. Ele atua na Comiss\u00e3o Pastoral da Terra (CPT), a Via Campesina. &#x1f30d;&#x1f468;\u200d&#x1f52c;<\/p>\n<p><\/p>\n<p><\/p>\n<p><\/p>\n<p>&#x1f54a; Vem com a gente?\u00a0<br \/>\u2060\u2060\u2060\u2060\u2060\u2060\u2060\u2060<a href=\"https:\/\/www.youtube.com\/redirect?event&#061;video_description&amp;redir_token&#061;QUFFLUhqbGp1cHhNdG9vU0lyT1hEUnhZdTBXdm95VWx5d3xBQ3Jtc0ttV3FkZDRDUXZzVVcwSktDaHdBYWpqUV9kNUl2bU9qMDA2NXJwQzI2ZGViLUE0SEdMbEc3ZEVsQkNMSHZJeGpQWms3REtsUVR6a2syek1nQmdYR0xCX1plU1hZTnVMd01KV3p6ZHFHVmpkRVRHeklBSQ&amp;q&#061;https%3A%2F%2Fbit.ly%2Fvoe-sabia%E2%81%A0%E2%81%A0%E2%81%A0%E2%81%A0%E2%81%A0%C2%A0%C2%A0%C2%A0%E2%81%A0%E2%81%A0%E2%81%A0&amp;v&#061;YGRZCeTUTuY\" rel=\"nofollow\">https:\/\/bit.ly\/voe-sabia\u2060\u2060\u2060\u2060\u2060\u00a0\u00a0\u00a0\u2060\u2060\u2060<\/a><br \/>&#x1f4cc;Acompanhe o Centro Sabi\u00e1!<br \/>\u2060\u2060\u2060\u2060\u2060\u2060\u2060\u2060\u2060\u2060<a href=\"https:\/\/www.youtube.com\/redirect?event&#061;video_description&amp;redir_token&#061;QUFFLUhqbG84bnZtX3paYUFvLTB1ODVMQ2JoRmg4YkxHUXxBQ3Jtc0trUWFqQzU1aGd4RmpFZFFUWHRXU2V5eWlaRS1NQm5NMzlkTkpEYWdNVWhZNVRBSW9LOFREWWYwaXJ5Z19fb2dKbkRiUnkzSUNQMlNQNms2M0NWMEFjd2ItdFJfblFuOXQyNkg1LWZYYlRJcFdpSTRqWQ&amp;q&#061;https%3A%2F%2Fbiolinky.co%2Fcentrosabia%E2%81%A0%E2%81%A0%E2%81%A0%E2%81%A0%E2%81%A0&amp;v&#061;YGRZCeTUTuY\" rel=\"nofollow\">https:\/\/biolinky.co\/centrosabia\u2060\u2060\u2060\u2060\u2060<\/a><\/p>\n","protected":false},"featured_media":23324,"template":"","meta":{"_acf_changed":false,"ano":2024},"tema":[2523,2512,2515],"decada":[2502],"curadoria":[],"class_list":["post-19049","audio","type-audio","status-publish","has-post-thumbnail","hentry","tema-agricultura-familiar","tema-reforma-agraria","tema-sindicalismo","decada-2502"],"blocksy_meta":[],"acf":{"imagem_de_cobertura":""},"yoast_head":"<!-- This site is optimized with the Yoast SEO plugin v27.4 - https:\/\/yoast.com\/product\/yoast-seo-wordpress\/ -->\n<title>Luta Camponesa e a Fome de Justi\u00e7a | Cantos do Sabi\u00e1 - Centro de Desenvolvimento Agroecol\u00f3gico Sabi\u00e1<\/title>\n<meta name=\"robots\" content=\"index, follow, max-snippet:-1, max-image-preview:large, max-video-preview:-1\" \/>\n<link rel=\"canonical\" href=\"https:\/\/centrosabia.org.br\/en\/audio\/luta-camponesa-e-a-fome-de-justica-cantos-do-sabia\/\" \/>\n<meta property=\"og:locale\" content=\"en_US\" \/>\n<meta property=\"og:type\" content=\"article\" \/>\n<meta property=\"og:title\" content=\"Luta Camponesa e a Fome de Justi\u00e7a | Cantos do Sabi\u00e1 - Centro de Desenvolvimento Agroecol\u00f3gico Sabi\u00e1\" \/>\n<meta property=\"og:url\" content=\"https:\/\/centrosabia.org.br\/en\/audio\/luta-camponesa-e-a-fome-de-justica-cantos-do-sabia\/\" \/>\n<meta property=\"og:site_name\" content=\"Centro de Desenvolvimento Agroecol\u00f3gico Sabi\u00e1\" \/>\n<meta property=\"article:modified_time\" content=\"2024-08-05T13:14:49+00:00\" \/>\n<meta property=\"og:image\" content=\"https:\/\/centrosabia.org.br\/wp-content\/uploads\/2024\/04\/LUTACAMPONESA_wide-300x169.png\" \/>\n\t<meta property=\"og:image:width\" content=\"300\" \/>\n\t<meta property=\"og:image:height\" content=\"169\" \/>\n\t<meta property=\"og:image:type\" content=\"image\/png\" \/>\n<meta name=\"twitter:card\" content=\"summary_large_image\" \/>\n<meta name=\"twitter:label1\" content=\"Est. reading time\" \/>\n\t<meta name=\"twitter:data1\" content=\"1 minute\" \/>\n<script type=\"application\/ld+json\" class=\"yoast-schema-graph\">{\"@context\":\"https:\\\/\\\/schema.org\",\"@graph\":[{\"@type\":\"WebPage\",\"@id\":\"https:\\\/\\\/centrosabia.org.br\\\/en\\\/audio\\\/luta-camponesa-e-a-fome-de-justica-cantos-do-sabia\\\/\",\"url\":\"https:\\\/\\\/centrosabia.org.br\\\/en\\\/audio\\\/luta-camponesa-e-a-fome-de-justica-cantos-do-sabia\\\/\",\"name\":\"Luta Camponesa e a Fome de Justi\u00e7a | Cantos do Sabi\u00e1 - Centro de Desenvolvimento Agroecol\u00f3gico Sabi\u00e1\",\"isPartOf\":{\"@id\":\"https:\\\/\\\/centrosabia.org.br\\\/en\\\/#website\"},\"primaryImageOfPage\":{\"@id\":\"https:\\\/\\\/centrosabia.org.br\\\/en\\\/audio\\\/luta-camponesa-e-a-fome-de-justica-cantos-do-sabia\\\/#primaryimage\"},\"image\":{\"@id\":\"https:\\\/\\\/centrosabia.org.br\\\/en\\\/audio\\\/luta-camponesa-e-a-fome-de-justica-cantos-do-sabia\\\/#primaryimage\"},\"thumbnailUrl\":\"https:\\\/\\\/centrosabia.org.br\\\/wp-content\\\/uploads\\\/2024\\\/04\\\/LUTACAMPONESA_wide.png\",\"datePublished\":\"2024-04-15T03:00:00+00:00\",\"dateModified\":\"2024-08-05T13:14:49+00:00\",\"breadcrumb\":{\"@id\":\"https:\\\/\\\/centrosabia.org.br\\\/en\\\/audio\\\/luta-camponesa-e-a-fome-de-justica-cantos-do-sabia\\\/#breadcrumb\"},\"inLanguage\":\"en-US\",\"potentialAction\":[{\"@type\":\"ReadAction\",\"target\":[\"https:\\\/\\\/centrosabia.org.br\\\/en\\\/audio\\\/luta-camponesa-e-a-fome-de-justica-cantos-do-sabia\\\/\"]}]},{\"@type\":\"ImageObject\",\"inLanguage\":\"en-US\",\"@id\":\"https:\\\/\\\/centrosabia.org.br\\\/en\\\/audio\\\/luta-camponesa-e-a-fome-de-justica-cantos-do-sabia\\\/#primaryimage\",\"url\":\"https:\\\/\\\/centrosabia.org.br\\\/wp-content\\\/uploads\\\/2024\\\/04\\\/LUTACAMPONESA_wide.png\",\"contentUrl\":\"https:\\\/\\\/centrosabia.org.br\\\/wp-content\\\/uploads\\\/2024\\\/04\\\/LUTACAMPONESA_wide.png\",\"width\":512,\"height\":288},{\"@type\":\"BreadcrumbList\",\"@id\":\"https:\\\/\\\/centrosabia.org.br\\\/en\\\/audio\\\/luta-camponesa-e-a-fome-de-justica-cantos-do-sabia\\\/#breadcrumb\",\"itemListElement\":[{\"@type\":\"ListItem\",\"position\":1,\"name\":\"In\u00edcio\",\"item\":\"https:\\\/\\\/centrosabia.org.br\\\/en\\\/\"},{\"@type\":\"ListItem\",\"position\":2,\"name\":\"\u00c1udios\",\"item\":\"https:\\\/\\\/centrosabia.org.br\\\/en\\\/audio\\\/\"},{\"@type\":\"ListItem\",\"position\":3,\"name\":\"Luta Camponesa e a Fome de Justi\u00e7a | Cantos do Sabi\u00e1\"}]},{\"@type\":\"WebSite\",\"@id\":\"https:\\\/\\\/centrosabia.org.br\\\/en\\\/#website\",\"url\":\"https:\\\/\\\/centrosabia.org.br\\\/en\\\/\",\"name\":\"Centro de Desenvolvimento Agroecol\u00f3gico Sabi\u00e1\",\"description\":\"\",\"publisher\":{\"@id\":\"https:\\\/\\\/centrosabia.org.br\\\/en\\\/#organization\"},\"potentialAction\":[{\"@type\":\"SearchAction\",\"target\":{\"@type\":\"EntryPoint\",\"urlTemplate\":\"https:\\\/\\\/centrosabia.org.br\\\/en\\\/?s={search_term_string}\"},\"query-input\":{\"@type\":\"PropertyValueSpecification\",\"valueRequired\":true,\"valueName\":\"search_term_string\"}}],\"inLanguage\":\"en-US\"},{\"@type\":\"Organization\",\"@id\":\"https:\\\/\\\/centrosabia.org.br\\\/en\\\/#organization\",\"name\":\"Centro de Desenvolvimento Agroecol\u00f3gico Sabi\u00e1\",\"url\":\"https:\\\/\\\/centrosabia.org.br\\\/en\\\/\",\"logo\":{\"@type\":\"ImageObject\",\"inLanguage\":\"en-US\",\"@id\":\"https:\\\/\\\/centrosabia.org.br\\\/en\\\/#\\\/schema\\\/logo\\\/image\\\/\",\"url\":\"https:\\\/\\\/centrosabia.org.br\\\/wp-content\\\/uploads\\\/2021\\\/10\\\/logo.png\",\"contentUrl\":\"https:\\\/\\\/centrosabia.org.br\\\/wp-content\\\/uploads\\\/2021\\\/10\\\/logo.png\",\"width\":174,\"height\":84,\"caption\":\"Centro de Desenvolvimento Agroecol\u00f3gico Sabi\u00e1\"},\"image\":{\"@id\":\"https:\\\/\\\/centrosabia.org.br\\\/en\\\/#\\\/schema\\\/logo\\\/image\\\/\"}}]}<\/script>\n<!-- \/ Yoast SEO plugin. -->","yoast_head_json":{"title":"Luta Camponesa e a Fome de Justi\u00e7a | Cantos do Sabi\u00e1 - Centro de Desenvolvimento Agroecol\u00f3gico Sabi\u00e1","robots":{"index":"index","follow":"follow","max-snippet":"max-snippet:-1","max-image-preview":"max-image-preview:large","max-video-preview":"max-video-preview:-1"},"canonical":"https:\/\/centrosabia.org.br\/en\/audio\/luta-camponesa-e-a-fome-de-justica-cantos-do-sabia\/","og_locale":"en_US","og_type":"article","og_title":"Luta Camponesa e a Fome de Justi\u00e7a | Cantos do Sabi\u00e1 - Centro de Desenvolvimento Agroecol\u00f3gico Sabi\u00e1","og_url":"https:\/\/centrosabia.org.br\/en\/audio\/luta-camponesa-e-a-fome-de-justica-cantos-do-sabia\/","og_site_name":"Centro de Desenvolvimento Agroecol\u00f3gico Sabi\u00e1","article_modified_time":"2024-08-05T13:14:49+00:00","og_image":[{"width":300,"height":169,"url":"https:\/\/centrosabia.org.br\/wp-content\/uploads\/2024\/04\/LUTACAMPONESA_wide-300x169.png","type":"image\/png"}],"twitter_card":"summary_large_image","twitter_misc":{"Est. reading time":"1 minute"},"schema":{"@context":"https:\/\/schema.org","@graph":[{"@type":"WebPage","@id":"https:\/\/centrosabia.org.br\/en\/audio\/luta-camponesa-e-a-fome-de-justica-cantos-do-sabia\/","url":"https:\/\/centrosabia.org.br\/en\/audio\/luta-camponesa-e-a-fome-de-justica-cantos-do-sabia\/","name":"Luta Camponesa e a Fome de Justi\u00e7a | Cantos do Sabi\u00e1 - Centro de Desenvolvimento Agroecol\u00f3gico Sabi\u00e1","isPartOf":{"@id":"https:\/\/centrosabia.org.br\/en\/#website"},"primaryImageOfPage":{"@id":"https:\/\/centrosabia.org.br\/en\/audio\/luta-camponesa-e-a-fome-de-justica-cantos-do-sabia\/#primaryimage"},"image":{"@id":"https:\/\/centrosabia.org.br\/en\/audio\/luta-camponesa-e-a-fome-de-justica-cantos-do-sabia\/#primaryimage"},"thumbnailUrl":"https:\/\/centrosabia.org.br\/wp-content\/uploads\/2024\/04\/LUTACAMPONESA_wide.png","datePublished":"2024-04-15T03:00:00+00:00","dateModified":"2024-08-05T13:14:49+00:00","breadcrumb":{"@id":"https:\/\/centrosabia.org.br\/en\/audio\/luta-camponesa-e-a-fome-de-justica-cantos-do-sabia\/#breadcrumb"},"inLanguage":"en-US","potentialAction":[{"@type":"ReadAction","target":["https:\/\/centrosabia.org.br\/en\/audio\/luta-camponesa-e-a-fome-de-justica-cantos-do-sabia\/"]}]},{"@type":"ImageObject","inLanguage":"en-US","@id":"https:\/\/centrosabia.org.br\/en\/audio\/luta-camponesa-e-a-fome-de-justica-cantos-do-sabia\/#primaryimage","url":"https:\/\/centrosabia.org.br\/wp-content\/uploads\/2024\/04\/LUTACAMPONESA_wide.png","contentUrl":"https:\/\/centrosabia.org.br\/wp-content\/uploads\/2024\/04\/LUTACAMPONESA_wide.png","width":512,"height":288},{"@type":"BreadcrumbList","@id":"https:\/\/centrosabia.org.br\/en\/audio\/luta-camponesa-e-a-fome-de-justica-cantos-do-sabia\/#breadcrumb","itemListElement":[{"@type":"ListItem","position":1,"name":"In\u00edcio","item":"https:\/\/centrosabia.org.br\/en\/"},{"@type":"ListItem","position":2,"name":"\u00c1udios","item":"https:\/\/centrosabia.org.br\/en\/audio\/"},{"@type":"ListItem","position":3,"name":"Luta Camponesa e a Fome de Justi\u00e7a | Cantos do Sabi\u00e1"}]},{"@type":"WebSite","@id":"https:\/\/centrosabia.org.br\/en\/#website","url":"https:\/\/centrosabia.org.br\/en\/","name":"Centro de Desenvolvimento Agroecol\u00f3gico Sabi\u00e1","description":"","publisher":{"@id":"https:\/\/centrosabia.org.br\/en\/#organization"},"potentialAction":[{"@type":"SearchAction","target":{"@type":"EntryPoint","urlTemplate":"https:\/\/centrosabia.org.br\/en\/?s={search_term_string}"},"query-input":{"@type":"PropertyValueSpecification","valueRequired":true,"valueName":"search_term_string"}}],"inLanguage":"en-US"},{"@type":"Organization","@id":"https:\/\/centrosabia.org.br\/en\/#organization","name":"Centro de Desenvolvimento Agroecol\u00f3gico Sabi\u00e1","url":"https:\/\/centrosabia.org.br\/en\/","logo":{"@type":"ImageObject","inLanguage":"en-US","@id":"https:\/\/centrosabia.org.br\/en\/#\/schema\/logo\/image\/","url":"https:\/\/centrosabia.org.br\/wp-content\/uploads\/2021\/10\/logo.png","contentUrl":"https:\/\/centrosabia.org.br\/wp-content\/uploads\/2021\/10\/logo.png","width":174,"height":84,"caption":"Centro de Desenvolvimento Agroecol\u00f3gico Sabi\u00e1"},"image":{"@id":"https:\/\/centrosabia.org.br\/en\/#\/schema\/logo\/image\/"}}]}},"_links":{"self":[{"href":"https:\/\/centrosabia.org.br\/en\/wp-json\/wp\/v2\/audio\/19049","targetHints":{"allow":["GET"]}}],"collection":[{"href":"https:\/\/centrosabia.org.br\/en\/wp-json\/wp\/v2\/audio"}],"about":[{"href":"https:\/\/centrosabia.org.br\/en\/wp-json\/wp\/v2\/types\/audio"}],"wp:featuredmedia":[{"embeddable":true,"href":"https:\/\/centrosabia.org.br\/en\/wp-json\/wp\/v2\/media\/23324"}],"wp:attachment":[{"href":"https:\/\/centrosabia.org.br\/en\/wp-json\/wp\/v2\/media?parent=19049"}],"wp:term":[{"taxonomy":"tema","embeddable":true,"href":"https:\/\/centrosabia.org.br\/en\/wp-json\/wp\/v2\/tema?post=19049"},{"taxonomy":"decada","embeddable":true,"href":"https:\/\/centrosabia.org.br\/en\/wp-json\/wp\/v2\/decada?post=19049"},{"taxonomy":"curadoria","embeddable":true,"href":"https:\/\/centrosabia.org.br\/en\/wp-json\/wp\/v2\/curadoria?post=19049"}],"curies":[{"name":"wp","href":"https:\/\/api.w.org\/{rel}","templated":true}]}}