{"id":17895,"date":"2023-07-19T14:59:03","date_gmt":"2023-07-19T14:59:03","guid":{"rendered":"https:\/\/centrosabia.org.br\/video\/encontro-de-juventudes-e-agroecologia\/"},"modified":"2024-06-06T09:54:11","modified_gmt":"2024-06-06T12:54:11","slug":"encontro-de-juventudes-e-agroecologia","status":"publish","type":"video","link":"https:\/\/centrosabia.org.br\/en\/video\/encontro-de-juventudes-e-agroecologia\/","title":{"rendered":"ENCONTRO DE JUVENTUDES E AGROECOLOGIA"},"content":{"rendered":"<p>\ud83d\udc40 #TBT fora da quinta! Vem ver um pouco do que foi o VI Encontro de Juventudes e Agroecologia.<\/p>\n<p>\ud83d\udd19 O momento aconteceu da \u00faltima quinta-feira(13) at\u00e9 o s\u00e1bado(15). Foram mais de 70 jovens reunidos para aprender sobre agroecologia, pensar formas de gerar renda e seu lugar como sujeito\/a\/e pol\u00edtico.<\/p>\n<p>Os jovens tamb\u00e9m puderam participar da comemora\u00e7\u00e3o dos nossos 30 anos, no Agreste. O mote do encontro, inclusive, \u201cJuventudes, herdeiras de todas as lutas\u201d acompanha nosso tema de anivers\u00e1rio \u201cTerra, M\u00e3e de Todas as Lutas\u201d para que sempre possamos lembrar da import\u00e2ncia dos nossos jovens para o presente e futuro.\u270a\ud83c\udffe<\/p>\n<p>\u27a1\ufe0f O evento \u00e9 uma realiza\u00e7\u00e3o do Centro Sabi\u00e1 e da CJMA, com apoio do Terre des Hommes.<\/p>\n","protected":false},"featured_media":18311,"template":"","meta":{"_acf_changed":false,"ano":2023},"tema":[2519,2520,2542],"decada":[2502],"curadoria":[],"class_list":["post-17895","video","type-video","status-publish","has-post-thumbnail","hentry","tema-agroecologia","tema-juventude","tema-troca-de-experiencias","decada-2502"],"blocksy_meta":[],"acf":[],"yoast_head":"<!-- This site is optimized with the Yoast SEO plugin v27.4 - https:\/\/yoast.com\/product\/yoast-seo-wordpress\/ -->\n<title>ENCONTRO DE JUVENTUDES E AGROECOLOGIA - Centro de Desenvolvimento Agroecol\u00f3gico Sabi\u00e1<\/title>\n<meta name=\"robots\" content=\"index, follow, max-snippet:-1, max-image-preview:large, max-video-preview:-1\" \/>\n<link rel=\"canonical\" href=\"https:\/\/centrosabia.org.br\/en\/video\/encontro-de-juventudes-e-agroecologia\/\" \/>\n<meta property=\"og:locale\" content=\"en_US\" \/>\n<meta property=\"og:type\" content=\"article\" \/>\n<meta property=\"og:title\" content=\"ENCONTRO DE JUVENTUDES E AGROECOLOGIA - Centro de Desenvolvimento Agroecol\u00f3gico Sabi\u00e1\" \/>\n<meta property=\"og:url\" content=\"https:\/\/centrosabia.org.br\/en\/video\/encontro-de-juventudes-e-agroecologia\/\" \/>\n<meta property=\"og:site_name\" content=\"Centro de Desenvolvimento Agroecol\u00f3gico Sabi\u00e1\" \/>\n<meta property=\"article:modified_time\" content=\"2024-06-06T12:54:11+00:00\" \/>\n<meta property=\"og:image\" content=\"https:\/\/centrosabia.org.br\/wp-content\/uploads\/2024\/04\/encontro-de-juventudes-e-agroecologia-300x169.jpg\" \/>\n\t<meta property=\"og:image:width\" content=\"300\" \/>\n\t<meta property=\"og:image:height\" content=\"169\" \/>\n\t<meta property=\"og:image:type\" content=\"image\/jpeg\" \/>\n<meta name=\"twitter:card\" content=\"summary_large_image\" \/>\n<meta name=\"twitter:label1\" content=\"Est. reading time\" \/>\n\t<meta name=\"twitter:data1\" content=\"1 minute\" \/>\n<script type=\"application\/ld+json\" class=\"yoast-schema-graph\">{\"@context\":\"https:\\\/\\\/schema.org\",\"@graph\":[{\"@type\":\"WebPage\",\"@id\":\"https:\\\/\\\/centrosabia.org.br\\\/en\\\/video\\\/encontro-de-juventudes-e-agroecologia\\\/\",\"url\":\"https:\\\/\\\/centrosabia.org.br\\\/en\\\/video\\\/encontro-de-juventudes-e-agroecologia\\\/\",\"name\":\"ENCONTRO DE JUVENTUDES E AGROECOLOGIA - Centro de Desenvolvimento Agroecol\u00f3gico Sabi\u00e1\",\"isPartOf\":{\"@id\":\"https:\\\/\\\/centrosabia.org.br\\\/en\\\/#website\"},\"primaryImageOfPage\":{\"@id\":\"https:\\\/\\\/centrosabia.org.br\\\/en\\\/video\\\/encontro-de-juventudes-e-agroecologia\\\/#primaryimage\"},\"image\":{\"@id\":\"https:\\\/\\\/centrosabia.org.br\\\/en\\\/video\\\/encontro-de-juventudes-e-agroecologia\\\/#primaryimage\"},\"thumbnailUrl\":\"https:\\\/\\\/centrosabia.org.br\\\/wp-content\\\/uploads\\\/2024\\\/04\\\/encontro-de-juventudes-e-agroecologia.jpg\",\"datePublished\":\"2023-07-19T14:59:03+00:00\",\"dateModified\":\"2024-06-06T12:54:11+00:00\",\"breadcrumb\":{\"@id\":\"https:\\\/\\\/centrosabia.org.br\\\/en\\\/video\\\/encontro-de-juventudes-e-agroecologia\\\/#breadcrumb\"},\"inLanguage\":\"en-US\",\"potentialAction\":[{\"@type\":\"ReadAction\",\"target\":[\"https:\\\/\\\/centrosabia.org.br\\\/en\\\/video\\\/encontro-de-juventudes-e-agroecologia\\\/\"]}]},{\"@type\":\"ImageObject\",\"inLanguage\":\"en-US\",\"@id\":\"https:\\\/\\\/centrosabia.org.br\\\/en\\\/video\\\/encontro-de-juventudes-e-agroecologia\\\/#primaryimage\",\"url\":\"https:\\\/\\\/centrosabia.org.br\\\/wp-content\\\/uploads\\\/2024\\\/04\\\/encontro-de-juventudes-e-agroecologia.jpg\",\"contentUrl\":\"https:\\\/\\\/centrosabia.org.br\\\/wp-content\\\/uploads\\\/2024\\\/04\\\/encontro-de-juventudes-e-agroecologia.jpg\",\"width\":1280,\"height\":720},{\"@type\":\"BreadcrumbList\",\"@id\":\"https:\\\/\\\/centrosabia.org.br\\\/en\\\/video\\\/encontro-de-juventudes-e-agroecologia\\\/#breadcrumb\",\"itemListElement\":[{\"@type\":\"ListItem\",\"position\":1,\"name\":\"In\u00edcio\",\"item\":\"https:\\\/\\\/centrosabia.org.br\\\/en\\\/\"},{\"@type\":\"ListItem\",\"position\":2,\"name\":\"V\u00eddeos\",\"item\":\"https:\\\/\\\/centrosabia.org.br\\\/en\\\/video\\\/\"},{\"@type\":\"ListItem\",\"position\":3,\"name\":\"ENCONTRO DE JUVENTUDES E AGROECOLOGIA\"}]},{\"@type\":\"WebSite\",\"@id\":\"https:\\\/\\\/centrosabia.org.br\\\/en\\\/#website\",\"url\":\"https:\\\/\\\/centrosabia.org.br\\\/en\\\/\",\"name\":\"Centro de Desenvolvimento Agroecol\u00f3gico Sabi\u00e1\",\"description\":\"\",\"publisher\":{\"@id\":\"https:\\\/\\\/centrosabia.org.br\\\/en\\\/#organization\"},\"potentialAction\":[{\"@type\":\"SearchAction\",\"target\":{\"@type\":\"EntryPoint\",\"urlTemplate\":\"https:\\\/\\\/centrosabia.org.br\\\/en\\\/?s={search_term_string}\"},\"query-input\":{\"@type\":\"PropertyValueSpecification\",\"valueRequired\":true,\"valueName\":\"search_term_string\"}}],\"inLanguage\":\"en-US\"},{\"@type\":\"Organization\",\"@id\":\"https:\\\/\\\/centrosabia.org.br\\\/en\\\/#organization\",\"name\":\"Centro de Desenvolvimento Agroecol\u00f3gico Sabi\u00e1\",\"url\":\"https:\\\/\\\/centrosabia.org.br\\\/en\\\/\",\"logo\":{\"@type\":\"ImageObject\",\"inLanguage\":\"en-US\",\"@id\":\"https:\\\/\\\/centrosabia.org.br\\\/en\\\/#\\\/schema\\\/logo\\\/image\\\/\",\"url\":\"https:\\\/\\\/centrosabia.org.br\\\/wp-content\\\/uploads\\\/2021\\\/10\\\/logo.png\",\"contentUrl\":\"https:\\\/\\\/centrosabia.org.br\\\/wp-content\\\/uploads\\\/2021\\\/10\\\/logo.png\",\"width\":174,\"height\":84,\"caption\":\"Centro de Desenvolvimento Agroecol\u00f3gico Sabi\u00e1\"},\"image\":{\"@id\":\"https:\\\/\\\/centrosabia.org.br\\\/en\\\/#\\\/schema\\\/logo\\\/image\\\/\"}}]}<\/script>\n<!-- \/ Yoast SEO plugin. -->","yoast_head_json":{"title":"ENCONTRO DE JUVENTUDES E AGROECOLOGIA - Centro de Desenvolvimento Agroecol\u00f3gico Sabi\u00e1","robots":{"index":"index","follow":"follow","max-snippet":"max-snippet:-1","max-image-preview":"max-image-preview:large","max-video-preview":"max-video-preview:-1"},"canonical":"https:\/\/centrosabia.org.br\/en\/video\/encontro-de-juventudes-e-agroecologia\/","og_locale":"en_US","og_type":"article","og_title":"ENCONTRO DE JUVENTUDES E AGROECOLOGIA - Centro de Desenvolvimento Agroecol\u00f3gico Sabi\u00e1","og_url":"https:\/\/centrosabia.org.br\/en\/video\/encontro-de-juventudes-e-agroecologia\/","og_site_name":"Centro de Desenvolvimento Agroecol\u00f3gico Sabi\u00e1","article_modified_time":"2024-06-06T12:54:11+00:00","og_image":[{"width":300,"height":169,"url":"https:\/\/centrosabia.org.br\/wp-content\/uploads\/2024\/04\/encontro-de-juventudes-e-agroecologia-300x169.jpg","type":"image\/jpeg"}],"twitter_card":"summary_large_image","twitter_misc":{"Est. reading time":"1 minute"},"schema":{"@context":"https:\/\/schema.org","@graph":[{"@type":"WebPage","@id":"https:\/\/centrosabia.org.br\/en\/video\/encontro-de-juventudes-e-agroecologia\/","url":"https:\/\/centrosabia.org.br\/en\/video\/encontro-de-juventudes-e-agroecologia\/","name":"ENCONTRO DE JUVENTUDES E AGROECOLOGIA - Centro de Desenvolvimento Agroecol\u00f3gico Sabi\u00e1","isPartOf":{"@id":"https:\/\/centrosabia.org.br\/en\/#website"},"primaryImageOfPage":{"@id":"https:\/\/centrosabia.org.br\/en\/video\/encontro-de-juventudes-e-agroecologia\/#primaryimage"},"image":{"@id":"https:\/\/centrosabia.org.br\/en\/video\/encontro-de-juventudes-e-agroecologia\/#primaryimage"},"thumbnailUrl":"https:\/\/centrosabia.org.br\/wp-content\/uploads\/2024\/04\/encontro-de-juventudes-e-agroecologia.jpg","datePublished":"2023-07-19T14:59:03+00:00","dateModified":"2024-06-06T12:54:11+00:00","breadcrumb":{"@id":"https:\/\/centrosabia.org.br\/en\/video\/encontro-de-juventudes-e-agroecologia\/#breadcrumb"},"inLanguage":"en-US","potentialAction":[{"@type":"ReadAction","target":["https:\/\/centrosabia.org.br\/en\/video\/encontro-de-juventudes-e-agroecologia\/"]}]},{"@type":"ImageObject","inLanguage":"en-US","@id":"https:\/\/centrosabia.org.br\/en\/video\/encontro-de-juventudes-e-agroecologia\/#primaryimage","url":"https:\/\/centrosabia.org.br\/wp-content\/uploads\/2024\/04\/encontro-de-juventudes-e-agroecologia.jpg","contentUrl":"https:\/\/centrosabia.org.br\/wp-content\/uploads\/2024\/04\/encontro-de-juventudes-e-agroecologia.jpg","width":1280,"height":720},{"@type":"BreadcrumbList","@id":"https:\/\/centrosabia.org.br\/en\/video\/encontro-de-juventudes-e-agroecologia\/#breadcrumb","itemListElement":[{"@type":"ListItem","position":1,"name":"In\u00edcio","item":"https:\/\/centrosabia.org.br\/en\/"},{"@type":"ListItem","position":2,"name":"V\u00eddeos","item":"https:\/\/centrosabia.org.br\/en\/video\/"},{"@type":"ListItem","position":3,"name":"ENCONTRO DE JUVENTUDES E AGROECOLOGIA"}]},{"@type":"WebSite","@id":"https:\/\/centrosabia.org.br\/en\/#website","url":"https:\/\/centrosabia.org.br\/en\/","name":"Centro de Desenvolvimento Agroecol\u00f3gico Sabi\u00e1","description":"","publisher":{"@id":"https:\/\/centrosabia.org.br\/en\/#organization"},"potentialAction":[{"@type":"SearchAction","target":{"@type":"EntryPoint","urlTemplate":"https:\/\/centrosabia.org.br\/en\/?s={search_term_string}"},"query-input":{"@type":"PropertyValueSpecification","valueRequired":true,"valueName":"search_term_string"}}],"inLanguage":"en-US"},{"@type":"Organization","@id":"https:\/\/centrosabia.org.br\/en\/#organization","name":"Centro de Desenvolvimento Agroecol\u00f3gico Sabi\u00e1","url":"https:\/\/centrosabia.org.br\/en\/","logo":{"@type":"ImageObject","inLanguage":"en-US","@id":"https:\/\/centrosabia.org.br\/en\/#\/schema\/logo\/image\/","url":"https:\/\/centrosabia.org.br\/wp-content\/uploads\/2021\/10\/logo.png","contentUrl":"https:\/\/centrosabia.org.br\/wp-content\/uploads\/2021\/10\/logo.png","width":174,"height":84,"caption":"Centro de Desenvolvimento Agroecol\u00f3gico Sabi\u00e1"},"image":{"@id":"https:\/\/centrosabia.org.br\/en\/#\/schema\/logo\/image\/"}}]}},"_links":{"self":[{"href":"https:\/\/centrosabia.org.br\/en\/wp-json\/wp\/v2\/video\/17895","targetHints":{"allow":["GET"]}}],"collection":[{"href":"https:\/\/centrosabia.org.br\/en\/wp-json\/wp\/v2\/video"}],"about":[{"href":"https:\/\/centrosabia.org.br\/en\/wp-json\/wp\/v2\/types\/video"}],"wp:featuredmedia":[{"embeddable":true,"href":"https:\/\/centrosabia.org.br\/en\/wp-json\/wp\/v2\/media\/18311"}],"wp:attachment":[{"href":"https:\/\/centrosabia.org.br\/en\/wp-json\/wp\/v2\/media?parent=17895"}],"wp:term":[{"taxonomy":"tema","embeddable":true,"href":"https:\/\/centrosabia.org.br\/en\/wp-json\/wp\/v2\/tema?post=17895"},{"taxonomy":"decada","embeddable":true,"href":"https:\/\/centrosabia.org.br\/en\/wp-json\/wp\/v2\/decada?post=17895"},{"taxonomy":"curadoria","embeddable":true,"href":"https:\/\/centrosabia.org.br\/en\/wp-json\/wp\/v2\/curadoria?post=17895"}],"curies":[{"name":"wp","href":"https:\/\/api.w.org\/{rel}","templated":true}]}}