{"id":17931,"date":"2023-06-05T12:00:10","date_gmt":"2023-06-05T12:00:10","guid":{"rendered":"https:\/\/centrosabia.org.br\/video\/centro-sabia-minha-feira-minha-sacola-nosso-planeta\/"},"modified":"2024-06-06T09:55:24","modified_gmt":"2024-06-06T12:55:24","slug":"centro-sabia-minha-feira-minha-sacola-nosso-planeta","status":"publish","type":"video","link":"https:\/\/centrosabia.org.br\/en\/video\/centro-sabia-minha-feira-minha-sacola-nosso-planeta\/","title":{"rendered":"Centro Sabi\u00e1 &#8211; Minha feira, Minha sacola, Nosso planeta!"},"content":{"rendered":"<p>\ud83c\udf33 Para marcar o Dia Mundial do Meio Ambiente, damos in\u00edcio hoje [5] \u00e0 nossa nova campanha: Minha feira, Minha sacola, Nosso planeta! \ud83c\udf0f<\/p>\n<p>\ud83d\udce2 A iniciativa tem o objetivo de conscientizar as pessoas sobre a redu\u00e7\u00e3o do uso de sacolas pl\u00e1sticas nas Feiras Agroecol\u00f3gicas e contribuir para diminui\u00e7\u00e3o do descarte do pl\u00e1stico no meio ambiente. \ud83c\udf35<\/p>\n<p>\ud83d\udecd\ufe0f Estamos acostumados a receber sacolas pl\u00e1sticas para colocar nossas verduras, frutas e legumes, e raramente paramos para pensar no impacto do uso dessas sacolas e o quanto elas prejudicam a natureza. \u2618\ufe0f<\/p>\n<p>\ud83d\udde3\ufe0f Segundo a ONU (Organiza\u00e7\u00e3o das Na\u00e7\u00f5es Unidas), a polui\u00e7\u00e3o causada pelo descarte de objetos de pl\u00e1stico \u00e9 um dos grandes desafios da atualidade. \ud83d\ude31<\/p>\n<p>\ud83d\udeae Como boa parte do lixo produzido pelas pessoas demora muito para se decompor e n\u00e3o \u00e9 destinado para reciclagem, o mundo vive hoje com a falta de espa\u00e7o em aterros sanit\u00e1rios, mas uma grande parcela dos pl\u00e1sticos corre livre para os esgotos, c\u00f3rregos, rios e mares, contaminando a \u00e1gua dos rios, dos mares, len\u00e7\u00f3is fre\u00e1ticos e s\u00e3o ingeridos por diversos animais. \ud83d\udc20<\/p>\n<p>\u26a0\ufe0f O pl\u00e1stico \u00e9 um dos grandes poluentes do planeta, provocando a contamina\u00e7\u00e3o de toda a cadeia alimentar. Por isso, \u00e9 urgente reverter a utiliza\u00e7\u00e3o do pl\u00e1stico nos espa\u00e7os de comercializa\u00e7\u00e3o. \ud83e\udef1\ud83c\udfff\u200d\ud83e\udef2\ud83c\udffc<\/p>\n<p>\ud83c\udf31 A campanha \u00e9 uma realiza\u00e7\u00e3o do Centro Sabi\u00e1 e da Rede Espa\u00e7o Agroecol\u00f3gico. \ud83d\udc69\ud83c\udffb\u200d\ud83c\udf3e<\/p>\n<p>#CentroSabi\u00e1 #MeioAmbiente #Pl\u00e1sticos #FeiraAgroecol\u00f3gica #Planeta<\/p>\n","protected":false},"featured_media":18338,"template":"","meta":{"_acf_changed":false,"ano":2023},"tema":[2550,2519,2555],"decada":[2502],"curadoria":[],"class_list":["post-17931","video","type-video","status-publish","has-post-thumbnail","hentry","tema-agricultura-urbana","tema-agroecologia","tema-feiras-agroecologicas","decada-2502"],"blocksy_meta":[],"acf":[],"yoast_head":"<!-- This site is optimized with the Yoast SEO plugin v27.4 - https:\/\/yoast.com\/product\/yoast-seo-wordpress\/ -->\n<title>Centro Sabi\u00e1 - Minha feira, Minha sacola, Nosso planeta! - Centro de Desenvolvimento Agroecol\u00f3gico Sabi\u00e1<\/title>\n<meta name=\"robots\" content=\"index, follow, max-snippet:-1, max-image-preview:large, max-video-preview:-1\" \/>\n<link rel=\"canonical\" href=\"https:\/\/centrosabia.org.br\/en\/video\/centro-sabia-minha-feira-minha-sacola-nosso-planeta\/\" \/>\n<meta property=\"og:locale\" content=\"en_US\" \/>\n<meta property=\"og:type\" content=\"article\" \/>\n<meta property=\"og:title\" content=\"Centro Sabi\u00e1 - Minha feira, Minha sacola, Nosso planeta! - Centro de Desenvolvimento Agroecol\u00f3gico Sabi\u00e1\" \/>\n<meta property=\"og:url\" content=\"https:\/\/centrosabia.org.br\/en\/video\/centro-sabia-minha-feira-minha-sacola-nosso-planeta\/\" \/>\n<meta property=\"og:site_name\" content=\"Centro de Desenvolvimento Agroecol\u00f3gico Sabi\u00e1\" \/>\n<meta property=\"article:modified_time\" content=\"2024-06-06T12:55:24+00:00\" \/>\n<meta property=\"og:image\" content=\"https:\/\/centrosabia.org.br\/wp-content\/uploads\/2024\/04\/centro-sabia-minha-feira-minha-sacola-nosso-planeta-300x169.jpg\" \/>\n\t<meta property=\"og:image:width\" content=\"300\" \/>\n\t<meta property=\"og:image:height\" content=\"169\" \/>\n\t<meta property=\"og:image:type\" content=\"image\/jpeg\" \/>\n<meta name=\"twitter:card\" content=\"summary_large_image\" \/>\n<meta name=\"twitter:label1\" content=\"Est. reading time\" \/>\n\t<meta name=\"twitter:data1\" content=\"1 minute\" \/>\n<script type=\"application\/ld+json\" class=\"yoast-schema-graph\">{\"@context\":\"https:\\\/\\\/schema.org\",\"@graph\":[{\"@type\":\"WebPage\",\"@id\":\"https:\\\/\\\/centrosabia.org.br\\\/en\\\/video\\\/centro-sabia-minha-feira-minha-sacola-nosso-planeta\\\/\",\"url\":\"https:\\\/\\\/centrosabia.org.br\\\/en\\\/video\\\/centro-sabia-minha-feira-minha-sacola-nosso-planeta\\\/\",\"name\":\"Centro Sabi\u00e1 - Minha feira, Minha sacola, Nosso planeta! - Centro de Desenvolvimento Agroecol\u00f3gico Sabi\u00e1\",\"isPartOf\":{\"@id\":\"https:\\\/\\\/centrosabia.org.br\\\/en\\\/#website\"},\"primaryImageOfPage\":{\"@id\":\"https:\\\/\\\/centrosabia.org.br\\\/en\\\/video\\\/centro-sabia-minha-feira-minha-sacola-nosso-planeta\\\/#primaryimage\"},\"image\":{\"@id\":\"https:\\\/\\\/centrosabia.org.br\\\/en\\\/video\\\/centro-sabia-minha-feira-minha-sacola-nosso-planeta\\\/#primaryimage\"},\"thumbnailUrl\":\"https:\\\/\\\/centrosabia.org.br\\\/wp-content\\\/uploads\\\/2024\\\/04\\\/centro-sabia-minha-feira-minha-sacola-nosso-planeta.jpg\",\"datePublished\":\"2023-06-05T12:00:10+00:00\",\"dateModified\":\"2024-06-06T12:55:24+00:00\",\"breadcrumb\":{\"@id\":\"https:\\\/\\\/centrosabia.org.br\\\/en\\\/video\\\/centro-sabia-minha-feira-minha-sacola-nosso-planeta\\\/#breadcrumb\"},\"inLanguage\":\"en-US\",\"potentialAction\":[{\"@type\":\"ReadAction\",\"target\":[\"https:\\\/\\\/centrosabia.org.br\\\/en\\\/video\\\/centro-sabia-minha-feira-minha-sacola-nosso-planeta\\\/\"]}]},{\"@type\":\"ImageObject\",\"inLanguage\":\"en-US\",\"@id\":\"https:\\\/\\\/centrosabia.org.br\\\/en\\\/video\\\/centro-sabia-minha-feira-minha-sacola-nosso-planeta\\\/#primaryimage\",\"url\":\"https:\\\/\\\/centrosabia.org.br\\\/wp-content\\\/uploads\\\/2024\\\/04\\\/centro-sabia-minha-feira-minha-sacola-nosso-planeta.jpg\",\"contentUrl\":\"https:\\\/\\\/centrosabia.org.br\\\/wp-content\\\/uploads\\\/2024\\\/04\\\/centro-sabia-minha-feira-minha-sacola-nosso-planeta.jpg\",\"width\":1280,\"height\":720},{\"@type\":\"BreadcrumbList\",\"@id\":\"https:\\\/\\\/centrosabia.org.br\\\/en\\\/video\\\/centro-sabia-minha-feira-minha-sacola-nosso-planeta\\\/#breadcrumb\",\"itemListElement\":[{\"@type\":\"ListItem\",\"position\":1,\"name\":\"In\u00edcio\",\"item\":\"https:\\\/\\\/centrosabia.org.br\\\/en\\\/\"},{\"@type\":\"ListItem\",\"position\":2,\"name\":\"V\u00eddeos\",\"item\":\"https:\\\/\\\/centrosabia.org.br\\\/en\\\/video\\\/\"},{\"@type\":\"ListItem\",\"position\":3,\"name\":\"Centro Sabi\u00e1 &#8211; Minha feira, Minha sacola, Nosso planeta!\"}]},{\"@type\":\"WebSite\",\"@id\":\"https:\\\/\\\/centrosabia.org.br\\\/en\\\/#website\",\"url\":\"https:\\\/\\\/centrosabia.org.br\\\/en\\\/\",\"name\":\"Centro de Desenvolvimento Agroecol\u00f3gico Sabi\u00e1\",\"description\":\"\",\"publisher\":{\"@id\":\"https:\\\/\\\/centrosabia.org.br\\\/en\\\/#organization\"},\"potentialAction\":[{\"@type\":\"SearchAction\",\"target\":{\"@type\":\"EntryPoint\",\"urlTemplate\":\"https:\\\/\\\/centrosabia.org.br\\\/en\\\/?s={search_term_string}\"},\"query-input\":{\"@type\":\"PropertyValueSpecification\",\"valueRequired\":true,\"valueName\":\"search_term_string\"}}],\"inLanguage\":\"en-US\"},{\"@type\":\"Organization\",\"@id\":\"https:\\\/\\\/centrosabia.org.br\\\/en\\\/#organization\",\"name\":\"Centro de Desenvolvimento Agroecol\u00f3gico Sabi\u00e1\",\"url\":\"https:\\\/\\\/centrosabia.org.br\\\/en\\\/\",\"logo\":{\"@type\":\"ImageObject\",\"inLanguage\":\"en-US\",\"@id\":\"https:\\\/\\\/centrosabia.org.br\\\/en\\\/#\\\/schema\\\/logo\\\/image\\\/\",\"url\":\"https:\\\/\\\/centrosabia.org.br\\\/wp-content\\\/uploads\\\/2021\\\/10\\\/logo.png\",\"contentUrl\":\"https:\\\/\\\/centrosabia.org.br\\\/wp-content\\\/uploads\\\/2021\\\/10\\\/logo.png\",\"width\":174,\"height\":84,\"caption\":\"Centro de Desenvolvimento Agroecol\u00f3gico Sabi\u00e1\"},\"image\":{\"@id\":\"https:\\\/\\\/centrosabia.org.br\\\/en\\\/#\\\/schema\\\/logo\\\/image\\\/\"}}]}<\/script>\n<!-- \/ Yoast SEO plugin. -->","yoast_head_json":{"title":"Centro Sabi\u00e1 - Minha feira, Minha sacola, Nosso planeta! - Centro de Desenvolvimento Agroecol\u00f3gico Sabi\u00e1","robots":{"index":"index","follow":"follow","max-snippet":"max-snippet:-1","max-image-preview":"max-image-preview:large","max-video-preview":"max-video-preview:-1"},"canonical":"https:\/\/centrosabia.org.br\/en\/video\/centro-sabia-minha-feira-minha-sacola-nosso-planeta\/","og_locale":"en_US","og_type":"article","og_title":"Centro Sabi\u00e1 - Minha feira, Minha sacola, Nosso planeta! - Centro de Desenvolvimento Agroecol\u00f3gico Sabi\u00e1","og_url":"https:\/\/centrosabia.org.br\/en\/video\/centro-sabia-minha-feira-minha-sacola-nosso-planeta\/","og_site_name":"Centro de Desenvolvimento Agroecol\u00f3gico Sabi\u00e1","article_modified_time":"2024-06-06T12:55:24+00:00","og_image":[{"width":300,"height":169,"url":"https:\/\/centrosabia.org.br\/wp-content\/uploads\/2024\/04\/centro-sabia-minha-feira-minha-sacola-nosso-planeta-300x169.jpg","type":"image\/jpeg"}],"twitter_card":"summary_large_image","twitter_misc":{"Est. reading time":"1 minute"},"schema":{"@context":"https:\/\/schema.org","@graph":[{"@type":"WebPage","@id":"https:\/\/centrosabia.org.br\/en\/video\/centro-sabia-minha-feira-minha-sacola-nosso-planeta\/","url":"https:\/\/centrosabia.org.br\/en\/video\/centro-sabia-minha-feira-minha-sacola-nosso-planeta\/","name":"Centro Sabi\u00e1 - Minha feira, Minha sacola, Nosso planeta! - Centro de Desenvolvimento Agroecol\u00f3gico Sabi\u00e1","isPartOf":{"@id":"https:\/\/centrosabia.org.br\/en\/#website"},"primaryImageOfPage":{"@id":"https:\/\/centrosabia.org.br\/en\/video\/centro-sabia-minha-feira-minha-sacola-nosso-planeta\/#primaryimage"},"image":{"@id":"https:\/\/centrosabia.org.br\/en\/video\/centro-sabia-minha-feira-minha-sacola-nosso-planeta\/#primaryimage"},"thumbnailUrl":"https:\/\/centrosabia.org.br\/wp-content\/uploads\/2024\/04\/centro-sabia-minha-feira-minha-sacola-nosso-planeta.jpg","datePublished":"2023-06-05T12:00:10+00:00","dateModified":"2024-06-06T12:55:24+00:00","breadcrumb":{"@id":"https:\/\/centrosabia.org.br\/en\/video\/centro-sabia-minha-feira-minha-sacola-nosso-planeta\/#breadcrumb"},"inLanguage":"en-US","potentialAction":[{"@type":"ReadAction","target":["https:\/\/centrosabia.org.br\/en\/video\/centro-sabia-minha-feira-minha-sacola-nosso-planeta\/"]}]},{"@type":"ImageObject","inLanguage":"en-US","@id":"https:\/\/centrosabia.org.br\/en\/video\/centro-sabia-minha-feira-minha-sacola-nosso-planeta\/#primaryimage","url":"https:\/\/centrosabia.org.br\/wp-content\/uploads\/2024\/04\/centro-sabia-minha-feira-minha-sacola-nosso-planeta.jpg","contentUrl":"https:\/\/centrosabia.org.br\/wp-content\/uploads\/2024\/04\/centro-sabia-minha-feira-minha-sacola-nosso-planeta.jpg","width":1280,"height":720},{"@type":"BreadcrumbList","@id":"https:\/\/centrosabia.org.br\/en\/video\/centro-sabia-minha-feira-minha-sacola-nosso-planeta\/#breadcrumb","itemListElement":[{"@type":"ListItem","position":1,"name":"In\u00edcio","item":"https:\/\/centrosabia.org.br\/en\/"},{"@type":"ListItem","position":2,"name":"V\u00eddeos","item":"https:\/\/centrosabia.org.br\/en\/video\/"},{"@type":"ListItem","position":3,"name":"Centro Sabi\u00e1 &#8211; Minha feira, Minha sacola, Nosso planeta!"}]},{"@type":"WebSite","@id":"https:\/\/centrosabia.org.br\/en\/#website","url":"https:\/\/centrosabia.org.br\/en\/","name":"Centro de Desenvolvimento Agroecol\u00f3gico Sabi\u00e1","description":"","publisher":{"@id":"https:\/\/centrosabia.org.br\/en\/#organization"},"potentialAction":[{"@type":"SearchAction","target":{"@type":"EntryPoint","urlTemplate":"https:\/\/centrosabia.org.br\/en\/?s={search_term_string}"},"query-input":{"@type":"PropertyValueSpecification","valueRequired":true,"valueName":"search_term_string"}}],"inLanguage":"en-US"},{"@type":"Organization","@id":"https:\/\/centrosabia.org.br\/en\/#organization","name":"Centro de Desenvolvimento Agroecol\u00f3gico Sabi\u00e1","url":"https:\/\/centrosabia.org.br\/en\/","logo":{"@type":"ImageObject","inLanguage":"en-US","@id":"https:\/\/centrosabia.org.br\/en\/#\/schema\/logo\/image\/","url":"https:\/\/centrosabia.org.br\/wp-content\/uploads\/2021\/10\/logo.png","contentUrl":"https:\/\/centrosabia.org.br\/wp-content\/uploads\/2021\/10\/logo.png","width":174,"height":84,"caption":"Centro de Desenvolvimento Agroecol\u00f3gico Sabi\u00e1"},"image":{"@id":"https:\/\/centrosabia.org.br\/en\/#\/schema\/logo\/image\/"}}]}},"_links":{"self":[{"href":"https:\/\/centrosabia.org.br\/en\/wp-json\/wp\/v2\/video\/17931","targetHints":{"allow":["GET"]}}],"collection":[{"href":"https:\/\/centrosabia.org.br\/en\/wp-json\/wp\/v2\/video"}],"about":[{"href":"https:\/\/centrosabia.org.br\/en\/wp-json\/wp\/v2\/types\/video"}],"wp:featuredmedia":[{"embeddable":true,"href":"https:\/\/centrosabia.org.br\/en\/wp-json\/wp\/v2\/media\/18338"}],"wp:attachment":[{"href":"https:\/\/centrosabia.org.br\/en\/wp-json\/wp\/v2\/media?parent=17931"}],"wp:term":[{"taxonomy":"tema","embeddable":true,"href":"https:\/\/centrosabia.org.br\/en\/wp-json\/wp\/v2\/tema?post=17931"},{"taxonomy":"decada","embeddable":true,"href":"https:\/\/centrosabia.org.br\/en\/wp-json\/wp\/v2\/decada?post=17931"},{"taxonomy":"curadoria","embeddable":true,"href":"https:\/\/centrosabia.org.br\/en\/wp-json\/wp\/v2\/curadoria?post=17931"}],"curies":[{"name":"wp","href":"https:\/\/api.w.org\/{rel}","templated":true}]}}