{"id":18059,"date":"2021-10-26T20:58:23","date_gmt":"2021-10-26T20:58:23","guid":{"rendered":"https:\/\/centrosabia.org.br\/video\/por-uma-pedagogia-ecologica-frente-a-degradacao-ambiental-no-pajeu-e-as-mudancas-climaticas\/"},"modified":"2024-06-06T09:48:15","modified_gmt":"2024-06-06T12:48:15","slug":"por-uma-pedagogia-ecologica-frente-a-degradacao-ambiental-no-pajeu-e-as-mudancas-climaticas","status":"publish","type":"video","link":"https:\/\/centrosabia.org.br\/en\/video\/por-uma-pedagogia-ecologica-frente-a-degradacao-ambiental-no-pajeu-e-as-mudancas-climaticas\/","title":{"rendered":"Por Uma Pedagogia Ecol\u00f3gica Frente \u00e0 Degrada\u00e7\u00e3o Ambiental no Paje\u00fa e as Mudan\u00e7as Clim\u00e1ticas"},"content":{"rendered":"<p>\ud83d\uddd3\ufe0f Na pr\u00f3xima ter\u00e7a-feira, 26, est\u00e1 marcado o lan\u00e7amento virtual da 2\u00aa edi\u00e7\u00e3o da cartilha Caatinga Guardi\u00e3 das \u00c1guas, com o Webn\u00e1rio \u00c1gua e Caatinga \u2013 Por uma pedagogia ecol\u00f3gica frente a degrada\u00e7\u00e3o ambiental no Paje\u00fa e as Mudan\u00e7as Clim\u00e1ticas, no canal do Youtube do Centro Sabi\u00e1 (https:\/\/bit.ly\/yt-centro-sabia-webinario ) e nas p\u00e1ginas do Facebook do Centro Sabi\u00e1 (https:\/\/bit.ly\/fb-centro-sabia) e da R\u00e1dio Paje\u00fa (https:\/\/bit.ly\/fb-radio-pajeu). \ud83c\udfa5<\/p>\n<p>\ud83d\udc69\ud83c\udffb\u200d\ud83c\udfeb O Webn\u00e1rio \u00e9 voltado a gestores e gestoras de educa\u00e7\u00e3o, professores e professoras das redes municipal e estadual da regi\u00e3o do Paje\u00fa, e toda sociedade. \ud83c\udf35<\/p>\n<p>\ud83d\udcda Ser\u00e3o distribu\u00eddas gratuitamente 10.000 exemplares da cartilha com professoras, professores, sindicatos, par\u00f3quias e estudantes da UFRPE. O objetivo \u00e9 chegar a 4.000 professores e professoras da rede municipal de educa\u00e7\u00e3o de 20 munic\u00edpios da Bacia do Rio Paje\u00fa e 1.800 docentes de 42 escolas da rede estadual da regi\u00e3o.  \ud83d\udc68\ud83c\udfff\u200d\ud83c\udf93<\/p>\n<p>\ud83d\udcd9 A cartilha \u00e9 uma iniciativa do Grupo F\u00e9 e Pol\u00edtica da Diocese de Afogados da Ingazeira, em parceria com a UAST\/UFRPE, o Centro Sabi\u00e1 e a ASA Pernambuco, que tem como finalidade contribuir para uma pr\u00e1tica pedag\u00f3gica que sensibilize crian\u00e7as, adolescentes e jovens dos munic\u00edpios da Bacia Hidrogr\u00e1fica do Rio Paje\u00fa, sobre os cuidados e a import\u00e2ncia da preserva\u00e7\u00e3o da Caatinga, para a garantia das nossas fontes de \u00e1gua, da biodiversidade, no combate \u00e0 desertifica\u00e7\u00e3o e equil\u00edbrio ambiental. \ud83c\udf0d<\/p>\n<p>\ud83d\udca7 Preservar a Caatinga e as fontes de \u00e1gua no Paje\u00fa \u00e9 uma condi\u00e7\u00e3o fundamental para combater a pobreza, as desigualdades e os efeitos que as mudan\u00e7as clim\u00e1ticas causam \u00e0 nossa popula\u00e7\u00e3o. \ud83c\udf26\ufe0f<\/p>\n<p>#CentroSabi\u00e1 #Diocese #UFRPE #Webin\u00e1rio #Caatinga #\u00c1gua #Semi\u00e1rido #Educa\u00e7\u00e3o #EscolaP\u00fablica<\/p>\n","protected":false},"featured_media":18434,"template":"","meta":{"_acf_changed":false,"ano":2021},"tema":[2544,2513,2539],"decada":[2502],"curadoria":[],"class_list":["post-18059","video","type-video","status-publish","has-post-thumbnail","hentry","tema-educacao-contextualizada","tema-meio-ambiente","tema-mudancas-climaticas","decada-2502"],"blocksy_meta":[],"acf":[],"yoast_head":"<!-- This site is optimized with the Yoast SEO plugin v27.4 - https:\/\/yoast.com\/product\/yoast-seo-wordpress\/ -->\n<title>Por Uma Pedagogia Ecol\u00f3gica Frente \u00e0 Degrada\u00e7\u00e3o Ambiental no Paje\u00fa e as Mudan\u00e7as Clim\u00e1ticas - Centro de Desenvolvimento Agroecol\u00f3gico Sabi\u00e1<\/title>\n<meta name=\"robots\" content=\"index, follow, max-snippet:-1, max-image-preview:large, max-video-preview:-1\" \/>\n<link rel=\"canonical\" href=\"https:\/\/centrosabia.org.br\/en\/video\/por-uma-pedagogia-ecologica-frente-a-degradacao-ambiental-no-pajeu-e-as-mudancas-climaticas\/\" \/>\n<meta property=\"og:locale\" content=\"en_US\" \/>\n<meta property=\"og:type\" content=\"article\" \/>\n<meta property=\"og:title\" content=\"Por Uma Pedagogia Ecol\u00f3gica Frente \u00e0 Degrada\u00e7\u00e3o Ambiental no Paje\u00fa e as Mudan\u00e7as Clim\u00e1ticas - Centro de Desenvolvimento Agroecol\u00f3gico Sabi\u00e1\" \/>\n<meta property=\"og:url\" content=\"https:\/\/centrosabia.org.br\/en\/video\/por-uma-pedagogia-ecologica-frente-a-degradacao-ambiental-no-pajeu-e-as-mudancas-climaticas\/\" \/>\n<meta property=\"og:site_name\" content=\"Centro de Desenvolvimento Agroecol\u00f3gico Sabi\u00e1\" \/>\n<meta property=\"article:modified_time\" content=\"2024-06-06T12:48:15+00:00\" \/>\n<meta property=\"og:image\" content=\"https:\/\/centrosabia.org.br\/wp-content\/uploads\/2024\/04\/por-uma-pedagogia-ecologica-frente-a-degradacao-ambiental-no-pajeu-e-as-mudancas-climaticas-300x169.jpg\" \/>\n\t<meta property=\"og:image:width\" content=\"300\" \/>\n\t<meta property=\"og:image:height\" content=\"169\" \/>\n\t<meta property=\"og:image:type\" content=\"image\/jpeg\" \/>\n<meta name=\"twitter:card\" content=\"summary_large_image\" \/>\n<meta name=\"twitter:label1\" content=\"Est. reading time\" \/>\n\t<meta name=\"twitter:data1\" content=\"1 minute\" \/>\n<script type=\"application\/ld+json\" class=\"yoast-schema-graph\">{\"@context\":\"https:\\\/\\\/schema.org\",\"@graph\":[{\"@type\":\"WebPage\",\"@id\":\"https:\\\/\\\/centrosabia.org.br\\\/en\\\/video\\\/por-uma-pedagogia-ecologica-frente-a-degradacao-ambiental-no-pajeu-e-as-mudancas-climaticas\\\/\",\"url\":\"https:\\\/\\\/centrosabia.org.br\\\/en\\\/video\\\/por-uma-pedagogia-ecologica-frente-a-degradacao-ambiental-no-pajeu-e-as-mudancas-climaticas\\\/\",\"name\":\"Por Uma Pedagogia Ecol\u00f3gica Frente \u00e0 Degrada\u00e7\u00e3o Ambiental no Paje\u00fa e as Mudan\u00e7as Clim\u00e1ticas - Centro de Desenvolvimento Agroecol\u00f3gico Sabi\u00e1\",\"isPartOf\":{\"@id\":\"https:\\\/\\\/centrosabia.org.br\\\/en\\\/#website\"},\"primaryImageOfPage\":{\"@id\":\"https:\\\/\\\/centrosabia.org.br\\\/en\\\/video\\\/por-uma-pedagogia-ecologica-frente-a-degradacao-ambiental-no-pajeu-e-as-mudancas-climaticas\\\/#primaryimage\"},\"image\":{\"@id\":\"https:\\\/\\\/centrosabia.org.br\\\/en\\\/video\\\/por-uma-pedagogia-ecologica-frente-a-degradacao-ambiental-no-pajeu-e-as-mudancas-climaticas\\\/#primaryimage\"},\"thumbnailUrl\":\"https:\\\/\\\/centrosabia.org.br\\\/wp-content\\\/uploads\\\/2024\\\/04\\\/por-uma-pedagogia-ecologica-frente-a-degradacao-ambiental-no-pajeu-e-as-mudancas-climaticas.jpg\",\"datePublished\":\"2021-10-26T20:58:23+00:00\",\"dateModified\":\"2024-06-06T12:48:15+00:00\",\"breadcrumb\":{\"@id\":\"https:\\\/\\\/centrosabia.org.br\\\/en\\\/video\\\/por-uma-pedagogia-ecologica-frente-a-degradacao-ambiental-no-pajeu-e-as-mudancas-climaticas\\\/#breadcrumb\"},\"inLanguage\":\"en-US\",\"potentialAction\":[{\"@type\":\"ReadAction\",\"target\":[\"https:\\\/\\\/centrosabia.org.br\\\/en\\\/video\\\/por-uma-pedagogia-ecologica-frente-a-degradacao-ambiental-no-pajeu-e-as-mudancas-climaticas\\\/\"]}]},{\"@type\":\"ImageObject\",\"inLanguage\":\"en-US\",\"@id\":\"https:\\\/\\\/centrosabia.org.br\\\/en\\\/video\\\/por-uma-pedagogia-ecologica-frente-a-degradacao-ambiental-no-pajeu-e-as-mudancas-climaticas\\\/#primaryimage\",\"url\":\"https:\\\/\\\/centrosabia.org.br\\\/wp-content\\\/uploads\\\/2024\\\/04\\\/por-uma-pedagogia-ecologica-frente-a-degradacao-ambiental-no-pajeu-e-as-mudancas-climaticas.jpg\",\"contentUrl\":\"https:\\\/\\\/centrosabia.org.br\\\/wp-content\\\/uploads\\\/2024\\\/04\\\/por-uma-pedagogia-ecologica-frente-a-degradacao-ambiental-no-pajeu-e-as-mudancas-climaticas.jpg\",\"width\":1280,\"height\":720},{\"@type\":\"BreadcrumbList\",\"@id\":\"https:\\\/\\\/centrosabia.org.br\\\/en\\\/video\\\/por-uma-pedagogia-ecologica-frente-a-degradacao-ambiental-no-pajeu-e-as-mudancas-climaticas\\\/#breadcrumb\",\"itemListElement\":[{\"@type\":\"ListItem\",\"position\":1,\"name\":\"In\u00edcio\",\"item\":\"https:\\\/\\\/centrosabia.org.br\\\/en\\\/\"},{\"@type\":\"ListItem\",\"position\":2,\"name\":\"V\u00eddeos\",\"item\":\"https:\\\/\\\/centrosabia.org.br\\\/en\\\/video\\\/\"},{\"@type\":\"ListItem\",\"position\":3,\"name\":\"Por Uma Pedagogia Ecol\u00f3gica Frente \u00e0 Degrada\u00e7\u00e3o Ambiental no Paje\u00fa e as Mudan\u00e7as Clim\u00e1ticas\"}]},{\"@type\":\"WebSite\",\"@id\":\"https:\\\/\\\/centrosabia.org.br\\\/en\\\/#website\",\"url\":\"https:\\\/\\\/centrosabia.org.br\\\/en\\\/\",\"name\":\"Centro de Desenvolvimento Agroecol\u00f3gico Sabi\u00e1\",\"description\":\"\",\"publisher\":{\"@id\":\"https:\\\/\\\/centrosabia.org.br\\\/en\\\/#organization\"},\"potentialAction\":[{\"@type\":\"SearchAction\",\"target\":{\"@type\":\"EntryPoint\",\"urlTemplate\":\"https:\\\/\\\/centrosabia.org.br\\\/en\\\/?s={search_term_string}\"},\"query-input\":{\"@type\":\"PropertyValueSpecification\",\"valueRequired\":true,\"valueName\":\"search_term_string\"}}],\"inLanguage\":\"en-US\"},{\"@type\":\"Organization\",\"@id\":\"https:\\\/\\\/centrosabia.org.br\\\/en\\\/#organization\",\"name\":\"Centro de Desenvolvimento Agroecol\u00f3gico Sabi\u00e1\",\"url\":\"https:\\\/\\\/centrosabia.org.br\\\/en\\\/\",\"logo\":{\"@type\":\"ImageObject\",\"inLanguage\":\"en-US\",\"@id\":\"https:\\\/\\\/centrosabia.org.br\\\/en\\\/#\\\/schema\\\/logo\\\/image\\\/\",\"url\":\"https:\\\/\\\/centrosabia.org.br\\\/wp-content\\\/uploads\\\/2021\\\/10\\\/logo.png\",\"contentUrl\":\"https:\\\/\\\/centrosabia.org.br\\\/wp-content\\\/uploads\\\/2021\\\/10\\\/logo.png\",\"width\":174,\"height\":84,\"caption\":\"Centro de Desenvolvimento Agroecol\u00f3gico Sabi\u00e1\"},\"image\":{\"@id\":\"https:\\\/\\\/centrosabia.org.br\\\/en\\\/#\\\/schema\\\/logo\\\/image\\\/\"}}]}<\/script>\n<!-- \/ Yoast SEO plugin. -->","yoast_head_json":{"title":"Por Uma Pedagogia Ecol\u00f3gica Frente \u00e0 Degrada\u00e7\u00e3o Ambiental no Paje\u00fa e as Mudan\u00e7as Clim\u00e1ticas - Centro de Desenvolvimento Agroecol\u00f3gico Sabi\u00e1","robots":{"index":"index","follow":"follow","max-snippet":"max-snippet:-1","max-image-preview":"max-image-preview:large","max-video-preview":"max-video-preview:-1"},"canonical":"https:\/\/centrosabia.org.br\/en\/video\/por-uma-pedagogia-ecologica-frente-a-degradacao-ambiental-no-pajeu-e-as-mudancas-climaticas\/","og_locale":"en_US","og_type":"article","og_title":"Por Uma Pedagogia Ecol\u00f3gica Frente \u00e0 Degrada\u00e7\u00e3o Ambiental no Paje\u00fa e as Mudan\u00e7as Clim\u00e1ticas - Centro de Desenvolvimento Agroecol\u00f3gico Sabi\u00e1","og_url":"https:\/\/centrosabia.org.br\/en\/video\/por-uma-pedagogia-ecologica-frente-a-degradacao-ambiental-no-pajeu-e-as-mudancas-climaticas\/","og_site_name":"Centro de Desenvolvimento Agroecol\u00f3gico Sabi\u00e1","article_modified_time":"2024-06-06T12:48:15+00:00","og_image":[{"width":300,"height":169,"url":"https:\/\/centrosabia.org.br\/wp-content\/uploads\/2024\/04\/por-uma-pedagogia-ecologica-frente-a-degradacao-ambiental-no-pajeu-e-as-mudancas-climaticas-300x169.jpg","type":"image\/jpeg"}],"twitter_card":"summary_large_image","twitter_misc":{"Est. reading time":"1 minute"},"schema":{"@context":"https:\/\/schema.org","@graph":[{"@type":"WebPage","@id":"https:\/\/centrosabia.org.br\/en\/video\/por-uma-pedagogia-ecologica-frente-a-degradacao-ambiental-no-pajeu-e-as-mudancas-climaticas\/","url":"https:\/\/centrosabia.org.br\/en\/video\/por-uma-pedagogia-ecologica-frente-a-degradacao-ambiental-no-pajeu-e-as-mudancas-climaticas\/","name":"Por Uma Pedagogia Ecol\u00f3gica Frente \u00e0 Degrada\u00e7\u00e3o Ambiental no Paje\u00fa e as Mudan\u00e7as Clim\u00e1ticas - Centro de Desenvolvimento Agroecol\u00f3gico Sabi\u00e1","isPartOf":{"@id":"https:\/\/centrosabia.org.br\/en\/#website"},"primaryImageOfPage":{"@id":"https:\/\/centrosabia.org.br\/en\/video\/por-uma-pedagogia-ecologica-frente-a-degradacao-ambiental-no-pajeu-e-as-mudancas-climaticas\/#primaryimage"},"image":{"@id":"https:\/\/centrosabia.org.br\/en\/video\/por-uma-pedagogia-ecologica-frente-a-degradacao-ambiental-no-pajeu-e-as-mudancas-climaticas\/#primaryimage"},"thumbnailUrl":"https:\/\/centrosabia.org.br\/wp-content\/uploads\/2024\/04\/por-uma-pedagogia-ecologica-frente-a-degradacao-ambiental-no-pajeu-e-as-mudancas-climaticas.jpg","datePublished":"2021-10-26T20:58:23+00:00","dateModified":"2024-06-06T12:48:15+00:00","breadcrumb":{"@id":"https:\/\/centrosabia.org.br\/en\/video\/por-uma-pedagogia-ecologica-frente-a-degradacao-ambiental-no-pajeu-e-as-mudancas-climaticas\/#breadcrumb"},"inLanguage":"en-US","potentialAction":[{"@type":"ReadAction","target":["https:\/\/centrosabia.org.br\/en\/video\/por-uma-pedagogia-ecologica-frente-a-degradacao-ambiental-no-pajeu-e-as-mudancas-climaticas\/"]}]},{"@type":"ImageObject","inLanguage":"en-US","@id":"https:\/\/centrosabia.org.br\/en\/video\/por-uma-pedagogia-ecologica-frente-a-degradacao-ambiental-no-pajeu-e-as-mudancas-climaticas\/#primaryimage","url":"https:\/\/centrosabia.org.br\/wp-content\/uploads\/2024\/04\/por-uma-pedagogia-ecologica-frente-a-degradacao-ambiental-no-pajeu-e-as-mudancas-climaticas.jpg","contentUrl":"https:\/\/centrosabia.org.br\/wp-content\/uploads\/2024\/04\/por-uma-pedagogia-ecologica-frente-a-degradacao-ambiental-no-pajeu-e-as-mudancas-climaticas.jpg","width":1280,"height":720},{"@type":"BreadcrumbList","@id":"https:\/\/centrosabia.org.br\/en\/video\/por-uma-pedagogia-ecologica-frente-a-degradacao-ambiental-no-pajeu-e-as-mudancas-climaticas\/#breadcrumb","itemListElement":[{"@type":"ListItem","position":1,"name":"In\u00edcio","item":"https:\/\/centrosabia.org.br\/en\/"},{"@type":"ListItem","position":2,"name":"V\u00eddeos","item":"https:\/\/centrosabia.org.br\/en\/video\/"},{"@type":"ListItem","position":3,"name":"Por Uma Pedagogia Ecol\u00f3gica Frente \u00e0 Degrada\u00e7\u00e3o Ambiental no Paje\u00fa e as Mudan\u00e7as Clim\u00e1ticas"}]},{"@type":"WebSite","@id":"https:\/\/centrosabia.org.br\/en\/#website","url":"https:\/\/centrosabia.org.br\/en\/","name":"Centro de Desenvolvimento Agroecol\u00f3gico Sabi\u00e1","description":"","publisher":{"@id":"https:\/\/centrosabia.org.br\/en\/#organization"},"potentialAction":[{"@type":"SearchAction","target":{"@type":"EntryPoint","urlTemplate":"https:\/\/centrosabia.org.br\/en\/?s={search_term_string}"},"query-input":{"@type":"PropertyValueSpecification","valueRequired":true,"valueName":"search_term_string"}}],"inLanguage":"en-US"},{"@type":"Organization","@id":"https:\/\/centrosabia.org.br\/en\/#organization","name":"Centro de Desenvolvimento Agroecol\u00f3gico Sabi\u00e1","url":"https:\/\/centrosabia.org.br\/en\/","logo":{"@type":"ImageObject","inLanguage":"en-US","@id":"https:\/\/centrosabia.org.br\/en\/#\/schema\/logo\/image\/","url":"https:\/\/centrosabia.org.br\/wp-content\/uploads\/2021\/10\/logo.png","contentUrl":"https:\/\/centrosabia.org.br\/wp-content\/uploads\/2021\/10\/logo.png","width":174,"height":84,"caption":"Centro de Desenvolvimento Agroecol\u00f3gico Sabi\u00e1"},"image":{"@id":"https:\/\/centrosabia.org.br\/en\/#\/schema\/logo\/image\/"}}]}},"_links":{"self":[{"href":"https:\/\/centrosabia.org.br\/en\/wp-json\/wp\/v2\/video\/18059","targetHints":{"allow":["GET"]}}],"collection":[{"href":"https:\/\/centrosabia.org.br\/en\/wp-json\/wp\/v2\/video"}],"about":[{"href":"https:\/\/centrosabia.org.br\/en\/wp-json\/wp\/v2\/types\/video"}],"wp:featuredmedia":[{"embeddable":true,"href":"https:\/\/centrosabia.org.br\/en\/wp-json\/wp\/v2\/media\/18434"}],"wp:attachment":[{"href":"https:\/\/centrosabia.org.br\/en\/wp-json\/wp\/v2\/media?parent=18059"}],"wp:term":[{"taxonomy":"tema","embeddable":true,"href":"https:\/\/centrosabia.org.br\/en\/wp-json\/wp\/v2\/tema?post=18059"},{"taxonomy":"decada","embeddable":true,"href":"https:\/\/centrosabia.org.br\/en\/wp-json\/wp\/v2\/decada?post=18059"},{"taxonomy":"curadoria","embeddable":true,"href":"https:\/\/centrosabia.org.br\/en\/wp-json\/wp\/v2\/curadoria?post=18059"}],"curies":[{"name":"wp","href":"https:\/\/api.w.org\/{rel}","templated":true}]}}