{"id":31323,"date":"2026-02-04T12:13:51","date_gmt":"2026-02-04T12:13:51","guid":{"rendered":"https:\/\/centrosabia.org.br\/video\/maria-do-carmo-nascimento-o-candeeiro-no-2883-santa-maria-do-cambuca-pe\/"},"modified":"2026-02-04T12:13:51","modified_gmt":"2026-02-04T12:13:51","slug":"maria-do-carmo-nascimento-o-candeeiro-no-2883-santa-maria-do-cambuca-pe","status":"publish","type":"video","link":"https:\/\/centrosabia.org.br\/en\/video\/maria-do-carmo-nascimento-o-candeeiro-no-2883-santa-maria-do-cambuca-pe\/","title":{"rendered":"Maria do Carmo Nascimento | O Candeeiro N\u00ba 2883 | Santa Maria do Cambuc\u00e1 | PE"},"content":{"rendered":"<p>Maria do Carmo Nascimento conta como a assessoria t\u00e9cnica agroecol\u00f3gica e a conquista de uma cisterna mudaram sua qualidade de vida no agreste pernambucano! \u270a\ud83c\udffd<\/p>\n<p>\ud83c\udf31 Moradora da zona rural de Santa Maria do Cambuc\u00e1, Maria e sua fam\u00edlia batalharam muito para manter a cria\u00e7\u00e3o de animais e o ro\u00e7ado em sua propriedade. Em 2018, no entanto, esse cen\u00e1rio foi mudando, com a chegada da assessoria t\u00e9cnica do Centro Sabi\u00e1 e do Programa Uma Terra e Duas \u00c1guas (P1+2), da Articula\u00e7\u00e3o Semi\u00e1rido Brasileiro (ASA).<\/p>\n<p>\ud83d\udca7 Atrav\u00e9s do P1+2, a fam\u00edlia conquistou a cisterna enxurrada, pr\u00f3pria para abastecer os sistemas produtivos. A segunda \u00e1gua veio acompanhada do Fomento Rural de car\u00e1ter produtivo, que possibilitou o investimento em um galinheiro, gerando renda com a venda de ovos e das galinhas.<\/p>\n<p>\ud83d\udcda As capacita\u00e7\u00f5es e interc\u00e2mbios que Maria participou a lembraram de sonhos antigos, como o de terminar os estudos. Treze anos depois, ela concluiu o ensino m\u00e9dio, e pretende realizar ainda mais: \u201cagora, o meu sonho \u00e9 fazer um curso t\u00e9cnico e, um dia, quem sabe, fazer parte da equipe t\u00e9cnica do Centro Sabi\u00e1, levado conhecimentos para outras fam\u00edlias agricultoras\u201d, disse Maria. <\/p>\n<p>\ud83d\udcf2 Quer saber mais sobre a experi\u00eancia de Maria? Voc\u00ea pode conferir na \u00edntegra no VOAFlix, o acervo digital do Centro Sabi\u00e1! Acesse: voaflix.centrosabia.org.br.<\/p>\n<p>#Agroeocologia #FomentoRural #Cisterna #SementesCrioulas #AgriculturaFamiliar #Semi\u00e1rido #CentroSabi\u00e1 #ASA<\/p>\n","protected":false},"featured_media":31324,"template":"","meta":{"_acf_changed":false,"ano":2026},"tema":[],"decada":[2502],"curadoria":[],"class_list":["post-31323","video","type-video","status-publish","has-post-thumbnail","hentry","decada-2502"],"blocksy_meta":[],"acf":[],"yoast_head":"<!-- This site is optimized with the Yoast SEO plugin v27.4 - https:\/\/yoast.com\/product\/yoast-seo-wordpress\/ -->\n<title>Maria do Carmo Nascimento | O Candeeiro N\u00ba 2883 | Santa Maria do Cambuc\u00e1 | PE - Centro de Desenvolvimento Agroecol\u00f3gico Sabi\u00e1<\/title>\n<meta name=\"robots\" content=\"index, follow, max-snippet:-1, max-image-preview:large, max-video-preview:-1\" \/>\n<link rel=\"canonical\" href=\"https:\/\/centrosabia.org.br\/en\/video\/maria-do-carmo-nascimento-o-candeeiro-no-2883-santa-maria-do-cambuca-pe\/\" \/>\n<meta property=\"og:locale\" content=\"en_US\" \/>\n<meta property=\"og:type\" content=\"article\" \/>\n<meta property=\"og:title\" content=\"Maria do Carmo Nascimento | O Candeeiro N\u00ba 2883 | Santa Maria do Cambuc\u00e1 | PE - Centro de Desenvolvimento Agroecol\u00f3gico Sabi\u00e1\" \/>\n<meta property=\"og:url\" content=\"https:\/\/centrosabia.org.br\/en\/video\/maria-do-carmo-nascimento-o-candeeiro-no-2883-santa-maria-do-cambuca-pe\/\" \/>\n<meta property=\"og:site_name\" content=\"Centro de Desenvolvimento Agroecol\u00f3gico Sabi\u00e1\" \/>\n<meta name=\"twitter:card\" content=\"summary_large_image\" \/>\n<meta name=\"twitter:label1\" content=\"Est. reading time\" \/>\n\t<meta name=\"twitter:data1\" content=\"1 minute\" \/>\n<script type=\"application\/ld+json\" class=\"yoast-schema-graph\">{\"@context\":\"https:\\\/\\\/schema.org\",\"@graph\":[{\"@type\":\"WebPage\",\"@id\":\"https:\\\/\\\/centrosabia.org.br\\\/en\\\/video\\\/maria-do-carmo-nascimento-o-candeeiro-no-2883-santa-maria-do-cambuca-pe\\\/\",\"url\":\"https:\\\/\\\/centrosabia.org.br\\\/en\\\/video\\\/maria-do-carmo-nascimento-o-candeeiro-no-2883-santa-maria-do-cambuca-pe\\\/\",\"name\":\"Maria do Carmo Nascimento | O Candeeiro N\u00ba 2883 | Santa Maria do Cambuc\u00e1 | PE - Centro de Desenvolvimento Agroecol\u00f3gico Sabi\u00e1\",\"isPartOf\":{\"@id\":\"https:\\\/\\\/centrosabia.org.br\\\/en\\\/#website\"},\"primaryImageOfPage\":{\"@id\":\"https:\\\/\\\/centrosabia.org.br\\\/en\\\/video\\\/maria-do-carmo-nascimento-o-candeeiro-no-2883-santa-maria-do-cambuca-pe\\\/#primaryimage\"},\"image\":{\"@id\":\"https:\\\/\\\/centrosabia.org.br\\\/en\\\/video\\\/maria-do-carmo-nascimento-o-candeeiro-no-2883-santa-maria-do-cambuca-pe\\\/#primaryimage\"},\"thumbnailUrl\":\"https:\\\/\\\/centrosabia.org.br\\\/wp-content\\\/uploads\\\/2026\\\/02\\\/maria-do-carmo-nascimento-o-candeeiro-no-2883-santa-maria-do-cambuca-pe.jpg\",\"datePublished\":\"2026-02-04T12:13:51+00:00\",\"breadcrumb\":{\"@id\":\"https:\\\/\\\/centrosabia.org.br\\\/en\\\/video\\\/maria-do-carmo-nascimento-o-candeeiro-no-2883-santa-maria-do-cambuca-pe\\\/#breadcrumb\"},\"inLanguage\":\"en-US\",\"potentialAction\":[{\"@type\":\"ReadAction\",\"target\":[\"https:\\\/\\\/centrosabia.org.br\\\/en\\\/video\\\/maria-do-carmo-nascimento-o-candeeiro-no-2883-santa-maria-do-cambuca-pe\\\/\"]}]},{\"@type\":\"ImageObject\",\"inLanguage\":\"en-US\",\"@id\":\"https:\\\/\\\/centrosabia.org.br\\\/en\\\/video\\\/maria-do-carmo-nascimento-o-candeeiro-no-2883-santa-maria-do-cambuca-pe\\\/#primaryimage\",\"url\":\"https:\\\/\\\/centrosabia.org.br\\\/wp-content\\\/uploads\\\/2026\\\/02\\\/maria-do-carmo-nascimento-o-candeeiro-no-2883-santa-maria-do-cambuca-pe.jpg\",\"contentUrl\":\"https:\\\/\\\/centrosabia.org.br\\\/wp-content\\\/uploads\\\/2026\\\/02\\\/maria-do-carmo-nascimento-o-candeeiro-no-2883-santa-maria-do-cambuca-pe.jpg\",\"width\":1280,\"height\":720},{\"@type\":\"BreadcrumbList\",\"@id\":\"https:\\\/\\\/centrosabia.org.br\\\/en\\\/video\\\/maria-do-carmo-nascimento-o-candeeiro-no-2883-santa-maria-do-cambuca-pe\\\/#breadcrumb\",\"itemListElement\":[{\"@type\":\"ListItem\",\"position\":1,\"name\":\"In\u00edcio\",\"item\":\"https:\\\/\\\/centrosabia.org.br\\\/en\\\/\"},{\"@type\":\"ListItem\",\"position\":2,\"name\":\"V\u00eddeos\",\"item\":\"https:\\\/\\\/centrosabia.org.br\\\/en\\\/video\\\/\"},{\"@type\":\"ListItem\",\"position\":3,\"name\":\"Maria do Carmo Nascimento | O Candeeiro N\u00ba 2883 | Santa Maria do Cambuc\u00e1 | PE\"}]},{\"@type\":\"WebSite\",\"@id\":\"https:\\\/\\\/centrosabia.org.br\\\/en\\\/#website\",\"url\":\"https:\\\/\\\/centrosabia.org.br\\\/en\\\/\",\"name\":\"Centro de Desenvolvimento Agroecol\u00f3gico Sabi\u00e1\",\"description\":\"\",\"publisher\":{\"@id\":\"https:\\\/\\\/centrosabia.org.br\\\/en\\\/#organization\"},\"potentialAction\":[{\"@type\":\"SearchAction\",\"target\":{\"@type\":\"EntryPoint\",\"urlTemplate\":\"https:\\\/\\\/centrosabia.org.br\\\/en\\\/?s={search_term_string}\"},\"query-input\":{\"@type\":\"PropertyValueSpecification\",\"valueRequired\":true,\"valueName\":\"search_term_string\"}}],\"inLanguage\":\"en-US\"},{\"@type\":\"Organization\",\"@id\":\"https:\\\/\\\/centrosabia.org.br\\\/en\\\/#organization\",\"name\":\"Centro de Desenvolvimento Agroecol\u00f3gico Sabi\u00e1\",\"url\":\"https:\\\/\\\/centrosabia.org.br\\\/en\\\/\",\"logo\":{\"@type\":\"ImageObject\",\"inLanguage\":\"en-US\",\"@id\":\"https:\\\/\\\/centrosabia.org.br\\\/en\\\/#\\\/schema\\\/logo\\\/image\\\/\",\"url\":\"https:\\\/\\\/centrosabia.org.br\\\/wp-content\\\/uploads\\\/2021\\\/10\\\/logo.png\",\"contentUrl\":\"https:\\\/\\\/centrosabia.org.br\\\/wp-content\\\/uploads\\\/2021\\\/10\\\/logo.png\",\"width\":174,\"height\":84,\"caption\":\"Centro de Desenvolvimento Agroecol\u00f3gico Sabi\u00e1\"},\"image\":{\"@id\":\"https:\\\/\\\/centrosabia.org.br\\\/en\\\/#\\\/schema\\\/logo\\\/image\\\/\"}}]}<\/script>\n<!-- \/ Yoast SEO plugin. -->","yoast_head_json":{"title":"Maria do Carmo Nascimento | O Candeeiro N\u00ba 2883 | Santa Maria do Cambuc\u00e1 | PE - Centro de Desenvolvimento Agroecol\u00f3gico Sabi\u00e1","robots":{"index":"index","follow":"follow","max-snippet":"max-snippet:-1","max-image-preview":"max-image-preview:large","max-video-preview":"max-video-preview:-1"},"canonical":"https:\/\/centrosabia.org.br\/en\/video\/maria-do-carmo-nascimento-o-candeeiro-no-2883-santa-maria-do-cambuca-pe\/","og_locale":"en_US","og_type":"article","og_title":"Maria do Carmo Nascimento | O Candeeiro N\u00ba 2883 | Santa Maria do Cambuc\u00e1 | PE - Centro de Desenvolvimento Agroecol\u00f3gico Sabi\u00e1","og_url":"https:\/\/centrosabia.org.br\/en\/video\/maria-do-carmo-nascimento-o-candeeiro-no-2883-santa-maria-do-cambuca-pe\/","og_site_name":"Centro de Desenvolvimento Agroecol\u00f3gico Sabi\u00e1","twitter_card":"summary_large_image","twitter_misc":{"Est. reading time":"1 minute"},"schema":{"@context":"https:\/\/schema.org","@graph":[{"@type":"WebPage","@id":"https:\/\/centrosabia.org.br\/en\/video\/maria-do-carmo-nascimento-o-candeeiro-no-2883-santa-maria-do-cambuca-pe\/","url":"https:\/\/centrosabia.org.br\/en\/video\/maria-do-carmo-nascimento-o-candeeiro-no-2883-santa-maria-do-cambuca-pe\/","name":"Maria do Carmo Nascimento | O Candeeiro N\u00ba 2883 | Santa Maria do Cambuc\u00e1 | PE - Centro de Desenvolvimento Agroecol\u00f3gico Sabi\u00e1","isPartOf":{"@id":"https:\/\/centrosabia.org.br\/en\/#website"},"primaryImageOfPage":{"@id":"https:\/\/centrosabia.org.br\/en\/video\/maria-do-carmo-nascimento-o-candeeiro-no-2883-santa-maria-do-cambuca-pe\/#primaryimage"},"image":{"@id":"https:\/\/centrosabia.org.br\/en\/video\/maria-do-carmo-nascimento-o-candeeiro-no-2883-santa-maria-do-cambuca-pe\/#primaryimage"},"thumbnailUrl":"https:\/\/centrosabia.org.br\/wp-content\/uploads\/2026\/02\/maria-do-carmo-nascimento-o-candeeiro-no-2883-santa-maria-do-cambuca-pe.jpg","datePublished":"2026-02-04T12:13:51+00:00","breadcrumb":{"@id":"https:\/\/centrosabia.org.br\/en\/video\/maria-do-carmo-nascimento-o-candeeiro-no-2883-santa-maria-do-cambuca-pe\/#breadcrumb"},"inLanguage":"en-US","potentialAction":[{"@type":"ReadAction","target":["https:\/\/centrosabia.org.br\/en\/video\/maria-do-carmo-nascimento-o-candeeiro-no-2883-santa-maria-do-cambuca-pe\/"]}]},{"@type":"ImageObject","inLanguage":"en-US","@id":"https:\/\/centrosabia.org.br\/en\/video\/maria-do-carmo-nascimento-o-candeeiro-no-2883-santa-maria-do-cambuca-pe\/#primaryimage","url":"https:\/\/centrosabia.org.br\/wp-content\/uploads\/2026\/02\/maria-do-carmo-nascimento-o-candeeiro-no-2883-santa-maria-do-cambuca-pe.jpg","contentUrl":"https:\/\/centrosabia.org.br\/wp-content\/uploads\/2026\/02\/maria-do-carmo-nascimento-o-candeeiro-no-2883-santa-maria-do-cambuca-pe.jpg","width":1280,"height":720},{"@type":"BreadcrumbList","@id":"https:\/\/centrosabia.org.br\/en\/video\/maria-do-carmo-nascimento-o-candeeiro-no-2883-santa-maria-do-cambuca-pe\/#breadcrumb","itemListElement":[{"@type":"ListItem","position":1,"name":"In\u00edcio","item":"https:\/\/centrosabia.org.br\/en\/"},{"@type":"ListItem","position":2,"name":"V\u00eddeos","item":"https:\/\/centrosabia.org.br\/en\/video\/"},{"@type":"ListItem","position":3,"name":"Maria do Carmo Nascimento | O Candeeiro N\u00ba 2883 | Santa Maria do Cambuc\u00e1 | PE"}]},{"@type":"WebSite","@id":"https:\/\/centrosabia.org.br\/en\/#website","url":"https:\/\/centrosabia.org.br\/en\/","name":"Centro de Desenvolvimento Agroecol\u00f3gico Sabi\u00e1","description":"","publisher":{"@id":"https:\/\/centrosabia.org.br\/en\/#organization"},"potentialAction":[{"@type":"SearchAction","target":{"@type":"EntryPoint","urlTemplate":"https:\/\/centrosabia.org.br\/en\/?s={search_term_string}"},"query-input":{"@type":"PropertyValueSpecification","valueRequired":true,"valueName":"search_term_string"}}],"inLanguage":"en-US"},{"@type":"Organization","@id":"https:\/\/centrosabia.org.br\/en\/#organization","name":"Centro de Desenvolvimento Agroecol\u00f3gico Sabi\u00e1","url":"https:\/\/centrosabia.org.br\/en\/","logo":{"@type":"ImageObject","inLanguage":"en-US","@id":"https:\/\/centrosabia.org.br\/en\/#\/schema\/logo\/image\/","url":"https:\/\/centrosabia.org.br\/wp-content\/uploads\/2021\/10\/logo.png","contentUrl":"https:\/\/centrosabia.org.br\/wp-content\/uploads\/2021\/10\/logo.png","width":174,"height":84,"caption":"Centro de Desenvolvimento Agroecol\u00f3gico Sabi\u00e1"},"image":{"@id":"https:\/\/centrosabia.org.br\/en\/#\/schema\/logo\/image\/"}}]}},"_links":{"self":[{"href":"https:\/\/centrosabia.org.br\/en\/wp-json\/wp\/v2\/video\/31323","targetHints":{"allow":["GET"]}}],"collection":[{"href":"https:\/\/centrosabia.org.br\/en\/wp-json\/wp\/v2\/video"}],"about":[{"href":"https:\/\/centrosabia.org.br\/en\/wp-json\/wp\/v2\/types\/video"}],"wp:featuredmedia":[{"embeddable":true,"href":"https:\/\/centrosabia.org.br\/en\/wp-json\/wp\/v2\/media\/31324"}],"wp:attachment":[{"href":"https:\/\/centrosabia.org.br\/en\/wp-json\/wp\/v2\/media?parent=31323"}],"wp:term":[{"taxonomy":"tema","embeddable":true,"href":"https:\/\/centrosabia.org.br\/en\/wp-json\/wp\/v2\/tema?post=31323"},{"taxonomy":"decada","embeddable":true,"href":"https:\/\/centrosabia.org.br\/en\/wp-json\/wp\/v2\/decada?post=31323"},{"taxonomy":"curadoria","embeddable":true,"href":"https:\/\/centrosabia.org.br\/en\/wp-json\/wp\/v2\/curadoria?post=31323"}],"curies":[{"name":"wp","href":"https:\/\/api.w.org\/{rel}","templated":true}]}}